{"id":9,"date":"2023-12-15T21:04:48","date_gmt":"2023-12-15T21:04:48","guid":{"rendered":"https:\/\/apapachofest.com\/?page_id=9"},"modified":"2026-04-29T07:32:18","modified_gmt":"2026-04-29T07:32:18","slug":"https-apapachofest-com","status":"publish","type":"page","link":"https:\/\/apapachofest.com\/","title":{"rendered":"El Festival"},"content":{"rendered":"<p>[et_pb_section fb_built=\u00bb1&#8243; _builder_version=\u00bb4.23.1&#8243; _module_preset=\u00bbdefault\u00bb use_background_color_gradient=\u00bbon\u00bb background_color_gradient_stops=\u00bbrgba(0,0,0,0.84) 0%|rgba(0,0,0,0.12) 100%\u00bb background_color_gradient_overlays_image=\u00bbon\u00bb background_image=\u00bbhttps:\/\/apapachofest.com\/wp-content\/uploads\/2023\/12\/DSC06544.jpg\u00bb parallax=\u00bbon\u00bb min_height=\u00bb100%\u00bb height=\u00bb100%\u00bb max_height=\u00bb100%\u00bb custom_padding=\u00bb75px||75px||true|\u00bb global_colors_info=\u00bb{}\u00bb][et_pb_row _builder_version=\u00bb4.23.1&#8243; _module_preset=\u00bbdefault\u00bb global_colors_info=\u00bb{}\u00bb][et_pb_column type=\u00bb4_4&#8243; _builder_version=\u00bb4.23.1&#8243; _module_preset=\u00bbdefault\u00bb global_colors_info=\u00bb{}\u00bb][et_pb_image src=\u00bbhttps:\/\/apapachofest.com\/wp-content\/uploads\/2024\/02\/HQ1logo-web-apapacho-fest.png\u00bb title_text=\u00bbDoble-Est\u00e1ndar-y-Triple-2&#8243; align=\u00bbcenter\u00bb _builder_version=\u00bb4.23.1&#8243; _module_preset=\u00bbdefault\u00bb width=\u00bb35%\u00bb width_tablet=\u00bb35%\u00bb width_phone=\u00bb94%\u00bb width_last_edited=\u00bbon|phone\u00bb filter_saturate=\u00bb113%\u00bb filter_brightness=\u00bb114%\u00bb filter_contrast=\u00bb108%\u00bb border_radii=\u00bbon|25px|25px|25px|25px\u00bb global_colors_info=\u00bb{}\u00bb][\/et_pb_image][et_pb_text _builder_version=\u00bb4.27.5&#8243; _module_preset=\u00bbdefault\u00bb text_font=\u00bbRoboto|300|||||||\u00bb text_text_color=\u00bb#FFFFFF\u00bb text_font_size=\u00bb21px\u00bb text_orientation=\u00bbcenter\u00bb custom_margin=\u00bb16px|||||\u00bb text_font_size_tablet=\u00bb24px\u00bb text_font_size_phone=\u00bb21px\u00bb text_font_size_last_edited=\u00bbon|phone\u00bb global_colors_info=\u00bb{}\u00bb]<\/p>\n<p>Del 3 al 9 de agosto 2026<\/p>\n<p>[\/et_pb_text][et_pb_text _builder_version=\u00bb4.27.4&#8243; _module_preset=\u00bbdefault\u00bb text_font=\u00bbRoboto|700|||||||\u00bb text_text_color=\u00bb#FFFFFF\u00bb text_font_size=\u00bb22px\u00bb text_line_height=\u00bb1.2em\u00bb text_orientation=\u00bbcenter\u00bb custom_margin=\u00bb-9px||18px|||\u00bb global_colors_info=\u00bb{}\u00bb]<\/p>\n<p>Vuelve a Sentir la Tribu<\/p>\n<p>[\/et_pb_text][et_pb_text _builder_version=\u00bb4.27.4&#8243; _module_preset=\u00bbdefault\u00bb text_font=\u00bbRoboto|300|||||||\u00bb text_text_color=\u00bb#FFFFFF\u00bb text_font_size=\u00bb22px\u00bb text_orientation=\u00bbcenter\u00bb custom_margin=\u00bb16px|||||\u00bb global_colors_info=\u00bb{}\u00bb]<\/p>\n<p>El Mayor Festival sobre Relaciones Conscientes en Habla Hispana<\/p>\n<p>[\/et_pb_text][et_pb_button button_url=\u00bb#entradas\u00bb button_text=\u00bbReserva Ahora tu Plaza\u00bb button_alignment=\u00bbcenter\u00bb _builder_version=\u00bb4.27.5&#8243; _module_preset=\u00bbdefault\u00bb custom_button=\u00bbon\u00bb button_text_size=\u00bb15px\u00bb button_text_color=\u00bb#FFFFFF\u00bb button_bg_color=\u00bb#ed9b4e\u00bb button_border_width=\u00bb0px\u00bb button_border_radius=\u00bb100px\u00bb button_font=\u00bbRoboto Flex|700|||||||\u00bb button_use_icon=\u00bboff\u00bb custom_margin=\u00bb25px|||||\u00bb custom_padding=\u00bb10px|25px|10px|25px|true|true\u00bb animation_style=\u00bbbounce\u00bb global_colors_info=\u00bb{}\u00bb button_bg_color__hover_enabled=\u00bbon|desktop\u00bb button_bg_color__hover=\u00bb#efa94c\u00bb][\/et_pb_button][\/et_pb_column][\/et_pb_row][\/et_pb_section][et_pb_section fb_built=\u00bb1&#8243; _builder_version=\u00bb4.23.1&#8243; _module_preset=\u00bbdefault\u00bb background_color=\u00bb#f9f9f9&#8243; custom_padding=\u00bb33px||0px|||\u00bb global_colors_info=\u00bb{}\u00bb][et_pb_row module_id=\u00bbfestival\u00bb _builder_version=\u00bb4.27.4&#8243; _module_preset=\u00bbdefault\u00bb width_tablet=\u00bb\u00bb width_phone=\u00bb95%\u00bb width_last_edited=\u00bbon|phone\u00bb global_colors_info=\u00bb{}\u00bb][et_pb_column type=\u00bb4_4&#8243; _builder_version=\u00bb4.23.1&#8243; _module_preset=\u00bbdefault\u00bb global_colors_info=\u00bb{}\u00bb][et_pb_text _builder_version=\u00bb4.23.1&#8243; _module_preset=\u00bbdefault\u00bb header_2_font=\u00bbRebel Kids||||||||\u00bb header_2_text_align=\u00bbcenter\u00bb header_2_font_size=\u00bb49px\u00bb custom_margin=\u00bb||5px|||\u00bb global_colors_info=\u00bb{}\u00bb]<\/p>\n<h2>APAPACHO<\/h2>\n<p>[\/et_pb_text][et_pb_text _builder_version=\u00bb4.23.1&#8243; _module_preset=\u00bbdefault\u00bb text_font=\u00bbRoboto Flex||||||||\u00bb text_text_color=\u00bb#000000&#8243; text_font_size=\u00bb22px\u00bb text_line_height=\u00bb1.6em\u00bb text_orientation=\u00bbcenter\u00bb global_colors_info=\u00bb{}\u00bb]<\/p>\n<p><em>\u00abAPAPACHO es una palabra de origen n\u00e1huatl que seg\u00fan la tradici\u00f3n significa <strong>\u00ababrazar o acariciar con el alma\u00bb<\/strong>. El apapacho\u00a0<b>es cari\u00f1o, es consuelo, es mimo, es ternura<\/b>\u2026 y se refiere a algo que va mucho m\u00e1s all\u00e1 del contacto f\u00edsico.\u00bb<\/em><span><\/span><span><\/span><\/p>\n<p><span><\/span><\/p>\n<p>[\/et_pb_text][\/et_pb_column][\/et_pb_row][et_pb_row column_structure=\u00bb1_2,1_2&#8243; module_id=\u00bbfestival\u00bb _builder_version=\u00bb4.27.6&#8243; _module_preset=\u00bbdefault\u00bb width_tablet=\u00bb\u00bb width_phone=\u00bb95%\u00bb width_last_edited=\u00bbon|phone\u00bb global_colors_info=\u00bb{}\u00bb][et_pb_column type=\u00bb1_2&#8243; _builder_version=\u00bb4.23.1&#8243; _module_preset=\u00bbdefault\u00bb global_colors_info=\u00bb{}\u00bb][et_pb_video src=\u00bbhttps:\/\/vimeo.com\/1173734741?fl=tl&#038;fe=ec\u00bb _builder_version=\u00bb4.27.6&#8243; _module_preset=\u00bbdefault\u00bb global_colors_info=\u00bb{}\u00bb][\/et_pb_video][\/et_pb_column][et_pb_column type=\u00bb1_2&#8243; _builder_version=\u00bb4.23.1&#8243; _module_preset=\u00bbdefault\u00bb global_colors_info=\u00bb{}\u00bb][et_pb_video src=\u00bbhttps:\/\/vimeo.com\/1037144725?fl=tl&#038;fe=ec\u00bb _builder_version=\u00bb4.27.6&#8243; _module_preset=\u00bbdefault\u00bb global_colors_info=\u00bb{}\u00bb][\/et_pb_video][\/et_pb_column][\/et_pb_row][et_pb_row module_id=\u00bbfestival\u00bb _builder_version=\u00bb4.27.4&#8243; _module_preset=\u00bbdefault\u00bb width_tablet=\u00bb\u00bb width_phone=\u00bb95%\u00bb width_last_edited=\u00bbon|phone\u00bb global_colors_info=\u00bb{}\u00bb][et_pb_column type=\u00bb4_4&#8243; _builder_version=\u00bb4.23.1&#8243; _module_preset=\u00bbdefault\u00bb global_colors_info=\u00bb{}\u00bb][et_pb_text _builder_version=\u00bb4.23.1&#8243; _module_preset=\u00bbdefault\u00bb header_2_font=\u00bbRebel Kids||||||||\u00bb header_2_text_align=\u00bbcenter\u00bb header_2_font_size=\u00bb49px\u00bb custom_margin=\u00bb||5px|||\u00bb global_colors_info=\u00bb{}\u00bb]<\/p>\n<h2>APAPACHO FEST<\/h2>\n<p>[\/et_pb_text][et_pb_text _builder_version=\u00bb4.23.1&#8243; _module_preset=\u00bbdefault\u00bb header_2_font=\u00bbRebel Kids||||||||\u00bb header_2_text_align=\u00bbcenter\u00bb header_2_font_size=\u00bb28px\u00bb header_2_line_height=\u00bb1.1em\u00bb custom_margin=\u00bb||5px|||\u00bb global_colors_info=\u00bb{}\u00bb]<\/p>\n<h2>\u00abEl Mayor Festival en habla hispana sobre Relaciones Conscientes\u00bb<\/h2>\n<p>[\/et_pb_text][et_pb_text _builder_version=\u00bb4.23.1&#8243; _module_preset=\u00bbdefault\u00bb text_font=\u00bbRoboto Flex||||||||\u00bb text_text_color=\u00bb#000000&#8243; text_font_size=\u00bb18px\u00bb text_line_height=\u00bb1.6em\u00bb text_orientation=\u00bbcenter\u00bb custom_padding=\u00bb1px|||||\u00bb global_colors_info=\u00bb{}\u00bb]<\/p>\n<p style=\"text-align: center;\"><span style=\"font-size: large;\"><strong>Las relaciones son lo m\u00e1s importante de nuestra vida:<\/strong><\/span><\/p>\n<p style=\"text-align: left;\"><em>\u00abSeg\u00fan uno de los estudios m\u00e1s importantes de la historia sobre la felicidad y el desarrollo en adultos, iniciado en 1938 durante la Gran Depresi\u00f3n y dirigido por Robert Waldinger y Marc Schulz en Harvard, las buenas relaciones son el factor crucial para la felicidad sostenida y la salud f\u00edsica y mental. A lo largo de m\u00e1s de ochenta a\u00f1os de investigaci\u00f3n, han observado que vivir rodeado de relaciones afectuosas y cercanas protege tanto el cuerpo como la mente. Adem\u00e1s, destacan que la calidad de las relaciones es m\u00e1s importante que la cantidad. Los investigadores advierten que los seres humanos tienden a subestimar los beneficios emocionales de las interacciones sociales, lo que puede llevar al distanciamiento de las personas queridas. En resumen, seg\u00fan el Estudio Harvard, cultivar buenas relaciones es la clave para una vida feliz y saludable.\u00bb<\/em><\/p>\n<p style=\"text-align: left;\"><strong>Sin embargo, las relaciones tambi\u00e9n pueden ser una de las fuentes de conflicto<\/strong>, frustraci\u00f3n y ansiedad m\u00e1s importantes de nuestra vida.<\/p>\n<p style=\"text-align: left;\">De hecho, nadie nos ha ense\u00f1ado a relacionarnos o lo han hecho d\u00e9bilmente. Y a menudo lo hacemos torpemente, causando sufrimiento a personas que nos importan y a nosotros mismos.<\/p>\n<p style=\"text-align: left;\">Es normal sentirse perdido y confundido.<\/p>\n<p style=\"text-align: left;\"><strong>APAPACHO FEST es una oportunidad<\/strong> para aprender, profundizar y sanar nuestras relaciones y adquirir herramientas, t\u00e9cnicas y conceptos para disfrutar plenamente de ellas y aprovecharlas para nuestro crecimiento personal.<\/p>\n<p style=\"text-align: left;\">Adem\u00e1s, <strong>APAPACHO FEST es una gran fiesta<\/strong>, una celebraci\u00f3n de las relaciones, una vuelta a la tribu, al juego y al sentimiento de uni\u00f3n y pertenencia.<span><\/span><\/p>\n<p><span><\/span><\/p>\n<p>[\/et_pb_text][\/et_pb_column][\/et_pb_row][\/et_pb_section][et_pb_section fb_built=\u00bb1&#8243; _builder_version=\u00bb4.23.1&#8243; _module_preset=\u00bbdefault\u00bb background_color=\u00bb#f9f9f9&#8243; custom_padding=\u00bb0px||0px|||\u00bb global_colors_info=\u00bb{}\u00bb][et_pb_row column_structure=\u00bb1_3,1_3,1_3&#8243; use_custom_gutter=\u00bbon\u00bb gutter_width=\u00bb2&#8243; make_equal=\u00bbon\u00bb module_id=\u00bbfestival\u00bb _builder_version=\u00bb4.23.1&#8243; _module_preset=\u00bbdefault\u00bb width=\u00bb90%\u00bb width_tablet=\u00bb90%\u00bb width_phone=\u00bb95%\u00bb width_last_edited=\u00bbon|desktop\u00bb max_width=\u00bb95%\u00bb global_colors_info=\u00bb{}\u00bb][et_pb_column type=\u00bb1_3&#8243; _builder_version=\u00bb4.23.1&#8243; _module_preset=\u00bbdefault\u00bb global_colors_info=\u00bb{}\u00bb][et_pb_image src=\u00bbhttps:\/\/apapachofest.com\/wp-content\/uploads\/2026\/01\/11.-EDIT.00_57_49_13.Imagen-fija082.jpg\u00bb title_text=\u00bb11. EDIT.00_57_49_13.Imagen fija082&#8243; _builder_version=\u00bb4.27.5&#8243; _module_preset=\u00bbdefault\u00bb filter_saturate=\u00bb113%\u00bb filter_brightness=\u00bb114%\u00bb filter_contrast=\u00bb108%\u00bb border_radii=\u00bbon|25px|25px|25px|25px\u00bb global_colors_info=\u00bb{}\u00bb][\/et_pb_image][\/et_pb_column][et_pb_column type=\u00bb1_3&#8243; _builder_version=\u00bb4.23.1&#8243; _module_preset=\u00bbdefault\u00bb global_colors_info=\u00bb{}\u00bb][et_pb_image src=\u00bbhttps:\/\/apapachofest.com\/wp-content\/uploads\/2026\/01\/11.-EDIT.00_50_52_19.Imagen-fija016.jpg\u00bb title_text=\u00bb11. EDIT.00_50_52_19.Imagen fija016&#8243; _builder_version=\u00bb4.27.5&#8243; _module_preset=\u00bbdefault\u00bb filter_saturate=\u00bb113%\u00bb filter_brightness=\u00bb114%\u00bb filter_contrast=\u00bb108%\u00bb border_radii=\u00bbon|25px|25px|25px|25px\u00bb global_colors_info=\u00bb{}\u00bb][\/et_pb_image][\/et_pb_column][et_pb_column type=\u00bb1_3&#8243; _builder_version=\u00bb4.23.1&#8243; _module_preset=\u00bbdefault\u00bb global_colors_info=\u00bb{}\u00bb][et_pb_image src=\u00bbhttps:\/\/apapachofest.com\/wp-content\/uploads\/2026\/01\/11.-EDIT.00_51_42_00.Imagen-fija026.jpg\u00bb title_text=\u00bb11. EDIT.00_51_42_00.Imagen fija026&#8243; _builder_version=\u00bb4.27.5&#8243; _module_preset=\u00bbdefault\u00bb filter_saturate=\u00bb113%\u00bb filter_brightness=\u00bb114%\u00bb filter_contrast=\u00bb108%\u00bb border_radii=\u00bbon|25px|25px|25px|25px\u00bb global_colors_info=\u00bb{}\u00bb][\/et_pb_image][\/et_pb_column][\/et_pb_row][et_pb_row column_structure=\u00bb1_3,1_3,1_3&#8243; use_custom_gutter=\u00bbon\u00bb gutter_width=\u00bb2&#8243; make_equal=\u00bbon\u00bb module_id=\u00bbfestival\u00bb _builder_version=\u00bb4.23.1&#8243; _module_preset=\u00bbdefault\u00bb width=\u00bb90%\u00bb width_tablet=\u00bb90%\u00bb width_phone=\u00bb95%\u00bb width_last_edited=\u00bbon|desktop\u00bb max_width=\u00bb95%\u00bb global_colors_info=\u00bb{}\u00bb][et_pb_column type=\u00bb1_3&#8243; _builder_version=\u00bb4.23.1&#8243; _module_preset=\u00bbdefault\u00bb global_colors_info=\u00bb{}\u00bb][et_pb_image src=\u00bbhttps:\/\/apapachofest.com\/wp-content\/uploads\/2026\/01\/11.-EDIT.00_52_41_12.Imagen-fija036.jpg\u00bb title_text=\u00bb11. EDIT.00_52_41_12.Imagen fija036&#8243; _builder_version=\u00bb4.27.5&#8243; _module_preset=\u00bbdefault\u00bb filter_saturate=\u00bb113%\u00bb filter_brightness=\u00bb114%\u00bb filter_contrast=\u00bb108%\u00bb border_radii=\u00bbon|25px|25px|25px|25px\u00bb global_colors_info=\u00bb{}\u00bb][\/et_pb_image][\/et_pb_column][et_pb_column type=\u00bb1_3&#8243; _builder_version=\u00bb4.23.1&#8243; _module_preset=\u00bbdefault\u00bb global_colors_info=\u00bb{}\u00bb][et_pb_image src=\u00bbhttps:\/\/apapachofest.com\/wp-content\/uploads\/2026\/01\/11.-EDIT.00_52_04_21.Imagen-fija029.jpg\u00bb title_text=\u00bb11. EDIT.00_52_04_21.Imagen fija029&#8243; _builder_version=\u00bb4.27.5&#8243; _module_preset=\u00bbdefault\u00bb filter_saturate=\u00bb113%\u00bb filter_brightness=\u00bb114%\u00bb filter_contrast=\u00bb108%\u00bb border_radii=\u00bbon|25px|25px|25px|25px\u00bb global_colors_info=\u00bb{}\u00bb][\/et_pb_image][\/et_pb_column][et_pb_column type=\u00bb1_3&#8243; _builder_version=\u00bb4.23.1&#8243; _module_preset=\u00bbdefault\u00bb global_colors_info=\u00bb{}\u00bb][et_pb_image src=\u00bbhttps:\/\/apapachofest.com\/wp-content\/uploads\/2026\/03\/11.-EDIT.00_49_37_04.Imagen-fija008.jpg\u00bb title_text=\u00bb11. EDIT.00_49_37_04.Imagen fija008&#8243; _builder_version=\u00bb4.27.6&#8243; _module_preset=\u00bbdefault\u00bb filter_saturate=\u00bb113%\u00bb filter_brightness=\u00bb114%\u00bb filter_contrast=\u00bb108%\u00bb border_radii=\u00bbon|25px|25px|25px|25px\u00bb global_colors_info=\u00bb{}\u00bb][\/et_pb_image][\/et_pb_column][\/et_pb_row][\/et_pb_section][et_pb_section fb_built=\u00bb1&#8243; _builder_version=\u00bb4.23.1&#8243; _module_preset=\u00bbdefault\u00bb background_color=\u00bb#f9f9f9&#8243; custom_padding=\u00bb0px|||||\u00bb global_colors_info=\u00bb{}\u00bb][et_pb_row module_id=\u00bbfacilitadores\u00bb _builder_version=\u00bb4.23.1&#8243; _module_preset=\u00bbdefault\u00bb width_tablet=\u00bb\u00bb width_phone=\u00bb95%\u00bb width_last_edited=\u00bbon|phone\u00bb custom_padding=\u00bb||0px|||\u00bb global_colors_info=\u00bb{}\u00bb][et_pb_column type=\u00bb4_4&#8243; _builder_version=\u00bb4.23.1&#8243; _module_preset=\u00bbdefault\u00bb background_enable_color=\u00bboff\u00bb custom_padding=\u00bb20px|20px|20px|20px|true|true\u00bb border_color_all=\u00bb#FFFFFF\u00bb global_colors_info=\u00bb{}\u00bb][et_pb_text _builder_version=\u00bb4.23.1&#8243; _module_preset=\u00bbdefault\u00bb header_2_font=\u00bbRebel Kids|||on|||||\u00bb header_2_text_align=\u00bbcenter\u00bb header_2_font_size=\u00bb49px\u00bb custom_margin=\u00bb||5px|||\u00bb global_colors_info=\u00bb{}\u00bb]<\/p>\n<h2>Facilitadores y Artistas<\/h2>\n<p>[\/et_pb_text][et_pb_text _builder_version=\u00bb4.27.5&#8243; _module_preset=\u00bbdefault\u00bb text_font=\u00bbRoboto Flex||on||||||\u00bb text_text_color=\u00bb#000000&#8243; text_font_size=\u00bb18px\u00bb text_line_height=\u00bb1.6em\u00bb text_orientation=\u00bbcenter\u00bb global_colors_info=\u00bb{}\u00bb]<\/p>\n<p>Estamos actualizando el equipo de facilitadores y artistas de esta edici\u00f3n. Proximamente podr\u00e1s ver muchas novedades \ud83d\ude09<\/p>\n<p>[\/et_pb_text][et_pb_text _builder_version=\u00bb4.23.1&#8243; _module_preset=\u00bbdefault\u00bb text_font=\u00bbRoboto Flex||||||||\u00bb text_text_color=\u00bb#000000&#8243; text_font_size=\u00bb18px\u00bb text_line_height=\u00bb1.6em\u00bb text_orientation=\u00bbcenter\u00bb global_colors_info=\u00bb{}\u00bb]<\/p>\n<p>Sum\u00e9rgete en este viaje de la mano de reconocidos artistas, m\u00fasicos y formadores a nivel nacional e internacional y descubre el potencial que tienes de crear v\u00ednculos significativos y vivir las relaciones con armon\u00eda y gratitud.<\/p>\n<p>[\/et_pb_text][\/et_pb_column][\/et_pb_row][et_pb_row column_structure=\u00bb1_4,1_4,1_4,1_4&#8243; use_custom_gutter=\u00bbon\u00bb gutter_width=\u00bb2&#8243; make_equal=\u00bbon\u00bb module_id=\u00bbfestival\u00bb _builder_version=\u00bb4.23.1&#8243; _module_preset=\u00bbdefault\u00bb width=\u00bb90%\u00bb width_tablet=\u00bb\u00bb width_phone=\u00bb95%\u00bb width_last_edited=\u00bbon|desktop\u00bb max_width=\u00bb95%\u00bb custom_padding=\u00bb||0px|||\u00bb global_colors_info=\u00bb{}\u00bb][et_pb_column type=\u00bb1_4&#8243; _builder_version=\u00bb4.23.1&#8243; _module_preset=\u00bbdefault\u00bb background_enable_color=\u00bboff\u00bb custom_padding=\u00bb20px|20px|20px|20px|true|true\u00bb border_radii=\u00bbon|25px|25px|25px|25px\u00bb border_width_all=\u00bb5px\u00bb border_color_all=\u00bbrgba(237,155,78,0.49)\u00bb global_colors_info=\u00bb{}\u00bb][et_pb_team_member name=\u00bbDhyana Dakini\u00bb position=\u00bbRelaciones, Tacto Consciente y Energ\u00eda Sagrada\u00bb image_url=\u00bbhttps:\/\/apapachofest.com\/wp-content\/uploads\/2023\/12\/dhyana-dakini.jpg\u00bb _builder_version=\u00bb4.27.4&#8243; _module_preset=\u00bbdefault\u00bb header_font=\u00bbRebel Kids||||||||\u00bb header_font_size=\u00bb23px\u00bb body_font=\u00bbRoboto Flex||||||||\u00bb position_font=\u00bb|700|||||||\u00bb position_text_color=\u00bb#000000&#8243; border_radii_image=\u00bbon|25px|25px|25px|25px\u00bb global_colors_info=\u00bb{}\u00bb]<\/p>\n<p>Es formadora y acompa\u00f1ante de procesos a trav\u00e9s del cuerpo y la energ\u00eda. Ayudando a sanar el trauma para vivir una sexualidad y unas relaciones desde un lugar m\u00e1s gozoso. Es maestra energ\u00e9tica. Practitioner de Somatic Experiencing\u00ae y Tantra. Dirige la Escuela Dhyana Dakini de Masaje, Regulaci\u00f3n del Trauma sexual y Masaje T\u00e1ntrico.<\/p>\n<p>[\/et_pb_team_member][\/et_pb_column][et_pb_column type=\u00bb1_4&#8243; _builder_version=\u00bb4.23.1&#8243; _module_preset=\u00bbdefault\u00bb background_enable_color=\u00bboff\u00bb custom_padding=\u00bb20px|20px|20px|20px|true|true\u00bb border_radii=\u00bbon|25px|25px|25px|25px\u00bb border_width_all=\u00bb5px\u00bb border_color_all=\u00bbrgba(237,155,78,0.49)\u00bb global_colors_info=\u00bb{}\u00bb][et_pb_team_member name=\u00bbArun Ji\u00bb position=\u00bbEcstatic Dance especial con m\u00fasica en directo\u00bb image_url=\u00bbhttps:\/\/apapachofest.com\/wp-content\/uploads\/2026\/01\/Arun-Ecstatic-Dance-Apapacho-Fest.jpg\u00bb _builder_version=\u00bb4.27.5&#8243; _module_preset=\u00bbdefault\u00bb header_font=\u00bbRebel Kids||||||||\u00bb header_font_size=\u00bb23px\u00bb body_font=\u00bbRoboto Flex||||||||\u00bb position_font=\u00bb|700|||||||\u00bb position_text_color=\u00bb#000000&#8243; border_radii_image=\u00bbon|25px|25px|25px|25px\u00bb global_colors_info=\u00bb{}\u00bb]<\/p>\n<p>Ar\u00fan es DJ y facilitador de Ecstatic Dance, y uno de los pioneros del movimiento en Europa y Asia. Sus sesiones se despliegan como viajes musicales profundos, potentes y transformadores, invitando a quienes participan a estados de presencia, conexi\u00f3n y escucha.<\/p>\n<p>Con m\u00e1s de 15 a\u00f1os de experiencia, su trabajo se caracteriza por una t\u00e9cnica depurada, una selecci\u00f3n musical cuidada y un profundo sentido narrativo. A trav\u00e9s de un cuidado entrelazado de estilos y ritmos, Ar\u00fan crea viajes de danza cohesivos y po\u00e9ticos, donde la exploraci\u00f3n individual se encuentra con el flujo colectivo.<\/p>\n<p>Su enfoque est\u00e1 profundamente influenciado por a\u00f1os de experiencia en pr\u00e1cticas de danza y meditaci\u00f3n, lo que le permite sintonizar de manera muy precisa con la energ\u00eda de cada pista de baile y responder en el momento. Reconocido por la profundidad e integridad de sus propuestas, Ar\u00fan es invitado regularmente a compartir su trabajo en sesiones de Ecstatic Dance, festivales y retiros por toda Europa.<\/p>\n<p>[\/et_pb_team_member][\/et_pb_column][et_pb_column type=\u00bb1_4&#8243; _builder_version=\u00bb4.23.1&#8243; _module_preset=\u00bbdefault\u00bb background_enable_color=\u00bboff\u00bb custom_padding=\u00bb20px|20px|20px|20px|true|true\u00bb border_radii=\u00bbon|25px|25px|25px|25px\u00bb border_width_all=\u00bb5px\u00bb border_color_all=\u00bbrgba(237,155,78,0.49)\u00bb global_colors_info=\u00bb{}\u00bb][et_pb_team_member name=\u00bbTik Tek\u00bb position=\u00bbM\u00fasica en directo\u00bb image_url=\u00bbhttps:\/\/apapachofest.com\/wp-content\/uploads\/2026\/01\/tik-tek-artistas-apapacho-fest.jpg\u00bb _builder_version=\u00bb4.27.5&#8243; _module_preset=\u00bbdefault\u00bb header_font=\u00bbRebel Kids||||||||\u00bb header_font_size=\u00bb23px\u00bb body_font=\u00bbRoboto Flex||||||||\u00bb position_font=\u00bb|700|||||||\u00bb position_text_color=\u00bb#000000&#8243; child_filter_brightness=\u00bb124%\u00bb border_radii_image=\u00bbon|25px|25px|25px|25px\u00bb global_colors_info=\u00bb{}\u00bb]<\/p>\n<p data-start=\"115\" data-end=\"293\">TikTek es un d\u00fao de m\u00fasicos portugueses que, tras viajar por \u00c1frica y Sudam\u00e9rica, encontraron en el ritmo, la ra\u00edz y el encuentro humano la esencia de su inspiraci\u00f3n musical.<\/p>\n<p data-start=\"295\" data-end=\"690\">Sus conciertos son aut\u00e9nticos rituales de baile y alegr\u00eda, donde la m\u00fasica se convierte en celebraci\u00f3n y presencia. A trav\u00e9s de temas originales electro-org\u00e1nicos, cantados en varios idiomas, invitan al p\u00fablico a una experiencia profunda, viva y transformadora. En Apapacho Fest presentan su nuevo disco: <em data-start=\"610\" data-end=\"631\">\u201cBailar es un Rezo\u201d<\/em>, una propuesta que une cuerpo, emoci\u00f3n y espiritualidad.<\/p>\n<p data-start=\"692\" data-end=\"1030\">Adem\u00e1s de sus conciertos, TikTek facilita talleres de M\u00fasica do C\u00edrculo, una metodolog\u00eda musical brasile\u00f1a basada en el juego, la escucha y la interacci\u00f3n. A trav\u00e9s de din\u00e1micas sencillas y poderosas, crean espacios donde las personas se conectan entre s\u00ed y despiertan su musicalidad interior, sin necesidad de experiencia previa.<\/p>\n<p data-start=\"1032\" data-end=\"1118\">M\u00fasica para bailar, sentir y recordar que celebrar la vida tambi\u00e9n es un acto sagrado.<\/p>\n<p>[\/et_pb_team_member][\/et_pb_column][et_pb_column type=\u00bb1_4&#8243; _builder_version=\u00bb4.23.1&#8243; _module_preset=\u00bbdefault\u00bb background_enable_color=\u00bboff\u00bb custom_padding=\u00bb20px|20px|20px|20px|true|true\u00bb border_radii=\u00bbon|25px|25px|25px|25px\u00bb border_width_all=\u00bb5px\u00bb border_color_all=\u00bbrgba(237,155,78,0.49)\u00bb global_colors_info=\u00bb{}\u00bb][et_pb_team_member name=\u00bb\u00c1ngel Rielo\u00bb position=\u00bb\u00c1ngel Rielo es Felici\u00f3logo; es decir, comunicador y artista multidisciplinar especializado en felicidad.\u00bb image_url=\u00bbhttps:\/\/apapachofest.com\/wp-content\/uploads\/2025\/01\/angel-rielo-artista-apapacho-fest.jpg\u00bb _builder_version=\u00bb4.27.4&#8243; _module_preset=\u00bbdefault\u00bb header_font=\u00bbRebel Kids||||||||\u00bb header_font_size=\u00bb23px\u00bb body_font=\u00bbRoboto Flex||||||||\u00bb position_font=\u00bb|700|||||||\u00bb position_text_color=\u00bb#000000&#8243; border_radii_image=\u00bbon|25px|25px|25px|25px\u00bb global_colors_info=\u00bb{}\u00bb]<\/p>\n<p>Lleva m\u00e1s de catorce a\u00f1os creando eventos de humor, amor, crecimiento personal y gesti\u00f3n emocional. Tambi\u00e9n ha impartido clases de interpretaci\u00f3n y comedia en diferentes escuelas. Es autor de cuatro libros de crecimiento personal y autoconocimiento y tiene un olfato especial para detectar los valores y virtudes en las personas que instruye. Realiza conferencias de crecimiento personal, feliciolog\u00eda, gesti\u00f3n de emociones, team building, etc. \u00c1ngel ofrece herramientas y acompa\u00f1a en el camino. Tambi\u00e9n ha realizado varios espect\u00e1culos de teatro.<\/p>\n<p>\u00c1ngel Rielo, El Felici\u00f3logo, acaricia almas y te convierte en risa.<\/p>\n<p>[\/et_pb_team_member][\/et_pb_column][\/et_pb_row][et_pb_row column_structure=\u00bb1_4,1_4,1_4,1_4&#8243; use_custom_gutter=\u00bbon\u00bb gutter_width=\u00bb2&#8243; make_equal=\u00bbon\u00bb module_id=\u00bbfestival\u00bb _builder_version=\u00bb4.27.4&#8243; _module_preset=\u00bbdefault\u00bb width=\u00bb90%\u00bb width_tablet=\u00bb\u00bb width_phone=\u00bb95%\u00bb width_last_edited=\u00bbon|desktop\u00bb max_width=\u00bb95%\u00bb custom_padding=\u00bb||0px|||\u00bb global_colors_info=\u00bb{}\u00bb][et_pb_column type=\u00bb1_4&#8243; _builder_version=\u00bb4.23.1&#8243; _module_preset=\u00bbdefault\u00bb background_enable_color=\u00bboff\u00bb custom_padding=\u00bb20px|20px|20px|20px|true|true\u00bb border_radii=\u00bbon|25px|25px|25px|25px\u00bb border_width_all=\u00bb5px\u00bb border_color_all=\u00bbrgba(237,155,78,0.49)\u00bb global_colors_info=\u00bb{}\u00bb][et_pb_team_member name=\u00bbJulia Mawi\u00bb position=\u00bbYoga y Conciencia Corporal\u00bb image_url=\u00bbhttps:\/\/apapachofest.com\/wp-content\/uploads\/2026\/01\/Julia-Mawi-Yoga-y-Conciencia-Corporal-Apapacho-Fest.jpg\u00bb _builder_version=\u00bb4.27.5&#8243; _module_preset=\u00bbdefault\u00bb header_font=\u00bbRebel Kids||||||||\u00bb header_font_size=\u00bb23px\u00bb body_font=\u00bbRoboto Flex||||||||\u00bb position_font=\u00bb|700|||||||\u00bb position_text_color=\u00bb#000000&#8243; border_radii_image=\u00bbon|25px|25px|25px|25px\u00bb global_colors_info=\u00bb{}\u00bb]<\/p>\n<p><span>Profesora y eterna alumna de yoga. Nacida en Barcelona y con sangre brit\u00e1nica, en 2021 Julia cambi\u00f3 el rumbo de su vida para dedicarse plenamente a la ense\u00f1anza de Navakara\u1e47a Viny\u0101sa, el m\u00e9todo que la enamor\u00f3 desde el primer momento.<\/span><\/p>\n<p>Su prop\u00f3sito es acompa\u00f1ar a las personas en el camino hacia su mejor versi\u00f3n, ayud\u00e1ndoles a descubrir su fuerza a trav\u00e9s de la pr\u00e1ctica f\u00edsica y a sentir c\u00f3mo abriendo el cuerpo conseguimos transformar tambi\u00e9n la mente.<\/p>\n<p>En sus clases te guiar\u00e1 con el canto y la percusi\u00f3n, llev\u00e1ndote a conectar el movimiento con la respiraci\u00f3n para entrar en un estado de meditaci\u00f3n\u00a0en\u00a0movimiento.<\/p>\n<p>[\/et_pb_team_member][\/et_pb_column][et_pb_column type=\u00bb1_4&#8243; _builder_version=\u00bb4.23.1&#8243; _module_preset=\u00bbdefault\u00bb background_enable_color=\u00bboff\u00bb custom_padding=\u00bb20px|20px|20px|20px|true|true\u00bb border_radii=\u00bbon|25px|25px|25px|25px\u00bb border_width_all=\u00bb5px\u00bb border_color_all=\u00bbrgba(237,155,78,0.49)\u00bb global_colors_info=\u00bb{}\u00bb][et_pb_team_member name=\u00bbSuki Landaeta\u00bb position=\u00bbReuni\u00f3n de la Tribu\u00bb image_url=\u00bbhttps:\/\/apapachofest.com\/wp-content\/uploads\/2025\/01\/suki-landaeta-artista-apapacho-fest-1.jpg\u00bb _builder_version=\u00bb4.27.6&#8243; _module_preset=\u00bbdefault\u00bb header_font=\u00bbRebel Kids||||||||\u00bb header_font_size=\u00bb23px\u00bb body_font=\u00bbRoboto Flex||||||||\u00bb position_font=\u00bb|700|||||||\u00bb position_text_color=\u00bb#000000&#8243; border_radii_image=\u00bbon|25px|25px|25px|25px\u00bb global_colors_info=\u00bb{}\u00bb]<\/p>\n<p>Suki Landaeta es una artista, multidisciplinaria con amplia trayectoria. Venezolana, radicada en Espa\u00f1a.<\/p>\n<p>Cantante, Compositora, terapeuta, productora , Vocal coach y al servicio del sonido y de la voz como herramienta de sanacion y liberaci\u00f3n.<\/p>\n<p>Sus conciertos son una experiencia para todos los sentidos, su m\u00fasica es contempor\u00e1nea con una conexi\u00f3n ancestral, fusionando sonidos del mundo, m\u00fasica medicina, folcklore latinoamericano, letras y canto para afinar el alma. No solo ofrece un espect\u00e1culo, sino un llamado a la liberaci\u00f3n: invita al p\u00fablico a cantar y a ser parte activa de la vibraci\u00f3n colectiva.<\/p>\n<p>Suki, y su alquimia entre su alma y voz. nos recuerda que la m\u00fasica tiene el poder de sanar, unificar y despertar nuestro ser m\u00e1s aut\u00e9ntico.<\/p>\n<p>[\/et_pb_team_member][\/et_pb_column][et_pb_column type=\u00bb1_4&#8243; _builder_version=\u00bb4.23.1&#8243; _module_preset=\u00bbdefault\u00bb background_enable_color=\u00bboff\u00bb custom_padding=\u00bb20px|20px|20px|20px|true|true\u00bb border_radii=\u00bbon|25px|25px|25px|25px\u00bb border_width_all=\u00bb5px\u00bb border_color_all=\u00bbrgba(237,155,78,0.49)\u00bb global_colors_info=\u00bb{}\u00bb][et_pb_team_member name=\u00bbVicent G\u00bb position=\u00bbEcstatic Dance especial con m\u00fasica en directo\u00bb image_url=\u00bbhttps:\/\/apapachofest.com\/wp-content\/uploads\/2026\/02\/Vicent-G-ecsatic-dance-saxo-Apapacho-Fest.jpg\u00bb _builder_version=\u00bb4.27.5&#8243; _module_preset=\u00bbdefault\u00bb header_font=\u00bbRebel Kids||||||||\u00bb header_font_size=\u00bb23px\u00bb body_font=\u00bbRoboto Flex||||||||\u00bb position_font=\u00bb|700|||||||\u00bb position_text_color=\u00bb#000000&#8243; border_radii_image=\u00bbon|25px|25px|25px|25px\u00bb global_colors_info=\u00bb{}\u00bb]<\/p>\n<p>Multi-instrumentista, investigador sonoro y creador de experiencias musicales para la danza consciente. Sus sesiones y conciertos nacen de la co-creaci\u00f3n con el movimiento espont\u00e1neo del presente, dando forma a un di\u00e1logo vivo entre la m\u00fasica y la danza.<\/p>\n<p>Su estilo musical fusiona influencias de los cinco continentes y conecta la m\u00fasica electr\u00f3nica con la ac\u00fastica. Entre sus principales instrumentos de expresi\u00f3n se encuentran el saxof\u00f3n, la flauta nativa, el duduk, el sitar y una amplia variedad de cuerdas y percusiones del mundo. Sus proyectos musicales se extienden a nivel internacional y se desarrollan en el World Music, el Fusion y el Ecstatic Dance.<\/p>\n<p>[\/et_pb_team_member][\/et_pb_column][et_pb_column type=\u00bb1_4&#8243; _builder_version=\u00bb4.23.1&#8243; _module_preset=\u00bbdefault\u00bb background_enable_color=\u00bboff\u00bb custom_padding=\u00bb20px|20px|20px|20px|true|true\u00bb border_radii=\u00bbon|25px|25px|25px|25px\u00bb border_width_all=\u00bb5px\u00bb border_color_all=\u00bbrgba(237,155,78,0.49)\u00bb global_colors_info=\u00bb{}\u00bb][et_pb_team_member name=\u00bbNuria Hern\u00e1ndez\u00bb position=\u00bbTemplo de Mujeres y Cuerpo\u00bb image_url=\u00bbhttps:\/\/apapachofest.com\/wp-content\/uploads\/2023\/12\/nuria-hernandez-eventos-solteros-conscientes.jpeg\u00bb _builder_version=\u00bb4.23.1&#8243; _module_preset=\u00bbdefault\u00bb header_font=\u00bbRebel Kids||||||||\u00bb header_font_size=\u00bb23px\u00bb body_font=\u00bbRoboto Flex||||||||\u00bb position_font=\u00bb|700|||||||\u00bb position_text_color=\u00bb#000000&#8243; border_radii_image=\u00bbon|25px|25px|25px|25px\u00bb global_colors_info=\u00bb{}\u00bb]<\/p>\n<p>Psic\u00f3loga y terapeuta especializada en trauma, sexualidad y cuerpo.<\/p>\n<p>Acompa\u00f1a a recordar nuestro poder personal, trabajando desde el camino amable, lo sutil, a favor de lo que ya es, sin sobreesfuerzo, a\u00fan si lo hemos olvidado, para sacar la magia que llevamos dentro.<\/p>\n<p>Facilitadora de c\u00edrculos de mujeres y din\u00e1micas corporales, co-creadora de retiros de mujeres y espacios de sanaci\u00f3n entre hombres y mujeres.<\/p>\n<p>[\/et_pb_team_member][\/et_pb_column][\/et_pb_row][et_pb_row column_structure=\u00bb1_4,1_4,1_4,1_4&#8243; use_custom_gutter=\u00bbon\u00bb gutter_width=\u00bb2&#8243; make_equal=\u00bbon\u00bb module_id=\u00bbfestival\u00bb _builder_version=\u00bb4.27.4&#8243; _module_preset=\u00bbdefault\u00bb width=\u00bb90%\u00bb width_tablet=\u00bb\u00bb width_phone=\u00bb95%\u00bb width_last_edited=\u00bbon|desktop\u00bb max_width=\u00bb95%\u00bb custom_padding=\u00bb||0px|||\u00bb global_colors_info=\u00bb{}\u00bb][et_pb_column type=\u00bb1_4&#8243; _builder_version=\u00bb4.23.1&#8243; _module_preset=\u00bbdefault\u00bb background_enable_color=\u00bboff\u00bb custom_padding=\u00bb20px|20px|20px|20px|true|true\u00bb border_radii=\u00bbon|25px|25px|25px|25px\u00bb border_width_all=\u00bb5px\u00bb border_color_all=\u00bbrgba(237,155,78,0.49)\u00bb global_colors_info=\u00bb{}\u00bb][et_pb_team_member name=\u00bbAlicia Bonitch\u00bb position=\u00bbTaller de Amor Consciente\u00bb image_url=\u00bbhttps:\/\/apapachofest.com\/wp-content\/uploads\/2025\/06\/alicia-bontich-facilitadora-yoga-apapacho-fest.jpg\u00bb _builder_version=\u00bb4.27.4&#8243; _module_preset=\u00bbdefault\u00bb header_font=\u00bbRebel Kids||||||||\u00bb header_font_size=\u00bb23px\u00bb body_font=\u00bbRoboto Flex||||||||\u00bb position_font=\u00bb|700|||||||\u00bb position_text_color=\u00bb#000000&#8243; custom_padding=\u00bb||0px|||\u00bb filter_brightness=\u00bb119%\u00bb border_radii_image=\u00bbon|25px|25px|25px|25px\u00bb global_colors_info=\u00bb{}\u00bb]<\/p>\n<p>Alma n\u00f3mada,\u00a0maestra de\u00a0Hatha Yoga\u00a0certificada por Yoga Alliance Internacional en Nepal, Maestra de\u00a0Reiki\u00a0en Londres y Profesora Core\u00f3grafa de\u00a0Danza Contempor\u00e1nea\u00a0diplomada en Viena, Austria.<\/p>\n<p>Apasionada por el autodescubrimiento y la apertura a la vida,\u00a0su voz angelical y meditaciones te guiar\u00e1n hacia la fuente del amor y lo divino.\u00a0Su presencia irradia alegr\u00eda y amor incondicional. Un ser altamente intuitivo cuyo prop\u00f3sito es ponerse al servicio del ser humano y su trabajo con el cuerpo para vivir desde nuestro m\u00e1s aut\u00e9ntico\u00a0SER.<\/p>\n<p>[\/et_pb_team_member][\/et_pb_column][et_pb_column type=\u00bb1_4&#8243; _builder_version=\u00bb4.23.1&#8243; _module_preset=\u00bbdefault\u00bb background_enable_color=\u00bboff\u00bb custom_padding=\u00bb20px|20px|20px|20px|true|true\u00bb border_radii=\u00bbon|25px|25px|25px|25px\u00bb border_width_all=\u00bb5px\u00bb border_color_all=\u00bbrgba(237,155,78,0.49)\u00bb global_colors_info=\u00bb{}\u00bb][et_pb_team_member name=\u00bbSebasti\u00e1n Trujillo\u00bb position=\u00bbRelaciones Conscientes\u00bb image_url=\u00bbhttps:\/\/apapachofest.com\/wp-content\/uploads\/2024\/12\/sebastian-trujillo-apapacho-fest.jpg\u00bb _builder_version=\u00bb4.27.4&#8243; _module_preset=\u00bbdefault\u00bb header_font=\u00bbRebel Kids||||||||\u00bb header_font_size=\u00bb23px\u00bb body_font=\u00bbRoboto Flex||||||||\u00bb position_font=\u00bb|700|||||||\u00bb position_text_color=\u00bb#000000&#8243; border_radii_image=\u00bbon|25px|25px|25px|25px\u00bb global_colors_info=\u00bb{}\u00bb]<\/p>\n<p>Autor\u00a0del libro \u00abAmor y Sexo Consciente\u00bb,\u00a0l\u00edder\u00a0transformacional y\u00a0coach hol\u00edstico, dedicado a recordar la esencia de amor y evoluci\u00f3n en las personas.\u00a0Sus programas se centran en\u00a0despertar la consciencia\u00a0del amor en constante evoluci\u00f3n.\u00a0<\/p>\n<p>Formado en diversas disciplinas como terapia regresiva, PNL, coaching,\u00a0tantra y filosof\u00eda oriental, descubri\u00f3 que la respuesta reside en nosotros mismos. Su misi\u00f3n es recordar a otros su naturaleza amorosa y creativa, gui\u00e1ndolos hacia nuestra verdadera esencia:\u00a0LA LUZ Y EL AMOR<\/p>\n<p>[\/et_pb_team_member][\/et_pb_column][et_pb_column type=\u00bb1_4&#8243; _builder_version=\u00bb4.23.1&#8243; _module_preset=\u00bbdefault\u00bb background_enable_color=\u00bboff\u00bb custom_padding=\u00bb20px|20px|20px|20px|true|true\u00bb border_radii=\u00bbon|25px|25px|25px|25px\u00bb border_width_all=\u00bb5px\u00bb border_color_all=\u00bbrgba(237,155,78,0.49)\u00bb global_colors_info=\u00bb{}\u00bb][et_pb_team_member name=\u00bbSaraswati Devi\u00bb position=\u00bbMeditaciones Din\u00e1micas\u00bb image_url=\u00bbhttps:\/\/apapachofest.com\/wp-content\/uploads\/2026\/01\/saraswati-devi-facilitadores-apapacho-fest.jpg\u00bb _builder_version=\u00bb4.27.5&#8243; _module_preset=\u00bbdefault\u00bb header_font=\u00bbRebel Kids||||||||\u00bb header_font_size=\u00bb23px\u00bb body_font=\u00bbRoboto Flex||||||||\u00bb position_font=\u00bb|700|||||||\u00bb position_text_color=\u00bb#000000&#8243; filter_saturate=\u00bb92%\u00bb filter_brightness=\u00bb93%\u00bb child_filter_brightness=\u00bb134%\u00bb border_radii_image=\u00bbon|25px|25px|25px|25px\u00bb global_colors_info=\u00bb{}\u00bb]<\/p>\n<p>Buscadora incansable de la verdad interior, Saraswati ha recorrido un camino de profunda exploraci\u00f3n que la ha llevado a integrar en su vida herramientas tan diversas como la danza y la expresi\u00f3n corporal, la m\u00fasica espiritual, el yoga, la Gestalt, el chamanismo o el reiki. Entre todas ellas, el Tarot Revelativo ocupa un lugar esencial, pues se convierte en una v\u00eda poderosa para iluminar los aspectos en sombra de la psique.<\/p>\n<p>A trav\u00e9s de esta integraci\u00f3n, acompa\u00f1a a cada consultante en el descubrimiento de sus talentos ocultos, desvelando a la vez bloqueos inconscientes para que puedan ser liberados en beneficio de su prop\u00f3sito esencial.<\/p>\n<p>Su formaci\u00f3n combina rigor y sensibilidad: Licenciada en Derecho, graduada por el Real Conservatorio de Danza de Madrid, T\u00e9cnico en Actividades F\u00edsicas y Animaci\u00f3n Deportiva, Maestra de Reiki, Terapeuta Gestalt y Buscadora de Visi\u00f3n en las tradiciones nativo-americanas.<\/p>\n<p>En un estado de constante gratitud por el mero hecho de Ser, Saraswati celebra cada d\u00eda con devoci\u00f3n, entrega\u00a0y\u00a0alegr\u00eda.<\/p>\n<p>[\/et_pb_team_member][\/et_pb_column][et_pb_column type=\u00bb1_4&#8243; _builder_version=\u00bb4.23.1&#8243; _module_preset=\u00bbdefault\u00bb background_enable_color=\u00bboff\u00bb custom_padding=\u00bb20px|20px|20px|20px|true|true\u00bb border_radii=\u00bbon|25px|25px|25px|25px\u00bb border_width_all=\u00bb5px\u00bb border_color_all=\u00bbrgba(237,155,78,0.49)\u00bb global_colors_info=\u00bb{}\u00bb][et_pb_team_member name=\u00bbDhyan Adit\u00bb position=\u00bbCo-Dependencia\u00bb image_url=\u00bbhttps:\/\/apapachofest.com\/wp-content\/uploads\/2024\/04\/dhyan-adit-facilitador-apapachofest.jpg\u00bb _builder_version=\u00bb4.27.4&#8243; _module_preset=\u00bbdefault\u00bb header_font=\u00bbRebel Kids||||||||\u00bb header_font_size=\u00bb23px\u00bb body_font=\u00bbRoboto Flex||||||||\u00bb position_font=\u00bb|700|||||||\u00bb position_text_color=\u00bb#000000&#8243; border_radii_image=\u00bbon|25px|25px|25px|25px\u00bb global_colors_info=\u00bb{}\u00bb]<\/p>\n<p>Su trabajo surge del deseo de ayudar a los dem\u00e1s a conectar con su esencia y su cuerpo, con el fin de devolverlos a la inocencia y permitirles disfrutar plenamente del momento presente, experimentando con todos los sentidos la alegr\u00eda de la vida.<\/p>\n<p>Su motivaci\u00f3n radica en ayudar a otras personas a realizar los cambios que transformaron radicalmente sus relaciones, su sexualidad y su comprensi\u00f3n de la vida. Es en este punto donde el Tantra y la sexualidad consciente entran en juego.<\/p>\n<p>[\/et_pb_team_member][\/et_pb_column][\/et_pb_row][et_pb_row column_structure=\u00bb1_4,1_4,1_4,1_4&#8243; use_custom_gutter=\u00bbon\u00bb gutter_width=\u00bb2&#8243; make_equal=\u00bbon\u00bb module_id=\u00bbfestival\u00bb _builder_version=\u00bb4.23.1&#8243; _module_preset=\u00bbdefault\u00bb width=\u00bb90%\u00bb width_tablet=\u00bb\u00bb width_phone=\u00bb95%\u00bb width_last_edited=\u00bbon|desktop\u00bb max_width=\u00bb95%\u00bb custom_padding=\u00bb||0px|||\u00bb global_colors_info=\u00bb{}\u00bb][et_pb_column type=\u00bb1_4&#8243; _builder_version=\u00bb4.23.1&#8243; _module_preset=\u00bbdefault\u00bb background_enable_color=\u00bboff\u00bb custom_padding=\u00bb20px|20px|20px|20px|true|true\u00bb border_radii=\u00bbon|25px|25px|25px|25px\u00bb border_width_all=\u00bb5px\u00bb border_color_all=\u00bbrgba(237,155,78,0.49)\u00bb global_colors_info=\u00bb{}\u00bb][et_pb_team_member name=\u00bbLou Rodr\u00edguez\u00bb position=\u00bbAguahara\u00bb image_url=\u00bbhttps:\/\/apapachofest.com\/wp-content\/uploads\/2026\/01\/lou-facilitadora-aguahara-apapacho-fest.jpg\u00bb _builder_version=\u00bb4.27.5&#8243; _module_preset=\u00bbdefault\u00bb header_font=\u00bbRebel Kids||||||||\u00bb header_font_size=\u00bb23px\u00bb body_font=\u00bbRoboto Flex||||||||\u00bb position_font=\u00bb|700|||||||\u00bb position_text_color=\u00bb#000000&#8243; child_filter_brightness=\u00bb112%\u00bb border_radii_image=\u00bbon|25px|25px|25px|25px\u00bb global_colors_info=\u00bb{}\u00bb]<\/p>\n<p>Experiencias Acu\u00e1ticas personalizadas y colectivas.<\/p>\n<p>Lou abre experiencias acu\u00e1ticas contigo, de un modo sublime, que te llevan a liberar, sostener y desplegar tu fuerza verdadera natural.<\/p>\n<p>Est\u00e1 dedicada profesionalmente al campo de la consciencia corporal y danza desde hace m\u00e1s de 15 a\u00f1os en Europa y M\u00e9xico, desarrollando l\u00edneas tanto art\u00edsticas como de bienestar y salud.<\/p>\n<p>Facilita experiencias acu\u00e1ticas personalizadas y grupales, con una t\u00e9cnica propia, DANZA DE NATURALEZA, desarrollada desde AGUAHARA y DANZA EN EL AGUA.<br \/>Es tambi\u00e9n formadora de AGUAHARA.<\/p>\n<p>Le fascina comprobar continuamente que las sesiones en el agua tienen la propiedad de conectarnos con nuestro instinto natural y potenciar nuestra fuerza plena sencilla poderosa.<\/p>\n<p>La sesi\u00f3n acu\u00e1tica induce fuertemente a estados de calma profunda e introspecci\u00f3n, en los que radica nuestra capacidad de autodescubrirnos y armonizar nuestra salud. Cuando paramos entreg\u00e1ndonos en el abrazo del agua, de esta forma corporal energ\u00e9tica, damos la posibilidad de hacer una ruptura en las inercias habituales para generar cambios-soluciones en el cuerpo y en la actitud hacia vivir m\u00e1s plenos.<\/p>\n<p>[\/et_pb_team_member][\/et_pb_column][et_pb_column type=\u00bb1_4&#8243; _builder_version=\u00bb4.23.1&#8243; _module_preset=\u00bbdefault\u00bb background_enable_color=\u00bboff\u00bb custom_padding=\u00bb20px|20px|20px|20px|true|true\u00bb border_radii=\u00bbon|25px|25px|25px|25px\u00bb border_width_all=\u00bb5px\u00bb border_color_all=\u00bbrgba(237,155,78,0.49)\u00bb global_colors_info=\u00bb{}\u00bb][et_pb_team_member name=\u00bbChandra Devi\u00bb position=\u00bbCoordinadora del Evento\u00bb image_url=\u00bbhttps:\/\/apapachofest.com\/wp-content\/uploads\/2024\/04\/chandra-deva-terapeuta-apapacho-fest.jpg\u00bb _builder_version=\u00bb4.27.4&#8243; _module_preset=\u00bbdefault\u00bb header_font=\u00bbRebel Kids||||||||\u00bb header_font_size=\u00bb23px\u00bb body_font=\u00bbRoboto Flex||||||||\u00bb position_font=\u00bb|700|||||||\u00bb position_text_color=\u00bb#000000&#8243; child_filter_saturate=\u00bb108%\u00bb child_filter_brightness=\u00bb112%\u00bb border_radii_image=\u00bbon|25px|25px|25px|25px\u00bb global_colors_info=\u00bb{}\u00bb]<\/p>\n<p>Chandra<span>\u00a0es una mujer profundamente comprometida con la educaci\u00f3n y el crecimiento personal. Su pasi\u00f3n por el aprendizaje y la evoluci\u00f3n constante la impulsan cada d\u00eda a seguir explorando, descubriendo y compartiendo. Su propio camino de autoconocimiento la ha llevado a especializarse en la organizaci\u00f3n y gesti\u00f3n de eventos transformadores: congresos, encuentros, festivales, retiros y talleres que tocan el alma, inspiran el coraz\u00f3n y provocan una verdadera transformaci\u00f3n.\u00a0<\/span><o:p><\/o:p><span>Con m\u00e1s de 20 a\u00f1os liderando y motivando equipos, su mayor satisfacci\u00f3n es ver c\u00f3mo cada persona florece en su proceso de evoluci\u00f3n personal, y tener el privilegio de acompa\u00f1arla con amor y entrega absoluta.<\/span><\/p>\n<p>[\/et_pb_team_member][\/et_pb_column][et_pb_column type=\u00bb1_4&#8243; _builder_version=\u00bb4.23.1&#8243; _module_preset=\u00bbdefault\u00bb background_enable_color=\u00bboff\u00bb custom_padding=\u00bb20px|20px|20px|20px|true|true\u00bb border_radii=\u00bbon|25px|25px|25px|25px\u00bb border_width_all=\u00bb5px\u00bb border_color_all=\u00bbrgba(237,155,78,0.49)\u00bb global_colors_info=\u00bb{}\u00bb][et_pb_team_member name=\u00bbManuel Nogales\u00bb position=\u00bbManager de organizaci\u00f3n y coordinador de log\u00edstica\u00bb image_url=\u00bbhttps:\/\/apapachofest.com\/wp-content\/uploads\/2025\/02\/manuel-nogales-apapacho-fest.jpg\u00bb _builder_version=\u00bb4.27.4&#8243; _module_preset=\u00bbdefault\u00bb header_font=\u00bbRebel Kids||||||||\u00bb header_font_size=\u00bb23px\u00bb body_font=\u00bbRoboto Flex||||||||\u00bb position_font=\u00bb|700|||||||\u00bb position_text_color=\u00bb#000000&#8243; border_radii_image=\u00bbon|25px|25px|25px|25px\u00bb global_colors_info=\u00bb{}\u00bb]<\/p>\n<p>Instructor de Hatha yoga y yoga nidra. Colabora como facilitador en retiros de tantra, meditaci\u00f3n y danza.<br \/>Alma curiosa, siempre en b\u00fasqueda de nuevas experiencias de crecimiento y conexi\u00f3n con la naturaleza y con todos sus seres.<br \/>Con los a\u00f1os ha ido tomando consciencia de la llamada a ayudar a las personas a sentirse en equilibrio a trav\u00e9s del amor y la escucha. Y eso es lo que le hace sentirse m\u00e1s feliz y conectado. Ser\u00e1 un placer para \u00e9l acompa\u00f1arte en este festival tan especial.<\/p>\n<p>[\/et_pb_team_member][\/et_pb_column][et_pb_column type=\u00bb1_4&#8243; _builder_version=\u00bb4.23.1&#8243; _module_preset=\u00bbdefault\u00bb background_enable_color=\u00bboff\u00bb custom_padding=\u00bb20px|20px|20px|20px|true|true\u00bb border_radii=\u00bbon|25px|25px|25px|25px\u00bb border_width_all=\u00bb5px\u00bb border_color_all=\u00bbrgba(237,155,78,0.49)\u00bb global_colors_info=\u00bb{}\u00bb][et_pb_team_member name=\u00bbHugo Lega\u00bb position=\u00bbOrganizador y creador\u00bb image_url=\u00bbhttps:\/\/apapachofest.com\/wp-content\/uploads\/2024\/12\/hugo-lega-creador-de-apapacho-fest.jpg\u00bb _builder_version=\u00bb4.27.4&#8243; _module_preset=\u00bbdefault\u00bb header_font=\u00bbRebel Kids||||||||\u00bb header_font_size=\u00bb23px\u00bb body_font=\u00bbRoboto Flex||||||||\u00bb position_font=\u00bb|700|||||||\u00bb position_text_color=\u00bb#000000&#8243; border_radii_image=\u00bbon|25px|25px|25px|25px\u00bb global_colors_info=\u00bb{}\u00bb]<\/p>\n<p><span>Hugo Lega es un emprendedor apasionado que ha dedicado toda su vida a investigarse a si mismo con el prop\u00f3sito de salir del sufrimiento y ayudar a otras personas a lograrlo. \u00c9l ha ayudado ya a miles de personas a transformar su vida en el \u00e1rea de las relaciones, el dinero, los negocios y el desarrollo personal.<\/span><\/p>\n<p>[\/et_pb_team_member][\/et_pb_column][\/et_pb_row][et_pb_row module_id=\u00bbfacilitadores\u00bb _builder_version=\u00bb4.23.1&#8243; _module_preset=\u00bbdefault\u00bb width_tablet=\u00bb\u00bb width_phone=\u00bb95%\u00bb width_last_edited=\u00bbon|phone\u00bb custom_padding=\u00bb||0px|||\u00bb global_colors_info=\u00bb{}\u00bb][et_pb_column type=\u00bb4_4&#8243; _builder_version=\u00bb4.23.1&#8243; _module_preset=\u00bbdefault\u00bb background_enable_color=\u00bboff\u00bb custom_padding=\u00bb20px|20px|20px|20px|true|true\u00bb border_color_all=\u00bb#FFFFFF\u00bb global_colors_info=\u00bb{}\u00bb][et_pb_text _builder_version=\u00bb4.27.5&#8243; _module_preset=\u00bbdefault\u00bb header_2_font=\u00bbRebel Kids|||on|||||\u00bb header_2_text_align=\u00bbcenter\u00bb header_2_font_size=\u00bb49px\u00bb custom_margin=\u00bb||5px|||\u00bb global_colors_info=\u00bb{}\u00bb]<\/p>\n<h2>Equipo log\u00edstico y voluntari@s<\/h2>\n<p>[\/et_pb_text][et_pb_text _builder_version=\u00bb4.23.1&#8243; _module_preset=\u00bbdefault\u00bb text_font=\u00bbRoboto Flex||||||||\u00bb text_text_color=\u00bb#000000&#8243; text_font_size=\u00bb18px\u00bb text_line_height=\u00bb1.6em\u00bb text_orientation=\u00bbcenter\u00bb global_colors_info=\u00bb{}\u00bb]<\/p>\n<p>Te van a cuidar, te van a mimar, se van a encargar de que tu experiencia a nivel pr\u00e1ctico sea un regalo.<\/p>\n<p>[\/et_pb_text][\/et_pb_column][\/et_pb_row][et_pb_row column_structure=\u00bb1_5,1_5,1_5,1_5,1_5&#8243; use_custom_gutter=\u00bbon\u00bb gutter_width=\u00bb2&#8243; make_equal=\u00bbon\u00bb module_id=\u00bbfestival\u00bb _builder_version=\u00bb4.27.5&#8243; _module_preset=\u00bbdefault\u00bb width=\u00bb90%\u00bb width_tablet=\u00bb\u00bb width_phone=\u00bb95%\u00bb width_last_edited=\u00bbon|desktop\u00bb max_width=\u00bb95%\u00bb custom_padding=\u00bb||0px|||\u00bb global_colors_info=\u00bb{}\u00bb][et_pb_column type=\u00bb1_5&#8243; _builder_version=\u00bb4.23.1&#8243; _module_preset=\u00bbdefault\u00bb background_color=\u00bb#efefef\u00bb custom_padding=\u00bb10px|10px|10px|10px|true|true\u00bb border_radii=\u00bbon|25px|25px|25px|25px\u00bb border_color_all=\u00bbrgba(237,155,78,0.49)\u00bb global_colors_info=\u00bb{}\u00bb][et_pb_team_member name=\u00bbLorena\u00bb image_url=\u00bbhttps:\/\/apapachofest.com\/wp-content\/uploads\/2024\/04\/lorena-voluntaria-apapacho-fest.jpg\u00bb _builder_version=\u00bb4.23.1&#8243; _module_preset=\u00bbdefault\u00bb header_font=\u00bbRebel Kids||||||||\u00bb header_font_size=\u00bb23px\u00bb body_font=\u00bbRoboto Flex||||||||\u00bb position_font=\u00bb|700|||||||\u00bb position_text_color=\u00bb#000000&#8243; child_filter_saturate=\u00bb108%\u00bb child_filter_brightness=\u00bb112%\u00bb border_radii_image=\u00bbon|25px|25px|25px|25px\u00bb global_colors_info=\u00bb{}\u00bb]<\/p>\n<p>Estoy encantada de poder ayudar y participar en Apapacho Fest. Un festival fant\u00e1stico, en un lugar maravilloso, repleto de personas incre\u00edbles con ganas de conectar, crecer y re\u00edr. \u00a1Nos vemos muy pronto!<\/p>\n<p>[\/et_pb_team_member][\/et_pb_column][et_pb_column type=\u00bb1_5&#8243; _builder_version=\u00bb4.23.1&#8243; _module_preset=\u00bbdefault\u00bb background_color=\u00bb#efefef\u00bb custom_padding=\u00bb10px|10px|10px|10px|true|true\u00bb border_radii=\u00bbon|25px|25px|25px|25px\u00bb border_color_all=\u00bbrgba(237,155,78,0.49)\u00bb global_colors_info=\u00bb{}\u00bb][et_pb_team_member name=\u00bbMari \u00c1ngeles\u00bb image_url=\u00bbhttps:\/\/apapachofest.com\/wp-content\/uploads\/2025\/01\/Imagen-de-WhatsApp-2025-01-12-a-las-11.09.07_67866141.jpg\u00bb _builder_version=\u00bb4.27.4&#8243; _module_preset=\u00bbdefault\u00bb header_font=\u00bbRebel Kids||||||||\u00bb header_font_size=\u00bb23px\u00bb body_font=\u00bbRoboto Flex||||||||\u00bb position_font=\u00bb|700|||||||\u00bb position_text_color=\u00bb#000000&#8243; border_radii_image=\u00bbon|25px|25px|25px|25px\u00bb global_colors_info=\u00bb{}\u00bb]<\/p>\n<p class=\"font_8 wixui-rich-text__text\">Llevo mas de 10 a\u00f1os de formaci\u00f3n y autoindagaci\u00f3n en mi, de viajes por diferentes lugares del mundo que se han convertido en terapias, para ir a lo m\u00e1s profundo de mi corazon y desde ahi ser, compartirme con el mundo desde la gratitud, el amor y la presencia.<\/p>\n<p>[\/et_pb_team_member][\/et_pb_column][et_pb_column type=\u00bb1_5&#8243; _builder_version=\u00bb4.23.1&#8243; _module_preset=\u00bbdefault\u00bb background_color=\u00bb#efefef\u00bb custom_padding=\u00bb10px|10px|10px|10px|true|true\u00bb border_radii=\u00bbon|25px|25px|25px|25px\u00bb border_color_all=\u00bbrgba(237,155,78,0.49)\u00bb global_colors_info=\u00bb{}\u00bb][et_pb_team_member name=\u00bbFran\u00bb image_url=\u00bbhttps:\/\/apapachofest.com\/wp-content\/uploads\/2025\/01\/fran-gonzalez-apapacho-fest.jpg\u00bb _builder_version=\u00bb4.27.4&#8243; _module_preset=\u00bbdefault\u00bb header_font=\u00bbRebel Kids||||||||\u00bb header_font_size=\u00bb23px\u00bb body_font=\u00bbRoboto Flex||||||||\u00bb position_font=\u00bb|700|||||||\u00bb position_text_color=\u00bb#000000&#8243; child_filter_brightness=\u00bb122%\u00bb border_radii_image=\u00bbon|25px|25px|25px|25px\u00bb global_colors_info=\u00bb{}\u00bb]<\/p>\n<p class=\"font_8 wixui-rich-text__text\"><span>Estoy encantado de participar en Apapacho Fest. Me encanta descubrir, crear momentos y acompa\u00f1ar a las personas en sus caminos de vida. Mi pasi\u00f3n es escribir y viajar, siempre atento y dispuesto a crecer e imaginar que un nuevo mundo es posible. Desde ni\u00f1o, mi curiosidad por explorarme a mi mismo me ha llevado a tener publicadas cuatro novelas realistas basadas en mis propias experiencias de vida.<\/span><\/p>\n<p>[\/et_pb_team_member][\/et_pb_column][et_pb_column type=\u00bb1_5&#8243; _builder_version=\u00bb4.23.1&#8243; _module_preset=\u00bbdefault\u00bb background_color=\u00bb#efefef\u00bb custom_padding=\u00bb10px|10px|10px|10px|true|true\u00bb border_radii=\u00bbon|25px|25px|25px|25px\u00bb border_color_all=\u00bbrgba(237,155,78,0.49)\u00bb global_colors_info=\u00bb{}\u00bb][et_pb_team_member name=\u00bbPaz\u00bb image_url=\u00bbhttps:\/\/apapachofest.com\/wp-content\/uploads\/2025\/07\/paz-voluntaria-apapacho-fest.png\u00bb _builder_version=\u00bb4.27.4&#8243; _module_preset=\u00bbdefault\u00bb header_font=\u00bbRebel Kids||||||||\u00bb header_font_size=\u00bb23px\u00bb body_font=\u00bbRoboto Flex||||||||\u00bb position_font=\u00bb|700|||||||\u00bb position_text_color=\u00bb#000000&#8243; child_filter_saturate=\u00bb110%\u00bb child_filter_brightness=\u00bb107%\u00bb border_radii_image=\u00bbon|25px|25px|25px|25px\u00bb global_colors_info=\u00bb{}\u00bb]<\/p>\n<p>Estoy encantada y profundamente agradecida por la oportunidad de formar parte de Apapacho Fest, para mi es un hermoso regalo que la vida me ofrece Me hace much\u00edsima ilusi\u00f3n poder compartir, acompa\u00f1ar y sumar desde el coraz\u00f3n. Estar\u00e9 a vuestro lado para todo lo que necesit\u00e9is. \u00a1Nos vemos\u00a0muy\u00a0pronto!<\/p>\n<p>[\/et_pb_team_member][\/et_pb_column][et_pb_column type=\u00bb1_5&#8243; _builder_version=\u00bb4.23.1&#8243; _module_preset=\u00bbdefault\u00bb background_color=\u00bb#efefef\u00bb custom_padding=\u00bb10px|10px|10px|10px|true|true\u00bb border_radii=\u00bbon|25px|25px|25px|25px\u00bb border_color_all=\u00bbrgba(237,155,78,0.49)\u00bb global_colors_info=\u00bb{}\u00bb][et_pb_team_member name=\u00bbChema\u00bb image_url=\u00bbhttps:\/\/apapachofest.com\/wp-content\/uploads\/2026\/01\/Chema-voluntario-Apapacho-Fest.jpg\u00bb _builder_version=\u00bb4.27.5&#8243; _module_preset=\u00bbdefault\u00bb header_font=\u00bbRebel Kids||||||||\u00bb header_font_size=\u00bb23px\u00bb body_font=\u00bbRoboto Flex||||||||\u00bb position_font=\u00bb|700|||||||\u00bb position_text_color=\u00bb#000000&#8243; child_filter_saturate=\u00bb111%\u00bb child_filter_brightness=\u00bb111%\u00bb border_radii_image=\u00bbon|25px|25px|25px|25px\u00bb global_colors_info=\u00bb{}\u00bb]<\/p>\n<p>Es un honor formar parte de la Tribu Apapacho. Estoy listo para servir, acompa\u00f1ar y sostener con amor. Me apasionan las relaciones humanas, el autoconocimiento y conectar con el ni\u00f1o interior que habita en m\u00ed, compartiendo amor, diversi\u00f3n y presencia.<\/p>\n<p>[\/et_pb_team_member][\/et_pb_column][\/et_pb_row][et_pb_row column_structure=\u00bb1_5,1_5,1_5,1_5,1_5&#8243; use_custom_gutter=\u00bbon\u00bb gutter_width=\u00bb2&#8243; make_equal=\u00bbon\u00bb module_id=\u00bbfestival\u00bb _builder_version=\u00bb4.27.5&#8243; _module_preset=\u00bbdefault\u00bb width=\u00bb90%\u00bb width_tablet=\u00bb\u00bb width_phone=\u00bb95%\u00bb width_last_edited=\u00bbon|desktop\u00bb max_width=\u00bb95%\u00bb custom_padding=\u00bb||0px|||\u00bb global_colors_info=\u00bb{}\u00bb][et_pb_column type=\u00bb1_5&#8243; _builder_version=\u00bb4.23.1&#8243; _module_preset=\u00bbdefault\u00bb background_color=\u00bb#efefef\u00bb custom_padding=\u00bb10px|10px|10px|10px|true|true\u00bb border_radii=\u00bbon|25px|25px|25px|25px\u00bb border_color_all=\u00bbrgba(237,155,78,0.49)\u00bb global_colors_info=\u00bb{}\u00bb][et_pb_team_member name=\u00bbPamela\u00bb image_url=\u00bbhttps:\/\/apapachofest.com\/wp-content\/uploads\/2026\/02\/Pmaela-voluntaria-Apapacho-Fest.jpg\u00bb _builder_version=\u00bb4.27.5&#8243; _module_preset=\u00bbdefault\u00bb header_font=\u00bbRebel Kids||||||||\u00bb header_font_size=\u00bb23px\u00bb body_font=\u00bbRoboto Flex||||||||\u00bb position_font=\u00bb|700|||||||\u00bb position_text_color=\u00bb#000000&#8243; child_filter_saturate=\u00bb111%\u00bb child_filter_brightness=\u00bb111%\u00bb border_radii_image=\u00bbon|25px|25px|25px|25px\u00bb global_colors_info=\u00bb{}\u00bb]<\/p>\n<p>Me siento muy agradecida de poder colaborar en Apapacho Fest y formar parte de una comunidad que apuesta por las relaciones conscientes y el desarrollo personal. Mi intenci\u00f3n en el festival es servir desde la autenticidad, aportando mi granito de arena con compromiso, sensibilidad y cari\u00f1o, para contribuir a que esta experiencia sea profunda, significativa y expansiva para todos.<\/p>\n<p>[\/et_pb_team_member][\/et_pb_column][et_pb_column type=\u00bb1_5&#8243; _builder_version=\u00bb4.23.1&#8243; _module_preset=\u00bbdefault\u00bb background_color=\u00bb#efefef\u00bb custom_padding=\u00bb10px|10px|10px|10px|true|true\u00bb border_radii=\u00bbon|25px|25px|25px|25px\u00bb border_color_all=\u00bbrgba(237,155,78,0.49)\u00bb global_colors_info=\u00bb{}\u00bb][et_pb_team_member name=\u00bbLydia\u00bb image_url=\u00bbhttps:\/\/apapachofest.com\/wp-content\/uploads\/2026\/03\/lidia-voluntaria-apapacho-fest.jpg\u00bb _builder_version=\u00bb4.27.6&#8243; _module_preset=\u00bbdefault\u00bb header_font=\u00bbRebel Kids||||||||\u00bb header_font_size=\u00bb23px\u00bb body_font=\u00bbRoboto Flex||||||||\u00bb position_font=\u00bb|700|||||||\u00bb position_text_color=\u00bb#000000&#8243; border_radii_image=\u00bbon|25px|25px|25px|25px\u00bb global_colors_info=\u00bb{}\u00bb]Agradecida a Apapacho Fest por ofrecerme la oportunidad de colaborar en este espacio que nos hace parar, salir de la velocidad del d\u00eda a d\u00eda y volver al coraz\u00f3n.<br \/>\nMe gusta estar al servicio en plena conexi\u00f3n con el ser f\u00edsico, mental, espiritual y emocional.<br \/>\nQu\u00e9 florezca la luz, que florezca el amor\u2026.[\/et_pb_team_member][\/et_pb_column][et_pb_column type=\u00bb1_5&#8243; _builder_version=\u00bb4.23.1&#8243; _module_preset=\u00bbdefault\u00bb background_color=\u00bb#efefef\u00bb custom_padding=\u00bb10px|10px|10px|10px|true|true\u00bb border_radii=\u00bbon|25px|25px|25px|25px\u00bb border_color_all=\u00bbrgba(237,155,78,0.49)\u00bb global_colors_info=\u00bb{}\u00bb][et_pb_team_member name=\u00bbMario\u00bb image_url=\u00bbhttps:\/\/apapachofest.com\/wp-content\/uploads\/2024\/05\/mario-voluntario-apapacho-fest.jpg\u00bb _builder_version=\u00bb4.23.1&#8243; _module_preset=\u00bbdefault\u00bb header_font=\u00bbRebel Kids||||||||\u00bb header_font_size=\u00bb23px\u00bb body_font=\u00bbRoboto Flex||||||||\u00bb position_font=\u00bb|700|||||||\u00bb position_text_color=\u00bb#000000&#8243; child_filter_saturate=\u00bb111%\u00bb child_filter_brightness=\u00bb128%\u00bb border_radii_image=\u00bbon|25px|25px|25px|25px\u00bb global_colors_info=\u00bb{}\u00bb]<\/p>\n<p>Me gusta compartir, estar con la gente, cantar, reir, bailar&#8230; Y por ello estoy super agradecido de poder estar en Apapacho Fest. Cuenta conmigo para lo que necesites, estar\u00e9 encantado\u00a0de\u00a0ayudarte.<\/p>\n<p>[\/et_pb_team_member][\/et_pb_column][et_pb_column type=\u00bb1_5&#8243; _builder_version=\u00bb4.23.1&#8243; _module_preset=\u00bbdefault\u00bb background_color=\u00bb#efefef\u00bb custom_padding=\u00bb10px|10px|10px|10px|true|true\u00bb border_radii=\u00bbon|25px|25px|25px|25px\u00bb border_color_all=\u00bbrgba(237,155,78,0.49)\u00bb global_colors_info=\u00bb{}\u00bb][et_pb_team_member name=\u00bbLaura\u00bb image_url=\u00bbhttps:\/\/apapachofest.com\/wp-content\/uploads\/2026\/02\/laura-voluntaria-Apapacho-Fest.jpg\u00bb _builder_version=\u00bb4.27.5&#8243; _module_preset=\u00bbdefault\u00bb header_font=\u00bbRebel Kids||||||||\u00bb header_font_size=\u00bb23px\u00bb body_font=\u00bbRoboto Flex||||||||\u00bb position_font=\u00bb|700|||||||\u00bb position_text_color=\u00bb#000000&#8243; border_radii_image=\u00bbon|25px|25px|25px|25px\u00bb global_colors_info=\u00bb{}\u00bb]<\/p>\n<p class=\"font_8 wixui-rich-text__text\">Psic\u00f3loga de profesi\u00f3n y yoguini de coraz\u00f3n, acompa\u00f1o procesos de sanaci\u00f3n en mis terapias.<br \/>Amante de la danza, la m\u00fasica y los viajes del alma, llego a Apapacho Fest con esp\u00edritu de servicio y coraz\u00f3n abierto. Que cada encuentro sea un acto de presencia amorosa, un apapacho consciente que nos recuerde qui\u00e9nes somos.<\/p>\n<p>[\/et_pb_team_member][\/et_pb_column][et_pb_column type=\u00bb1_5&#8243; _builder_version=\u00bb4.23.1&#8243; _module_preset=\u00bbdefault\u00bb background_color=\u00bb#efefef\u00bb custom_padding=\u00bb10px|10px|10px|10px|true|true\u00bb border_radii=\u00bbon|25px|25px|25px|25px\u00bb border_color_all=\u00bbrgba(237,155,78,0.49)\u00bb global_colors_info=\u00bb{}\u00bb][et_pb_team_member name=\u00bbJulen\u00bb image_url=\u00bbhttps:\/\/apapachofest.com\/wp-content\/uploads\/2025\/02\/julen-voluntario-apapacho-fest.jpg\u00bb _builder_version=\u00bb4.27.4&#8243; _module_preset=\u00bbdefault\u00bb header_font=\u00bbRebel Kids||||||||\u00bb header_font_size=\u00bb23px\u00bb body_font=\u00bbRoboto Flex||||||||\u00bb position_font=\u00bb|700|||||||\u00bb position_text_color=\u00bb#000000&#8243; child_filter_saturate=\u00bb128%\u00bb child_filter_brightness=\u00bb107%\u00bb border_radii_image=\u00bbon|25px|25px|25px|25px\u00bb global_colors_info=\u00bb{}\u00bb]<\/p>\n<p class=\"font_8 wixui-rich-text__text\">Me siento afortunado por poder participar en el gran regalo que es para mi estar como voluntario en el Apapacho Fest 2026. Disfruto y me nutro del contacto humano y me encantan los espacios grupales. Ofrezco mi disponibilidad y mis ganas de echar una mano en lo que necesites.<\/p>\n<p>[\/et_pb_team_member][\/et_pb_column][\/et_pb_row][et_pb_row column_structure=\u00bb1_5,1_5,1_5,1_5,1_5&#8243; use_custom_gutter=\u00bbon\u00bb gutter_width=\u00bb2&#8243; make_equal=\u00bbon\u00bb module_id=\u00bbfestival\u00bb _builder_version=\u00bb4.27.5&#8243; _module_preset=\u00bbdefault\u00bb width=\u00bb90%\u00bb width_tablet=\u00bb\u00bb width_phone=\u00bb95%\u00bb width_last_edited=\u00bbon|desktop\u00bb max_width=\u00bb95%\u00bb custom_padding=\u00bb||0px|||\u00bb global_colors_info=\u00bb{}\u00bb][et_pb_column type=\u00bb1_5&#8243; _builder_version=\u00bb4.23.1&#8243; _module_preset=\u00bbdefault\u00bb background_color=\u00bb#efefef\u00bb custom_padding=\u00bb10px|10px|10px|10px|true|true\u00bb border_radii=\u00bbon|25px|25px|25px|25px\u00bb border_color_all=\u00bbrgba(237,155,78,0.49)\u00bb global_colors_info=\u00bb{}\u00bb][et_pb_team_member name=\u00bbChakra\u00bb image_url=\u00bbhttps:\/\/apapachofest.com\/wp-content\/uploads\/2026\/04\/chakra-voluntario-apapacho-fest.png\u00bb _builder_version=\u00bb4.27.6&#8243; _module_preset=\u00bbdefault\u00bb header_font=\u00bbRebel Kids||||||||\u00bb header_font_size=\u00bb23px\u00bb body_font=\u00bbRoboto Flex||||||||\u00bb position_font=\u00bb|700|||||||\u00bb position_text_color=\u00bb#000000&#8243; child_filter_saturate=\u00bb111%\u00bb child_filter_brightness=\u00bb111%\u00bb border_radii_image=\u00bbon|25px|25px|25px|25px\u00bb global_colors_info=\u00bb{}\u00bb]<\/p>\n<p>Es un placer para m\u00ed poder servir una vez m\u00e1s en este maravilloso evento. <br \/>Empec\u00e9 a entrar en el mundo del autoconocimiento en mi adolescencia. La curiosidad, la b\u00fasqueda interior y mi esp\u00edritu aventurero me han llevado por diferentes caminos. Haber llegado a Apapacho Fest por alguno de ellos es un gran regalo.<br \/>Nos vemos pronto.<\/p>\n<p>[\/et_pb_team_member][\/et_pb_column][et_pb_column type=\u00bb1_5&#8243; _builder_version=\u00bb4.23.1&#8243; _module_preset=\u00bbdefault\u00bb background_color=\u00bb#efefef\u00bb custom_padding=\u00bb10px|10px|10px|10px|true|true\u00bb border_radii=\u00bbon|25px|25px|25px|25px\u00bb border_color_all=\u00bbrgba(237,155,78,0.49)\u00bb global_colors_info=\u00bb{}\u00bb][et_pb_team_member name=\u00bbMari\u00e1n\u00bb image_url=\u00bbhttps:\/\/apapachofest.com\/wp-content\/uploads\/2026\/03\/marian-voluntaria-apapacho-fest.jpg\u00bb _builder_version=\u00bb4.27.6&#8243; _module_preset=\u00bbdefault\u00bb header_font=\u00bbRebel Kids||||||||\u00bb header_font_size=\u00bb23px\u00bb body_font=\u00bbRoboto Flex||||||||\u00bb position_font=\u00bb|700|||||||\u00bb position_text_color=\u00bb#000000&#8243; child_filter_saturate=\u00bb111%\u00bb child_filter_brightness=\u00bb111%\u00bb border_radii_image=\u00bbon|25px|25px|25px|25px\u00bb global_colors_info=\u00bb{}\u00bb]<\/p>\n<p>Encantad\u00edsima e ilusionada por formar parte de un espacio tan bonito como Apapacho Fest. Mi naturaleza es ayudar a las\/os dem\u00e1s. Compartir esta experiencia de crecimiento y apoyo me llena de energ\u00eda y felicidad. Espero poder compartir con todas\/os vosotras\/os la oportunidad de abrir el coraz\u00f3n y disfrutar de cosas lindas en este festival desde la alegr\u00eda y la ternura, con respeto y reciprocidad.<br \/>La belleza de poder ser una misma es la aut\u00e9ntica felicidad.<\/p>\n<p>[\/et_pb_team_member][\/et_pb_column][et_pb_column type=\u00bb1_5&#8243; _builder_version=\u00bb4.23.1&#8243; _module_preset=\u00bbdefault\u00bb background_color=\u00bb#efefef\u00bb custom_padding=\u00bb10px|10px|10px|10px|true|true\u00bb border_radii=\u00bbon|25px|25px|25px|25px\u00bb border_color_all=\u00bbrgba(237,155,78,0.49)\u00bb global_colors_info=\u00bb{}\u00bb][et_pb_team_member name=\u00bbM\u00f3nica\u00bb image_url=\u00bbhttps:\/\/apapachofest.com\/wp-content\/uploads\/2026\/03\/Monica-voluntaria-Apapacho-Fest.jpg\u00bb _builder_version=\u00bb4.27.6&#8243; _module_preset=\u00bbdefault\u00bb header_font=\u00bbRebel Kids||||||||\u00bb header_font_size=\u00bb23px\u00bb body_font=\u00bbRoboto Flex||||||||\u00bb position_font=\u00bb|700|||||||\u00bb position_text_color=\u00bb#000000&#8243; child_filter_saturate=\u00bb111%\u00bb child_filter_brightness=\u00bb111%\u00bb border_radii_image=\u00bbon|25px|25px|25px|25px\u00bb global_colors_info=\u00bb{}\u00bb]<\/p>\n<p>Estoy muy feliz de poder formar parte este a\u00f1o del equipo de Apapacho Fest y poder transmitir toda mi energ\u00eda, acompa\u00f1amiento y sosten a todos los asistentes para que sea algo inolvidable.<\/p>\n<p>[\/et_pb_team_member][\/et_pb_column][et_pb_column type=\u00bb1_5&#8243; _builder_version=\u00bb4.23.1&#8243; _module_preset=\u00bbdefault\u00bb background_color=\u00bb#efefef\u00bb custom_padding=\u00bb10px|10px|10px|10px|true|true\u00bb border_radii=\u00bbon|25px|25px|25px|25px\u00bb border_color_all=\u00bbrgba(237,155,78,0.49)\u00bb global_colors_info=\u00bb{}\u00bb][et_pb_team_member name=\u00bbRub\u00e9n\u00bb image_url=\u00bbhttps:\/\/apapachofest.com\/wp-content\/uploads\/2026\/03\/ruben-voluntario-apapacho-fest.png\u00bb _builder_version=\u00bb4.27.6&#8243; _module_preset=\u00bbdefault\u00bb header_font=\u00bbRebel Kids||||||||\u00bb header_font_size=\u00bb23px\u00bb body_font=\u00bbRoboto Flex||||||||\u00bb position_font=\u00bb|700|||||||\u00bb position_text_color=\u00bb#000000&#8243; border_radii_image=\u00bbon|25px|25px|25px|25px\u00bb global_colors_info=\u00bb{}\u00bb]Agradecido y emocionado de poder participar en un evento donde la hermandad y el amor son pilares maestros. Me mueve el Universo y me invita a desaprender y romper paradigmas. Siempre dispuesto al apapacho eterno.[\/et_pb_team_member][\/et_pb_column][et_pb_column type=\u00bb1_5&#8243; _builder_version=\u00bb4.23.1&#8243; _module_preset=\u00bbdefault\u00bb background_color=\u00bb#efefef\u00bb custom_padding=\u00bb10px|10px|10px|10px|true|true\u00bb border_radii=\u00bbon|25px|25px|25px|25px\u00bb border_color_all=\u00bbrgba(237,155,78,0.49)\u00bb global_colors_info=\u00bb{}\u00bb][et_pb_team_member name=\u00bbMar\u00eda\u00bb image_url=\u00bbhttps:\/\/apapachofest.com\/wp-content\/uploads\/2026\/03\/maria-voluntaria-Apapacho-Fest-1.jpg\u00bb _builder_version=\u00bb4.27.6&#8243; _module_preset=\u00bbdefault\u00bb header_font=\u00bbRebel Kids||||||||\u00bb header_font_size=\u00bb23px\u00bb body_font=\u00bbRoboto Flex||||||||\u00bb position_font=\u00bb|700|||||||\u00bb position_text_color=\u00bb#000000&#8243; border_radii_image=\u00bbon|25px|25px|25px|25px\u00bb global_colors_info=\u00bb{}\u00bb]<\/p>\n<p>Me siento ilusionada y muy agradecida de colaborar en Apapacho Fest. Deseando compartir y acompa\u00f1ar desde el amor. Nos vemos pronto!!<\/p>\n<p>[\/et_pb_team_member][\/et_pb_column][\/et_pb_row][et_pb_row column_structure=\u00bb1_5,1_5,1_5,1_5,1_5&#8243; use_custom_gutter=\u00bbon\u00bb gutter_width=\u00bb2&#8243; make_equal=\u00bbon\u00bb module_id=\u00bbfestival\u00bb _builder_version=\u00bb4.27.5&#8243; _module_preset=\u00bbdefault\u00bb width=\u00bb90%\u00bb width_tablet=\u00bb\u00bb width_phone=\u00bb95%\u00bb width_last_edited=\u00bbon|desktop\u00bb max_width=\u00bb95%\u00bb custom_padding=\u00bb||0px|||\u00bb global_colors_info=\u00bb{}\u00bb][et_pb_column type=\u00bb1_5&#8243; _builder_version=\u00bb4.23.1&#8243; _module_preset=\u00bbdefault\u00bb background_color=\u00bb#efefef\u00bb custom_padding=\u00bb10px|10px|10px|10px|true|true\u00bb border_radii=\u00bbon|25px|25px|25px|25px\u00bb border_color_all=\u00bbrgba(237,155,78,0.49)\u00bb global_colors_info=\u00bb{}\u00bb][et_pb_team_member name=\u00bbUri Tresens\u00bb position=\u00bbVide\u00f3grafo\u00bb image_url=\u00bbhttps:\/\/apapachofest.com\/wp-content\/uploads\/2025\/01\/uri-tresens-VIDEOGRAFO-APAPACHO-FEST.png\u00bb _builder_version=\u00bb4.27.4&#8243; _module_preset=\u00bbdefault\u00bb header_font=\u00bbRebel Kids||||||||\u00bb header_font_size=\u00bb23px\u00bb body_font=\u00bbRoboto Flex||||||||\u00bb position_font=\u00bb|700|||||||\u00bb position_text_color=\u00bb#000000&#8243; border_radii_image=\u00bbon|25px|25px|25px|25px\u00bb global_colors_info=\u00bb{}\u00bb]<\/p>\n<p class=\"font_8 wixui-rich-text__text\"><span>Documentalista y director de fotograf\u00eda con experiencia en cine, videoclips y festivales. Apasionado por captar la naturaleza humana a trav\u00e9s de su c\u00e1mara y visi\u00f3n art\u00edstica. Tiene su propia productora onFrame Films donde es el director creativo y su marca personal en desarrollo de propuestas con su visi\u00f3n m\u00e1s personal y \u00fanica. Tambi\u00e9n clown con creaci\u00f3n de espect\u00e1culos\u00a0propios.<\/span><\/p>\n<p>[\/et_pb_team_member][\/et_pb_column][et_pb_column type=\u00bb1_5&#8243; _builder_version=\u00bb4.23.1&#8243; _module_preset=\u00bbdefault\u00bb background_color=\u00bb#efefef\u00bb custom_padding=\u00bb10px|10px|10px|10px|true|true\u00bb border_radii=\u00bbon|25px|25px|25px|25px\u00bb border_color_all=\u00bbrgba(237,155,78,0.49)\u00bb global_colors_info=\u00bb{}\u00bb][et_pb_team_member name=\u00bbRobinson Rodrigo \u00bb image_url=\u00bbhttps:\/\/apapachofest.com\/wp-content\/uploads\/2025\/05\/rodrigo-tecnico-de-sonido-apapacho-fest.jpg\u00bb _builder_version=\u00bb4.27.4&#8243; _module_preset=\u00bbdefault\u00bb header_font=\u00bbRebel Kids||||||||\u00bb header_font_size=\u00bb23px\u00bb body_font=\u00bbRoboto Flex||||||||\u00bb position_font=\u00bb|700|||||||\u00bb position_text_color=\u00bb#000000&#8243; border_radii_image=\u00bbon|25px|25px|25px|25px\u00bb global_colors_info=\u00bb{}\u00bb]<\/p>\n<p class=\"font_8 wixui-rich-text__text\">Productor musical. Me he dedicado al mundo de la m\u00fasica en sus distintas vertientes, muy entusiasmado de participar en el Apapacho como t\u00e9cnico de sonido.<\/p>\n<p>[\/et_pb_team_member][\/et_pb_column][et_pb_column type=\u00bb1_5&#8243; _builder_version=\u00bb4.23.1&#8243; _module_preset=\u00bbdefault\u00bb background_color=\u00bb#efefef\u00bb custom_padding=\u00bb10px|10px|10px|10px|true|true\u00bb border_radii=\u00bbon|25px|25px|25px|25px\u00bb border_color_all=\u00bbrgba(237,155,78,0.49)\u00bb global_colors_info=\u00bb{}\u00bb][et_pb_team_member name=\u00bbRodrigo \u00bb image_url=\u00bbhttps:\/\/apapachofest.com\/wp-content\/uploads\/2026\/03\/rodri-hijo-tecnico-de-sonido-apapacho-fest.jpg\u00bb _builder_version=\u00bb4.27.6&#8243; _module_preset=\u00bbdefault\u00bb header_font=\u00bbRebel Kids||||||||\u00bb header_font_size=\u00bb23px\u00bb body_font=\u00bbRoboto Flex||||||||\u00bb position_font=\u00bb|700|||||||\u00bb position_text_color=\u00bb#000000&#8243; border_radii_image=\u00bbon|25px|25px|25px|25px\u00bb global_colors_info=\u00bb{}\u00bb]<\/p>\n<p class=\"font_8 wixui-rich-text__text\">Estar\u00e9 como Ayudante de t\u00e9cnico de sonido en Apapachofest .<br \/>Me considero una persona sociable, con ganas de aprender y de conocer gente nueva. Tengo muchas ganas de empezar esta experiencia en Apapacho Fest y aportar todo lo posible al equipo.<\/p>\n<p>[\/et_pb_team_member][\/et_pb_column][et_pb_column type=\u00bb1_5&#8243; _builder_version=\u00bb4.23.1&#8243; _module_preset=\u00bbdefault\u00bb background_color=\u00bb#efefef\u00bb custom_padding=\u00bb10px|10px|10px|10px|true|true\u00bb border_radii=\u00bbon|25px|25px|25px|25px\u00bb border_color_all=\u00bbrgba(237,155,78,0.49)\u00bb global_colors_info=\u00bb{}\u00bb][\/et_pb_column][et_pb_column type=\u00bb1_5&#8243; _builder_version=\u00bb4.23.1&#8243; _module_preset=\u00bbdefault\u00bb background_color=\u00bb#efefef\u00bb custom_padding=\u00bb10px|10px|10px|10px|true|true\u00bb border_radii=\u00bbon|25px|25px|25px|25px\u00bb border_color_all=\u00bbrgba(237,155,78,0.49)\u00bb global_colors_info=\u00bb{}\u00bb][\/et_pb_column][\/et_pb_row][\/et_pb_section][et_pb_section fb_built=\u00bb1&#8243; module_id=\u00bbactividades\u00bb _builder_version=\u00bb4.23.1&#8243; _module_preset=\u00bbdefault\u00bb background_color=\u00bb#FFFFFF\u00bb custom_padding=\u00bb42px|||||\u00bb global_colors_info=\u00bb{}\u00bb][et_pb_row _builder_version=\u00bb4.23.1&#8243; _module_preset=\u00bbdefault\u00bb width_tablet=\u00bb\u00bb width_phone=\u00bb95%\u00bb width_last_edited=\u00bbon|phone\u00bb custom_padding=\u00bb0px|||||\u00bb global_colors_info=\u00bb{}\u00bb][et_pb_column type=\u00bb4_4&#8243; _builder_version=\u00bb4.23.1&#8243; _module_preset=\u00bbdefault\u00bb global_colors_info=\u00bb{}\u00bb][et_pb_text _builder_version=\u00bb4.23.1&#8243; _module_preset=\u00bbdefault\u00bb header_font=\u00bb|||on|||||\u00bb header_2_font=\u00bbRebel Kids|||on|||||\u00bb header_2_text_align=\u00bbcenter\u00bb header_2_font_size=\u00bb49px\u00bb custom_margin=\u00bb||5px|||\u00bb header_2_font_size_tablet=\u00bb49px\u00bb header_2_font_size_phone=\u00bb37px\u00bb header_2_font_size_last_edited=\u00bbon|phone\u00bb global_colors_info=\u00bb{}\u00bb]<\/p>\n<h2>Qu\u00e9 te vas a encontrar en APAPACHO FEST?<\/h2>\n<p>[\/et_pb_text][\/et_pb_column][\/et_pb_row][et_pb_row column_structure=\u00bb1_3,1_3,1_3&#8243; _builder_version=\u00bb4.23.1&#8243; _module_preset=\u00bbdefault\u00bb width_tablet=\u00bb\u00bb width_phone=\u00bb95%\u00bb width_last_edited=\u00bbon|phone\u00bb max_width=\u00bb95%\u00bb custom_padding=\u00bb0px|||||\u00bb global_colors_info=\u00bb{}\u00bb][et_pb_column type=\u00bb1_3&#8243; _builder_version=\u00bb4.23.1&#8243; _module_preset=\u00bbdefault\u00bb global_colors_info=\u00bb{}\u00bb][et_pb_blurb use_icon=\u00bbon\u00bb font_icon=\u00bb&#xf0c0;||fa||900&#8243; icon_placement=\u00bbleft\u00bb _builder_version=\u00bb4.27.4&#8243; _module_preset=\u00bbdefault\u00bb header_font=\u00bbRoboto|700|||||||\u00bb body_font=\u00bbRoboto Flex||||||||\u00bb global_colors_info=\u00bb{}\u00bb]<\/p>\n<p>Un grupo de <strong>500 personas<\/strong>, afines a ti, deseando relacionarse, crecer y disfrutar.<\/p>\n<p>[\/et_pb_blurb][\/et_pb_column][et_pb_column type=\u00bb1_3&#8243; _builder_version=\u00bb4.23.1&#8243; _module_preset=\u00bbdefault\u00bb global_colors_info=\u00bb{}\u00bb][et_pb_blurb use_icon=\u00bbon\u00bb font_icon=\u00bb&#xf798;||fa||400&#8243; icon_placement=\u00bbleft\u00bb _builder_version=\u00bb4.23.1&#8243; _module_preset=\u00bbdefault\u00bb header_font=\u00bbRoboto|700|||||||\u00bb body_font=\u00bbRoboto Flex||||||||\u00bb global_colors_info=\u00bb{}\u00bb]<\/p>\n<p>Un espacio concebido para <strong>fomentar las relaciones sanas<\/strong>, conscientes y nutritivas.<\/p>\n<p>[\/et_pb_blurb][\/et_pb_column][et_pb_column type=\u00bb1_3&#8243; _builder_version=\u00bb4.23.1&#8243; _module_preset=\u00bbdefault\u00bb global_colors_info=\u00bb{}\u00bb][et_pb_blurb use_icon=\u00bbon\u00bb font_icon=\u00bb&#xf118;||fa||900&#8243; icon_placement=\u00bbleft\u00bb _builder_version=\u00bb4.23.1&#8243; _module_preset=\u00bbdefault\u00bb header_font=\u00bbRoboto|700|||||||\u00bb body_font=\u00bbRoboto Flex||||||||\u00bb global_colors_info=\u00bb{}\u00bb]<\/p>\n<p>Un <strong>equipo humano profesional<\/strong> internacional de alto nivel especializado en todas los aspectos de las relaciones.<\/p>\n<p>[\/et_pb_blurb][\/et_pb_column][\/et_pb_row][et_pb_row column_structure=\u00bb1_3,1_3,1_3&#8243; _builder_version=\u00bb4.23.1&#8243; _module_preset=\u00bbdefault\u00bb width_tablet=\u00bb\u00bb width_phone=\u00bb95%\u00bb width_last_edited=\u00bbon|phone\u00bb max_width=\u00bb95%\u00bb custom_padding=\u00bb0px|||||\u00bb global_colors_info=\u00bb{}\u00bb][et_pb_column type=\u00bb1_3&#8243; _builder_version=\u00bb4.23.1&#8243; _module_preset=\u00bbdefault\u00bb global_colors_info=\u00bb{}\u00bb][et_pb_blurb use_icon=\u00bbon\u00bb font_icon=\u00bb&#xf1bb;||fa||900&#8243; icon_placement=\u00bbleft\u00bb _builder_version=\u00bb4.23.1&#8243; _module_preset=\u00bbdefault\u00bb header_font=\u00bbRoboto|700|||||||\u00bb body_font=\u00bbRoboto Flex||||||||\u00bb global_colors_info=\u00bb{}\u00bb]<\/p>\n<p>Un <strong>entorno natural privilegiado<\/strong> en el Valle Verde de Karranza a 20 minutos en coche de la costa c\u00e1ntabra. Un enclave del que brotan aguas medicinales que llevan siglos us\u00e1ndose para fines terap\u00e9uticos.<\/p>\n<p>[\/et_pb_blurb][\/et_pb_column][et_pb_column type=\u00bb1_3&#8243; _builder_version=\u00bb4.23.1&#8243; _module_preset=\u00bbdefault\u00bb global_colors_info=\u00bb{}\u00bb][et_pb_blurb use_icon=\u00bbon\u00bb font_icon=\u00bb&#xf509;||fa||900&#8243; icon_placement=\u00bbleft\u00bb _builder_version=\u00bb4.23.1&#8243; _module_preset=\u00bbdefault\u00bb header_font=\u00bbRoboto|700|||||||\u00bb body_font=\u00bbRoboto Flex||||||||\u00bb global_colors_info=\u00bb{}\u00bb]<\/p>\n<p>Un <strong>equipo log\u00edstico<\/strong> que cuida con cari\u00f1o cada detalle para que te sientas en el cielo.<\/p>\n<p>[\/et_pb_blurb][\/et_pb_column][et_pb_column type=\u00bb1_3&#8243; _builder_version=\u00bb4.23.1&#8243; _module_preset=\u00bbdefault\u00bb global_colors_info=\u00bb{}\u00bb][et_pb_blurb use_icon=\u00bbon\u00bb font_icon=\u00bb&#xf209;||fa||400&#8243; icon_placement=\u00bbleft\u00bb _builder_version=\u00bb4.23.1&#8243; _module_preset=\u00bbdefault\u00bb header_font=\u00bbRoboto|700|||||||\u00bb body_font=\u00bbRoboto Flex||||||||\u00bb global_colors_info=\u00bb{}\u00bb]<\/p>\n<p><strong>Talleres, actividades y experiencias<\/strong> dise\u00f1adas y enfocadas en expandir tu nivel de conciencia en relaci\u00f3n a ti mism@ y a los que te rodean.<\/p>\n<p>[\/et_pb_blurb][\/et_pb_column][\/et_pb_row][et_pb_row column_structure=\u00bb1_3,1_3,1_3&#8243; use_custom_gutter=\u00bbon\u00bb gutter_width=\u00bb2&#8243; make_equal=\u00bbon\u00bb module_id=\u00bbfestival\u00bb _builder_version=\u00bb4.23.1&#8243; _module_preset=\u00bbdefault\u00bb width=\u00bb90%\u00bb width_tablet=\u00bb90%\u00bb width_phone=\u00bb95%\u00bb width_last_edited=\u00bbon|desktop\u00bb max_width=\u00bb95%\u00bb global_colors_info=\u00bb{}\u00bb][et_pb_column type=\u00bb1_3&#8243; _builder_version=\u00bb4.23.1&#8243; _module_preset=\u00bbdefault\u00bb global_colors_info=\u00bb{}\u00bb][et_pb_image src=\u00bbhttps:\/\/apapachofest.com\/wp-content\/uploads\/2026\/01\/11.-EDIT.01_20_33_23.Imagen-fija244.jpg\u00bb title_text=\u00bb11. EDIT.01_20_33_23.Imagen fija244&#8243; _builder_version=\u00bb4.27.5&#8243; _module_preset=\u00bbdefault\u00bb filter_saturate=\u00bb113%\u00bb filter_brightness=\u00bb114%\u00bb filter_contrast=\u00bb108%\u00bb border_radii=\u00bbon|25px|25px|25px|25px\u00bb global_colors_info=\u00bb{}\u00bb][\/et_pb_image][\/et_pb_column][et_pb_column type=\u00bb1_3&#8243; _builder_version=\u00bb4.23.1&#8243; _module_preset=\u00bbdefault\u00bb global_colors_info=\u00bb{}\u00bb][et_pb_image src=\u00bbhttps:\/\/apapachofest.com\/wp-content\/uploads\/2026\/01\/11.-EDIT.01_07_22_04.Imagen-fija142.jpg\u00bb title_text=\u00bb11. EDIT.01_07_22_04.Imagen fija142&#8243; _builder_version=\u00bb4.27.5&#8243; _module_preset=\u00bbdefault\u00bb filter_saturate=\u00bb113%\u00bb filter_brightness=\u00bb114%\u00bb filter_contrast=\u00bb108%\u00bb border_radii=\u00bbon|25px|25px|25px|25px\u00bb global_colors_info=\u00bb{}\u00bb][\/et_pb_image][\/et_pb_column][et_pb_column type=\u00bb1_3&#8243; _builder_version=\u00bb4.23.1&#8243; _module_preset=\u00bbdefault\u00bb global_colors_info=\u00bb{}\u00bb][et_pb_image src=\u00bbhttps:\/\/apapachofest.com\/wp-content\/uploads\/2026\/01\/11.-EDIT.00_56_19_07.Imagen-fija071.jpg\u00bb title_text=\u00bb11. EDIT.00_56_19_07.Imagen fija071&#8243; _builder_version=\u00bb4.27.5&#8243; _module_preset=\u00bbdefault\u00bb filter_saturate=\u00bb113%\u00bb filter_brightness=\u00bb114%\u00bb filter_contrast=\u00bb108%\u00bb border_radii=\u00bbon|25px|25px|25px|25px\u00bb global_colors_info=\u00bb{}\u00bb][\/et_pb_image][\/et_pb_column][\/et_pb_row][et_pb_row _builder_version=\u00bb4.23.1&#8243; _module_preset=\u00bbdefault\u00bb width_tablet=\u00bb\u00bb width_phone=\u00bb95%\u00bb width_last_edited=\u00bbon|phone\u00bb custom_margin=\u00bb21px|auto||auto||\u00bb custom_padding=\u00bb0px|||||\u00bb global_colors_info=\u00bb{}\u00bb][et_pb_column type=\u00bb4_4&#8243; _builder_version=\u00bb4.23.1&#8243; _module_preset=\u00bbdefault\u00bb global_colors_info=\u00bb{}\u00bb][et_pb_text _builder_version=\u00bb4.23.1&#8243; _module_preset=\u00bbdefault\u00bb header_font=\u00bb|||on|||||\u00bb header_2_font=\u00bbRebel Kids|||on|||||\u00bb header_2_text_align=\u00bbcenter\u00bb header_2_font_size=\u00bb49px\u00bb custom_margin=\u00bb||5px|||\u00bb header_2_font_size_tablet=\u00bb49px\u00bb header_2_font_size_phone=\u00bb37px\u00bb header_2_font_size_last_edited=\u00bbon|phone\u00bb global_colors_info=\u00bb{}\u00bb]<\/p>\n<h2>Qu\u00e9 te vas a llevar de APAPACHO FEST?<\/h2>\n<p>[\/et_pb_text][\/et_pb_column][\/et_pb_row][et_pb_row column_structure=\u00bb1_3,1_3,1_3&#8243; _builder_version=\u00bb4.23.1&#8243; _module_preset=\u00bbdefault\u00bb width_tablet=\u00bb\u00bb width_phone=\u00bb95%\u00bb width_last_edited=\u00bbon|phone\u00bb max_width=\u00bb95%\u00bb custom_padding=\u00bb0px|||||\u00bb global_colors_info=\u00bb{}\u00bb][et_pb_column type=\u00bb1_3&#8243; _builder_version=\u00bb4.23.1&#8243; _module_preset=\u00bbdefault\u00bb global_colors_info=\u00bb{}\u00bb][et_pb_blurb use_icon=\u00bbon\u00bb font_icon=\u00bb&#xf4be;||fa||900&#8243; icon_color=\u00bb#b04c30&#8243; icon_placement=\u00bbleft\u00bb _builder_version=\u00bb4.23.1&#8243; _module_preset=\u00bbdefault\u00bb header_font=\u00bbRoboto|700|||||||\u00bb body_font=\u00bbRoboto Flex||||||||\u00bb global_colors_info=\u00bb{}\u00bb]<\/p>\n<p>Tu <strong>coraz\u00f3n<\/strong> abierto y expandido.<\/p>\n<p>[\/et_pb_blurb][\/et_pb_column][et_pb_column type=\u00bb1_3&#8243; _builder_version=\u00bb4.23.1&#8243; _module_preset=\u00bbdefault\u00bb global_colors_info=\u00bb{}\u00bb][et_pb_blurb use_icon=\u00bbon\u00bb font_icon=\u00bb&#xf461;||fa||900&#8243; icon_color=\u00bb#b04c30&#8243; icon_placement=\u00bbleft\u00bb _builder_version=\u00bb4.23.1&#8243; _module_preset=\u00bbdefault\u00bb header_font=\u00bbRoboto|700|||||||\u00bb body_font=\u00bbRoboto Flex||||||||\u00bb global_colors_info=\u00bb{}\u00bb]<\/p>\n<p>Muchos <strong>aprendizajes<\/strong> experiencias y v\u00ednculos.<\/p>\n<p>[\/et_pb_blurb][\/et_pb_column][et_pb_column type=\u00bb1_3&#8243; _builder_version=\u00bb4.23.1&#8243; _module_preset=\u00bbdefault\u00bb global_colors_info=\u00bb{}\u00bb][et_pb_blurb use_icon=\u00bbon\u00bb font_icon=\u00bb&#xf5da;||fa||900&#8243; icon_color=\u00bb#b04c30&#8243; icon_placement=\u00bbleft\u00bb _builder_version=\u00bb4.23.1&#8243; _module_preset=\u00bbdefault\u00bb header_font=\u00bbRoboto|700|||||||\u00bb body_font=\u00bbRoboto Flex||||||||\u00bb global_colors_info=\u00bb{}\u00bb]<\/p>\n<p>Gran cantidad de <strong>conocimientos, sabidur\u00eda y practicas<\/strong> para aplicar en tu d\u00eda a d\u00eda en todas tus relaciones.<\/p>\n<p>[\/et_pb_blurb][\/et_pb_column][\/et_pb_row][et_pb_row column_structure=\u00bb1_3,1_3,1_3&#8243; _builder_version=\u00bb4.23.1&#8243; _module_preset=\u00bbdefault\u00bb width_tablet=\u00bb\u00bb width_phone=\u00bb95%\u00bb width_last_edited=\u00bbon|phone\u00bb max_width=\u00bb95%\u00bb custom_padding=\u00bb0px|||||\u00bb global_colors_info=\u00bb{}\u00bb][et_pb_column type=\u00bb1_3&#8243; _builder_version=\u00bb4.23.1&#8243; _module_preset=\u00bbdefault\u00bb global_colors_info=\u00bb{}\u00bb][et_pb_blurb use_icon=\u00bbon\u00bb font_icon=\u00bb&#xf500;||fa||900&#8243; icon_color=\u00bb#b04c30&#8243; icon_placement=\u00bbleft\u00bb _builder_version=\u00bb4.23.1&#8243; _module_preset=\u00bbdefault\u00bb header_font=\u00bbRoboto|700|||||||\u00bb body_font=\u00bbRoboto Flex||||||||\u00bb global_colors_info=\u00bb{}\u00bb]<\/p>\n<p>Un mont\u00f3n de <strong>amigos<\/strong> y relaciones significativas.<\/p>\n<p>[\/et_pb_blurb][\/et_pb_column][et_pb_column type=\u00bb1_3&#8243; _builder_version=\u00bb4.23.1&#8243; _module_preset=\u00bbdefault\u00bb global_colors_info=\u00bb{}\u00bb][et_pb_blurb use_icon=\u00bbon\u00bb font_icon=\u00bb&#xf4c2;||fa||900&#8243; icon_color=\u00bb#b04c30&#8243; icon_placement=\u00bbleft\u00bb _builder_version=\u00bb4.23.1&#8243; _module_preset=\u00bbdefault\u00bb header_font=\u00bbRoboto|700|||||||\u00bb body_font=\u00bbRoboto Flex||||||||\u00bb global_colors_info=\u00bb{}\u00bb]<\/p>\n<p>Gran cantidad de <strong>experiencias<\/strong> profundas, relevantes y nutritivas.<\/p>\n<p>[\/et_pb_blurb][\/et_pb_column][et_pb_column type=\u00bb1_3&#8243; _builder_version=\u00bb4.23.1&#8243; _module_preset=\u00bbdefault\u00bb global_colors_info=\u00bb{}\u00bb][et_pb_blurb use_icon=\u00bbon\u00bb font_icon=\u00bb&#xf59b;||fa||400&#8243; icon_color=\u00bb#b04c30&#8243; icon_placement=\u00bbleft\u00bb _builder_version=\u00bb4.23.1&#8243; _module_preset=\u00bbdefault\u00bb header_font=\u00bbRoboto|700|||||||\u00bb body_font=\u00bbRoboto Flex||||||||\u00bb global_colors_info=\u00bb{}\u00bb]<\/p>\n<p>Grandes dosis de <strong>diversi\u00f3n<\/strong> y disfrute en tu cuerpecillo serrano.<\/p>\n<p>[\/et_pb_blurb][\/et_pb_column][\/et_pb_row][et_pb_row column_structure=\u00bb1_3,1_3,1_3&#8243; use_custom_gutter=\u00bbon\u00bb gutter_width=\u00bb2&#8243; make_equal=\u00bbon\u00bb module_id=\u00bbfestival\u00bb _builder_version=\u00bb4.23.1&#8243; _module_preset=\u00bbdefault\u00bb width=\u00bb90%\u00bb width_tablet=\u00bb90%\u00bb width_phone=\u00bb95%\u00bb width_last_edited=\u00bbon|desktop\u00bb max_width=\u00bb95%\u00bb global_colors_info=\u00bb{}\u00bb][et_pb_column type=\u00bb1_3&#8243; _builder_version=\u00bb4.23.1&#8243; _module_preset=\u00bbdefault\u00bb global_colors_info=\u00bb{}\u00bb][et_pb_image src=\u00bbhttps:\/\/apapachofest.com\/wp-content\/uploads\/2026\/01\/11.-EDIT.01_12_55_16.Imagen-fija169.jpg\u00bb title_text=\u00bb11. EDIT.01_12_55_16.Imagen fija169&#8243; _builder_version=\u00bb4.27.5&#8243; _module_preset=\u00bbdefault\u00bb filter_saturate=\u00bb113%\u00bb filter_brightness=\u00bb114%\u00bb filter_contrast=\u00bb108%\u00bb border_radii=\u00bbon|25px|25px|25px|25px\u00bb global_colors_info=\u00bb{}\u00bb][\/et_pb_image][\/et_pb_column][et_pb_column type=\u00bb1_3&#8243; _builder_version=\u00bb4.23.1&#8243; _module_preset=\u00bbdefault\u00bb global_colors_info=\u00bb{}\u00bb][et_pb_image src=\u00bbhttps:\/\/apapachofest.com\/wp-content\/uploads\/2026\/01\/11.-EDIT.00_44_58_23.Imagen-fija004.jpg\u00bb title_text=\u00bb11. EDIT.00_44_58_23.Imagen fija004&#8243; _builder_version=\u00bb4.27.5&#8243; _module_preset=\u00bbdefault\u00bb filter_saturate=\u00bb113%\u00bb filter_brightness=\u00bb114%\u00bb filter_contrast=\u00bb108%\u00bb border_radii=\u00bbon|25px|25px|25px|25px\u00bb global_colors_info=\u00bb{}\u00bb][\/et_pb_image][\/et_pb_column][et_pb_column type=\u00bb1_3&#8243; _builder_version=\u00bb4.23.1&#8243; _module_preset=\u00bbdefault\u00bb global_colors_info=\u00bb{}\u00bb][et_pb_image src=\u00bbhttps:\/\/apapachofest.com\/wp-content\/uploads\/2026\/01\/11.-EDIT.01_05_47_11.Imagen-fija127.jpg\u00bb title_text=\u00bb11. EDIT.01_05_47_11.Imagen fija127&#8243; _builder_version=\u00bb4.27.5&#8243; _module_preset=\u00bbdefault\u00bb filter_saturate=\u00bb113%\u00bb filter_brightness=\u00bb114%\u00bb filter_contrast=\u00bb108%\u00bb border_radii=\u00bbon|25px|25px|25px|25px\u00bb global_colors_info=\u00bb{}\u00bb][\/et_pb_image][\/et_pb_column][\/et_pb_row][et_pb_row _builder_version=\u00bb4.23.1&#8243; _module_preset=\u00bbdefault\u00bb width_tablet=\u00bb\u00bb width_phone=\u00bb95%\u00bb width_last_edited=\u00bbon|phone\u00bb custom_margin=\u00bb56px|auto||auto||\u00bb custom_padding=\u00bb0px|||||\u00bb global_colors_info=\u00bb{}\u00bb][et_pb_column type=\u00bb4_4&#8243; _builder_version=\u00bb4.23.1&#8243; _module_preset=\u00bbdefault\u00bb global_colors_info=\u00bb{}\u00bb][et_pb_text _builder_version=\u00bb4.23.1&#8243; _module_preset=\u00bbdefault\u00bb header_font=\u00bb|||on|||||\u00bb header_2_font=\u00bbRebel Kids|||on|||||\u00bb header_2_text_align=\u00bbcenter\u00bb header_2_font_size=\u00bb49px\u00bb custom_margin=\u00bb||5px|||\u00bb global_colors_info=\u00bb{}\u00bb]<\/p>\n<h2>Programa de Talleres y Actividades<\/h2>\n<p>[\/et_pb_text][et_pb_text _builder_version=\u00bb4.23.1&#8243; _module_preset=\u00bbdefault\u00bb text_font=\u00bbRoboto Flex||||||||\u00bb text_text_color=\u00bb#000000&#8243; text_font_size=\u00bb18px\u00bb text_line_height=\u00bb1.6em\u00bb text_orientation=\u00bbcenter\u00bb custom_margin=\u00bb||8px|||\u00bb custom_padding=\u00bb2px|||||\u00bb global_colors_info=\u00bb{}\u00bb]<\/p>\n<p>Despu\u00e9s de <strong>11 eventos enfocados en las relaciones conscientes\u00a0 y m\u00e1s de dos mil participantes;<\/strong> APAPACHO FEST es la evoluci\u00f3n natural. Un programa dise\u00f1ado para hacer un recorrido por todos los aspectos significativos de las relaciones y obtener una visi\u00f3n del <strong>inmenso potencial<\/strong> que todos\/as tenemos <strong>de vivirlas con alegr\u00eda, paz y vitalidad.<\/strong> Hemos puesto, adem\u00e1s, mucho cari\u00f1o en crear <strong>una combinaci\u00f3n perfecta entre crecimiento personal, expansi\u00f3n y disfrute.<\/strong><\/p>\n<p><strong><\/strong><\/p>\n<p>[\/et_pb_text][et_pb_text _builder_version=\u00bb4.23.1&#8243; _module_preset=\u00bbdefault\u00bb text_font=\u00bbRebel Kids||||||||\u00bb text_text_color=\u00bb#000000&#8243; text_font_size=\u00bb25px\u00bb text_line_height=\u00bb1.6em\u00bb text_orientation=\u00bbcenter\u00bb custom_margin=\u00bb||-4px|||\u00bb global_colors_info=\u00bb{}\u00bb]<\/p>\n<p>Nos acercaremos a temas tan importantes como:<strong><\/strong><\/p>\n<p><strong><\/strong><\/p>\n<p>[\/et_pb_text][et_pb_text _builder_version=\u00bb4.23.1&#8243; _module_preset=\u00bbdefault\u00bb text_font=\u00bbRoboto|900|||||||\u00bb text_text_color=\u00bb#FFFFFF\u00bb text_font_size=\u00bb21px\u00bb text_line_height=\u00bb1.6em\u00bb background_color=\u00bb#ed9b4e\u00bb text_orientation=\u00bbcenter\u00bb width=\u00bb50%\u00bb width_tablet=\u00bb50%\u00bb width_phone=\u00bb100%\u00bb width_last_edited=\u00bbon|phone\u00bb max_width=\u00bb100%\u00bb module_alignment=\u00bbcenter\u00bb custom_margin=\u00bb||5px||false|false\u00bb custom_padding=\u00bb15px||0px||false|false\u00bb global_colors_info=\u00bb{}\u00bb]<\/p>\n<p><span style=\"font-size: 18px;\">Comunicaci\u00f3n<\/span><\/p>\n<p><strong><\/strong><\/p>\n<p>[\/et_pb_text][et_pb_text _builder_version=\u00bb4.23.1&#8243; _module_preset=\u00bbdefault\u00bb text_font=\u00bbRoboto|900|||||||\u00bb text_text_color=\u00bb#FFFFFF\u00bb text_font_size=\u00bb21px\u00bb text_line_height=\u00bb1.6em\u00bb background_color=\u00bb#ed9b4e\u00bb text_orientation=\u00bbcenter\u00bb width=\u00bb50%\u00bb width_tablet=\u00bb50%\u00bb width_phone=\u00bb100%\u00bb width_last_edited=\u00bbon|phone\u00bb max_width=\u00bb100%\u00bb module_alignment=\u00bbcenter\u00bb custom_margin=\u00bb||5px||false|false\u00bb custom_padding=\u00bb15px||0px||false|false\u00bb global_colors_info=\u00bb{}\u00bb]<\/p>\n<p><span style=\"font-size: 18px;\">Afectividad<\/span><\/p>\n<p><strong><\/strong><\/p>\n<p>[\/et_pb_text][et_pb_text _builder_version=\u00bb4.23.1&#8243; _module_preset=\u00bbdefault\u00bb text_font=\u00bbRoboto|900|||||||\u00bb text_text_color=\u00bb#FFFFFF\u00bb text_font_size=\u00bb21px\u00bb text_line_height=\u00bb1.6em\u00bb background_color=\u00bb#ed9b4e\u00bb text_orientation=\u00bbcenter\u00bb width=\u00bb50%\u00bb width_tablet=\u00bb50%\u00bb width_phone=\u00bb100%\u00bb width_last_edited=\u00bbon|phone\u00bb max_width=\u00bb100%\u00bb module_alignment=\u00bbcenter\u00bb custom_margin=\u00bb||5px||false|false\u00bb custom_padding=\u00bb15px||0px||false|false\u00bb global_colors_info=\u00bb{}\u00bb]<\/p>\n<p><span style=\"font-size: 18px;\">Sexualidad<\/span><\/p>\n<p><strong><\/strong><\/p>\n<p>[\/et_pb_text][et_pb_text _builder_version=\u00bb4.23.1&#8243; _module_preset=\u00bbdefault\u00bb text_font=\u00bbRoboto|900|||||||\u00bb text_text_color=\u00bb#FFFFFF\u00bb text_font_size=\u00bb21px\u00bb text_line_height=\u00bb1.6em\u00bb background_color=\u00bb#ed9b4e\u00bb text_orientation=\u00bbcenter\u00bb width=\u00bb50%\u00bb width_tablet=\u00bb50%\u00bb width_phone=\u00bb100%\u00bb width_last_edited=\u00bbon|phone\u00bb max_width=\u00bb100%\u00bb module_alignment=\u00bbcenter\u00bb custom_margin=\u00bb||5px||false|false\u00bb custom_padding=\u00bb15px||0px||false|false\u00bb global_colors_info=\u00bb{}\u00bb]<\/p>\n<p><span style=\"font-size: 18px;\">L\u00edmites<\/span><\/p>\n<p><strong><\/strong><\/p>\n<p>[\/et_pb_text][et_pb_text _builder_version=\u00bb4.23.1&#8243; _module_preset=\u00bbdefault\u00bb text_font=\u00bbRoboto|900|||||||\u00bb text_text_color=\u00bb#FFFFFF\u00bb text_font_size=\u00bb21px\u00bb text_line_height=\u00bb1.6em\u00bb background_color=\u00bb#ed9b4e\u00bb text_orientation=\u00bbcenter\u00bb width=\u00bb50%\u00bb width_tablet=\u00bb50%\u00bb width_phone=\u00bb100%\u00bb width_last_edited=\u00bbon|phone\u00bb max_width=\u00bb100%\u00bb module_alignment=\u00bbcenter\u00bb custom_margin=\u00bb||5px||false|false\u00bb custom_padding=\u00bb15px||0px||false|false\u00bb global_colors_info=\u00bb{}\u00bb]<\/p>\n<p><span style=\"font-size: 18px;\">Seducci\u00f3n<\/span><\/p>\n<p><strong><\/strong><\/p>\n<p>[\/et_pb_text][et_pb_text _builder_version=\u00bb4.23.1&#8243; _module_preset=\u00bbdefault\u00bb text_font=\u00bbRoboto|900|||||||\u00bb text_text_color=\u00bb#FFFFFF\u00bb text_font_size=\u00bb21px\u00bb text_line_height=\u00bb1.6em\u00bb background_color=\u00bb#ed9b4e\u00bb text_orientation=\u00bbcenter\u00bb width=\u00bb50%\u00bb width_tablet=\u00bb50%\u00bb width_phone=\u00bb100%\u00bb width_last_edited=\u00bbon|phone\u00bb max_width=\u00bb100%\u00bb module_alignment=\u00bbcenter\u00bb custom_margin=\u00bb||5px||false|false\u00bb custom_padding=\u00bb15px||0px||false|false\u00bb global_colors_info=\u00bb{}\u00bb]<\/p>\n<p><span style=\"font-size: 18px;\">Femenino y Masculino<\/span><\/p>\n<p><strong><\/strong><\/p>\n<p>[\/et_pb_text][et_pb_text _builder_version=\u00bb4.23.1&#8243; _module_preset=\u00bbdefault\u00bb text_font=\u00bbRoboto|900|||||||\u00bb text_text_color=\u00bb#FFFFFF\u00bb text_font_size=\u00bb21px\u00bb text_line_height=\u00bb1.6em\u00bb background_color=\u00bb#ed9b4e\u00bb text_orientation=\u00bbcenter\u00bb width=\u00bb50%\u00bb width_tablet=\u00bb50%\u00bb width_phone=\u00bb100%\u00bb width_last_edited=\u00bbon|phone\u00bb max_width=\u00bb100%\u00bb module_alignment=\u00bbcenter\u00bb custom_margin=\u00bb||5px||false|false\u00bb custom_padding=\u00bb15px||0px||false|false\u00bb global_colors_info=\u00bb{}\u00bb]<\/p>\n<p><span style=\"font-size: 18px;\">Mentalidad<\/span><\/p>\n<p><strong><\/strong><\/p>\n<p>[\/et_pb_text][et_pb_text _builder_version=\u00bb4.23.1&#8243; _module_preset=\u00bbdefault\u00bb text_font=\u00bbRoboto|900|||||||\u00bb text_text_color=\u00bb#FFFFFF\u00bb text_font_size=\u00bb21px\u00bb text_line_height=\u00bb1.6em\u00bb background_color=\u00bb#ed9b4e\u00bb text_orientation=\u00bbcenter\u00bb width=\u00bb50%\u00bb width_tablet=\u00bb50%\u00bb width_phone=\u00bb100%\u00bb width_last_edited=\u00bbon|phone\u00bb max_width=\u00bb100%\u00bb module_alignment=\u00bbcenter\u00bb custom_margin=\u00bb||5px||false|false\u00bb custom_padding=\u00bb15px||0px||false|false\u00bb global_colors_info=\u00bb{}\u00bb]<\/p>\n<p><span style=\"font-size: 18px;\">Inteligencia Emocional<\/span><\/p>\n<p><strong><\/strong><\/p>\n<p>[\/et_pb_text][et_pb_text _builder_version=\u00bb4.23.1&#8243; _module_preset=\u00bbdefault\u00bb text_font=\u00bbRoboto|900|||||||\u00bb text_text_color=\u00bb#FFFFFF\u00bb text_font_size=\u00bb21px\u00bb text_line_height=\u00bb1.6em\u00bb background_color=\u00bb#ed9b4e\u00bb text_orientation=\u00bbcenter\u00bb width=\u00bb50%\u00bb width_tablet=\u00bb50%\u00bb width_phone=\u00bb100%\u00bb width_last_edited=\u00bbon|phone\u00bb max_width=\u00bb100%\u00bb module_alignment=\u00bbcenter\u00bb custom_margin=\u00bb||5px||false|false\u00bb custom_padding=\u00bb15px||0px||false|false\u00bb global_colors_info=\u00bb{}\u00bb]<\/p>\n<p><span style=\"font-size: 18px;\">Conexi\u00f3n con el Cuerpo<\/span><\/p>\n<p><strong><\/strong><\/p>\n<p>[\/et_pb_text][et_pb_text _builder_version=\u00bb4.23.1&#8243; _module_preset=\u00bbdefault\u00bb text_font=\u00bbRoboto|900|||||||\u00bb text_text_color=\u00bb#FFFFFF\u00bb text_font_size=\u00bb21px\u00bb text_line_height=\u00bb1.6em\u00bb background_color=\u00bb#ed9b4e\u00bb text_orientation=\u00bbcenter\u00bb width=\u00bb50%\u00bb width_tablet=\u00bb50%\u00bb width_phone=\u00bb100%\u00bb width_last_edited=\u00bbon|phone\u00bb max_width=\u00bb100%\u00bb module_alignment=\u00bbcenter\u00bb custom_margin=\u00bb||5px||false|false\u00bb custom_padding=\u00bb15px||0px||false|false\u00bb global_colors_info=\u00bb{}\u00bb]<\/p>\n<p><span style=\"font-size: 18px;\">Juego<\/span><\/p>\n<p><strong><\/strong><\/p>\n<p>[\/et_pb_text][et_pb_text _builder_version=\u00bb4.23.1&#8243; _module_preset=\u00bbdefault\u00bb text_font=\u00bbRoboto|900|||||||\u00bb text_text_color=\u00bb#FFFFFF\u00bb text_font_size=\u00bb21px\u00bb text_line_height=\u00bb1.6em\u00bb background_color=\u00bb#ed9b4e\u00bb text_orientation=\u00bbcenter\u00bb width=\u00bb50%\u00bb width_tablet=\u00bb50%\u00bb width_phone=\u00bb100%\u00bb width_last_edited=\u00bbon|phone\u00bb max_width=\u00bb100%\u00bb module_alignment=\u00bbcenter\u00bb custom_margin=\u00bb||5px||false|false\u00bb custom_padding=\u00bb15px||0px||false|false\u00bb global_colors_info=\u00bb{}\u00bb]<\/p>\n<p><span style=\"font-size: 18px;\">Placer<\/span><\/p>\n<p><strong><\/strong><\/p>\n<p>[\/et_pb_text][et_pb_text _builder_version=\u00bb4.23.1&#8243; _module_preset=\u00bbdefault\u00bb text_font=\u00bbRoboto|900|||||||\u00bb text_text_color=\u00bb#FFFFFF\u00bb text_font_size=\u00bb21px\u00bb text_line_height=\u00bb1.6em\u00bb background_color=\u00bb#ed9b4e\u00bb text_orientation=\u00bbcenter\u00bb width=\u00bb50%\u00bb width_tablet=\u00bb50%\u00bb width_phone=\u00bb100%\u00bb width_last_edited=\u00bbon|phone\u00bb max_width=\u00bb100%\u00bb module_alignment=\u00bbcenter\u00bb custom_margin=\u00bb||5px||false|false\u00bb custom_padding=\u00bb15px||0px||false|false\u00bb global_colors_info=\u00bb{}\u00bb]<\/p>\n<p><span style=\"font-size: 18px;\">Conciencia<\/span><\/p>\n<p><strong><\/strong><\/p>\n<p>[\/et_pb_text][\/et_pb_column][\/et_pb_row][et_pb_row use_custom_gutter=\u00bbon\u00bb gutter_width=\u00bb2&#8243; make_equal=\u00bbon\u00bb module_id=\u00bbfestival\u00bb _builder_version=\u00bb4.27.5&#8243; _module_preset=\u00bbdefault\u00bb background_enable_color=\u00bboff\u00bb width=\u00bb90%\u00bb width_tablet=\u00bb\u00bb width_phone=\u00bb95%\u00bb width_last_edited=\u00bbon|desktop\u00bb max_width=\u00bb95%\u00bb global_colors_info=\u00bb{}\u00bb][et_pb_column type=\u00bb4_4&#8243; _builder_version=\u00bb4.27.5&#8243; _module_preset=\u00bbdefault\u00bb background_color=\u00bb#ededed\u00bb use_background_color_gradient=\u00bbon\u00bb background_color_gradient_stops=\u00bbrgba(255,255,255,0.89) 0%|rgba(255,255,255,0.83) 100%\u00bb background_color_gradient_overlays_image=\u00bbon\u00bb background_image=\u00bbhttps:\/\/apapachofest.com\/wp-content\/uploads\/2026\/01\/11.-EDIT.01_12_13_21.Imagen-fija163-1.jpg\u00bb custom_padding=\u00bb20px|20px|20px|20px|true|true\u00bb border_radii=\u00bbon|25px|25px|25px|25px\u00bb border_color_all=\u00bb#FFFFFF\u00bb global_colors_info=\u00bb{}\u00bb][et_pb_team_member name=\u00bbTantra\u00bb _builder_version=\u00bb4.23.1&#8243; _module_preset=\u00bbdefault\u00bb header_font=\u00bbRebel Kids|||on|||||\u00bb header_text_color=\u00bb#000000&#8243; header_font_size=\u00bb31px\u00bb header_line_height=\u00bb0.5em\u00bb body_font=\u00bbRoboto Flex||||||||\u00bb body_text_color=\u00bb#000000&#8243; body_font_size=\u00bb16px\u00bb position_font=\u00bb|||on|||||\u00bb position_text_color=\u00bb#000000&#8243; width=\u00bb100%\u00bb max_width=\u00bb100%\u00bb custom_padding=\u00bb||||true|true\u00bb header_line_height_tablet=\u00bb0.5em\u00bb header_line_height_phone=\u00bb1em\u00bb header_line_height_last_edited=\u00bbon|phone\u00bb border_radii_image=\u00bbon|100%|100%|100%|100%\u00bb global_colors_info=\u00bb{}\u00bb]<\/p>\n<p>En el neotantra, se promueve la exploraci\u00f3n del placer y la sexualidad como v\u00edas para el crecimiento personal, la expansi\u00f3n de la conciencia y la conexi\u00f3n espiritual. Se utilizan t\u00e9cnicas como la meditaci\u00f3n, la respiraci\u00f3n consciente, el masaje t\u00e1ntrico y la conexi\u00f3n emocional para cultivar una experiencia m\u00e1s plena y significativa de la intimidad y la sexualidad.<\/p>\n<p>[\/et_pb_team_member][\/et_pb_column][\/et_pb_row][et_pb_row use_custom_gutter=\u00bbon\u00bb gutter_width=\u00bb2&#8243; make_equal=\u00bbon\u00bb module_id=\u00bbfestival\u00bb _builder_version=\u00bb4.27.5&#8243; _module_preset=\u00bbdefault\u00bb background_enable_color=\u00bboff\u00bb width=\u00bb90%\u00bb width_tablet=\u00bb\u00bb width_phone=\u00bb95%\u00bb width_last_edited=\u00bbon|desktop\u00bb max_width=\u00bb95%\u00bb global_colors_info=\u00bb{}\u00bb][et_pb_column type=\u00bb4_4&#8243; _builder_version=\u00bb4.27.5&#8243; _module_preset=\u00bbdefault\u00bb background_color=\u00bb#ededed\u00bb use_background_color_gradient=\u00bbon\u00bb background_color_gradient_stops=\u00bbrgba(255,255,255,0.89) 0%|rgba(255,255,255,0.83) 100%\u00bb background_color_gradient_overlays_image=\u00bbon\u00bb background_image=\u00bbhttps:\/\/apapachofest.com\/wp-content\/uploads\/2026\/01\/11.-EDIT.01_07_13_00.Imagen-fija138.jpg\u00bb custom_padding=\u00bb20px|20px|20px|20px|true|true\u00bb border_radii=\u00bbon|25px|25px|25px|25px\u00bb border_color_all=\u00bb#FFFFFF\u00bb global_colors_info=\u00bb{}\u00bb][et_pb_team_member name=\u00bbDanza Consciente\u00bb _builder_version=\u00bb4.27.5&#8243; _module_preset=\u00bbdefault\u00bb header_font=\u00bbRebel Kids|||on|||||\u00bb header_text_color=\u00bb#000000&#8243; header_font_size=\u00bb31px\u00bb header_line_height=\u00bb0.5em\u00bb body_font=\u00bbRoboto Flex||||||||\u00bb body_text_color=\u00bb#000000&#8243; body_font_size=\u00bb16px\u00bb position_font=\u00bb|||on|||||\u00bb position_text_color=\u00bb#000000&#8243; width=\u00bb100%\u00bb max_width=\u00bb100%\u00bb custom_padding=\u00bb||||true|true\u00bb header_line_height_tablet=\u00bb0.5em\u00bb header_line_height_phone=\u00bb1em\u00bb header_line_height_last_edited=\u00bbon|phone\u00bb border_radii_image=\u00bbon|100%|100%|100%|100%\u00bb global_colors_info=\u00bb{}\u00bb]<\/p>\n<p><span>La biodanza es un sistema de desarrollo humano que utiliza la m\u00fasica, el movimiento y la interacci\u00f3n grupal para promover el bienestar emocional, f\u00edsico y social. Ofrece una experiencia transformadora que puede enriquecer las relaciones interpersonales al fomentar la empat\u00eda, la confianza, la intimidad y la comunicaci\u00f3n aut\u00e9ntica entre los participantes.<\/span><\/p>\n<p>[\/et_pb_team_member][\/et_pb_column][\/et_pb_row][et_pb_row use_custom_gutter=\u00bbon\u00bb gutter_width=\u00bb2&#8243; make_equal=\u00bbon\u00bb module_id=\u00bbfestival\u00bb _builder_version=\u00bb4.27.5&#8243; _module_preset=\u00bbdefault\u00bb background_enable_color=\u00bboff\u00bb width=\u00bb90%\u00bb width_tablet=\u00bb\u00bb width_phone=\u00bb95%\u00bb width_last_edited=\u00bbon|desktop\u00bb max_width=\u00bb95%\u00bb global_colors_info=\u00bb{}\u00bb][et_pb_column type=\u00bb4_4&#8243; _builder_version=\u00bb4.27.5&#8243; _module_preset=\u00bbdefault\u00bb background_color=\u00bb#ededed\u00bb use_background_color_gradient=\u00bbon\u00bb background_color_gradient_stops=\u00bbrgba(255,255,255,0.89) 0%|rgba(255,255,255,0.83) 100%\u00bb background_color_gradient_overlays_image=\u00bbon\u00bb background_image=\u00bbhttps:\/\/apapachofest.com\/wp-content\/uploads\/2026\/01\/11.-EDIT.00_51_32_01.Imagen-fija024.jpg\u00bb custom_padding=\u00bb20px|20px|20px|20px|true|true\u00bb border_radii=\u00bbon|25px|25px|25px|25px\u00bb border_color_all=\u00bb#FFFFFF\u00bb global_colors_info=\u00bb{}\u00bb][et_pb_team_member name=\u00bbSesi\u00f3n de Ecstatic Dance con m\u00fasica en directo\u00bb _builder_version=\u00bb4.27.5&#8243; _module_preset=\u00bbdefault\u00bb header_font=\u00bbRebel Kids|||on|||||\u00bb header_text_color=\u00bb#000000&#8243; header_font_size=\u00bb31px\u00bb header_line_height=\u00bb0.5em\u00bb body_font=\u00bbRoboto Flex||||||||\u00bb body_text_color=\u00bb#000000&#8243; body_font_size=\u00bb16px\u00bb position_font=\u00bb|||on|||||\u00bb position_text_color=\u00bb#000000&#8243; width=\u00bb100%\u00bb max_width=\u00bb100%\u00bb custom_padding=\u00bb||||true|true\u00bb header_line_height_tablet=\u00bb0.5em\u00bb header_line_height_phone=\u00bb1em\u00bb header_line_height_last_edited=\u00bbon|phone\u00bb border_radii_image=\u00bbon|100%|100%|100%|100%\u00bb global_colors_info=\u00bb{}\u00bb]<\/p>\n<p>Expande tus l\u00edmites y encuentra tu expresi\u00f3n m\u00e1s aut\u00e9ntica a trav\u00e9s de la m\u00fasica y el movimiento, en una atm\u00f3sfera de conexi\u00f3n donde todo el mundo se siente seguro y libre para bailar, divertirse, explorar, descubrir\u2026 <span>el Ecstatic Dance proporciona un espacio seguro y libre de juicios donde las personas pueden conectarse con los dem\u00e1s de una manera genuina. Al bailar de manera libre y sin inhibiciones, los participantes tienen la oportunidad de explorar su creatividad, expresar sus emociones y conectarse con su esencia m\u00e1s profunda.<\/span><\/p>\n<p>[\/et_pb_team_member][\/et_pb_column][\/et_pb_row][et_pb_row use_custom_gutter=\u00bbon\u00bb gutter_width=\u00bb2&#8243; make_equal=\u00bbon\u00bb module_id=\u00bbfestival\u00bb _builder_version=\u00bb4.27.5&#8243; _module_preset=\u00bbdefault\u00bb width=\u00bb90%\u00bb width_tablet=\u00bb\u00bb width_phone=\u00bb95%\u00bb width_last_edited=\u00bbon|desktop\u00bb max_width=\u00bb95%\u00bb global_colors_info=\u00bb{}\u00bb][et_pb_column type=\u00bb4_4&#8243; _builder_version=\u00bb4.27.5&#8243; _module_preset=\u00bbdefault\u00bb background_color=\u00bb#ededed\u00bb use_background_color_gradient=\u00bbon\u00bb background_color_gradient_stops=\u00bbrgba(255,255,255,0.89) 0%|rgba(255,255,255,0.83) 100%\u00bb background_color_gradient_overlays_image=\u00bbon\u00bb background_image=\u00bbhttps:\/\/apapachofest.com\/wp-content\/uploads\/2023\/12\/piscina_vacaciones_solteros.jpg\u00bb custom_padding=\u00bb20px|20px|20px|20px|true|true\u00bb border_radii=\u00bbon|25px|25px|25px|25px\u00bb border_color_all=\u00bb#FFFFFF\u00bb global_colors_info=\u00bb{}\u00bb][et_pb_team_member name=\u00bbTalleres diarios de AguaHara\u00bb _builder_version=\u00bb4.27.5&#8243; _module_preset=\u00bbdefault\u00bb header_font=\u00bbRebel Kids|||on|||||\u00bb header_text_color=\u00bb#000000&#8243; header_font_size=\u00bb31px\u00bb header_line_height=\u00bb0.5em\u00bb body_font=\u00bbRoboto Flex||||||||\u00bb body_text_color=\u00bb#000000&#8243; body_font_size=\u00bb16px\u00bb position_font=\u00bb|||on|||||\u00bb position_text_color=\u00bb#000000&#8243; width=\u00bb100%\u00bb max_width=\u00bb100%\u00bb custom_padding=\u00bb||||true|true\u00bb header_line_height_tablet=\u00bb0.5em\u00bb header_line_height_phone=\u00bb1em\u00bb header_line_height_last_edited=\u00bbon|phone\u00bb border_radii_image=\u00bbon|100%|100%|100%|100%\u00bb global_colors_info=\u00bb{}\u00bb]<\/p>\n<p>El Aguahara es una pr\u00e1ctica terap\u00e9utica y de bienestar que combina elementos del masaje, la flotaci\u00f3n y el movimiento en el agua. Esta t\u00e9cnica se realiza en una piscina o cuerpo de agua c\u00e1lido, donde el practicante flota en el agua mientras es sostenido y guiado por el terapeuta. Una experiencia trascendental y \u00fanica.<\/p>\n<p>[\/et_pb_team_member][\/et_pb_column][\/et_pb_row][et_pb_row use_custom_gutter=\u00bbon\u00bb gutter_width=\u00bb2&#8243; make_equal=\u00bbon\u00bb module_id=\u00bbfestival\u00bb _builder_version=\u00bb4.27.5&#8243; _module_preset=\u00bbdefault\u00bb background_enable_color=\u00bboff\u00bb width=\u00bb90%\u00bb width_tablet=\u00bb\u00bb width_phone=\u00bb95%\u00bb width_last_edited=\u00bbon|desktop\u00bb max_width=\u00bb95%\u00bb global_colors_info=\u00bb{}\u00bb][et_pb_column type=\u00bb4_4&#8243; _builder_version=\u00bb4.27.5&#8243; _module_preset=\u00bbdefault\u00bb background_color=\u00bb#ededed\u00bb use_background_color_gradient=\u00bbon\u00bb background_color_gradient_stops=\u00bbrgba(255,255,255,0.89) 0%|rgba(255,255,255,0.83) 100%\u00bb background_color_gradient_overlays_image=\u00bbon\u00bb background_image=\u00bbhttps:\/\/apapachofest.com\/wp-content\/uploads\/2026\/01\/11.-EDIT.01_13_06_22.Imagen-fija175.jpg\u00bb custom_padding=\u00bb20px|20px|20px|20px|true|true\u00bb border_radii=\u00bbon|25px|25px|25px|25px\u00bb border_color_all=\u00bb#FFFFFF\u00bb global_colors_info=\u00bb{}\u00bb][et_pb_team_member name=\u00bbLa Ruta del Placer\u00bb _builder_version=\u00bb4.23.1&#8243; _module_preset=\u00bbdefault\u00bb header_font=\u00bbRebel Kids|||on|||||\u00bb header_text_color=\u00bb#000000&#8243; header_font_size=\u00bb31px\u00bb header_line_height=\u00bb0.5em\u00bb body_font=\u00bbRoboto Flex||||||||\u00bb body_text_color=\u00bb#000000&#8243; body_font_size=\u00bb16px\u00bb position_font=\u00bb|||on|||||\u00bb position_text_color=\u00bb#000000&#8243; width=\u00bb100%\u00bb max_width=\u00bb100%\u00bb custom_padding=\u00bb||||true|true\u00bb header_line_height_tablet=\u00bb0.5em\u00bb header_line_height_phone=\u00bb1em\u00bb header_line_height_last_edited=\u00bbon|phone\u00bb border_radii_image=\u00bbon|100%|100%|100%|100%\u00bb global_colors_info=\u00bb{}\u00bb]<\/p>\n<p>Durante el taller, exploraremos la importancia de conectarnos con nuestra sensualidad y sexualidad de una manera consciente y respetuosa. Aprender\u00e1s a identificar tus deseos y necesidades personales, as\u00ed como a comunicarlos de manera clara y emp\u00e1tica en tus relaciones \u00edntimas.<\/p>\n<p>[\/et_pb_team_member][\/et_pb_column][\/et_pb_row][et_pb_row use_custom_gutter=\u00bbon\u00bb gutter_width=\u00bb2&#8243; make_equal=\u00bbon\u00bb module_id=\u00bbfestival\u00bb _builder_version=\u00bb4.27.5&#8243; _module_preset=\u00bbdefault\u00bb background_enable_color=\u00bboff\u00bb width=\u00bb90%\u00bb width_tablet=\u00bb\u00bb width_phone=\u00bb95%\u00bb width_last_edited=\u00bbon|desktop\u00bb max_width=\u00bb95%\u00bb global_colors_info=\u00bb{}\u00bb][et_pb_column type=\u00bb4_4&#8243; _builder_version=\u00bb4.27.5&#8243; _module_preset=\u00bbdefault\u00bb background_color=\u00bb#ededed\u00bb use_background_color_gradient=\u00bbon\u00bb background_color_gradient_stops=\u00bbrgba(255,255,255,0.89) 0%|rgba(255,255,255,0.83) 100%\u00bb background_color_gradient_overlays_image=\u00bbon\u00bb background_image=\u00bbhttps:\/\/apapachofest.com\/wp-content\/uploads\/2026\/01\/11.-EDIT.00_50_19_21.Imagen-fija013.jpg\u00bb custom_padding=\u00bb20px|20px|20px|20px|true|true\u00bb border_radii=\u00bbon|25px|25px|25px|25px\u00bb border_color_all=\u00bb#FFFFFF\u00bb global_colors_info=\u00bb{}\u00bb][et_pb_team_member name=\u00bbCreando tu Espacio Seguro (taller de l\u00edmites)\u00bb _builder_version=\u00bb4.23.1&#8243; _module_preset=\u00bbdefault\u00bb header_font=\u00bbRebel Kids|||on|||||\u00bb header_text_color=\u00bb#000000&#8243; header_font_size=\u00bb31px\u00bb header_line_height=\u00bb0.5em\u00bb body_font=\u00bbRoboto Flex||||||||\u00bb body_text_color=\u00bb#000000&#8243; body_font_size=\u00bb16px\u00bb position_font=\u00bb|||on|||||\u00bb position_text_color=\u00bb#000000&#8243; width=\u00bb100%\u00bb max_width=\u00bb100%\u00bb custom_padding=\u00bb||||true|true\u00bb header_line_height_tablet=\u00bb0.5em\u00bb header_line_height_phone=\u00bb1em\u00bb header_line_height_last_edited=\u00bbon|phone\u00bb border_radii_image=\u00bbon|100%|100%|100%|100%\u00bb global_colors_info=\u00bb{}\u00bb]<\/p>\n<p>En este espacio seguro y de apoyo, exploraremos juntos la importancia de establecer l\u00edmites claros y saludables en nuestras vidas. Aprenderemos herramientas pr\u00e1cticas y t\u00e9cnicas efectivas para comunicar nuestros l\u00edmites de manera respetuosa y firme, permiti\u00e9ndonos cuidar nuestra propia integridad emocional y mantener relaciones saludables.<\/p>\n<p>[\/et_pb_team_member][\/et_pb_column][\/et_pb_row][et_pb_row use_custom_gutter=\u00bbon\u00bb gutter_width=\u00bb2&#8243; make_equal=\u00bbon\u00bb module_id=\u00bbfestival\u00bb _builder_version=\u00bb4.23.1&#8243; _module_preset=\u00bbdefault\u00bb width=\u00bb90%\u00bb width_tablet=\u00bb\u00bb width_phone=\u00bb95%\u00bb width_last_edited=\u00bbon|desktop\u00bb max_width=\u00bb95%\u00bb global_colors_info=\u00bb{}\u00bb][et_pb_column type=\u00bb4_4&#8243; _builder_version=\u00bb4.23.1&#8243; _module_preset=\u00bbdefault\u00bb background_color=\u00bb#ededed\u00bb use_background_color_gradient=\u00bbon\u00bb background_color_gradient_stops=\u00bbrgba(255,255,255,0.89) 0%|rgba(255,255,255,0.83) 100%\u00bb background_color_gradient_overlays_image=\u00bbon\u00bb background_image=\u00bbhttps:\/\/apapachofest.com\/wp-content\/uploads\/2023\/12\/DSC07225.jpg\u00bb custom_padding=\u00bb20px|20px|20px|20px|true|true\u00bb border_radii=\u00bbon|25px|25px|25px|25px\u00bb border_color_all=\u00bb#FFFFFF\u00bb global_colors_info=\u00bb{}\u00bb][et_pb_team_member name=\u00bbMeditaciones Din\u00e1micas\u00bb _builder_version=\u00bb4.23.1&#8243; _module_preset=\u00bbdefault\u00bb header_font=\u00bbRebel Kids|||on|||||\u00bb header_text_color=\u00bb#000000&#8243; header_font_size=\u00bb31px\u00bb header_line_height=\u00bb0.5em\u00bb body_font=\u00bbRoboto Flex||||||||\u00bb body_text_color=\u00bb#000000&#8243; body_font_size=\u00bb16px\u00bb position_font=\u00bb|||on|||||\u00bb position_text_color=\u00bb#000000&#8243; width=\u00bb100%\u00bb max_width=\u00bb100%\u00bb custom_padding=\u00bb||||true|true\u00bb header_line_height_tablet=\u00bb0.5em\u00bb header_line_height_phone=\u00bb1em\u00bb header_line_height_last_edited=\u00bbon|phone\u00bb border_radii_image=\u00bbon|100%|100%|100%|100%\u00bb global_colors_info=\u00bb{}\u00bb]<\/p>\n<p><span>Las meditaciones din\u00e1micas ofrecen una forma activa y participativa de meditar, que combina movimiento, respiraci\u00f3n y conciencia plena para promover el bienestar f\u00edsico, mental y emocional. As\u00ed comenzaremos algunas de nuestras ma\u00f1anas \ud83d\ude09<\/span><\/p>\n<p>[\/et_pb_team_member][\/et_pb_column][\/et_pb_row][et_pb_row use_custom_gutter=\u00bbon\u00bb gutter_width=\u00bb2&#8243; make_equal=\u00bbon\u00bb module_id=\u00bbfestival\u00bb _builder_version=\u00bb4.23.1&#8243; _module_preset=\u00bbdefault\u00bb width=\u00bb90%\u00bb width_tablet=\u00bb\u00bb width_phone=\u00bb95%\u00bb width_last_edited=\u00bbon|desktop\u00bb max_width=\u00bb95%\u00bb global_colors_info=\u00bb{}\u00bb][et_pb_column type=\u00bb4_4&#8243; _builder_version=\u00bb4.23.1&#8243; _module_preset=\u00bbdefault\u00bb background_color=\u00bb#ededed\u00bb use_background_color_gradient=\u00bbon\u00bb background_color_gradient_stops=\u00bbrgba(255,255,255,0.89) 0%|rgba(255,255,255,0.83) 100%\u00bb background_color_gradient_overlays_image=\u00bbon\u00bb background_image=\u00bbhttps:\/\/apapachofest.com\/wp-content\/uploads\/2024\/04\/clases-de-yoga-papapachofest.jpg\u00bb custom_padding=\u00bb20px|20px|20px|20px|true|true\u00bb border_radii=\u00bbon|25px|25px|25px|25px\u00bb border_color_all=\u00bb#FFFFFF\u00bb global_colors_info=\u00bb{}\u00bb][et_pb_team_member name=\u00bbYoga y conciencia corporal\u00bb _builder_version=\u00bb4.27.5&#8243; _module_preset=\u00bbdefault\u00bb header_font=\u00bbRebel Kids|||on|||||\u00bb header_text_color=\u00bb#000000&#8243; header_font_size=\u00bb31px\u00bb header_line_height=\u00bb0.5em\u00bb body_font=\u00bbRoboto Flex||||||||\u00bb body_text_color=\u00bb#000000&#8243; body_font_size=\u00bb16px\u00bb position_font=\u00bb|||on|||||\u00bb position_text_color=\u00bb#000000&#8243; width=\u00bb100%\u00bb max_width=\u00bb100%\u00bb custom_padding=\u00bb||||true|true\u00bb header_line_height_tablet=\u00bb0.5em\u00bb header_line_height_phone=\u00bb1em\u00bb header_line_height_last_edited=\u00bbon|phone\u00bb border_radii_image=\u00bbon|100%|100%|100%|100%\u00bb global_colors_info=\u00bb{}\u00bb]<\/p>\n<p><span>Cada sesi\u00f3n est\u00e1 dise\u00f1ada para nutrir tu cuerpo, expandir tu respiraci\u00f3n y elevar tu esp\u00edritu, llev\u00e1ndote a un estado de armon\u00eda y equilibrio interior para desde ah\u00ed, llevar ese estado a tus relaciones.<\/span><\/p>\n<p>[\/et_pb_team_member][\/et_pb_column][\/et_pb_row][et_pb_row use_custom_gutter=\u00bbon\u00bb gutter_width=\u00bb2&#8243; make_equal=\u00bbon\u00bb module_id=\u00bbfestival\u00bb _builder_version=\u00bb4.27.5&#8243; _module_preset=\u00bbdefault\u00bb background_enable_color=\u00bboff\u00bb width=\u00bb90%\u00bb width_tablet=\u00bb\u00bb width_phone=\u00bb95%\u00bb width_last_edited=\u00bbon|desktop\u00bb max_width=\u00bb95%\u00bb global_colors_info=\u00bb{}\u00bb][et_pb_column type=\u00bb4_4&#8243; _builder_version=\u00bb4.27.5&#8243; _module_preset=\u00bbdefault\u00bb background_color=\u00bb#ededed\u00bb use_background_color_gradient=\u00bbon\u00bb background_color_gradient_stops=\u00bbrgba(255,255,255,0.89) 0%|rgba(255,255,255,0.83) 100%\u00bb background_color_gradient_overlays_image=\u00bbon\u00bb background_image=\u00bbhttps:\/\/apapachofest.com\/wp-content\/uploads\/2026\/01\/11.-EDIT.01_01_07_11.Imagen-fija101.jpg\u00bb custom_padding=\u00bb20px|20px|20px|20px|true|true\u00bb border_radii=\u00bbon|25px|25px|25px|25px\u00bb border_color_all=\u00bb#FFFFFF\u00bb global_colors_info=\u00bb{}\u00bb][et_pb_team_member name=\u00bbEL Amante Interior (Taller de sexualidad sagrada)\u00bb _builder_version=\u00bb4.23.1&#8243; _module_preset=\u00bbdefault\u00bb header_font=\u00bbRebel Kids|||on|||||\u00bb header_text_color=\u00bb#000000&#8243; header_font_size=\u00bb31px\u00bb header_line_height=\u00bb0.5em\u00bb body_font=\u00bbRoboto Flex||||||||\u00bb body_text_color=\u00bb#000000&#8243; body_font_size=\u00bb16px\u00bb position_font=\u00bb|||on|||||\u00bb position_text_color=\u00bb#000000&#8243; width=\u00bb100%\u00bb max_width=\u00bb100%\u00bb custom_padding=\u00bb||||true|true\u00bb header_line_height_tablet=\u00bb0.5em\u00bb header_line_height_phone=\u00bb1em\u00bb header_line_height_last_edited=\u00bbon|phone\u00bb border_radii_image=\u00bbon|100%|100%|100%|100%\u00bb global_colors_info=\u00bb{}\u00bb]<\/p>\n<p><span>En este enfoque, la intimidad sexual se considera un camino hacia la conexi\u00f3n con lo divino, la autoexploraci\u00f3n, el crecimiento personal y la conexi\u00f3n con la pareja. La sexualidad sagrada enfatiza el respeto, la veneraci\u00f3n y la consciencia en las relaciones \u00edntimas, as\u00ed como tambi\u00e9n la importancia de la energ\u00eda sexual como una fuerza creativa y transformadora. <\/span><\/p>\n<p>[\/et_pb_team_member][\/et_pb_column][\/et_pb_row][et_pb_row use_custom_gutter=\u00bbon\u00bb gutter_width=\u00bb2&#8243; make_equal=\u00bbon\u00bb module_id=\u00bbfestival\u00bb _builder_version=\u00bb4.23.1&#8243; _module_preset=\u00bbdefault\u00bb width=\u00bb90%\u00bb width_tablet=\u00bb\u00bb width_phone=\u00bb95%\u00bb width_last_edited=\u00bbon|desktop\u00bb max_width=\u00bb95%\u00bb global_colors_info=\u00bb{}\u00bb][et_pb_column type=\u00bb4_4&#8243; _builder_version=\u00bb4.23.1&#8243; _module_preset=\u00bbdefault\u00bb background_color=\u00bb#ededed\u00bb use_background_color_gradient=\u00bbon\u00bb background_color_gradient_stops=\u00bbrgba(255,255,255,0.89) 0%|rgba(255,255,255,0.83) 100%\u00bb background_color_gradient_overlays_image=\u00bbon\u00bb background_image=\u00bbhttps:\/\/apapachofest.com\/wp-content\/uploads\/2024\/04\/Circulo_de_Mujeres_apapachofest.webp\u00bb custom_padding=\u00bb20px|20px|20px|20px|true|true\u00bb border_radii=\u00bbon|25px|25px|25px|25px\u00bb border_color_all=\u00bb#FFFFFF\u00bb global_colors_info=\u00bb{}\u00bb][et_pb_team_member name=\u00bbtemplo de Mujeres\u00bb _builder_version=\u00bb4.23.1&#8243; _module_preset=\u00bbdefault\u00bb header_font=\u00bbRebel Kids|||on|||||\u00bb header_text_color=\u00bb#000000&#8243; header_font_size=\u00bb31px\u00bb header_line_height=\u00bb0.5em\u00bb body_font=\u00bbRoboto Flex||||||||\u00bb body_text_color=\u00bb#000000&#8243; body_font_size=\u00bb16px\u00bb position_font=\u00bb|||on|||||\u00bb position_text_color=\u00bb#000000&#8243; width=\u00bb100%\u00bb max_width=\u00bb100%\u00bb custom_padding=\u00bb||||true|true\u00bb header_line_height_tablet=\u00bb0.5em\u00bb header_line_height_phone=\u00bb1em\u00bb header_line_height_last_edited=\u00bbon|phone\u00bb border_radii_image=\u00bbon|100%|100%|100%|100%\u00bb global_colors_info=\u00bb{}\u00bb]<\/p>\n<p><span>Estos espacios ofrecen a las mujeres la oportunidad de sentirse valoradas, comprendidas y apoyadas por otras mujeres, as\u00ed como tambi\u00e9n de explorar su identidad femenina y fortalecer sus relaciones con ellas mismas y con los dem\u00e1s.<\/span><\/p>\n<p>[\/et_pb_team_member][\/et_pb_column][\/et_pb_row][et_pb_row use_custom_gutter=\u00bbon\u00bb gutter_width=\u00bb2&#8243; make_equal=\u00bbon\u00bb module_id=\u00bbfestival\u00bb _builder_version=\u00bb4.27.5&#8243; _module_preset=\u00bbdefault\u00bb width=\u00bb90%\u00bb width_tablet=\u00bb\u00bb width_phone=\u00bb95%\u00bb width_last_edited=\u00bbon|desktop\u00bb max_width=\u00bb95%\u00bb global_colors_info=\u00bb{}\u00bb][et_pb_column type=\u00bb4_4&#8243; _builder_version=\u00bb4.27.5&#8243; _module_preset=\u00bbdefault\u00bb background_color=\u00bb#ededed\u00bb use_background_color_gradient=\u00bbon\u00bb background_color_gradient_stops=\u00bbrgba(255,255,255,0.89) 0%|rgba(255,255,255,0.83) 100%\u00bb background_color_gradient_overlays_image=\u00bbon\u00bb background_image=\u00bbhttps:\/\/apapachofest.com\/wp-content\/uploads\/2026\/01\/11.-EDIT.00_54_53_12.Imagen-fija059.jpg\u00bb custom_padding=\u00bb20px|20px|20px|20px|true|true\u00bb border_radii=\u00bbon|25px|25px|25px|25px\u00bb border_color_all=\u00bb#FFFFFF\u00bb global_colors_info=\u00bb{}\u00bb][et_pb_team_member name=\u00bbTemplo de Hombres\u00bb _builder_version=\u00bb4.27.4&#8243; _module_preset=\u00bbdefault\u00bb header_font=\u00bbRebel Kids|||on|||||\u00bb header_text_color=\u00bb#000000&#8243; header_font_size=\u00bb31px\u00bb header_line_height=\u00bb0.5em\u00bb body_font=\u00bbRoboto Flex||||||||\u00bb body_text_color=\u00bb#000000&#8243; body_font_size=\u00bb16px\u00bb position_font=\u00bb|||on|||||\u00bb position_text_color=\u00bb#000000&#8243; width=\u00bb100%\u00bb max_width=\u00bb100%\u00bb custom_padding=\u00bb||||true|true\u00bb header_line_height_tablet=\u00bb0.5em\u00bb header_line_height_phone=\u00bb1em\u00bb header_line_height_last_edited=\u00bbon|phone\u00bb border_radii_image=\u00bbon|100%|100%|100%|100%\u00bb global_colors_info=\u00bb{}\u00bb]<\/p>\n<p><span>Estos espacios proporcionan un ambiente seguro y de confianza donde los hombres pueden explorar su identidad masculina, sanar heridas emocionales y desarrollar una mayor conciencia de s\u00ed mismos y de sus relaciones con los dem\u00e1s.<\/span><\/p>\n<p>[\/et_pb_team_member][\/et_pb_column][\/et_pb_row][et_pb_row use_custom_gutter=\u00bbon\u00bb gutter_width=\u00bb2&#8243; make_equal=\u00bbon\u00bb module_id=\u00bbfestival\u00bb _builder_version=\u00bb4.27.5&#8243; _module_preset=\u00bbdefault\u00bb background_enable_color=\u00bboff\u00bb width=\u00bb90%\u00bb width_tablet=\u00bb\u00bb width_phone=\u00bb95%\u00bb width_last_edited=\u00bbon|desktop\u00bb max_width=\u00bb95%\u00bb global_colors_info=\u00bb{}\u00bb][et_pb_column type=\u00bb4_4&#8243; _builder_version=\u00bb4.27.5&#8243; _module_preset=\u00bbdefault\u00bb background_color=\u00bb#ededed\u00bb use_background_color_gradient=\u00bbon\u00bb background_color_gradient_stops=\u00bbrgba(255,255,255,0.89) 0%|rgba(255,255,255,0.83) 100%\u00bb background_color_gradient_overlays_image=\u00bbon\u00bb background_image=\u00bbhttps:\/\/apapachofest.com\/wp-content\/uploads\/2026\/01\/11.-EDIT.01_22_06_02.Imagen-fija253.jpg\u00bb custom_padding=\u00bb20px|20px|20px|20px|true|true\u00bb border_radii=\u00bbon|25px|25px|25px|25px\u00bb border_color_all=\u00bb#FFFFFF\u00bb global_colors_info=\u00bb{}\u00bb][et_pb_team_member name=\u00bbPuja T\u00e1ntrica\u00bb _builder_version=\u00bb4.23.1&#8243; _module_preset=\u00bbdefault\u00bb header_font=\u00bbRebel Kids|||on|||||\u00bb header_text_color=\u00bb#000000&#8243; header_font_size=\u00bb31px\u00bb header_line_height=\u00bb0.5em\u00bb body_font=\u00bbRoboto Flex||||||||\u00bb body_text_color=\u00bb#000000&#8243; body_font_size=\u00bb16px\u00bb position_font=\u00bb|||on|||||\u00bb position_text_color=\u00bb#000000&#8243; width=\u00bb100%\u00bb max_width=\u00bb100%\u00bb custom_padding=\u00bb||||true|true\u00bb header_line_height_tablet=\u00bb0.5em\u00bb header_line_height_phone=\u00bb1em\u00bb header_line_height_last_edited=\u00bbon|phone\u00bb border_radii_image=\u00bbon|100%|100%|100%|100%\u00bb global_colors_info=\u00bb{}\u00bb]<\/p>\n<p>Una ceremonia de cierre muy especial en donde nos encontraremos despu\u00e9s de todo lo vivido y cerraremos el proceso para integrar todo lo aprendido.<\/p>\n<p>[\/et_pb_team_member][\/et_pb_column][\/et_pb_row][et_pb_row use_custom_gutter=\u00bbon\u00bb gutter_width=\u00bb2&#8243; make_equal=\u00bbon\u00bb module_id=\u00bbfestival\u00bb _builder_version=\u00bb4.27.5&#8243; _module_preset=\u00bbdefault\u00bb background_enable_color=\u00bboff\u00bb width=\u00bb90%\u00bb width_tablet=\u00bb\u00bb width_phone=\u00bb95%\u00bb width_last_edited=\u00bbon|desktop\u00bb max_width=\u00bb95%\u00bb global_colors_info=\u00bb{}\u00bb][et_pb_column type=\u00bb4_4&#8243; _builder_version=\u00bb4.27.5&#8243; _module_preset=\u00bbdefault\u00bb background_color=\u00bb#ededed\u00bb use_background_color_gradient=\u00bbon\u00bb background_color_gradient_stops=\u00bbrgba(255,255,255,0.89) 0%|rgba(255,255,255,0.83) 100%\u00bb background_color_gradient_overlays_image=\u00bbon\u00bb background_image=\u00bbhttps:\/\/apapachofest.com\/wp-content\/uploads\/2026\/01\/11.-EDIT.01_12_09_21.Imagen-fija160.jpg\u00bb custom_padding=\u00bb20px|20px|20px|20px|true|true\u00bb border_radii=\u00bbon|25px|25px|25px|25px\u00bb border_color_all=\u00bb#FFFFFF\u00bb global_colors_info=\u00bb{}\u00bb][et_pb_team_member name=\u00bbTaller de Sexualidad Som\u00e1tica\u00bb _builder_version=\u00bb4.23.1&#8243; _module_preset=\u00bbdefault\u00bb header_font=\u00bbRebel Kids|||on|||||\u00bb header_text_color=\u00bb#000000&#8243; header_font_size=\u00bb31px\u00bb header_line_height=\u00bb0.5em\u00bb body_font=\u00bbRoboto Flex||||||||\u00bb body_text_color=\u00bb#000000&#8243; body_font_size=\u00bb16px\u00bb position_font=\u00bb|||on|||||\u00bb position_text_color=\u00bb#000000&#8243; width=\u00bb100%\u00bb max_width=\u00bb100%\u00bb custom_padding=\u00bb||||true|true\u00bb header_line_height_tablet=\u00bb0.5em\u00bb header_line_height_phone=\u00bb1em\u00bb header_line_height_last_edited=\u00bbon|phone\u00bb border_radii_image=\u00bbon|100%|100%|100%|100%\u00bb global_colors_info=\u00bb{}\u00bb]<\/p>\n<p>La Sexualidad Som\u00e1tica se fundamenta en la vivencia del cuerpo como un sendero de exploraci\u00f3n y cambio, con el prop\u00f3sito de reavivar y fortalecer la conexi\u00f3n contigo mismo, tu cuerpo y tu placer, as\u00ed como para cultivar relaciones \u00edntimas genuinas y significativas.<\/p>\n<p>[\/et_pb_team_member][\/et_pb_column][\/et_pb_row][et_pb_row use_custom_gutter=\u00bbon\u00bb gutter_width=\u00bb2&#8243; make_equal=\u00bbon\u00bb module_id=\u00bbfestival\u00bb _builder_version=\u00bb4.27.5&#8243; _module_preset=\u00bbdefault\u00bb width=\u00bb90%\u00bb width_tablet=\u00bb\u00bb width_phone=\u00bb95%\u00bb width_last_edited=\u00bbon|desktop\u00bb max_width=\u00bb95%\u00bb global_colors_info=\u00bb{}\u00bb][et_pb_column type=\u00bb4_4&#8243; _builder_version=\u00bb4.27.5&#8243; _module_preset=\u00bbdefault\u00bb background_color=\u00bb#ededed\u00bb use_background_color_gradient=\u00bbon\u00bb background_color_gradient_stops=\u00bbrgba(255,255,255,0.89) 0%|rgba(255,255,255,0.83) 100%\u00bb background_color_gradient_overlays_image=\u00bbon\u00bb background_image=\u00bbhttps:\/\/apapachofest.com\/wp-content\/uploads\/2026\/01\/11.-EDIT.00_51_26_00.Imagen-fija025.jpg\u00bb custom_padding=\u00bb20px|20px|20px|20px|true|true\u00bb border_radii=\u00bbon|25px|25px|25px|25px\u00bb border_color_all=\u00bb#FFFFFF\u00bb global_colors_info=\u00bb{}\u00bb][et_pb_team_member name=\u00bbConciertos y veladas especiales\u00bb _builder_version=\u00bb4.27.5&#8243; _module_preset=\u00bbdefault\u00bb header_font=\u00bbRebel Kids|||on|||||\u00bb header_text_color=\u00bb#000000&#8243; header_font_size=\u00bb31px\u00bb header_line_height=\u00bb0.5em\u00bb body_font=\u00bbRoboto Flex||||||||\u00bb body_text_color=\u00bb#000000&#8243; body_font_size=\u00bb16px\u00bb position_font=\u00bb|||on|||||\u00bb position_text_color=\u00bb#000000&#8243; width=\u00bb100%\u00bb max_width=\u00bb100%\u00bb custom_padding=\u00bb||||true|true\u00bb header_line_height_tablet=\u00bb0.5em\u00bb header_line_height_phone=\u00bb1em\u00bb header_line_height_last_edited=\u00bbon|phone\u00bb border_radii_image=\u00bbon|100%|100%|100%|100%\u00bb global_colors_info=\u00bb{}\u00bb]<\/p>\n<p>La m\u00fasica ser\u00e1 una de las grandes protagonistas de <span class=\"hover:entity-accent entity-underline inline cursor-pointer align-baseline\"><span class=\"whitespace-normal\">Apapacho Fest<\/span><\/span>.<br data-start=\"135\" data-end=\"138\" \/>Durante el festival disfrutaremos de conciertos y m\u00fasica en vivo, con artistas de gran nivel, propuestas cuidadosamente seleccionadas y sorpresas especiales que iremos desvelando poco a poco.<\/p>\n<p>[\/et_pb_team_member][\/et_pb_column][\/et_pb_row][et_pb_row use_custom_gutter=\u00bbon\u00bb gutter_width=\u00bb2&#8243; make_equal=\u00bbon\u00bb module_id=\u00bbfestival\u00bb _builder_version=\u00bb4.27.5&#8243; _module_preset=\u00bbdefault\u00bb width=\u00bb90%\u00bb width_tablet=\u00bb\u00bb width_phone=\u00bb95%\u00bb width_last_edited=\u00bbon|desktop\u00bb max_width=\u00bb95%\u00bb global_colors_info=\u00bb{}\u00bb][et_pb_column type=\u00bb4_4&#8243; _builder_version=\u00bb4.27.5&#8243; _module_preset=\u00bbdefault\u00bb background_color=\u00bb#ededed\u00bb use_background_color_gradient=\u00bbon\u00bb background_color_gradient_stops=\u00bbrgba(255,255,255,0.89) 0%|rgba(255,255,255,0.83) 100%\u00bb background_color_gradient_overlays_image=\u00bbon\u00bb background_image=\u00bbhttps:\/\/apapachofest.com\/wp-content\/uploads\/2026\/01\/11.-EDIT.00_53_45_09.Imagen-fija042.jpg\u00bb custom_padding=\u00bb20px|20px|20px|20px|true|true\u00bb border_radii=\u00bbon|25px|25px|25px|25px\u00bb border_color_all=\u00bb#FFFFFF\u00bb global_colors_info=\u00bb{}\u00bb][et_pb_team_member name=\u00bbHumor y celebraci\u00f3n\u00bb position=\u00bbInvitado sorpresa\u00bb _builder_version=\u00bb4.27.5&#8243; _module_preset=\u00bbdefault\u00bb header_font=\u00bbRebel Kids|||on|||||\u00bb header_text_color=\u00bb#000000&#8243; header_font_size=\u00bb31px\u00bb header_line_height=\u00bb0.5em\u00bb body_font=\u00bbRoboto Flex||||||||\u00bb body_text_color=\u00bb#000000&#8243; body_font_size=\u00bb16px\u00bb position_font=\u00bb|||on|||||\u00bb position_text_color=\u00bb#000000&#8243; width=\u00bb100%\u00bb max_width=\u00bb100%\u00bb custom_padding=\u00bb||||true|true\u00bb header_line_height_tablet=\u00bb0.5em\u00bb header_line_height_phone=\u00bb1em\u00bb header_line_height_last_edited=\u00bbon|phone\u00bb border_radii_image=\u00bbon|100%|100%|100%|100%\u00bb global_colors_info=\u00bb{}\u00bb]<\/p>\n<p>Solo te decimos que vas a alucinar \ud83d\ude42<\/p>\n<p>[\/et_pb_team_member][\/et_pb_column][\/et_pb_row][et_pb_row disabled_on=\u00bboff|off|off\u00bb module_id=\u00bbfestival\u00bb _builder_version=\u00bb4.23.1&#8243; _module_preset=\u00bbdefault\u00bb width_tablet=\u00bb\u00bb width_phone=\u00bb95%\u00bb width_last_edited=\u00bbon|phone\u00bb global_colors_info=\u00bb{}\u00bb][et_pb_column type=\u00bb4_4&#8243; _builder_version=\u00bb4.23.1&#8243; _module_preset=\u00bbdefault\u00bb global_colors_info=\u00bb{}\u00bb][et_pb_text _builder_version=\u00bb4.27.4&#8243; _module_preset=\u00bbdefault\u00bb header_font=\u00bb|||on|||||\u00bb header_2_font=\u00bbRebel Kids|||on|||||\u00bb header_2_text_align=\u00bbcenter\u00bb header_2_font_size=\u00bb49px\u00bb custom_margin=\u00bb||5px|||\u00bb global_colors_info=\u00bb{}\u00bb]<\/p>\n<h2>Sponsors y colaboraciones<\/h2>\n<p>[\/et_pb_text][et_pb_text _builder_version=\u00bb4.23.1&#8243; _module_preset=\u00bbdefault\u00bb text_font=\u00bbRoboto Flex||||||||\u00bb text_text_color=\u00bb#000000&#8243; text_font_size=\u00bb18px\u00bb text_line_height=\u00bb1.6em\u00bb text_orientation=\u00bbcenter\u00bb global_colors_info=\u00bb{}\u00bb]<\/p>\n<p>Como en cualquier otra relaci\u00f3n, APAPACHO FEST existe, es posible y funciona gracias a diferentes colaboraciones con proyectos afines. Uno de nuestros valores es centrarnos en aportar valor uniendo fuerzas y creando sinergias amorosas y productivas. Millones de gracias a todos los proyectos y personas que est\u00e1n apoyando con su amor y recursos este festival.<\/p>\n<p>[\/et_pb_text][\/et_pb_column][\/et_pb_row][et_pb_row column_structure=\u00bb1_6,1_6,1_6,1_6,1_6,1_6&#8243; _builder_version=\u00bb4.27.6&#8243; _module_preset=\u00bbdefault\u00bb global_colors_info=\u00bb{}\u00bb][et_pb_column type=\u00bb1_6&#8243; _builder_version=\u00bb4.23.1&#8243; _module_preset=\u00bbdefault\u00bb global_colors_info=\u00bb{}\u00bb][et_pb_image src=\u00bbhttps:\/\/apapachofest.com\/wp-content\/uploads\/2024\/07\/guaguacuna-sponsor-apapacho-fest.png\u00bb title_text=\u00bbguaguacuna-sponsor-apapacho-fest\u00bb _builder_version=\u00bb4.23.1&#8243; _module_preset=\u00bbdefault\u00bb global_colors_info=\u00bb{}\u00bb][\/et_pb_image][\/et_pb_column][et_pb_column type=\u00bb1_6&#8243; _builder_version=\u00bb4.23.1&#8243; _module_preset=\u00bbdefault\u00bb global_colors_info=\u00bb{}\u00bb][et_pb_image src=\u00bbhttps:\/\/apapachofest.com\/wp-content\/uploads\/2024\/07\/yogi-tea-sponsor-apapacho-fest.png\u00bb title_text=\u00bbyogi-tea-sponsor-apapacho-fest\u00bb _builder_version=\u00bb4.23.1&#8243; _module_preset=\u00bbdefault\u00bb global_colors_info=\u00bb{}\u00bb][\/et_pb_image][\/et_pb_column][et_pb_column type=\u00bb1_6&#8243; _builder_version=\u00bb4.23.1&#8243; _module_preset=\u00bbdefault\u00bb global_colors_info=\u00bb{}\u00bb][et_pb_image src=\u00bbhttps:\/\/apapachofest.com\/wp-content\/uploads\/2025\/06\/sponsor-deartee-apapacho-fest-camisetas.png\u00bb title_text=\u00bbsponsor-deartee-apapacho-fest-camisetas\u00bb _builder_version=\u00bb4.27.4&#8243; _module_preset=\u00bbdefault\u00bb global_colors_info=\u00bb{}\u00bb][\/et_pb_image][\/et_pb_column][et_pb_column type=\u00bb1_6&#8243; _builder_version=\u00bb4.23.1&#8243; _module_preset=\u00bbdefault\u00bb global_colors_info=\u00bb{}\u00bb][et_pb_image src=\u00bbhttps:\/\/apapachofest.com\/wp-content\/uploads\/2024\/07\/cacao-venezuela-delta-sponsor-apapacho-fest-colaboracion.png\u00bb title_text=\u00bbcacao-venezuela-delta-sponsor-apapacho-fest-colaboracion\u00bb _builder_version=\u00bb4.23.1&#8243; _module_preset=\u00bbdefault\u00bb global_colors_info=\u00bb{}\u00bb][\/et_pb_image][\/et_pb_column][et_pb_column type=\u00bb1_6&#8243; _builder_version=\u00bb4.23.1&#8243; _module_preset=\u00bbdefault\u00bb global_colors_info=\u00bb{}\u00bb][et_pb_image src=\u00bbhttps:\/\/apapachofest.com\/wp-content\/uploads\/2024\/06\/television-consciente-sponsor-apapacho-fest-colaboracion.png\u00bb title_text=\u00bbtelevision-consciente-sponsor-apapacho-fest-colaboracion\u00bb _builder_version=\u00bb4.23.1&#8243; _module_preset=\u00bbdefault\u00bb global_colors_info=\u00bb{}\u00bb][\/et_pb_image][\/et_pb_column][et_pb_column type=\u00bb1_6&#8243; _builder_version=\u00bb4.23.1&#8243; _module_preset=\u00bbdefault\u00bb global_colors_info=\u00bb{}\u00bb][et_pb_image src=\u00bbhttps:\/\/apapachofest.com\/wp-content\/uploads\/2026\/03\/BioMusicOne_logo_master-apapacho-fest.png\u00bb title_text=\u00bbBioMusicOne_logo_master apapacho fest\u00bb _builder_version=\u00bb4.27.6&#8243; _module_preset=\u00bbdefault\u00bb global_colors_info=\u00bb{}\u00bb][\/et_pb_image][\/et_pb_column][\/et_pb_row][\/et_pb_section][et_pb_section fb_built=\u00bb1&#8243; _builder_version=\u00bb4.23.1&#8243; _module_preset=\u00bbdefault\u00bb background_color=\u00bb#f9f9f9&#8243; custom_padding=\u00bb24px||46px|||\u00bb global_colors_info=\u00bb{}\u00bb][et_pb_row module_id=\u00bbfestival\u00bb _builder_version=\u00bb4.23.1&#8243; _module_preset=\u00bbdefault\u00bb width_tablet=\u00bb\u00bb width_phone=\u00bb95%\u00bb width_last_edited=\u00bbon|phone\u00bb global_colors_info=\u00bb{}\u00bb][et_pb_column type=\u00bb4_4&#8243; _builder_version=\u00bb4.23.1&#8243; _module_preset=\u00bbdefault\u00bb global_colors_info=\u00bb{}\u00bb][et_pb_text _builder_version=\u00bb4.27.4&#8243; _module_preset=\u00bbdefault\u00bb header_font=\u00bb|||on|||||\u00bb header_2_font=\u00bbRebel Kids|||on|||||\u00bb header_2_text_align=\u00bbcenter\u00bb header_2_font_size=\u00bb49px\u00bb custom_margin=\u00bb||5px|||\u00bb global_colors_info=\u00bb{}\u00bb]<\/p>\n<h2>\u00abYeto\u00bb zona de terapias y terapeutas<\/h2>\n<p>[\/et_pb_text][et_pb_text _builder_version=\u00bb4.27.5&#8243; _module_preset=\u00bbdefault\u00bb text_font=\u00bbRoboto Flex||on||||||\u00bb text_text_color=\u00bb#000000&#8243; text_font_size=\u00bb18px\u00bb text_line_height=\u00bb1.6em\u00bb text_orientation=\u00bbcenter\u00bb global_colors_info=\u00bb{}\u00bb]<\/p>\n<p>Muy pronto iremos actualizando el equipo de la edici\u00f3n 2026\u00a0 y podr\u00e1s ver m\u00e1s novedades.<\/p>\n<p>[\/et_pb_text][et_pb_text _builder_version=\u00bb4.23.1&#8243; _module_preset=\u00bbdefault\u00bb text_font=\u00bbRoboto Flex||||||||\u00bb text_text_color=\u00bb#000000&#8243; text_font_size=\u00bb18px\u00bb text_line_height=\u00bb1.6em\u00bb text_orientation=\u00bbcenter\u00bb global_colors_info=\u00bb{}\u00bb]<\/p>\n<p>Aprovecha tus vacaciones para regalarte un espacio personal de sanaci\u00f3n y cuidado. Y disfruta de profundizar tu experiencia en el festival.<\/p>\n<p>[\/et_pb_text][\/et_pb_column][\/et_pb_row][et_pb_row column_structure=\u00bb1_6,1_6,1_6,1_6,1_6,1_6&#8243; use_custom_gutter=\u00bbon\u00bb gutter_width=\u00bb2&#8243; make_equal=\u00bbon\u00bb module_id=\u00bbfestival\u00bb _builder_version=\u00bb4.27.6&#8243; _module_preset=\u00bbdefault\u00bb width=\u00bb90%\u00bb width_tablet=\u00bb\u00bb width_phone=\u00bb95%\u00bb width_last_edited=\u00bbon|desktop\u00bb max_width=\u00bb90%\u00bb global_colors_info=\u00bb{}\u00bb][et_pb_column type=\u00bb1_6&#8243; _builder_version=\u00bb4.23.1&#8243; _module_preset=\u00bbdefault\u00bb background_color=\u00bb#ededed\u00bb custom_padding=\u00bb20px|20px|20px|20px|true|true\u00bb border_radii=\u00bbon|25px|25px|25px|25px\u00bb border_color_all=\u00bbrgba(237,155,78,0.49)\u00bb global_colors_info=\u00bb{}\u00bb][et_pb_team_member name=\u00bbNely Cruz\u00bb position=\u00bbMasaje Kundalini\u00bb image_url=\u00bbhttps:\/\/apapachofest.com\/wp-content\/uploads\/2026\/03\/nely-cruz-terapeuta-apapacho-fest.jpg\u00bb _builder_version=\u00bb4.27.6&#8243; _module_preset=\u00bbdefault\u00bb header_font=\u00bbRebel Kids||||||||\u00bb header_text_align=\u00bbcenter\u00bb header_font_size=\u00bb23px\u00bb body_font=\u00bbRoboto||||||||\u00bb body_text_align=\u00bbcenter\u00bb position_text_align=\u00bbcenter\u00bb position_text_color=\u00bb#000000&#8243; child_filter_saturate=\u00bb118%\u00bb child_filter_brightness=\u00bb103%\u00bb header_font_size_tablet=\u00bb23px\u00bb header_font_size_phone=\u00bb32px\u00bb header_font_size_last_edited=\u00bbon|phone\u00bb position_font_size_tablet=\u00bb\u00bb position_font_size_phone=\u00bb18px\u00bb position_font_size_last_edited=\u00bbon|phone\u00bb border_radii_image=\u00bbon|200px|200px|200px|200px\u00bb global_colors_info=\u00bb{}\u00bb custom_css_member_image_last_edited=\u00bbon|phone\u00bb custom_css_member_image_phone=\u00bbheight: auto;||    max-width: 50%;||display:block;||margin:auto;||margin-bottom: 20px;\u00bb][\/et_pb_team_member][\/et_pb_column][et_pb_column type=\u00bb1_6&#8243; _builder_version=\u00bb4.27.6&#8243; _module_preset=\u00bbdefault\u00bb background_color=\u00bb#ededed\u00bb custom_padding=\u00bb20px|20px|20px|20px|true|true\u00bb border_radii=\u00bbon|25px|25px|25px|25px\u00bb border_color_all=\u00bbrgba(237,155,78,0.49)\u00bb global_colors_info=\u00bb{}\u00bb][et_pb_team_member name=\u00bbJossi Fresco\u00bb position=\u00bbLecturas Integrativas \/ Numerolog\u00eda, Astrolog\u00eda y C\u00e1bala\u00bb image_url=\u00bbhttps:\/\/apapachofest.com\/wp-content\/uploads\/2026\/03\/Jossi-astrologo-terapeuta-apapacho-fest.jpg\u00bb _builder_version=\u00bb4.27.6&#8243; _module_preset=\u00bbdefault\u00bb header_font=\u00bbRebel Kids||||||||\u00bb header_text_align=\u00bbcenter\u00bb header_font_size=\u00bb23px\u00bb body_font=\u00bbRoboto||||||||\u00bb body_text_align=\u00bbcenter\u00bb position_text_align=\u00bbcenter\u00bb position_text_color=\u00bb#000000&#8243; child_filter_saturate=\u00bb118%\u00bb child_filter_brightness=\u00bb103%\u00bb header_font_size_tablet=\u00bb23px\u00bb header_font_size_phone=\u00bb32px\u00bb header_font_size_last_edited=\u00bbon|phone\u00bb position_font_size_tablet=\u00bb\u00bb position_font_size_phone=\u00bb18px\u00bb position_font_size_last_edited=\u00bbon|phone\u00bb border_radii_image=\u00bbon|200px|200px|200px|200px\u00bb global_colors_info=\u00bb{}\u00bb custom_css_member_image_phone=\u00bbheight: auto;||    max-width: 50%;||display:block;||margin:auto;||margin-bottom: 20px;\u00bb custom_css_member_image_last_edited=\u00bbon|desktop\u00bb][\/et_pb_team_member][\/et_pb_column][et_pb_column type=\u00bb1_6&#8243; _builder_version=\u00bb4.23.1&#8243; _module_preset=\u00bbdefault\u00bb background_color=\u00bb#ededed\u00bb custom_padding=\u00bb20px|20px|20px|20px|true|true\u00bb border_radii=\u00bbon|25px|25px|25px|25px\u00bb border_color_all=\u00bbrgba(237,155,78,0.49)\u00bb global_colors_info=\u00bb{}\u00bb][et_pb_team_member name=\u00bbSaraswati Devi\u00bb position=\u00bbTarot Evolutivo\u00bb image_url=\u00bbhttps:\/\/apapachofest.com\/wp-content\/uploads\/2026\/01\/saraswati-devi-facilitadores-apapacho-fest.jpg\u00bb _builder_version=\u00bb4.27.5&#8243; _module_preset=\u00bbdefault\u00bb header_font=\u00bbRebel Kids||||||||\u00bb header_text_align=\u00bbcenter\u00bb header_font_size=\u00bb23px\u00bb body_font=\u00bbRoboto||||||||\u00bb body_text_align=\u00bbcenter\u00bb position_text_align=\u00bbcenter\u00bb position_text_color=\u00bb#000000&#8243; child_filter_saturate=\u00bb118%\u00bb child_filter_brightness=\u00bb103%\u00bb header_font_size_tablet=\u00bb23px\u00bb header_font_size_phone=\u00bb32px\u00bb header_font_size_last_edited=\u00bbon|phone\u00bb position_font_size_tablet=\u00bb\u00bb position_font_size_phone=\u00bb18px\u00bb position_font_size_last_edited=\u00bbon|phone\u00bb border_radii_image=\u00bbon|200px|200px|200px|200px\u00bb global_colors_info=\u00bb{}\u00bb custom_css_member_image_phone=\u00bbheight: auto;||    max-width: 50%;||display:block;||margin:auto;||margin-bottom: 20px;\u00bb custom_css_member_image_last_edited=\u00bbon|desktop\u00bb][\/et_pb_team_member][\/et_pb_column][et_pb_column type=\u00bb1_6&#8243; _builder_version=\u00bb4.23.1&#8243; _module_preset=\u00bbdefault\u00bb background_color=\u00bb#ededed\u00bb custom_padding=\u00bb20px|20px|20px|20px|true|true\u00bb border_radii=\u00bbon|25px|25px|25px|25px\u00bb border_color_all=\u00bbrgba(237,155,78,0.49)\u00bb global_colors_info=\u00bb{}\u00bb][et_pb_team_member name=\u00bbDavid R\u00bb position=\u00bbMorfopsicolog\u00eda Aplicada\u00bb image_url=\u00bbhttps:\/\/apapachofest.com\/wp-content\/uploads\/2026\/03\/David-r-terapeuta-Apapacho-Fest.jpg\u00bb _builder_version=\u00bb4.27.6&#8243; _module_preset=\u00bbdefault\u00bb header_font=\u00bbRebel Kids||||||||\u00bb header_text_align=\u00bbcenter\u00bb header_font_size=\u00bb23px\u00bb body_font=\u00bbRoboto||||||||\u00bb body_text_align=\u00bbcenter\u00bb position_text_align=\u00bbcenter\u00bb position_text_color=\u00bb#000000&#8243; child_filter_saturate=\u00bb118%\u00bb child_filter_brightness=\u00bb103%\u00bb header_font_size_tablet=\u00bb23px\u00bb header_font_size_phone=\u00bb32px\u00bb header_font_size_last_edited=\u00bbon|phone\u00bb position_font_size_tablet=\u00bb\u00bb position_font_size_phone=\u00bb18px\u00bb position_font_size_last_edited=\u00bbon|phone\u00bb border_radii_image=\u00bbon|200px|200px|200px|200px\u00bb global_colors_info=\u00bb{}\u00bb custom_css_member_image_phone=\u00bbheight: auto;||    max-width: 50%;||display:block;||margin:auto;||margin-bottom: 20px;\u00bb custom_css_member_image_last_edited=\u00bbon|desktop\u00bb][\/et_pb_team_member][\/et_pb_column][et_pb_column type=\u00bb1_6&#8243; _builder_version=\u00bb4.23.1&#8243; _module_preset=\u00bbdefault\u00bb background_color=\u00bb#ededed\u00bb custom_padding=\u00bb20px|20px|20px|20px|true|true\u00bb border_radii=\u00bbon|25px|25px|25px|25px\u00bb border_color_all=\u00bbrgba(237,155,78,0.49)\u00bb global_colors_info=\u00bb{}\u00bb][et_pb_team_member name=\u00bbLou Rodr\u00edguez\u00bb position=\u00bbSesiones de Aguahara\u00bb image_url=\u00bbhttps:\/\/apapachofest.com\/wp-content\/uploads\/2026\/01\/lou-facilitadora-aguahara-apapacho-fest.jpg\u00bb _builder_version=\u00bb4.27.5&#8243; _module_preset=\u00bbdefault\u00bb header_font=\u00bbRebel Kids||||||||\u00bb header_text_align=\u00bbcenter\u00bb header_font_size=\u00bb23px\u00bb body_font=\u00bbRoboto||||||||\u00bb body_text_align=\u00bbcenter\u00bb position_text_align=\u00bbcenter\u00bb position_text_color=\u00bb#000000&#8243; child_filter_saturate=\u00bb118%\u00bb child_filter_brightness=\u00bb103%\u00bb header_font_size_tablet=\u00bb23px\u00bb header_font_size_phone=\u00bb32px\u00bb header_font_size_last_edited=\u00bbon|phone\u00bb position_font_size_tablet=\u00bb\u00bb position_font_size_phone=\u00bb18px\u00bb position_font_size_last_edited=\u00bbon|phone\u00bb border_radii_image=\u00bbon|200px|200px|200px|200px\u00bb global_colors_info=\u00bb{}\u00bb custom_css_member_image_phone=\u00bbheight: auto;||    max-width: 50%;||display:block;||margin:auto;||margin-bottom: 20px;\u00bb custom_css_member_image_last_edited=\u00bbon|desktop\u00bb][\/et_pb_team_member][\/et_pb_column][et_pb_column type=\u00bb1_6&#8243; _builder_version=\u00bb4.23.1&#8243; _module_preset=\u00bbdefault\u00bb background_color=\u00bb#ededed\u00bb custom_padding=\u00bb20px|20px|20px|20px|true|true\u00bb border_radii=\u00bbon|25px|25px|25px|25px\u00bb border_color_all=\u00bbrgba(237,155,78,0.49)\u00bb global_colors_info=\u00bb{}\u00bb][et_pb_team_member name=\u00bbMargarita C\u00e1mara\u00bb position=\u00bbFisioterapia\u00bb image_url=\u00bbhttps:\/\/apapachofest.com\/wp-content\/uploads\/2026\/01\/marga-masaje-apapacho-fests.jpg\u00bb _builder_version=\u00bb4.27.5&#8243; _module_preset=\u00bbdefault\u00bb header_font=\u00bbRebel Kids||||||||\u00bb header_text_align=\u00bbcenter\u00bb header_font_size=\u00bb23px\u00bb body_font=\u00bbRoboto||||||||\u00bb body_text_align=\u00bbcenter\u00bb position_text_align=\u00bbcenter\u00bb position_text_color=\u00bb#000000&#8243; child_filter_saturate=\u00bb118%\u00bb child_filter_brightness=\u00bb103%\u00bb header_font_size_tablet=\u00bb23px\u00bb header_font_size_phone=\u00bb32px\u00bb header_font_size_last_edited=\u00bbon|phone\u00bb position_font_size_tablet=\u00bb\u00bb position_font_size_phone=\u00bb18px\u00bb position_font_size_last_edited=\u00bbon|phone\u00bb border_radii_image=\u00bbon|200px|200px|200px|200px\u00bb global_colors_info=\u00bb{}\u00bb custom_css_member_image_last_edited=\u00bbon|desktop\u00bb custom_css_member_image_phone=\u00bbheight: auto;||    max-width: 50%;||display:block;||margin:auto;||margin-bottom: 20px;\u00bb][\/et_pb_team_member][\/et_pb_column][\/et_pb_row][et_pb_row _builder_version=\u00bb4.23.1&#8243; _module_preset=\u00bbdefault\u00bb global_colors_info=\u00bb{}\u00bb][et_pb_column type=\u00bb4_4&#8243; _builder_version=\u00bb4.23.1&#8243; _module_preset=\u00bbdefault\u00bb global_colors_info=\u00bb{}\u00bb][et_pb_text _builder_version=\u00bb4.23.1&#8243; _module_preset=\u00bbdefault\u00bb text_font=\u00bbRoboto|900|||||||\u00bb text_font_size=\u00bb27px\u00bb text_line_height=\u00bb1.3em\u00bb header_font=\u00bbRebel Kids||||||||\u00bb text_orientation=\u00bbcenter\u00bb global_colors_info=\u00bb{}\u00bb]<\/p>\n<p>\u00bfTe gustar\u00eda venir a pr\u00f3ximas ediciones del festival como terapeuta y ofrecer tus sesiones privadas a los participantes?<\/p>\n<p>[\/et_pb_text][et_pb_text _builder_version=\u00bb4.23.1&#8243; _module_preset=\u00bbdefault\u00bb text_font=\u00bbRoboto||||||||\u00bb text_font_size=\u00bb18px\u00bb text_orientation=\u00bbcenter\u00bb global_colors_info=\u00bb{}\u00bb]<\/p>\n<p><strong>Ponte en contacto con nosotros y te explicamos los detalles.<\/strong><\/p>\n<p>[\/et_pb_text][et_pb_button button_url=\u00bbhttps:\/\/apapachofest.com\/index.php\/aplica-como-terapeuta\u00bb button_text=\u00bbContacta para venir como terapeuta\u00bb button_alignment=\u00bbcenter\u00bb _builder_version=\u00bb4.27.4&#8243; _module_preset=\u00bbdefault\u00bb custom_button=\u00bbon\u00bb button_text_size=\u00bb15px\u00bb button_text_color=\u00bb#FFFFFF\u00bb button_bg_color=\u00bb#ed9b4e\u00bb button_border_width=\u00bb0px\u00bb button_border_radius=\u00bb100px\u00bb button_font=\u00bbRoboto Flex|700|||||||\u00bb button_use_icon=\u00bboff\u00bb custom_margin=\u00bb25px|||||\u00bb custom_padding=\u00bb10px|25px|10px|25px|true|true\u00bb animation_style=\u00bbbounce\u00bb global_colors_info=\u00bb{}\u00bb button_bg_color__hover_enabled=\u00bbon|desktop\u00bb button_bg_color__hover=\u00bb#efa94c\u00bb][\/et_pb_button][\/et_pb_column][\/et_pb_row][\/et_pb_section][et_pb_section fb_built=\u00bb1&#8243; _builder_version=\u00bb4.23.1&#8243; _module_preset=\u00bbdefault\u00bb custom_padding=\u00bb52px||33px|||\u00bb global_colors_info=\u00bb{}\u00bb][et_pb_row disabled_on=\u00bboff|off|off\u00bb module_id=\u00bbfestival\u00bb _builder_version=\u00bb4.23.1&#8243; _module_preset=\u00bbdefault\u00bb width_tablet=\u00bb\u00bb width_phone=\u00bb95%\u00bb width_last_edited=\u00bbon|phone\u00bb global_colors_info=\u00bb{}\u00bb][et_pb_column type=\u00bb4_4&#8243; _builder_version=\u00bb4.23.1&#8243; _module_preset=\u00bbdefault\u00bb global_colors_info=\u00bb{}\u00bb][et_pb_text _builder_version=\u00bb4.27.4&#8243; _module_preset=\u00bbdefault\u00bb header_font=\u00bb|||on|||||\u00bb header_2_font=\u00bbRebel Kids|||on|||||\u00bb header_2_text_align=\u00bbcenter\u00bb header_2_font_size=\u00bb49px\u00bb custom_margin=\u00bb||5px|||\u00bb global_colors_info=\u00bb{}\u00bb]<\/p>\n<h2><span>\u00abTianguis\u00bb <\/span>Espacio de Arte y Mercado de Artesan\u00eda<\/h2>\n<p>[\/et_pb_text][et_pb_text _builder_version=\u00bb4.27.4&#8243; _module_preset=\u00bbdefault\u00bb text_font=\u00bbRoboto Flex||||||||\u00bb text_text_color=\u00bb#000000&#8243; text_font_size=\u00bb18px\u00bb text_line_height=\u00bb1.6em\u00bb text_orientation=\u00bbcenter\u00bb global_colors_info=\u00bb{}\u00bb]<\/p>\n<p><strong>El equipo de la edici\u00f3n 2025. Muy pronto iremos actualizando el equipo de la edici\u00f3n 2026.<\/strong><\/p>\n<p>[\/et_pb_text][et_pb_text _builder_version=\u00bb4.23.1&#8243; _module_preset=\u00bbdefault\u00bb text_font=\u00bbRoboto Flex||||||||\u00bb text_text_color=\u00bb#000000&#8243; text_font_size=\u00bb18px\u00bb text_line_height=\u00bb1.6em\u00bb text_orientation=\u00bbcenter\u00bb global_colors_info=\u00bb{}\u00bb]<\/p>\n<p>Apoyando la artesan\u00eda, los productos de cercan\u00eda y el comercio local, contaremos con un curioso e interesante mercadillo con productos naturales y artesanales.<\/p>\n<p>[\/et_pb_text][\/et_pb_column][\/et_pb_row][et_pb_row column_structure=\u00bb1_5,1_5,1_5,1_5,1_5&#8243; use_custom_gutter=\u00bbon\u00bb gutter_width=\u00bb2&#8243; make_equal=\u00bbon\u00bb disabled_on=\u00bboff|off|off\u00bb module_id=\u00bbfestival\u00bb _builder_version=\u00bb4.27.6&#8243; _module_preset=\u00bbdefault\u00bb width=\u00bb90%\u00bb width_tablet=\u00bb\u00bb width_phone=\u00bb95%\u00bb width_last_edited=\u00bbon|desktop\u00bb max_width=\u00bb90%\u00bb global_colors_info=\u00bb{}\u00bb][et_pb_column type=\u00bb1_5&#8243; _builder_version=\u00bb4.23.1&#8243; _module_preset=\u00bbdefault\u00bb custom_padding=\u00bb10px|10px|10px|10px|true|true\u00bb border_radii=\u00bbon|5px|5px|5px|5px\u00bb border_width_all=\u00bb1px\u00bb border_color_all=\u00bbrgba(237,155,78,0.49)\u00bb global_colors_info=\u00bb{}\u00bb][et_pb_team_member name=\u00bbSua Pluma\u00bb position=\u00bbPiezas confeccionadas con plumas naturales \u00bb image_url=\u00bbhttps:\/\/apapachofest.com\/wp-content\/uploads\/2024\/04\/SUA_364-scaled.jpg\u00bb _builder_version=\u00bb4.27.5&#8243; _module_preset=\u00bbdefault\u00bb header_font=\u00bbRebel Kids||||||||\u00bb header_text_align=\u00bbcenter\u00bb header_text_color=\u00bb#004441&#8243; header_font_size=\u00bb30px\u00bb body_font=\u00bbRoboto Flex||||||||\u00bb body_text_align=\u00bbcenter\u00bb position_font=\u00bb|800|||||||\u00bb position_text_align=\u00bbcenter\u00bb position_text_color=\u00bb#000000&#8243; position_font_size=\u00bb16px\u00bb child_filter_saturate=\u00bb132%\u00bb child_filter_brightness=\u00bb108%\u00bb header_font_size_tablet=\u00bb23px\u00bb header_font_size_phone=\u00bb32px\u00bb header_font_size_last_edited=\u00bbon|phone\u00bb position_font_size_tablet=\u00bb\u00bb position_font_size_phone=\u00bb18px\u00bb position_font_size_last_edited=\u00bbon|phone\u00bb border_radii_image=\u00bbon|5px|5px|5px|5px\u00bb global_colors_info=\u00bb{}\u00bb custom_css_member_image_last_edited=\u00bbon|desktop\u00bb custom_css_member_image_phone=\u00bbheight: auto;||    max-width: 70%;||display:block;||margin:auto;||margin-bottom: 20px;\u00bb]<\/p>\n<p>Dise\u00f1o de autora Hechas a mano en Espa\u00f1a Libres de sufrimiento animal.<\/p>\n<p><span>Miriam Robles, dise\u00f1adora madrile\u00f1a de familia gallega. <\/span><span>Fund\u00f3 la marca en 2015 de una manera org\u00e1nica. <\/span><span>Tambi\u00e9n cuenta con su propia tienda online y con sus casi 8000 <\/span><span>seguidores en redes sociales.<\/span><\/p>\n<p>[\/et_pb_team_member][\/et_pb_column][et_pb_column type=\u00bb1_5&#8243; _builder_version=\u00bb4.23.1&#8243; _module_preset=\u00bbdefault\u00bb custom_padding=\u00bb10px|10px|10px|10px|true|true\u00bb border_radii=\u00bbon|5px|5px|5px|5px\u00bb border_width_all=\u00bb1px\u00bb border_color_all=\u00bbrgba(237,155,78,0.49)\u00bb global_colors_info=\u00bb{}\u00bb][et_pb_team_member name=\u00bbTijeras Viajeras\u00bb position=\u00bbRopa con Poder\u00edo, Aventura y Libertad\u00bb image_url=\u00bbhttps:\/\/apapachofest.com\/wp-content\/uploads\/2026\/02\/tijeras-viajeras-mercado-apapacho-fest.jpg\u00bb _builder_version=\u00bb4.27.5&#8243; _module_preset=\u00bbdefault\u00bb header_font=\u00bbRebel Kids||||||||\u00bb header_text_align=\u00bbcenter\u00bb header_text_color=\u00bb#004441&#8243; header_font_size=\u00bb30px\u00bb body_font=\u00bbRoboto Flex||||||||\u00bb body_text_align=\u00bbcenter\u00bb position_font=\u00bb|800|||||||\u00bb position_text_align=\u00bbcenter\u00bb position_text_color=\u00bb#000000&#8243; position_font_size=\u00bb16px\u00bb child_filter_saturate=\u00bb110%\u00bb child_filter_brightness=\u00bb108%\u00bb header_font_size_tablet=\u00bb23px\u00bb header_font_size_phone=\u00bb32px\u00bb header_font_size_last_edited=\u00bbon|phone\u00bb position_font_size_tablet=\u00bb\u00bb position_font_size_phone=\u00bb18px\u00bb position_font_size_last_edited=\u00bbon|phone\u00bb border_radii_image=\u00bbon|5px|5px|5px|5px\u00bb global_colors_info=\u00bb{}\u00bb custom_css_member_image_last_edited=\u00bbon|desktop\u00bb custom_css_member_image_phone=\u00bbheight: auto;||    max-width: 70%;||display:block;||margin:auto;||margin-bottom: 20px;\u00bb]<\/p>\n<p>Tijeras Viajeras viste a Diosas y Dioses: <br \/>Un proyecto gestado mientras habitaba India, como una forma de reparaci\u00f3n \u00edntima y renacimiento personal.<\/p>\n<p>Tijeras Viajeras no es solo ropa:<br \/>cada prenda est\u00e1 dise\u00f1ada para vestir el cuerpo como si fuera un templo.<br \/>Talla \u00fanica, sin comparaci\u00f3n, sin etiquetas que limiten.<br \/>Dise\u00f1os propios que abrazan distintas edades y siluetas, invitando al juego, la libertad y la expresi\u00f3n.<\/p>\n<p>[\/et_pb_team_member][\/et_pb_column][et_pb_column type=\u00bb1_5&#8243; _builder_version=\u00bb4.27.6&#8243; _module_preset=\u00bbdefault\u00bb custom_padding=\u00bb10px|10px|10px|10px|true|true\u00bb border_radii=\u00bbon|5px|5px|5px|5px\u00bb border_width_all=\u00bb1px\u00bb border_color_all=\u00bbrgba(237,155,78,0.49)\u00bb global_colors_info=\u00bb{}\u00bb][et_pb_team_member name=\u00bbLunatic Hands\u00bb position=\u00bbJoyas y herramientas de poder\u00bb image_url=\u00bbhttps:\/\/apapachofest.com\/wp-content\/uploads\/2026\/03\/katara-artesana-apapacho-fest.jpg\u00bb _builder_version=\u00bb4.27.6&#8243; _module_preset=\u00bbdefault\u00bb header_font=\u00bbRebel Kids||||||||\u00bb header_text_align=\u00bbcenter\u00bb header_text_color=\u00bb#004441&#8243; header_font_size=\u00bb30px\u00bb body_font=\u00bbRoboto Flex||||||||\u00bb body_text_align=\u00bbcenter\u00bb position_font=\u00bb|800|||||||\u00bb position_text_align=\u00bbcenter\u00bb position_text_color=\u00bb#000000&#8243; position_font_size=\u00bb16px\u00bb child_filter_saturate=\u00bb110%\u00bb child_filter_brightness=\u00bb108%\u00bb header_font_size_tablet=\u00bb23px\u00bb header_font_size_phone=\u00bb32px\u00bb header_font_size_last_edited=\u00bbon|phone\u00bb position_font_size_tablet=\u00bb\u00bb position_font_size_phone=\u00bb18px\u00bb position_font_size_last_edited=\u00bbon|phone\u00bb border_radii_image=\u00bbon|5px|5px|5px|5px\u00bb global_colors_info=\u00bb{}\u00bb custom_css_member_image_last_edited=\u00bbon|desktop\u00bb custom_css_member_image_phone=\u00bbheight: auto;||    max-width: 70%;||display:block;||margin:auto;||margin-bottom: 20px;\u00bb]<\/p>\n<p>Mi nombre es Katara, y soy la creadora de Lunatic Hands, el universo creativo donde mis manos tejen desde el coraz\u00f3n joyas conscientes con Macram\u00e9, minerales y geometr\u00eda sagrada. <br \/>Cada pieza es \u00fanica e irrepetible, elaborada completamente a mano y cargada de intenci\u00f3n. M\u00e1s que joyas, son talismanes que acompa\u00f1an tus procesos personales y ayudan a anclar, activar y descodificar a nivel energ\u00e9tico.<\/p>\n<p>[\/et_pb_team_member][\/et_pb_column][et_pb_column type=\u00bb1_5&#8243; _builder_version=\u00bb4.23.1&#8243; _module_preset=\u00bbdefault\u00bb custom_padding=\u00bb10px|10px|10px|10px|true|true\u00bb border_radii=\u00bbon|5px|5px|5px|5px\u00bb border_width_all=\u00bb1px\u00bb border_color_all=\u00bbrgba(237,155,78,0.49)\u00bb global_colors_info=\u00bb{}\u00bb][et_pb_team_member name=\u00bbMirabai\u00bb position=\u00bbEsencia de India y Nepal\u00bb image_url=\u00bbhttps:\/\/apapachofest.com\/wp-content\/uploads\/2026\/03\/mirabai-artesano-mercado-apapacho-fest.jpg\u00bb _builder_version=\u00bb4.27.6&#8243; _module_preset=\u00bbdefault\u00bb header_font=\u00bbRebel Kids||||||||\u00bb header_text_align=\u00bbcenter\u00bb header_text_color=\u00bb#004441&#8243; header_font_size=\u00bb30px\u00bb body_font=\u00bbRoboto Flex||||||||\u00bb body_text_align=\u00bbcenter\u00bb position_font=\u00bb|800|||||||\u00bb position_text_align=\u00bbcenter\u00bb position_text_color=\u00bb#000000&#8243; position_font_size=\u00bb16px\u00bb child_filter_saturate=\u00bb110%\u00bb child_filter_brightness=\u00bb108%\u00bb header_font_size_tablet=\u00bb23px\u00bb header_font_size_phone=\u00bb32px\u00bb header_font_size_last_edited=\u00bbon|phone\u00bb position_font_size_tablet=\u00bb\u00bb position_font_size_phone=\u00bb18px\u00bb position_font_size_last_edited=\u00bbon|phone\u00bb border_radii_image=\u00bbon|5px|5px|5px|5px\u00bb global_colors_info=\u00bb{}\u00bb custom_css_member_image_last_edited=\u00bbon|desktop\u00bb custom_css_member_image_phone=\u00bbheight: auto;||    max-width: 70%;||display:block;||margin:auto;||margin-bottom: 20px;\u00bb]<\/p>\n<p>Mirabai trae la esencia, la luz y la tradici\u00f3n viva de India y Nepal.<br \/>Un espacio para reconectar con lo sagrado, el aroma, el mantra y el sonido. (Japa malas, aceites, cuencos y tejidos.)<\/p>\n<p>[\/et_pb_team_member][\/et_pb_column][et_pb_column type=\u00bb1_5&#8243; _builder_version=\u00bb4.23.1&#8243; _module_preset=\u00bbdefault\u00bb custom_padding=\u00bb10px|10px|10px|10px|true|true\u00bb border_radii=\u00bbon|5px|5px|5px|5px\u00bb border_width_all=\u00bb1px\u00bb border_color_all=\u00bbrgba(237,155,78,0.49)\u00bb global_colors_info=\u00bb{}\u00bb][et_pb_team_member name=\u00bbTomahats\u00bb position=\u00bbSombreros Artesanos\u00bb image_url=\u00bbhttps:\/\/apapachofest.com\/wp-content\/uploads\/2026\/03\/tomahats-artesana-apapacho-fest.jpg\u00bb _builder_version=\u00bb4.27.6&#8243; _module_preset=\u00bbdefault\u00bb header_font=\u00bbRebel Kids||||||||\u00bb header_text_align=\u00bbcenter\u00bb header_text_color=\u00bb#004441&#8243; header_font_size=\u00bb30px\u00bb body_font=\u00bbRoboto Flex||||||||\u00bb body_text_align=\u00bbcenter\u00bb position_font=\u00bb|800|||||||\u00bb position_text_align=\u00bbcenter\u00bb position_text_color=\u00bb#000000&#8243; position_font_size=\u00bb16px\u00bb child_filter_saturate=\u00bb110%\u00bb child_filter_brightness=\u00bb108%\u00bb header_font_size_tablet=\u00bb23px\u00bb header_font_size_phone=\u00bb32px\u00bb header_font_size_last_edited=\u00bbon|phone\u00bb position_font_size_tablet=\u00bb\u00bb position_font_size_phone=\u00bb18px\u00bb position_font_size_last_edited=\u00bbon|phone\u00bb border_radii_image=\u00bbon|5px|5px|5px|5px\u00bb global_colors_info=\u00bb{}\u00bb custom_css_member_image_last_edited=\u00bbon|desktop\u00bb custom_css_member_image_phone=\u00bbheight: auto;||    max-width: 70%;||display:block;||margin:auto;||margin-bottom: 20px;\u00bb]Soy Patricia Rivera creadora de Tomahats.<br \/>\nDesde peque\u00f1a siempre he tenido p\u00e1jaros en la cabeza, y quiz\u00e1 por eso eleg\u00ed el sombrero como forma de expresi\u00f3n: un objeto que habla de estilo, actitud y personalidad.<br \/>\nCreo sombreros hechos a mano en lana, rafia y paja trenzada, combinados con piedras naturales y otros elementos que los convierten en piezas \u00fanicas.<br \/>\nTomahats naci\u00f3 en Menorca, inspirada por el mar, la luz y la calma de la isla. Muy pronto mi casa y mi taller viajar\u00e1n conmigo en un autob\u00fas camperizado, desde donde tambi\u00e9n crear\u00e9 sombreros personalizados en directo en festivales.[\/et_pb_team_member][\/et_pb_column][\/et_pb_row][et_pb_row column_structure=\u00bb1_5,1_5,1_5,1_5,1_5&#8243; use_custom_gutter=\u00bbon\u00bb gutter_width=\u00bb2&#8243; make_equal=\u00bbon\u00bb disabled_on=\u00bboff|off|off\u00bb module_id=\u00bbfestival\u00bb _builder_version=\u00bb4.27.6&#8243; _module_preset=\u00bbdefault\u00bb width=\u00bb90%\u00bb width_tablet=\u00bb\u00bb width_phone=\u00bb95%\u00bb width_last_edited=\u00bbon|desktop\u00bb max_width=\u00bb90%\u00bb global_colors_info=\u00bb{}\u00bb][et_pb_column type=\u00bb1_5&#8243; _builder_version=\u00bb4.23.1&#8243; _module_preset=\u00bbdefault\u00bb custom_padding=\u00bb10px|10px|10px|10px|true|true\u00bb border_radii=\u00bbon|5px|5px|5px|5px\u00bb border_width_all=\u00bb1px\u00bb border_color_all=\u00bbrgba(237,155,78,0.49)\u00bb global_colors_info=\u00bb{}\u00bb][et_pb_team_member name=\u00bbHoja Viva\u00bb position=\u00bbArtesan\u00eda\u00bb image_url=\u00bbhttps:\/\/apapachofest.com\/wp-content\/uploads\/2026\/03\/juliana-hoja-viva-mercader-apapacho-fest.jpg\u00bb _builder_version=\u00bb4.27.6&#8243; _module_preset=\u00bbdefault\u00bb header_font=\u00bbRebel Kids||||||||\u00bb header_text_align=\u00bbcenter\u00bb header_text_color=\u00bb#004441&#8243; header_font_size=\u00bb30px\u00bb body_font=\u00bbRoboto Flex||||||||\u00bb body_text_align=\u00bbcenter\u00bb position_font=\u00bb|800|||||||\u00bb position_text_align=\u00bbcenter\u00bb position_text_color=\u00bb#000000&#8243; position_font_size=\u00bb16px\u00bb child_filter_saturate=\u00bb110%\u00bb child_filter_brightness=\u00bb108%\u00bb header_font_size_tablet=\u00bb23px\u00bb header_font_size_phone=\u00bb32px\u00bb header_font_size_last_edited=\u00bbon|phone\u00bb position_font_size_tablet=\u00bb\u00bb position_font_size_phone=\u00bb18px\u00bb position_font_size_last_edited=\u00bbon|phone\u00bb border_radii_image=\u00bbon|5px|5px|5px|5px\u00bb global_colors_info=\u00bb{}\u00bb custom_css_member_image_last_edited=\u00bbon|desktop\u00bb custom_css_member_image_phone=\u00bbheight: auto;||    max-width: 70%;||display:block;||margin:auto;||margin-bottom: 20px;\u00bb]<\/p>\n<p>Hoja Viva es un proyecto de creaci\u00f3n textil inspirado en la naturaleza. Trabajo con Ecoprint y Cianotipia, utilizando hojas y flores para crear prendas \u00fanicas de forma ecol\u00f3gica.<\/p>\n<p>Tambi\u00e9n colaboro con una ONG en Venezuela apoyando la cultura del pueblo Warao people y comparto artesan\u00edas realizadas por comunidades originarias. Junto con mi esposo tambi\u00e9n creamos didgeridoos.<\/p>\n<p>[\/et_pb_team_member][\/et_pb_column][et_pb_column type=\u00bb1_5&#8243; _builder_version=\u00bb4.23.1&#8243; _module_preset=\u00bbdefault\u00bb custom_padding=\u00bb10px|10px|10px|10px|true|true\u00bb border_radii=\u00bbon|5px|5px|5px|5px\u00bb border_width_all=\u00bb1px\u00bb border_color_all=\u00bbrgba(237,155,78,0.49)\u00bb global_colors_info=\u00bb{}\u00bb][et_pb_team_member name=\u00bbUAIA\u00bb position=\u00bbArte Ritual\u00bb image_url=\u00bbhttps:\/\/apapachofest.com\/wp-content\/uploads\/2026\/03\/UAIA-artesana-apapacho-fest.jpg\u00bb _builder_version=\u00bb4.27.6&#8243; _module_preset=\u00bbdefault\u00bb header_font=\u00bbRebel Kids||||||||\u00bb header_text_align=\u00bbcenter\u00bb header_text_color=\u00bb#004441&#8243; header_font_size=\u00bb30px\u00bb body_font=\u00bbRoboto Flex||||||||\u00bb body_text_align=\u00bbcenter\u00bb position_font=\u00bb|800|||||||\u00bb position_text_align=\u00bbcenter\u00bb position_text_color=\u00bb#000000&#8243; position_font_size=\u00bb16px\u00bb child_filter_saturate=\u00bb110%\u00bb child_filter_brightness=\u00bb108%\u00bb header_font_size_tablet=\u00bb23px\u00bb header_font_size_phone=\u00bb32px\u00bb header_font_size_last_edited=\u00bbon|phone\u00bb position_font_size_tablet=\u00bb\u00bb position_font_size_phone=\u00bb18px\u00bb position_font_size_last_edited=\u00bbon|phone\u00bb border_radii_image=\u00bbon|5px|5px|5px|5px\u00bb global_colors_info=\u00bb{}\u00bb custom_css_member_image_last_edited=\u00bbon|desktop\u00bb custom_css_member_image_phone=\u00bbheight: auto;||    max-width: 70%;||display:block;||margin:auto;||margin-bottom: 20px;\u00bb]<\/p>\n<p>Tejemos la esencia de Latinoam\u00e9rica en cada pieza. Con ra\u00edces en la cultura prehisp\u00e1nica y la naturaleza, creamos joyer\u00eda y artesan\u00edas que fusionan tradici\u00f3n y contemporaneidad. \u00danete a nuestra espiral de creatividad y conexi\u00f3n.\u00bb<\/p>\n<p>[\/et_pb_team_member][\/et_pb_column][et_pb_column type=\u00bb1_5&#8243; _builder_version=\u00bb4.27.6&#8243; _module_preset=\u00bbdefault\u00bb custom_padding=\u00bb10px|10px|10px|10px|true|true\u00bb border_radii=\u00bbon|5px|5px|5px|5px\u00bb border_width_all=\u00bb1px\u00bb border_color_all=\u00bbrgba(237,155,78,0.49)\u00bb global_colors_info=\u00bb{}\u00bb][et_pb_team_member name=\u00bbElbor del Bosque\u00bb position=\u00bbLaminas y dibujos\u00bb image_url=\u00bbhttps:\/\/apapachofest.com\/wp-content\/uploads\/2026\/03\/elbor-del-bosque-artesano-apapacho-fest.jpg\u00bb _builder_version=\u00bb4.27.6&#8243; _module_preset=\u00bbdefault\u00bb header_font=\u00bbRebel Kids||||||||\u00bb header_text_align=\u00bbcenter\u00bb header_text_color=\u00bb#004441&#8243; header_font_size=\u00bb30px\u00bb body_font=\u00bbRoboto Flex||||||||\u00bb body_text_align=\u00bbcenter\u00bb position_font=\u00bb|800|||||||\u00bb position_text_align=\u00bbcenter\u00bb position_text_color=\u00bb#000000&#8243; position_font_size=\u00bb16px\u00bb child_filter_saturate=\u00bb110%\u00bb child_filter_brightness=\u00bb108%\u00bb header_font_size_tablet=\u00bb23px\u00bb header_font_size_phone=\u00bb32px\u00bb header_font_size_last_edited=\u00bbon|phone\u00bb position_font_size_tablet=\u00bb\u00bb position_font_size_phone=\u00bb18px\u00bb position_font_size_last_edited=\u00bbon|phone\u00bb border_radii_image=\u00bbon|5px|5px|5px|5px\u00bb global_colors_info=\u00bb{}\u00bb custom_css_member_image_last_edited=\u00bbon|desktop\u00bb custom_css_member_image_phone=\u00bbheight: auto;||    max-width: 70%;||display:block;||margin:auto;||margin-bottom: 20px;\u00bb]<\/p>\n<p>Me llamo Jos\u00e9 del Castillo Jim\u00e9nez<br \/>Busco cultivar paz, inspiraci\u00f3n, esperanza y conexi\u00f3n a trav\u00e9s del arte. El bosque siempre me di\u00f3 todo eso y fue mi red en muchos momentos, por eso y mucho m\u00e1s lo he convertido en mi mayor aliado para la expresi\u00f3n art\u00edstica, con el \u00e1rbol como protagonista. Espero poder compartir este regalo y los que est\u00e9n por descubrir con todas las personas que lo necesiten \u00a1Nos vemos en Apapachofest!<\/p>\n<p>[\/et_pb_team_member][\/et_pb_column][et_pb_column type=\u00bb1_5&#8243; _builder_version=\u00bb4.23.1&#8243; _module_preset=\u00bbdefault\u00bb custom_padding=\u00bb10px|10px|10px|10px|true|true\u00bb border_radii=\u00bbon|5px|5px|5px|5px\u00bb border_width_all=\u00bb1px\u00bb border_color_all=\u00bbrgba(237,155,78,0.49)\u00bb global_colors_info=\u00bb{}\u00bb][et_pb_team_member name=\u00bbMalas Hierbas Galicia\u00bb position=\u00bbRemedios y cosm\u00e9tica 100% natural\u00bb image_url=\u00bbhttps:\/\/apapachofest.com\/wp-content\/uploads\/2026\/03\/malas-hierbas-mercado-apapacho-fest.jpg\u00bb _builder_version=\u00bb4.27.6&#8243; _module_preset=\u00bbdefault\u00bb header_font=\u00bbRebel Kids||||||||\u00bb header_text_align=\u00bbcenter\u00bb header_text_color=\u00bb#004441&#8243; header_font_size=\u00bb30px\u00bb body_font=\u00bbRoboto Flex||||||||\u00bb body_text_align=\u00bbcenter\u00bb position_font=\u00bb|800|||||||\u00bb position_text_align=\u00bbcenter\u00bb position_text_color=\u00bb#000000&#8243; position_font_size=\u00bb16px\u00bb child_filter_saturate=\u00bb110%\u00bb child_filter_brightness=\u00bb108%\u00bb header_font_size_tablet=\u00bb23px\u00bb header_font_size_phone=\u00bb32px\u00bb header_font_size_last_edited=\u00bbon|phone\u00bb position_font_size_tablet=\u00bb\u00bb position_font_size_phone=\u00bb18px\u00bb position_font_size_last_edited=\u00bbon|phone\u00bb border_radii_image=\u00bbon|5px|5px|5px|5px\u00bb global_colors_info=\u00bb{}\u00bb custom_css_member_image_last_edited=\u00bbon|desktop\u00bb custom_css_member_image_phone=\u00bbheight: auto;||    max-width: 70%;||display:block;||margin:auto;||margin-bottom: 20px;\u00bb]Elaborado todo de forma artesanal, desde el cultivo de la planta hasta el producto final.<br \/>\nDe la tierra a tu cuerpo[\/et_pb_team_member][\/et_pb_column][et_pb_column type=\u00bb1_5&#8243; _builder_version=\u00bb4.23.1&#8243; _module_preset=\u00bbdefault\u00bb custom_padding=\u00bb10px|10px|10px|10px|true|true\u00bb border_radii=\u00bbon|5px|5px|5px|5px\u00bb border_width_all=\u00bb1px\u00bb border_color_all=\u00bbrgba(237,155,78,0.49)\u00bb global_colors_info=\u00bb{}\u00bb][et_pb_team_member name=\u00bbAlquimia \u00cdcara\u00bb position=\u00bbRemedios Naturales y Cosm\u00e9tica Artesanal bio\u00bb image_url=\u00bbhttps:\/\/apapachofest.com\/wp-content\/uploads\/2026\/03\/alquimia-icara-artesana-apapacho-fest.jpg\u00bb _builder_version=\u00bb4.27.6&#8243; _module_preset=\u00bbdefault\u00bb header_font=\u00bbRebel Kids||||||||\u00bb header_text_align=\u00bbcenter\u00bb header_text_color=\u00bb#004441&#8243; header_font_size=\u00bb30px\u00bb body_font=\u00bbRoboto Flex||||||||\u00bb body_text_align=\u00bbcenter\u00bb position_font=\u00bb|800|||||||\u00bb position_text_align=\u00bbcenter\u00bb position_text_color=\u00bb#000000&#8243; position_font_size=\u00bb16px\u00bb child_filter_saturate=\u00bb110%\u00bb child_filter_brightness=\u00bb108%\u00bb header_font_size_tablet=\u00bb23px\u00bb header_font_size_phone=\u00bb32px\u00bb header_font_size_last_edited=\u00bbon|phone\u00bb position_font_size_tablet=\u00bb\u00bb position_font_size_phone=\u00bb18px\u00bb position_font_size_last_edited=\u00bbon|phone\u00bb border_radii_image=\u00bbon|5px|5px|5px|5px\u00bb global_colors_info=\u00bb{}\u00bb custom_css_member_image_last_edited=\u00bbon|desktop\u00bb custom_css_member_image_phone=\u00bbheight: auto;||    max-width: 70%;||display:block;||margin:auto;||margin-bottom: 20px;\u00bb]Preparados herbales elaborados a partir de plantas silvestres y cultivadas en la huerta medicinal, siguiendo t\u00e9cnicas ancestrales de la alquimia en su elaboraci\u00f3n en conexi\u00f3n a la esencia sutil de las aliadas del Reino Vegetal.<\/p>\n<p>Con amor a la tierra, desde el coraz\u00f3n del bosque en Andaluc\u00eda, traigo mis canastos repletos de tesoros naturales.<\/p>\n<p>\u00c0frica Nieves.[\/et_pb_team_member][\/et_pb_column][\/et_pb_row][et_pb_row _builder_version=\u00bb4.23.1&#8243; _module_preset=\u00bbdefault\u00bb global_colors_info=\u00bb{}\u00bb][et_pb_column type=\u00bb4_4&#8243; _builder_version=\u00bb4.23.1&#8243; _module_preset=\u00bbdefault\u00bb global_colors_info=\u00bb{}\u00bb][et_pb_text _builder_version=\u00bb4.23.1&#8243; _module_preset=\u00bbdefault\u00bb text_font=\u00bbRoboto|900|||||||\u00bb text_font_size=\u00bb27px\u00bb text_line_height=\u00bb1.3em\u00bb header_font=\u00bbRebel Kids||||||||\u00bb text_orientation=\u00bbcenter\u00bb global_colors_info=\u00bb{}\u00bb]<\/p>\n<p>\u00bfTe gustar\u00eda venir a pr\u00f3ximas ediciones del festival y compartir tu arte, tus productos o tu artesan\u00eda?<\/p>\n<p>[\/et_pb_text][et_pb_text _builder_version=\u00bb4.23.1&#8243; _module_preset=\u00bbdefault\u00bb text_font=\u00bbRoboto||||||||\u00bb text_font_size=\u00bb18px\u00bb text_orientation=\u00bbcenter\u00bb global_colors_info=\u00bb{}\u00bb]<\/p>\n<p><strong>Ponte en contacto con nosotros y te explicamos los detalles.<\/strong><\/p>\n<p>[\/et_pb_text][et_pb_button button_url=\u00bb#contacto\u00bb button_text=\u00bbContacta para venir como mercader :)\u00bb button_alignment=\u00bbcenter\u00bb _builder_version=\u00bb4.23.1&#8243; _module_preset=\u00bbdefault\u00bb custom_button=\u00bbon\u00bb button_text_size=\u00bb15px\u00bb button_text_color=\u00bb#FFFFFF\u00bb button_bg_color=\u00bb#ed9b4e\u00bb button_border_width=\u00bb0px\u00bb button_border_radius=\u00bb100px\u00bb button_font=\u00bbRoboto Flex|700|||||||\u00bb button_use_icon=\u00bboff\u00bb custom_margin=\u00bb25px|||||\u00bb custom_padding=\u00bb10px|25px|10px|25px|true|true\u00bb animation_style=\u00bbbounce\u00bb global_colors_info=\u00bb{}\u00bb button_bg_color__hover_enabled=\u00bbon|desktop\u00bb button_bg_color__hover=\u00bb#efa94c\u00bb][\/et_pb_button][\/et_pb_column][\/et_pb_row][et_pb_row column_structure=\u00bb1_3,1_3,1_3&#8243; use_custom_gutter=\u00bbon\u00bb gutter_width=\u00bb2&#8243; make_equal=\u00bbon\u00bb module_id=\u00bbalojamiento\u00bb _builder_version=\u00bb4.23.1&#8243; _module_preset=\u00bbdefault\u00bb width=\u00bb90%\u00bb width_tablet=\u00bb\u00bb width_phone=\u00bb95%\u00bb width_last_edited=\u00bbon|desktop\u00bb max_width=\u00bb90%\u00bb custom_margin=\u00bb62px|auto||auto||\u00bb global_colors_info=\u00bb{}\u00bb][et_pb_column type=\u00bb1_3&#8243; _builder_version=\u00bb4.23.1&#8243; _module_preset=\u00bbdefault\u00bb global_colors_info=\u00bb{}\u00bb][et_pb_image src=\u00bbhttps:\/\/apapachofest.com\/wp-content\/uploads\/2023\/12\/vicente-pallotti-karrantza-bizkaiapng.png\u00bb title_text=\u00bbDoble-Est\u00e1ndar-y-Triple-2&#8243; _builder_version=\u00bb4.23.1&#8243; _module_preset=\u00bbdefault\u00bb filter_saturate=\u00bb113%\u00bb filter_brightness=\u00bb114%\u00bb filter_contrast=\u00bb108%\u00bb border_radii=\u00bbon|25px|25px|25px|25px\u00bb global_colors_info=\u00bb{}\u00bb][\/et_pb_image][\/et_pb_column][et_pb_column type=\u00bb1_3&#8243; _builder_version=\u00bb4.23.1&#8243; _module_preset=\u00bbdefault\u00bb global_colors_info=\u00bb{}\u00bb][et_pb_image src=\u00bbhttps:\/\/apapachofest.com\/wp-content\/uploads\/2023\/12\/134430788.jpg\u00bb title_text=\u00bbDoble-Est\u00e1ndar-y-Triple-2&#8243; _builder_version=\u00bb4.23.1&#8243; _module_preset=\u00bbdefault\u00bb filter_saturate=\u00bb113%\u00bb filter_brightness=\u00bb114%\u00bb filter_contrast=\u00bb108%\u00bb border_radii=\u00bbon|25px|25px|25px|25px\u00bb global_colors_info=\u00bb{}\u00bb][\/et_pb_image][\/et_pb_column][et_pb_column type=\u00bb1_3&#8243; _builder_version=\u00bb4.23.1&#8243; _module_preset=\u00bbdefault\u00bb global_colors_info=\u00bb{}\u00bb][et_pb_image src=\u00bbhttps:\/\/apapachofest.com\/wp-content\/uploads\/2023\/12\/77272039.jpg\u00bb title_text=\u00bbDoble-Est\u00e1ndar-y-Triple-2&#8243; _builder_version=\u00bb4.23.1&#8243; _module_preset=\u00bbdefault\u00bb filter_saturate=\u00bb113%\u00bb filter_brightness=\u00bb114%\u00bb filter_contrast=\u00bb108%\u00bb border_radii=\u00bbon|25px|25px|25px|25px\u00bb global_colors_info=\u00bb{}\u00bb][\/et_pb_image][\/et_pb_column][\/et_pb_row][et_pb_row column_structure=\u00bb1_3,1_3,1_3&#8243; use_custom_gutter=\u00bbon\u00bb gutter_width=\u00bb2&#8243; make_equal=\u00bbon\u00bb module_id=\u00bbalojamiento\u00bb _builder_version=\u00bb4.23.1&#8243; _module_preset=\u00bbdefault\u00bb width=\u00bb90%\u00bb width_tablet=\u00bb\u00bb width_phone=\u00bb95%\u00bb width_last_edited=\u00bbon|desktop\u00bb max_width=\u00bb90%\u00bb custom_margin=\u00bb-10px|auto||auto||\u00bb global_colors_info=\u00bb{}\u00bb][et_pb_column type=\u00bb1_3&#8243; _builder_version=\u00bb4.23.1&#8243; _module_preset=\u00bbdefault\u00bb global_colors_info=\u00bb{}\u00bb][et_pb_image src=\u00bbhttps:\/\/apapachofest.com\/wp-content\/uploads\/2026\/01\/Lugar-Apapacho-Fest-1.jpg\u00bb title_text=\u00bbLugar-Apapacho-Fest-1&#8243; _builder_version=\u00bb4.27.5&#8243; _module_preset=\u00bbdefault\u00bb filter_saturate=\u00bb113%\u00bb filter_brightness=\u00bb114%\u00bb filter_contrast=\u00bb108%\u00bb border_radii=\u00bbon|25px|25px|25px|25px\u00bb global_colors_info=\u00bb{}\u00bb][\/et_pb_image][\/et_pb_column][et_pb_column type=\u00bb1_3&#8243; _builder_version=\u00bb4.23.1&#8243; _module_preset=\u00bbdefault\u00bb global_colors_info=\u00bb{}\u00bb][et_pb_image src=\u00bbhttps:\/\/apapachofest.com\/wp-content\/uploads\/2026\/01\/Lugar-Apapacho-Fest-3.jpg\u00bb title_text=\u00bbLugar-Apapacho-Fest-3&#8243; _builder_version=\u00bb4.27.5&#8243; _module_preset=\u00bbdefault\u00bb filter_saturate=\u00bb113%\u00bb filter_brightness=\u00bb114%\u00bb filter_contrast=\u00bb108%\u00bb border_radii=\u00bbon|25px|25px|25px|25px\u00bb global_colors_info=\u00bb{}\u00bb][\/et_pb_image][\/et_pb_column][et_pb_column type=\u00bb1_3&#8243; _builder_version=\u00bb4.23.1&#8243; _module_preset=\u00bbdefault\u00bb global_colors_info=\u00bb{}\u00bb][et_pb_image src=\u00bbhttps:\/\/apapachofest.com\/wp-content\/uploads\/2026\/01\/Lugar-Apapacho-Fest-2.jpg\u00bb title_text=\u00bbLugar-Apapacho-Fest-2&#8243; _builder_version=\u00bb4.27.5&#8243; _module_preset=\u00bbdefault\u00bb filter_saturate=\u00bb113%\u00bb filter_brightness=\u00bb114%\u00bb filter_contrast=\u00bb108%\u00bb border_radii=\u00bbon|25px|25px|25px|25px\u00bb global_colors_info=\u00bb{}\u00bb][\/et_pb_image][\/et_pb_column][\/et_pb_row][et_pb_row module_id=\u00bbfestival\u00bb _builder_version=\u00bb4.23.1&#8243; _module_preset=\u00bbdefault\u00bb width_tablet=\u00bb\u00bb width_phone=\u00bb95%\u00bb width_last_edited=\u00bbon|phone\u00bb global_colors_info=\u00bb{}\u00bb][et_pb_column type=\u00bb4_4&#8243; _builder_version=\u00bb4.23.1&#8243; _module_preset=\u00bbdefault\u00bb global_colors_info=\u00bb{}\u00bb][et_pb_text _builder_version=\u00bb4.23.1&#8243; _module_preset=\u00bbdefault\u00bb header_font=\u00bb|||on|||||\u00bb header_2_font=\u00bbRebel Kids|||on|||||\u00bb header_2_text_align=\u00bbcenter\u00bb header_2_font_size=\u00bb49px\u00bb custom_margin=\u00bb||5px|||\u00bb global_colors_info=\u00bb{}\u00bb]<\/p>\n<h2>El Valle verde de Karrantza \u00abHotel balneario casa pallotti\u00bb<\/h2>\n<p>[\/et_pb_text][et_pb_text _builder_version=\u00bb4.23.1&#8243; _module_preset=\u00bbdefault\u00bb text_font=\u00bbRoboto Flex||||||||\u00bb text_text_color=\u00bb#000000&#8243; text_font_size=\u00bb18px\u00bb text_line_height=\u00bb1.6em\u00bb text_orientation=\u00bbcenter\u00bb global_colors_info=\u00bb{}\u00bb]<\/p>\n<p><strong>Ven a disfrutar del clima c\u00e1lido y la exuberante naturaleza del Valle Verde de Karranza en verano.<\/strong><\/p>\n<p>Despu\u00e9s de 7 eventos celebrados all\u00ed y con cientos de participantes, te podemos asegurar que es el espacio ideal para el festival; combinando las comodidades del hotel y el restaurante y al mismo tiempo, disfrutando del r\u00edo, la pradera, la zona de camping, el bosque y el precioso entorno rural que lo rodea.<\/p>\n<p>La finca entera y todas sus instalaciones estar\u00e1n en exclusivo para nosotros. Incluido el balneario y su piscina de donde brotan <strong>aguas medicinales de manantial a 32\u00ba de temperatura.<\/strong><\/p>\n<p>Descansar en el silencio y la energ\u00eda del valle y despertar con el canto de los p\u00e1jaros cada ma\u00f1ana durante 7 d\u00edas. Ducharte y beber agua de manantial. Disfrutar del men\u00fa natural y sano tradicional o vegetariano. Dejarte cuidar, atender y mimar&#8230;<\/p>\n<p><strong>\u00bfTe imaginas?<\/strong><\/p>\n<p>[\/et_pb_text][\/et_pb_column][\/et_pb_row][et_pb_row module_id=\u00bbfestival\u00bb _builder_version=\u00bb4.23.1&#8243; _module_preset=\u00bbdefault\u00bb width_tablet=\u00bb\u00bb width_phone=\u00bb95%\u00bb width_last_edited=\u00bbon|phone\u00bb global_colors_info=\u00bb{}\u00bb][et_pb_column type=\u00bb4_4&#8243; _builder_version=\u00bb4.23.1&#8243; _module_preset=\u00bbdefault\u00bb global_colors_info=\u00bb{}\u00bb][et_pb_text _builder_version=\u00bb4.23.1&#8243; _module_preset=\u00bbdefault\u00bb header_font=\u00bb|||on|||||\u00bb header_2_font=\u00bbRebel Kids|||on|||||\u00bb header_2_text_align=\u00bbcenter\u00bb header_2_font_size=\u00bb49px\u00bb custom_margin=\u00bb||5px|||\u00bb global_colors_info=\u00bb{}\u00bb]<\/p>\n<h2>3 opciones de alojamiento<\/h2>\n<p>[\/et_pb_text][\/et_pb_column][\/et_pb_row][et_pb_row column_structure=\u00bb1_3,1_3,1_3&#8243; _builder_version=\u00bb4.23.1&#8243; _module_preset=\u00bbdefault\u00bb global_colors_info=\u00bb{}\u00bb][et_pb_column type=\u00bb1_3&#8243; _builder_version=\u00bb4.23.1&#8243; _module_preset=\u00bbdefault\u00bb global_colors_info=\u00bb{}\u00bb][et_pb_image src=\u00bbhttps:\/\/apapachofest.com\/wp-content\/uploads\/2024\/03\/Doble-Estandar-y-Triple-2.cudr_.jpg\u00bb title_text=\u00bbDoble-Estandar-y-Triple-2.cudr\u00bb align=\u00bbcenter\u00bb _builder_version=\u00bb4.23.1&#8243; _module_preset=\u00bbdefault\u00bb width=\u00bb29%\u00bb width_tablet=\u00bb29%\u00bb width_phone=\u00bb40%\u00bb width_last_edited=\u00bbon|phone\u00bb filter_saturate=\u00bb120%\u00bb filter_brightness=\u00bb114%\u00bb border_radii=\u00bbon|1000px|1000px|1000px|1000px\u00bb global_colors_info=\u00bb{}\u00bb][\/et_pb_image][et_pb_text _builder_version=\u00bb4.23.1&#8243; _module_preset=\u00bbdefault\u00bb text_font=\u00bbRebel Kids||||||||\u00bb text_font_size=\u00bb26px\u00bb text_orientation=\u00bbcenter\u00bb custom_margin=\u00bb||11px|||\u00bb global_colors_info=\u00bb{}\u00bb]<\/p>\n<p>La c\u00f3moda (Hotel)<\/p>\n<p>[\/et_pb_text][et_pb_text _builder_version=\u00bb4.27.4&#8243; _module_preset=\u00bbdefault\u00bb text_font=\u00bbRoboto Flex||||||||\u00bb text_font_size=\u00bb16px\u00bb text_orientation=\u00bbcenter\u00bb global_colors_info=\u00bb{}\u00bb]<\/p>\n<p>Habitaciones individuales, doble y triples con ba\u00f1o propio. Contar\u00e1s con servicio de habitaciones diario y la comodidad de alojarte en el hotel.<\/p>\n<p>[\/et_pb_text][\/et_pb_column][et_pb_column type=\u00bb1_3&#8243; _builder_version=\u00bb4.23.1&#8243; _module_preset=\u00bbdefault\u00bb global_colors_info=\u00bb{}\u00bb][et_pb_image src=\u00bbhttps:\/\/apapachofest.com\/wp-content\/uploads\/2024\/03\/glamping-apapachofest.cuadr_.jpg\u00bb title_text=\u00bbglamping-apapachofest.cuadr\u00bb align=\u00bbcenter\u00bb _builder_version=\u00bb4.23.1&#8243; _module_preset=\u00bbdefault\u00bb width=\u00bb29%\u00bb width_tablet=\u00bb29%\u00bb width_phone=\u00bb40%\u00bb width_last_edited=\u00bbon|phone\u00bb filter_saturate=\u00bb120%\u00bb filter_brightness=\u00bb114%\u00bb border_radii=\u00bbon|1000px|1000px|1000px|1000px\u00bb global_colors_info=\u00bb{}\u00bb][\/et_pb_image][et_pb_text _builder_version=\u00bb4.23.1&#8243; _module_preset=\u00bbdefault\u00bb text_font=\u00bbRebel Kids||||||||\u00bb text_font_size=\u00bb26px\u00bb text_orientation=\u00bbcenter\u00bb custom_margin=\u00bb||11px|||\u00bb global_colors_info=\u00bb{}\u00bb]<\/p>\n<p>La rom\u00e1ntica (Glamping)<\/p>\n<p>[\/et_pb_text][et_pb_text _builder_version=\u00bb4.23.1&#8243; _module_preset=\u00bbdefault\u00bb text_font=\u00bbRoboto Flex||||||||\u00bb text_font_size=\u00bb16px\u00bb text_orientation=\u00bbcenter\u00bb global_colors_info=\u00bb{}\u00bb]<\/p>\n<p>El Glamping es la opci\u00f3n para los que prefieren dormir m\u00e1s en contacto con la naturaleza sin perder la comodidad a un precio m\u00e1s econ\u00f3mico que el hotel. Los ba\u00f1os en la zona de glamping son compartidos.<\/p>\n<p>[\/et_pb_text][\/et_pb_column][et_pb_column type=\u00bb1_3&#8243; _builder_version=\u00bb4.23.1&#8243; _module_preset=\u00bbdefault\u00bb global_colors_info=\u00bb{}\u00bb][et_pb_image src=\u00bbhttps:\/\/apapachofest.com\/wp-content\/uploads\/2024\/03\/camping-apapachofest.cuadr_.jpg\u00bb title_text=\u00bbcamping-apapachofest.cuadr\u00bb align=\u00bbcenter\u00bb _builder_version=\u00bb4.23.1&#8243; _module_preset=\u00bbdefault\u00bb width=\u00bb29%\u00bb width_tablet=\u00bb29%\u00bb width_phone=\u00bb40%\u00bb width_last_edited=\u00bbon|phone\u00bb filter_saturate=\u00bb120%\u00bb filter_brightness=\u00bb114%\u00bb border_radii=\u00bbon|1000px|1000px|1000px|1000px\u00bb global_colors_info=\u00bb{}\u00bb][\/et_pb_image][et_pb_text _builder_version=\u00bb4.23.1&#8243; _module_preset=\u00bbdefault\u00bb text_font=\u00bbRebel Kids||||||||\u00bb text_font_size=\u00bb26px\u00bb text_orientation=\u00bbcenter\u00bb custom_margin=\u00bb||11px|||\u00bb global_colors_info=\u00bb{}\u00bb]<\/p>\n<p>La sencilla (Camping)<\/p>\n<p>[\/et_pb_text][et_pb_text _builder_version=\u00bb4.23.1&#8243; _module_preset=\u00bbdefault\u00bb text_font=\u00bbRoboto Flex||||||||\u00bb text_font_size=\u00bb16px\u00bb text_orientation=\u00bbcenter\u00bb global_colors_info=\u00bb{}\u00bb]<\/p>\n<p>Esta es la opci\u00f3n m\u00e1s econ\u00f3mica para los m\u00e1s aventureros y que eligen practicidad, contacto con la naturaleza. Los ba\u00f1os en la zona de camping son compartidos. Puedes venir con tienda o furgo.<\/p>\n<p>[\/et_pb_text][\/et_pb_column][\/et_pb_row][et_pb_row module_id=\u00bbfestival\u00bb _builder_version=\u00bb4.23.1&#8243; _module_preset=\u00bbdefault\u00bb width_tablet=\u00bb\u00bb width_phone=\u00bb95%\u00bb width_last_edited=\u00bbon|phone\u00bb global_colors_info=\u00bb{}\u00bb][et_pb_column type=\u00bb4_4&#8243; _builder_version=\u00bb4.23.1&#8243; _module_preset=\u00bbdefault\u00bb global_colors_info=\u00bb{}\u00bb][et_pb_text _builder_version=\u00bb4.23.1&#8243; _module_preset=\u00bbdefault\u00bb header_font=\u00bb|||on|||||\u00bb header_2_font=\u00bbRebel Kids|||on|||||\u00bb header_2_text_align=\u00bbcenter\u00bb header_2_font_size=\u00bb49px\u00bb custom_margin=\u00bb||5px|||\u00bb global_colors_info=\u00bb{}\u00bb]<\/p>\n<h2>2 opciones de men\u00fa<\/h2>\n<p>[\/et_pb_text][\/et_pb_column][\/et_pb_row][et_pb_row column_structure=\u00bb1_2,1_2&#8243; _builder_version=\u00bb4.23.1&#8243; _module_preset=\u00bbdefault\u00bb custom_padding=\u00bb||53px|||\u00bb global_colors_info=\u00bb{}\u00bb][et_pb_column type=\u00bb1_2&#8243; _builder_version=\u00bb4.23.1&#8243; _module_preset=\u00bbdefault\u00bb global_colors_info=\u00bb{}\u00bb][et_pb_image src=\u00bbhttps:\/\/apapachofest.com\/wp-content\/uploads\/2024\/03\/menu-tradicional-apapachofest.jpg\u00bb title_text=\u00bbmenu-tradicional-apapachofest\u00bb align=\u00bbcenter\u00bb _builder_version=\u00bb4.23.1&#8243; _module_preset=\u00bbdefault\u00bb width=\u00bb29%\u00bb width_tablet=\u00bb29%\u00bb width_phone=\u00bb40%\u00bb width_last_edited=\u00bbon|phone\u00bb filter_saturate=\u00bb120%\u00bb filter_brightness=\u00bb114%\u00bb border_radii=\u00bbon|1000px|1000px|1000px|1000px\u00bb global_colors_info=\u00bb{}\u00bb][\/et_pb_image][et_pb_text _builder_version=\u00bb4.23.1&#8243; _module_preset=\u00bbdefault\u00bb text_font=\u00bbRebel Kids||||||||\u00bb text_font_size=\u00bb26px\u00bb text_orientation=\u00bbcenter\u00bb custom_margin=\u00bb||11px|||\u00bb global_colors_info=\u00bb{}\u00bb]<\/p>\n<p>Tradicional<\/p>\n<p>[\/et_pb_text][et_pb_text _builder_version=\u00bb4.23.1&#8243; _module_preset=\u00bbdefault\u00bb text_font=\u00bbRoboto Flex||||||||\u00bb text_font_size=\u00bb16px\u00bb text_orientation=\u00bbcenter\u00bb global_colors_info=\u00bb{}\u00bb]<\/p>\n<p>Disfruta de la especialidad del restaurante. Comida tradicional, sana y natural preparada con amor en un men\u00fa especialmente dise\u00f1ado para el festival.<\/p>\n<p>[\/et_pb_text][\/et_pb_column][et_pb_column type=\u00bb1_2&#8243; _builder_version=\u00bb4.23.1&#8243; _module_preset=\u00bbdefault\u00bb global_colors_info=\u00bb{}\u00bb][et_pb_image src=\u00bbhttps:\/\/apapachofest.com\/wp-content\/uploads\/2024\/03\/menu-vegetariano-apapachofest.jpg\u00bb title_text=\u00bbmenu-vegetariano-apapachofest\u00bb align=\u00bbcenter\u00bb _builder_version=\u00bb4.23.1&#8243; _module_preset=\u00bbdefault\u00bb width=\u00bb29%\u00bb width_tablet=\u00bb29%\u00bb width_phone=\u00bb40%\u00bb width_last_edited=\u00bbon|phone\u00bb filter_saturate=\u00bb120%\u00bb filter_brightness=\u00bb114%\u00bb border_radii=\u00bbon|1000px|1000px|1000px|1000px\u00bb global_colors_info=\u00bb{}\u00bb][\/et_pb_image][et_pb_text _builder_version=\u00bb4.23.1&#8243; _module_preset=\u00bbdefault\u00bb text_font=\u00bbRebel Kids||||||||\u00bb text_font_size=\u00bb26px\u00bb text_orientation=\u00bbcenter\u00bb custom_margin=\u00bb||11px|||\u00bb global_colors_info=\u00bb{}\u00bb]<\/p>\n<p>Vegetariano<\/p>\n<p>[\/et_pb_text][et_pb_text _builder_version=\u00bb4.23.1&#8243; _module_preset=\u00bbdefault\u00bb text_font=\u00bbRoboto Flex||||||||\u00bb text_font_size=\u00bb16px\u00bb text_orientation=\u00bbcenter\u00bb global_colors_info=\u00bb{}\u00bb]<\/p>\n<p>Elige disfrutar estos d\u00edas de una alimentaci\u00f3n ovo-lacteo-vegetariana preparada con cari\u00f1o. (opci\u00f3n de men\u00fa vegano)<\/p>\n<p>[\/et_pb_text][\/et_pb_column][\/et_pb_row][et_pb_row module_id=\u00bbtestimonios\u00bb _builder_version=\u00bb4.27.6&#8243; _module_preset=\u00bbdefault\u00bb background_color=\u00bb#ea8c4d\u00bb width_tablet=\u00bb\u00bb width_phone=\u00bb95%\u00bb width_last_edited=\u00bbon|phone\u00bb custom_padding=\u00bb|20px||20px|false|true\u00bb global_colors_info=\u00bb{}\u00bb][et_pb_column type=\u00bb4_4&#8243; _builder_version=\u00bb4.23.1&#8243; _module_preset=\u00bbdefault\u00bb global_colors_info=\u00bb{}\u00bb][et_pb_text _builder_version=\u00bb4.27.6&#8243; _module_preset=\u00bbdefault\u00bb header_font=\u00bb|||on|||||\u00bb header_2_font=\u00bbRebel Kids|||on|||||\u00bb header_2_text_align=\u00bbcenter\u00bb header_2_text_color=\u00bb#FFFFFF\u00bb header_2_font_size=\u00bb49px\u00bb custom_margin=\u00bb||5px|||\u00bb header_2_text_shadow_style=\u00bbpreset5&#8243; header_2_text_shadow_horizontal_length=\u00bb0.01em\u00bb header_2_text_shadow_vertical_length=\u00bb0.01em\u00bb header_2_text_shadow_color=\u00bb#000000&#8243; global_colors_info=\u00bb{}\u00bb]<\/p>\n<h2>ESTO ES LO QUE CUENTAN LAS PERSONAS QUE YA FORMAN PARTE DE LA TRIBU APAPACHO<\/h2>\n<p>[\/et_pb_text][\/et_pb_column][\/et_pb_row][et_pb_row column_structure=\u00bb1_2,1_2&#8243; module_id=\u00bbfestival\u00bb _builder_version=\u00bb4.27.6&#8243; _module_preset=\u00bbdefault\u00bb width_tablet=\u00bb\u00bb width_phone=\u00bb95%\u00bb width_last_edited=\u00bbon|phone\u00bb locked=\u00bboff\u00bb global_colors_info=\u00bb{}\u00bb][et_pb_column type=\u00bb1_2&#8243; _builder_version=\u00bb4.23.1&#8243; _module_preset=\u00bbdefault\u00bb global_colors_info=\u00bb{}\u00bb][et_pb_video src=\u00bbhttps:\/\/vimeo.com\/1176870504?fl=tl&#038;fe=ec\u00bb _builder_version=\u00bb4.27.6&#8243; _module_preset=\u00bbdefault\u00bb global_colors_info=\u00bb{}\u00bb][\/et_pb_video][\/et_pb_column][et_pb_column type=\u00bb1_2&#8243; _builder_version=\u00bb4.23.1&#8243; _module_preset=\u00bbdefault\u00bb global_colors_info=\u00bb{}\u00bb][et_pb_video src=\u00bbhttps:\/\/vimeo.com\/1176875493?fl=tl&#038;fe=ec\u00bb _builder_version=\u00bb4.27.6&#8243; _module_preset=\u00bbdefault\u00bb global_colors_info=\u00bb{}\u00bb][\/et_pb_video][\/et_pb_column][\/et_pb_row][et_pb_row column_structure=\u00bb1_2,1_2&#8243; module_id=\u00bbfestival\u00bb _builder_version=\u00bb4.27.6&#8243; _module_preset=\u00bbdefault\u00bb width_tablet=\u00bb\u00bb width_phone=\u00bb95%\u00bb width_last_edited=\u00bbon|phone\u00bb locked=\u00bboff\u00bb global_colors_info=\u00bb{}\u00bb][et_pb_column type=\u00bb1_2&#8243; _builder_version=\u00bb4.23.1&#8243; _module_preset=\u00bbdefault\u00bb global_colors_info=\u00bb{}\u00bb][et_pb_video src=\u00bbhttps:\/\/vimeo.com\/1176873026?fl=tl&#038;fe=ec\u00bb _builder_version=\u00bb4.27.6&#8243; _module_preset=\u00bbdefault\u00bb global_colors_info=\u00bb{}\u00bb][\/et_pb_video][\/et_pb_column][et_pb_column type=\u00bb1_2&#8243; _builder_version=\u00bb4.23.1&#8243; _module_preset=\u00bbdefault\u00bb global_colors_info=\u00bb{}\u00bb][et_pb_video src=\u00bbhttps:\/\/vimeo.com\/1176870364?fl=tl&#038;fe=ec\u00bb _builder_version=\u00bb4.27.6&#8243; _module_preset=\u00bbdefault\u00bb global_colors_info=\u00bb{}\u00bb][\/et_pb_video][\/et_pb_column][\/et_pb_row][et_pb_row column_structure=\u00bb1_2,1_2&#8243; module_id=\u00bbfestival\u00bb _builder_version=\u00bb4.27.6&#8243; _module_preset=\u00bbdefault\u00bb width_tablet=\u00bb\u00bb width_phone=\u00bb95%\u00bb width_last_edited=\u00bbon|phone\u00bb locked=\u00bboff\u00bb global_colors_info=\u00bb{}\u00bb][et_pb_column type=\u00bb1_2&#8243; _builder_version=\u00bb4.23.1&#8243; _module_preset=\u00bbdefault\u00bb global_colors_info=\u00bb{}\u00bb][et_pb_video src=\u00bbhttps:\/\/vimeo.com\/1176870415?fl=tl&#038;fe=ec\u00bb _builder_version=\u00bb4.27.6&#8243; _module_preset=\u00bbdefault\u00bb global_colors_info=\u00bb{}\u00bb][\/et_pb_video][\/et_pb_column][et_pb_column type=\u00bb1_2&#8243; _builder_version=\u00bb4.23.1&#8243; _module_preset=\u00bbdefault\u00bb global_colors_info=\u00bb{}\u00bb][et_pb_video src=\u00bbhttps:\/\/vimeo.com\/1175479608?fl=tl&#038;fe=ec\u00bb _builder_version=\u00bb4.27.6&#8243; _module_preset=\u00bbdefault\u00bb global_colors_info=\u00bb{}\u00bb][\/et_pb_video][\/et_pb_column][\/et_pb_row][et_pb_row column_structure=\u00bb1_2,1_2&#8243; module_id=\u00bbfestival\u00bb _builder_version=\u00bb4.27.6&#8243; _module_preset=\u00bbdefault\u00bb width_tablet=\u00bb\u00bb width_phone=\u00bb95%\u00bb width_last_edited=\u00bbon|phone\u00bb locked=\u00bboff\u00bb global_colors_info=\u00bb{}\u00bb][et_pb_column type=\u00bb1_2&#8243; _builder_version=\u00bb4.23.1&#8243; _module_preset=\u00bbdefault\u00bb global_colors_info=\u00bb{}\u00bb][et_pb_video src=\u00bbhttps:\/\/vimeo.com\/1176896789?fl=tl&#038;fe=ec\u00bb _builder_version=\u00bb4.27.6&#8243; _module_preset=\u00bbdefault\u00bb global_colors_info=\u00bb{}\u00bb][\/et_pb_video][\/et_pb_column][et_pb_column type=\u00bb1_2&#8243; _builder_version=\u00bb4.23.1&#8243; _module_preset=\u00bbdefault\u00bb global_colors_info=\u00bb{}\u00bb][et_pb_video src=\u00bbhttps:\/\/vimeo.com\/1176896502?fl=tl&#038;fe=ec\u00bb _builder_version=\u00bb4.27.6&#8243; _module_preset=\u00bbdefault\u00bb global_colors_info=\u00bb{}\u00bb][\/et_pb_video][\/et_pb_column][\/et_pb_row][et_pb_row column_structure=\u00bb1_2,1_2&#8243; module_id=\u00bbfestival\u00bb _builder_version=\u00bb4.27.6&#8243; _module_preset=\u00bbdefault\u00bb width_tablet=\u00bb\u00bb width_phone=\u00bb95%\u00bb width_last_edited=\u00bbon|phone\u00bb locked=\u00bboff\u00bb global_colors_info=\u00bb{}\u00bb][et_pb_column type=\u00bb1_2&#8243; _builder_version=\u00bb4.23.1&#8243; _module_preset=\u00bbdefault\u00bb global_colors_info=\u00bb{}\u00bb][et_pb_video src=\u00bbhttps:\/\/vimeo.com\/1176896603?fl=tl&#038;fe=ec\u00bb _builder_version=\u00bb4.27.6&#8243; _module_preset=\u00bbdefault\u00bb global_colors_info=\u00bb{}\u00bb][\/et_pb_video][\/et_pb_column][et_pb_column type=\u00bb1_2&#8243; _builder_version=\u00bb4.23.1&#8243; _module_preset=\u00bbdefault\u00bb global_colors_info=\u00bb{}\u00bb][et_pb_video src=\u00bbhttps:\/\/vimeo.com\/1176896681?fl=tl&#038;fe=ec\u00bb _builder_version=\u00bb4.27.6&#8243; _module_preset=\u00bbdefault\u00bb global_colors_info=\u00bb{}\u00bb][\/et_pb_video][\/et_pb_column][\/et_pb_row][et_pb_row column_structure=\u00bb1_2,1_2&#8243; module_id=\u00bbfestival\u00bb _builder_version=\u00bb4.27.6&#8243; _module_preset=\u00bbdefault\u00bb width_tablet=\u00bb\u00bb width_phone=\u00bb95%\u00bb width_last_edited=\u00bbon|phone\u00bb locked=\u00bboff\u00bb global_colors_info=\u00bb{}\u00bb][et_pb_column type=\u00bb1_2&#8243; _builder_version=\u00bb4.23.1&#8243; _module_preset=\u00bbdefault\u00bb global_colors_info=\u00bb{}\u00bb][et_pb_video src=\u00bbhttps:\/\/vimeo.com\/1176896549?fl=tl&#038;fe=ec\u00bb _builder_version=\u00bb4.27.6&#8243; _module_preset=\u00bbdefault\u00bb global_colors_info=\u00bb{}\u00bb][\/et_pb_video][\/et_pb_column][et_pb_column type=\u00bb1_2&#8243; _builder_version=\u00bb4.23.1&#8243; _module_preset=\u00bbdefault\u00bb global_colors_info=\u00bb{}\u00bb][et_pb_video src=\u00bbhttps:\/\/vimeo.com\/1176896645?fl=tl&#038;fe=ec\u00bb _builder_version=\u00bb4.27.6&#8243; _module_preset=\u00bbdefault\u00bb global_colors_info=\u00bb{}\u00bb][\/et_pb_video][\/et_pb_column][\/et_pb_row][et_pb_row column_structure=\u00bb1_2,1_2&#8243; module_id=\u00bbfestival\u00bb _builder_version=\u00bb4.27.6&#8243; _module_preset=\u00bbdefault\u00bb width_tablet=\u00bb\u00bb width_phone=\u00bb95%\u00bb width_last_edited=\u00bbon|phone\u00bb locked=\u00bboff\u00bb global_colors_info=\u00bb{}\u00bb][et_pb_column type=\u00bb1_2&#8243; _builder_version=\u00bb4.23.1&#8243; _module_preset=\u00bbdefault\u00bb global_colors_info=\u00bb{}\u00bb][et_pb_video src=\u00bbhttps:\/\/vimeo.com\/1175479429?fl=tl&#038;fe=ec\u00bb _builder_version=\u00bb4.27.6&#8243; _module_preset=\u00bbdefault\u00bb global_colors_info=\u00bb{}\u00bb][\/et_pb_video][\/et_pb_column][et_pb_column type=\u00bb1_2&#8243; _builder_version=\u00bb4.23.1&#8243; _module_preset=\u00bbdefault\u00bb global_colors_info=\u00bb{}\u00bb][et_pb_video src=\u00bbhttps:\/\/vimeo.com\/1175479499?fl=tl&#038;fe=ec\u00bb _builder_version=\u00bb4.27.6&#8243; _module_preset=\u00bbdefault\u00bb global_colors_info=\u00bb{}\u00bb][\/et_pb_video][\/et_pb_column][\/et_pb_row][et_pb_row column_structure=\u00bb1_2,1_2&#8243; module_id=\u00bbfestival\u00bb _builder_version=\u00bb4.27.6&#8243; _module_preset=\u00bbdefault\u00bb width_tablet=\u00bb\u00bb width_phone=\u00bb95%\u00bb width_last_edited=\u00bbon|phone\u00bb locked=\u00bboff\u00bb global_colors_info=\u00bb{}\u00bb][et_pb_column type=\u00bb1_2&#8243; _builder_version=\u00bb4.23.1&#8243; _module_preset=\u00bbdefault\u00bb global_colors_info=\u00bb{}\u00bb][et_pb_video src=\u00bbhttps:\/\/vimeo.com\/1175479536?fl=tl&#038;fe=ec\u00bb _builder_version=\u00bb4.27.6&#8243; _module_preset=\u00bbdefault\u00bb global_colors_info=\u00bb{}\u00bb][\/et_pb_video][\/et_pb_column][et_pb_column type=\u00bb1_2&#8243; _builder_version=\u00bb4.23.1&#8243; _module_preset=\u00bbdefault\u00bb global_colors_info=\u00bb{}\u00bb][et_pb_video src=\u00bbhttps:\/\/vimeo.com\/1175479463?fl=tl&#038;fe=ec\u00bb _builder_version=\u00bb4.27.6&#8243; _module_preset=\u00bbdefault\u00bb global_colors_info=\u00bb{}\u00bb][\/et_pb_video][\/et_pb_column][\/et_pb_row][et_pb_row column_structure=\u00bb1_2,1_2&#8243; module_id=\u00bbfestival\u00bb _builder_version=\u00bb4.27.6&#8243; _module_preset=\u00bbdefault\u00bb width_tablet=\u00bb\u00bb width_phone=\u00bb95%\u00bb width_last_edited=\u00bbon|phone\u00bb locked=\u00bboff\u00bb global_colors_info=\u00bb{}\u00bb][et_pb_column type=\u00bb1_2&#8243; _builder_version=\u00bb4.23.1&#8243; _module_preset=\u00bbdefault\u00bb global_colors_info=\u00bb{}\u00bb][et_pb_video src=\u00bbhttps:\/\/vimeo.com\/1175479577?fl=tl&#038;fe=ec\u00bb _builder_version=\u00bb4.27.6&#8243; _module_preset=\u00bbdefault\u00bb global_colors_info=\u00bb{}\u00bb][\/et_pb_video][\/et_pb_column][et_pb_column type=\u00bb1_2&#8243; _builder_version=\u00bb4.23.1&#8243; _module_preset=\u00bbdefault\u00bb global_colors_info=\u00bb{}\u00bb][et_pb_video src=\u00bbhttps:\/\/vimeo.com\/1175479638?fl=tl&#038;fe=ec\u00bb _builder_version=\u00bb4.27.6&#8243; _module_preset=\u00bbdefault\u00bb global_colors_info=\u00bb{}\u00bb][\/et_pb_video][\/et_pb_column][\/et_pb_row][et_pb_row column_structure=\u00bb1_2,1_2&#8243; module_id=\u00bbfestival\u00bb _builder_version=\u00bb4.27.6&#8243; _module_preset=\u00bbdefault\u00bb width_tablet=\u00bb\u00bb width_phone=\u00bb95%\u00bb width_last_edited=\u00bbon|phone\u00bb locked=\u00bboff\u00bb global_colors_info=\u00bb{}\u00bb][et_pb_column type=\u00bb1_2&#8243; _builder_version=\u00bb4.23.1&#8243; _module_preset=\u00bbdefault\u00bb global_colors_info=\u00bb{}\u00bb][et_pb_video src=\u00bbhttps:\/\/vimeo.com\/1175479669?fl=tl&#038;fe=ec\u00bb _builder_version=\u00bb4.27.6&#8243; _module_preset=\u00bbdefault\u00bb global_colors_info=\u00bb{}\u00bb][\/et_pb_video][\/et_pb_column][et_pb_column type=\u00bb1_2&#8243; _builder_version=\u00bb4.23.1&#8243; _module_preset=\u00bbdefault\u00bb global_colors_info=\u00bb{}\u00bb][et_pb_video src=\u00bbhttps:\/\/vimeo.com\/1176896719?fl=tl&#038;fe=ec\u00bb _builder_version=\u00bb4.27.6&#8243; _module_preset=\u00bbdefault\u00bb global_colors_info=\u00bb{}\u00bb][\/et_pb_video][\/et_pb_column][\/et_pb_row][\/et_pb_section][et_pb_section fb_built=\u00bb1&#8243; _builder_version=\u00bb4.23.1&#8243; _module_preset=\u00bbdefault\u00bb background_color=\u00bb#f9f9f9&#8243; custom_padding=\u00bb0px|||||\u00bb global_colors_info=\u00bb{}\u00bb][et_pb_row use_custom_gutter=\u00bbon\u00bb gutter_width=\u00bb2&#8243; make_equal=\u00bbon\u00bb module_id=\u00bbentradas\u00bb _builder_version=\u00bb4.27.4&#8243; _module_preset=\u00bbdefault\u00bb width=\u00bb90%\u00bb width_tablet=\u00bb\u00bb width_phone=\u00bb95%\u00bb width_last_edited=\u00bbon|desktop\u00bb max_width=\u00bb90%\u00bb custom_padding=\u00bb||0px|||\u00bb global_colors_info=\u00bb{}\u00bb][et_pb_column type=\u00bb4_4&#8243; _builder_version=\u00bb4.23.1&#8243; _module_preset=\u00bbdefault\u00bb global_colors_info=\u00bb{}\u00bb][et_pb_image src=\u00bbhttps:\/\/apapachofest.com\/wp-content\/uploads\/2024\/02\/logo-web-apapacho-fest.png\u00bb title_text=\u00bblogo-web-apapacho-fest\u00bb align=\u00bbcenter\u00bb disabled_on=\u00bboff|off|off\u00bb _builder_version=\u00bb4.23.1&#8243; _module_preset=\u00bbdefault\u00bb width=\u00bb12%\u00bb width_tablet=\u00bb12%\u00bb width_phone=\u00bb35%\u00bb width_last_edited=\u00bbon|desktop\u00bb global_colors_info=\u00bb{}\u00bb][\/et_pb_image][et_pb_text disabled_on=\u00bboff|off|off\u00bb _builder_version=\u00bb4.27.4&#8243; _module_preset=\u00bbdefault\u00bb text_font=\u00bbRebel Kids|900|||||||\u00bb text_text_color=\u00bb#000000&#8243; text_font_size=\u00bb73px\u00bb text_line_height=\u00bb1.2em\u00bb header_font_size=\u00bb36px\u00bb text_orientation=\u00bbcenter\u00bb custom_margin=\u00bb-20px||-1px||false|false\u00bb text_font_size_tablet=\u00bb48px\u00bb text_font_size_phone=\u00bb46px\u00bb text_font_size_last_edited=\u00bbon|phone\u00bb global_colors_info=\u00bb{}\u00bb]<\/p>\n<p><img loading=\"lazy\" decoding=\"async\" src=\"https:\/\/apapachofest.com\/wp-content\/uploads\/2024\/04\/flashpromo-200x300.png\" width=\"45\" height=\"68\" alt=\"\" class=\"wp-image-38351 alignnone size-medium\" \/> FLASH PROMO<\/p>\n<p>[\/et_pb_text][et_pb_text disabled_on=\u00bboff|off|off\u00bb _builder_version=\u00bb4.27.6&#8243; _module_preset=\u00bbdefault\u00bb text_font=\u00bbRebel Kids|900|||||||\u00bb text_text_color=\u00bb#bc251a\u00bb text_font_size=\u00bb49px\u00bb text_line_height=\u00bb1.2em\u00bb header_font_size=\u00bb36px\u00bb text_orientation=\u00bbcenter\u00bb custom_margin=\u00bb||-1px|||\u00bb text_font_size_tablet=\u00bb48px\u00bb text_font_size_phone=\u00bb33px\u00bb text_font_size_last_edited=\u00bbon|phone\u00bb global_colors_info=\u00bb{}\u00bb]<\/p>\n<p>DESCUENTO DE 140\u20ac AMPLIADO SOLO HASTA EL DOMINGO 3 DE MAYO<\/p>\n<p>[\/et_pb_text][et_pb_text disabled_on=\u00bboff|off|off\u00bb _builder_version=\u00bb4.27.6&#8243; _module_preset=\u00bbdefault\u00bb text_font=\u00bbRoboto Flex|900|||||||\u00bb text_text_color=\u00bb#000000&#8243; text_font_size=\u00bb26px\u00bb text_line_height=\u00bb1.2em\u00bb header_font_size=\u00bb36px\u00bb text_orientation=\u00bbcenter\u00bb custom_margin=\u00bb||-1px|||\u00bb text_font_size_tablet=\u00bb48px\u00bb text_font_size_phone=\u00bb18px\u00bb text_font_size_last_edited=\u00bbon|phone\u00bb global_colors_info=\u00bb{}\u00bb]<\/p>\n<p>Solo para las siguientes 20 reservas<\/p>\n<p>[\/et_pb_text][et_pb_countdown_timer title=\u00bbEL DESCUENTO ACABA EN&#8230;\u00bb date_time=\u00bb2026-05-03 23:59&#8243; disabled_on=\u00bboff|off|off\u00bb _builder_version=\u00bb4.27.6&#8243; _module_preset=\u00bbdefault\u00bb header_font=\u00bbRebel Kids||||||||\u00bb header_text_color=\u00bb#212121&#8243; header_font_size=\u00bb32px\u00bb numbers_font=\u00bbRoboto|700|||||||\u00bb numbers_font_size=\u00bb41px\u00bb label_text_color=\u00bb#000000&#8243; background_enable_color=\u00bboff\u00bb custom_margin=\u00bb39px||-9px|||\u00bb custom_padding=\u00bb0px|||||\u00bb header_font_size_tablet=\u00bb46px\u00bb header_font_size_phone=\u00bb27px\u00bb header_font_size_last_edited=\u00bbon|phone\u00bb numbers_font_size_tablet=\u00bb41px\u00bb numbers_font_size_phone=\u00bb29px\u00bb numbers_font_size_last_edited=\u00bbon|phone\u00bb global_colors_info=\u00bb{}\u00bb][\/et_pb_countdown_timer][et_pb_text disabled_on=\u00bboff|off|off\u00bb _builder_version=\u00bb4.27.5&#8243; _module_preset=\u00bbdefault\u00bb text_font=\u00bbRoboto|900|||||||\u00bb text_text_color=\u00bb#c11d1b\u00bb text_font_size=\u00bb33px\u00bb text_line_height=\u00bb1.2em\u00bb text_orientation=\u00bbcenter\u00bb custom_margin=\u00bb||16px|||\u00bb custom_padding=\u00bb12px|||||\u00bb text_font_size_tablet=\u00bb48px\u00bb text_font_size_phone=\u00bb25px\u00bb text_font_size_last_edited=\u00bbon|phone\u00bb global_colors_info=\u00bb{}\u00bb]<\/p>\n<p>Y adem\u00e1s consigue 20\u20ac de DESCUENTO EXTRA por cada persona que se apunte de tu parte*<\/p>\n<p>[\/et_pb_text][et_pb_text disabled_on=\u00bboff|off|off\u00bb _builder_version=\u00bb4.27.4&#8243; _module_preset=\u00bbdefault\u00bb text_font=\u00bbRoboto|300|||||||\u00bb text_text_color=\u00bb#000000&#8243; text_font_size=\u00bb24px\u00bb text_line_height=\u00bb1.2em\u00bb text_orientation=\u00bbcenter\u00bb custom_margin=\u00bb||16px|||\u00bb custom_padding=\u00bb12px|||||\u00bb text_font_size_tablet=\u00bb48px\u00bb text_font_size_phone=\u00bb25px\u00bb text_font_size_last_edited=\u00bbon|phone\u00bb global_colors_info=\u00bb{}\u00bb]<\/p>\n<p>*Es imprescindible que la persona que se apunte de tu parte ponga tu nombre en el formulario que aparece despu\u00e9s de realizar el pago de la reserva. Si no el descuento no se aplicar\u00e1 en ning\u00fan caso.<\/p>\n<p>[\/et_pb_text][et_pb_text disabled_on=\u00bboff|off|off\u00bb _builder_version=\u00bb4.27.4&#8243; _module_preset=\u00bbdefault\u00bb text_font=\u00bbRoboto|300|||||||\u00bb text_text_color=\u00bb#000000&#8243; text_font_size=\u00bb24px\u00bb text_line_height=\u00bb1.2em\u00bb text_orientation=\u00bbcenter\u00bb custom_margin=\u00bb||16px|||\u00bb custom_padding=\u00bb12px|||||\u00bb text_font_size_tablet=\u00bb48px\u00bb text_font_size_phone=\u00bb25px\u00bb text_font_size_last_edited=\u00bbon|phone\u00bb global_colors_info=\u00bb{}\u00bb]<\/p>\n<p>&nbsp;<\/p>\n<p style=\"text-align: center;\"><strong>Autobuses propios directos hasta el festival desde Madrid y Bilbao.<\/strong><\/p>\n<p>&nbsp;<\/p>\n<p>[\/et_pb_text][et_pb_code _builder_version=\u00bb4.23.1&#8243; _module_preset=\u00bbdefault\u00bb global_colors_info=\u00bb{}\u00bb]<\/p>\n<style><!-- [et_pb_line_break_holder] --><!-- [et_pb_line_break_holder] --><!-- [et_pb_line_break_holder] -->.et_pb_countdown_timer .sep {<!-- [et_pb_line_break_holder] -->    display: none;<!-- [et_pb_line_break_holder] -->}<!-- [et_pb_line_break_holder] --><!-- [et_pb_line_break_holder] -->.et_pb_countdown_timer .new-value, .et_pb_countdown_timer .value {<!-- [et_pb_line_break_holder] --> background: #000; \/* Fix for where gradients arent supported *\/<!-- [et_pb_line_break_holder] --> -webkit-background: linear-gradient(#000, #000);<!-- [et_pb_line_break_holder] --> -moz-background: linear-gradient(#000, #000);<!-- [et_pb_line_break_holder] --> background: linear-gradient(#c10101, #980404);<!-- [et_pb_line_break_holder] --> color: #fff;<!-- [et_pb_line_break_holder] --> padding: 10px !important;<!-- [et_pb_line_break_holder] --> border-radius: 8px;<!-- [et_pb_line_break_holder] --> -moz-box-shadow: inset 0 0 0px #000;<!-- [et_pb_line_break_holder] --> box-shadow: inset 0 0 0px #000;<!-- [et_pb_line_break_holder] -->}<!-- [et_pb_line_break_holder] --><!-- [et_pb_line_break_holder] -->.et_pb_countdown_timer .section.values {<!-- [et_pb_line_break_holder] --> width: auto;<!-- [et_pb_line_break_holder] --> margin: 0 8px;<!-- [et_pb_line_break_holder] -->}<!-- [et_pb_line_break_holder] --><\/style>\n<p>[\/et_pb_code][\/et_pb_column][\/et_pb_row][et_pb_row column_structure=\u00bb1_3,1_3,1_3&#8243; use_custom_gutter=\u00bbon\u00bb gutter_width=\u00bb2&#8243; make_equal=\u00bbon\u00bb _builder_version=\u00bb4.27.5&#8243; _module_preset=\u00bbdefault\u00bb width=\u00bb90%\u00bb width_tablet=\u00bb\u00bb width_phone=\u00bb95%\u00bb width_last_edited=\u00bbon|desktop\u00bb max_width=\u00bb95%\u00bb custom_margin=\u00bb16px|auto||auto||\u00bb global_colors_info=\u00bb{}\u00bb][et_pb_column type=\u00bb1_3&#8243; _builder_version=\u00bb4.23.1&#8243; _module_preset=\u00bbdefault\u00bb background_color=\u00bb#eaeaea\u00bb custom_padding=\u00bb10px|10px|10px|10px|true|true\u00bb border_radii=\u00bbon|25px|25px|25px|25px\u00bb border_width_all=\u00bb5px\u00bb border_color_all=\u00bb#b04c30&#8243; border_style_all=\u00bbdashed\u00bb global_colors_info=\u00bb{}\u00bb][et_pb_image src=\u00bbhttps:\/\/apapachofest.com\/wp-content\/uploads\/2026\/01\/Individual-Superior-apapacho-fest.jpg\u00bb title_text=\u00bbIndividual-Superior-apapacho fest\u00bb _builder_version=\u00bb4.27.5&#8243; _module_preset=\u00bbdefault\u00bb filter_saturate=\u00bb113%\u00bb filter_brightness=\u00bb114%\u00bb filter_contrast=\u00bb108%\u00bb border_radii=\u00bbon|25px|25px|25px|25px\u00bb global_colors_info=\u00bb{}\u00bb][\/et_pb_image][et_pb_text _builder_version=\u00bb4.27.5&#8243; _module_preset=\u00bbdefault\u00bb text_font=\u00bbRoboto|300|||||||\u00bb text_text_color=\u00bb#000000&#8243; text_font_size=\u00bb20px\u00bb text_orientation=\u00bbcenter\u00bb global_colors_info=\u00bb{}\u00bb]<\/p>\n<p><strong>Habitaci\u00f3n Individual <\/strong>| Ba\u00f1o propio<\/p>\n<p>[\/et_pb_text][et_pb_text disabled_on=\u00bboff|off|off\u00bb _builder_version=\u00bb4.27.6&#8243; _module_preset=\u00bbdefault\u00bb text_font=\u00bbRoboto|700|||||||\u00bb text_text_color=\u00bb#E02B20&#8243; text_font_size=\u00bb16px\u00bb text_orientation=\u00bbcenter\u00bb custom_margin=\u00bb-6px|||||\u00bb global_colors_info=\u00bb{}\u00bb]<\/p>\n<p>\u00a1COMPLETO!<\/p>\n<p>[\/et_pb_text][et_pb_text _builder_version=\u00bb4.23.1&#8243; _module_preset=\u00bbdefault\u00bb text_font=\u00bbRoboto|300|||||||\u00bb text_text_color=\u00bb#000000&#8243; text_font_size=\u00bb16px\u00bb text_orientation=\u00bbcenter\u00bb custom_margin=\u00bb||45px|||\u00bb global_colors_info=\u00bb{}\u00bb]<\/p>\n<p>Precio Festival Completo:<\/p>\n<p>[\/et_pb_text][et_pb_text _builder_version=\u00bb4.27.6&#8243; _module_preset=\u00bbdefault\u00bb text_font=\u00bbRoboto|900|||||||\u00bb text_text_color=\u00bb#b04c30&#8243; text_font_size=\u00bb73px\u00bb text_letter_spacing=\u00bb-5px\u00bb text_orientation=\u00bbcenter\u00bb custom_margin=\u00bb||33px|||\u00bb text_font_size_tablet=\u00bb73px\u00bb text_font_size_phone=\u00bb60px\u00bb text_font_size_last_edited=\u00bbon|phone\u00bb global_colors_info=\u00bb{}\u00bb]<\/p>\n<p>1.197\u20ac<\/p>\n<p>[\/et_pb_text][et_pb_text _builder_version=\u00bb4.27.4&#8243; _module_preset=\u00bbdefault\u00bb text_font=\u00bbRoboto|300|||||||\u00bb text_text_color=\u00bb#000000&#8243; text_font_size=\u00bb16px\u00bb custom_margin=\u00bb60px||45px|||\u00bb global_colors_info=\u00bb{}\u00bb]<\/p>\n<p><strong>Esta opci\u00f3n incluye: <\/strong><\/p>\n<ul>\n<li>Alojamiento en habitaci\u00f3n individual con ba\u00f1o propio.<\/li>\n<li>Pensi\u00f3n completa en el restaurante del hotel durante los 7 d\u00edas del evento.<\/li>\n<li>Servicio de limpieza de habitaciones diario.<\/li>\n<li>Cambio de toallas.<\/li>\n<li>Acceso libre a la piscina de agua termal en el balneario.<\/li>\n<li>Acceso preferente al check-in el d\u00eda de la recepci\u00f3n.<\/li>\n<li>Acceso a todos los talleres y actividades dentro de la programaci\u00f3n.<\/li>\n<\/ul>\n<p>[\/et_pb_text][et_pb_text disabled_on=\u00bboff|off|off\u00bb _builder_version=\u00bb4.27.5&#8243; _module_preset=\u00bbdefault\u00bb custom_margin=\u00bb||16px|||\u00bb global_colors_info=\u00bb{}\u00bb]<\/p>\n<div style=\"text-align: center;\"><div class=\"asp_product_buy_button\"><div class=\"asp-processing-cont\" style=\"display:none;\"><span class=\"asp-processing\">Processing <i>.<\/i><i>.<\/i><i>.<\/i><\/span><\/div><form id=\"asp_ng_form_069f3aa6c4e5c5\" class=\"asp-stripe-form\" action=\"\"  method=\"POST\"> <input type=\"hidden\" name=\"asp_product_id\" value=\"41297\" \/><div class=\"asp-child-hidden-fields\" style=\"display: none !important;\"><\/div><\/form><div id=\"asp-all-buttons-container-069f3aa6c4e5c5\" class=\"asp_all_buttons_container\"><div class=\"asp_out_of_stock\">Sin existencias<\/div><noscript>Para poder operar, Stripe Payments necesita que el navegador sea compatible con JavaScript.<\/noscript><\/div><div id=\"asp-btn-spinner-container-069f3aa6c4e5c5\" class=\"asp-btn-spinner-container\" style=\"display: none !important\"><div class=\"asp-btn-spinner\"><div><\/div><div><\/div><div><\/div><div><\/div><\/div><\/div><script>var asp_data_069f3aa6c4e5c5 = {\"is_live\":true,\"product_id\":41297,\"iframe_url\":\"https:\\\/\\\/apapachofest.com\\\/asp-payment-box\\\/?product_id=41297\",\"button_key\":\"fd57cc6c804fd03cce9308e49602583e\",\"item_price\":15000,\"quantity\":1,\"custom_quantity\":\"\",\"description\":\"1 X 150\\u20ac\",\"descrGenerated\":true,\"shipping\":0,\"tax\":0,\"image\":\"\",\"currency\":\"EUR\",\"currency_variable\":\"\",\"locale\":\"auto\",\"name\":\"Reserva habitaci\\u00f3n individual ba\\u00f1o propio\",\"url\":\"\",\"amount\":15000,\"billingAddress\":false,\"shippingAddress\":false,\"customer_email\":\"\",\"uniq_id\":\"069f3aa6c4e5c5\",\"variable\":false,\"zeroCents\":[\"JPY\",\"MGA\",\"VND\",\"KRW\"],\"addonHooks\":[],\"button_text\":\"Abona tu Reserva\",\"out_of_stock\":true,\"stock_control_enabled\":false,\"stock_items\":\"0\",\"currencyFormat\":{\"c\":0,\"d\":\".\",\"t\":\",\",\"s\":\"\\u20ac\",\"pos\":\"right\"},\"displayStr\":{\"tax\":\"%s (impuesto)\",\"ship\":\"%s (env\\u00edo)\"},\"thankyou_page_url\":\"aHR0cHM6Ly9hcGFwYWNob2Zlc3QuY29tL2luZGV4LnBocC9ncmFjaWFzLXBvci11bmlydGUtYS1sYS10cmlidS1hcGFwYWNoby8=\",\"show_custom_amount_input\":false};if(typeof jQuery!==\"undefined\") {jQuery(document).ready(function() {new stripeHandlerNG(asp_data_069f3aa6c4e5c5);});} else { if (typeof wpaspInitOnDocReady===\"undefined\") {var wpaspInitOnDocReady=[];} wpaspInitOnDocReady.push(asp_data_069f3aa6c4e5c5);}<\/script><\/div><\/div>\n<p>[\/et_pb_text][\/et_pb_column][et_pb_column type=\u00bb1_3&#8243; _builder_version=\u00bb4.23.1&#8243; _module_preset=\u00bbdefault\u00bb background_color=\u00bb#eaeaea\u00bb custom_padding=\u00bb10px|10px|10px|10px|true|true\u00bb border_radii=\u00bbon|25px|25px|25px|25px\u00bb border_width_all=\u00bb5px\u00bb border_color_all=\u00bb#b04c30&#8243; border_style_all=\u00bbdashed\u00bb global_colors_info=\u00bb{}\u00bb][et_pb_image src=\u00bbhttps:\/\/apapachofest.com\/wp-content\/uploads\/2026\/01\/Doble-Estandar-y-Triple-apapachofest.jpg\u00bb title_text=\u00bbDoble-Est\u00e1ndar-y-Triple-apapachofest\u00bb _builder_version=\u00bb4.27.5&#8243; _module_preset=\u00bbdefault\u00bb filter_saturate=\u00bb113%\u00bb filter_brightness=\u00bb108%\u00bb filter_contrast=\u00bb103%\u00bb border_radii=\u00bbon|25px|25px|25px|25px\u00bb global_colors_info=\u00bb{}\u00bb][\/et_pb_image][et_pb_text _builder_version=\u00bb4.27.5&#8243; _module_preset=\u00bbdefault\u00bb text_font=\u00bbRoboto|300|||||||\u00bb text_text_color=\u00bb#000000&#8243; text_font_size=\u00bb20px\u00bb text_orientation=\u00bbcenter\u00bb global_colors_info=\u00bb{}\u00bb]<\/p>\n<p><strong>Habitaci\u00f3n Doble <\/strong>| Ba\u00f1o propio<\/p>\n<p>[\/et_pb_text][et_pb_text disabled_on=\u00bboff|off|off\u00bb _builder_version=\u00bb4.27.6&#8243; _module_preset=\u00bbdefault\u00bb text_font=\u00bbRoboto|700|||||||\u00bb text_text_color=\u00bb#E02B20&#8243; text_font_size=\u00bb16px\u00bb text_orientation=\u00bbcenter\u00bb custom_margin=\u00bb-6px|||||\u00bb hover_enabled=\u00bb0&#8243; global_colors_info=\u00bb{}\u00bb sticky_enabled=\u00bb0&#8243;]<\/p>\n<p>\u00a112 plazas disponibles!<\/p>\n<p>[\/et_pb_text][et_pb_text _builder_version=\u00bb4.23.1&#8243; _module_preset=\u00bbdefault\u00bb text_font=\u00bbRoboto|300|||||||\u00bb text_text_color=\u00bb#000000&#8243; text_font_size=\u00bb16px\u00bb text_orientation=\u00bbcenter\u00bb custom_margin=\u00bb||45px|||\u00bb global_colors_info=\u00bb{}\u00bb]<\/p>\n<p>Precio Festival Completo:<\/p>\n<p>[\/et_pb_text][et_pb_text disabled_on=\u00bboff|off|off\u00bb _builder_version=\u00bb4.27.5&#8243; _module_preset=\u00bbdefault\u00bb text_font=\u00bbRoboto|900|||||||\u00bb text_text_color=\u00bbrgba(0,0,0,0.54)\u00bb text_font_size=\u00bb32px\u00bb text_letter_spacing=\u00bb-2px\u00bb text_orientation=\u00bbcenter\u00bb custom_margin=\u00bb||34px|||\u00bb text_font_size_tablet=\u00bb32px\u00bb text_font_size_phone=\u00bb27px\u00bb text_font_size_last_edited=\u00bbon|phone\u00bb global_colors_info=\u00bb{}\u00bb]<\/p>\n<p><span style=\"text-decoration: line-through;\">997\u20ac<\/span><\/p>\n<p>[\/et_pb_text][et_pb_text _builder_version=\u00bb4.27.6&#8243; _module_preset=\u00bbdefault\u00bb text_font=\u00bbRoboto|900|||||||\u00bb text_text_color=\u00bb#b04c30&#8243; text_font_size=\u00bb73px\u00bb text_letter_spacing=\u00bb-5px\u00bb text_orientation=\u00bbcenter\u00bb custom_margin=\u00bb||33px|||\u00bb text_font_size_tablet=\u00bb73px\u00bb text_font_size_phone=\u00bb60px\u00bb text_font_size_last_edited=\u00bbon|phone\u00bb global_colors_info=\u00bb{}\u00bb]<\/p>\n<p>857\u20ac<\/p>\n<p>[\/et_pb_text][et_pb_text disabled_on=\u00bboff|off|off\u00bb _builder_version=\u00bb4.27.6&#8243; _module_preset=\u00bbdefault\u00bb text_font=\u00bbRoboto|900|||||||\u00bb text_text_color=\u00bb#000000&#8243; text_font_size=\u00bb18px\u00bb text_orientation=\u00bbcenter\u00bb global_colors_info=\u00bb{}\u00bb]<\/p>\n<p><strong>\u00a1DESCUENTO DE 140\u20ac<\/strong>!<\/p>\n<p>[\/et_pb_text][et_pb_countdown_timer title=\u00bbEL DESCUENTO ACABA EN&#8230;\u00bb date_time=\u00bb2026-05-03 23:59&#8243; disabled_on=\u00bboff|off|off\u00bb _builder_version=\u00bb4.27.6&#8243; _module_preset=\u00bbdefault\u00bb header_font=\u00bbRebel Kids||||||||\u00bb header_text_color=\u00bb#212121&#8243; header_font_size=\u00bb23px\u00bb numbers_font=\u00bbRoboto|700|||||||\u00bb numbers_font_size=\u00bb28px\u00bb label_text_color=\u00bb#000000&#8243; background_enable_color=\u00bboff\u00bb width=\u00bb100%\u00bb custom_margin=\u00bb39px||||false|false\u00bb custom_padding=\u00bb0px|||||\u00bb header_font_size_tablet=\u00bb46px\u00bb header_font_size_phone=\u00bb21px\u00bb header_font_size_last_edited=\u00bbon|phone\u00bb numbers_font_size_tablet=\u00bb41px\u00bb numbers_font_size_phone=\u00bb21px\u00bb numbers_font_size_last_edited=\u00bbon|phone\u00bb global_colors_info=\u00bb{}\u00bb][\/et_pb_countdown_timer][et_pb_text _builder_version=\u00bb4.27.4&#8243; _module_preset=\u00bbdefault\u00bb text_font=\u00bbRoboto|300|||||||\u00bb text_text_color=\u00bb#000000&#8243; text_font_size=\u00bb16px\u00bb custom_margin=\u00bb||45px|||\u00bb global_colors_info=\u00bb{}\u00bb]<\/p>\n<p><strong>Esta opci\u00f3n incluye: <\/strong><\/p>\n<ul>\n<li>Alojamiento en habitaci\u00f3n doble con ba\u00f1o propio.<\/li>\n<li>Pensi\u00f3n completa en el restaurante del hotel durante los 7 d\u00edas del evento.<\/li>\n<li>Servicio de limpieza de habitaciones diario.<\/li>\n<li>Cambio de toallas.<\/li>\n<li>Acceso libre a la piscina de agua termal en el balneario.<\/li>\n<li>Acceso preferente al check-in el d\u00eda de la recepci\u00f3n.<\/li>\n<li>Acceso a todos los talleres y actividades dentro de la programaci\u00f3n.<\/li>\n<\/ul>\n<p>[\/et_pb_text][et_pb_text disabled_on=\u00bboff|off|off\u00bb _builder_version=\u00bb4.27.5&#8243; _module_preset=\u00bbdefault\u00bb custom_margin=\u00bb||16px|||\u00bb global_colors_info=\u00bb{}\u00bb]<\/p>\n<div style=\"text-align: center;\"><div class=\"asp_product_buy_button\"><div class=\"asp-processing-cont\" style=\"display:none;\"><span class=\"asp-processing\">Processing <i>.<\/i><i>.<\/i><i>.<\/i><\/span><\/div><form id=\"asp_ng_form_169f3aa6c4ecb9\" class=\"asp-stripe-form\" action=\"\"  method=\"POST\"> <input type=\"hidden\" name=\"asp_product_id\" value=\"225\" \/><div class=\"asp-child-hidden-fields\" style=\"display: none !important;\"><\/div><\/form><div id=\"asp-all-buttons-container-169f3aa6c4ecb9\" class=\"asp_all_buttons_container\"><div class=\"asp_product_buy_btn_container\"><button id=\"asp_ng_button_169f3aa6c4ecb9\" type=\"submit\" class=\"et_pb_button_2\" ><span>Abona tu Reserva<\/span><\/button><\/div><noscript>Para poder operar, Stripe Payments necesita que el navegador sea compatible con JavaScript.<\/noscript><\/div><div id=\"asp-btn-spinner-container-169f3aa6c4ecb9\" class=\"asp-btn-spinner-container\" style=\"display: none !important\"><div class=\"asp-btn-spinner\"><div><\/div><div><\/div><div><\/div><div><\/div><\/div><\/div><script>var asp_data_169f3aa6c4ecb9 = {\"is_live\":true,\"product_id\":225,\"iframe_url\":\"https:\\\/\\\/apapachofest.com\\\/asp-payment-box\\\/?product_id=225\",\"button_key\":\"6e6f72f2a3c866a908e69048a64260dc\",\"item_price\":15000,\"quantity\":1,\"custom_quantity\":\"\",\"description\":\"Abona ahora la reserva de tu plaza\",\"descrGenerated\":false,\"shipping\":0,\"tax\":0,\"image\":\"\",\"currency\":\"EUR\",\"currency_variable\":\"\",\"locale\":\"auto\",\"name\":\"Reserva habitaci\\u00f3n doble ba\\u00f1o propio\",\"url\":\"\",\"amount\":15000,\"billingAddress\":false,\"shippingAddress\":false,\"customer_email\":\"\",\"uniq_id\":\"169f3aa6c4ecb9\",\"variable\":false,\"zeroCents\":[\"JPY\",\"MGA\",\"VND\",\"KRW\"],\"addonHooks\":[],\"button_text\":\"Abona tu Reserva\",\"out_of_stock\":false,\"stock_control_enabled\":true,\"stock_items\":\"12\",\"currencyFormat\":{\"c\":0,\"d\":\".\",\"t\":\",\",\"s\":\"\\u20ac\",\"pos\":\"right\"},\"displayStr\":{\"tax\":\"%s (impuesto)\",\"ship\":\"%s (env\\u00edo)\"},\"thankyou_page_url\":\"aHR0cHM6Ly9hcGFwYWNob2Zlc3QuY29tL2luZGV4LnBocC9ncmFjaWFzLXBvci11bmlydGUtYS1sYS10cmlidS1hcGFwYWNoby8=\",\"show_custom_amount_input\":false};if(typeof jQuery!==\"undefined\") {jQuery(document).ready(function() {new stripeHandlerNG(asp_data_169f3aa6c4ecb9);});} else { if (typeof wpaspInitOnDocReady===\"undefined\") {var wpaspInitOnDocReady=[];} wpaspInitOnDocReady.push(asp_data_169f3aa6c4ecb9);}<\/script><\/div><\/div>\n<p>[\/et_pb_text][\/et_pb_column][et_pb_column type=\u00bb1_3&#8243; _builder_version=\u00bb4.23.1&#8243; _module_preset=\u00bbdefault\u00bb background_color=\u00bb#eaeaea\u00bb custom_padding=\u00bb10px|10px|10px|10px|true|true\u00bb border_radii=\u00bbon|25px|25px|25px|25px\u00bb border_width_all=\u00bb5px\u00bb border_color_all=\u00bb#b04c30&#8243; border_style_all=\u00bbdashed\u00bb global_colors_info=\u00bb{}\u00bb][et_pb_image src=\u00bbhttps:\/\/apapachofest.com\/wp-content\/uploads\/2025\/04\/habitacion-triple-apapachofest.jpg\u00bb title_text=\u00bbhabitacion-triple-apapachofest\u00bb _builder_version=\u00bb4.27.4&#8243; _module_preset=\u00bbdefault\u00bb filter_saturate=\u00bb113%\u00bb filter_brightness=\u00bb114%\u00bb filter_contrast=\u00bb108%\u00bb border_radii=\u00bbon|25px|25px|25px|25px\u00bb global_colors_info=\u00bb{}\u00bb][\/et_pb_image][et_pb_text _builder_version=\u00bb4.27.4&#8243; _module_preset=\u00bbdefault\u00bb text_font=\u00bbRoboto|300|||||||\u00bb text_text_color=\u00bb#000000&#8243; text_font_size=\u00bb20px\u00bb text_orientation=\u00bbcenter\u00bb global_colors_info=\u00bb{}\u00bb]<\/p>\n<p><strong>Habitaci\u00f3n Triple <\/strong>| Ba\u00f1o propio<\/p>\n<p>[\/et_pb_text][et_pb_text disabled_on=\u00bboff|off|off\u00bb _builder_version=\u00bb4.27.6&#8243; _module_preset=\u00bbdefault\u00bb text_font=\u00bbRoboto|700|||||||\u00bb text_text_color=\u00bb#E02B20&#8243; text_font_size=\u00bb16px\u00bb text_orientation=\u00bbcenter\u00bb custom_margin=\u00bb-6px|||||\u00bb global_colors_info=\u00bb{}\u00bb]<\/p>\n<p>\u00a119 plazas disponibles!<\/p>\n<p>[\/et_pb_text][et_pb_text _builder_version=\u00bb4.23.1&#8243; _module_preset=\u00bbdefault\u00bb text_font=\u00bbRoboto|300|||||||\u00bb text_text_color=\u00bb#000000&#8243; text_font_size=\u00bb16px\u00bb text_orientation=\u00bbcenter\u00bb custom_margin=\u00bb||45px|||\u00bb global_colors_info=\u00bb{}\u00bb]<\/p>\n<p>Precio Festival Completo:<\/p>\n<p>[\/et_pb_text][et_pb_text disabled_on=\u00bboff|off|off\u00bb _builder_version=\u00bb4.27.5&#8243; _module_preset=\u00bbdefault\u00bb text_font=\u00bbRoboto|900|||||||\u00bb text_text_color=\u00bbrgba(0,0,0,0.54)\u00bb text_font_size=\u00bb32px\u00bb text_letter_spacing=\u00bb-2px\u00bb text_orientation=\u00bbcenter\u00bb custom_margin=\u00bb||34px|||\u00bb text_font_size_tablet=\u00bb32px\u00bb text_font_size_phone=\u00bb27px\u00bb text_font_size_last_edited=\u00bbon|phone\u00bb global_colors_info=\u00bb{}\u00bb]<\/p>\n<p><span style=\"text-decoration: line-through;\">947\u20ac<\/span><\/p>\n<p>[\/et_pb_text][et_pb_text _builder_version=\u00bb4.27.6&#8243; _module_preset=\u00bbdefault\u00bb text_font=\u00bbRoboto|900|||||||\u00bb text_text_color=\u00bb#b04c30&#8243; text_font_size=\u00bb73px\u00bb text_letter_spacing=\u00bb-5px\u00bb text_orientation=\u00bbcenter\u00bb custom_margin=\u00bb||33px|||\u00bb text_font_size_tablet=\u00bb73px\u00bb text_font_size_phone=\u00bb60px\u00bb text_font_size_last_edited=\u00bbon|phone\u00bb global_colors_info=\u00bb{}\u00bb]<\/p>\n<p>807\u20ac<\/p>\n<p>[\/et_pb_text][et_pb_text disabled_on=\u00bboff|off|off\u00bb _builder_version=\u00bb4.27.6&#8243; _module_preset=\u00bbdefault\u00bb text_font=\u00bbRoboto|900|||||||\u00bb text_text_color=\u00bb#000000&#8243; text_font_size=\u00bb18px\u00bb text_orientation=\u00bbcenter\u00bb global_colors_info=\u00bb{}\u00bb]<\/p>\n<p><strong>\u00a1DESCUENTO DE 140\u20ac<\/strong>!<\/p>\n<p>[\/et_pb_text][et_pb_countdown_timer title=\u00bbEL DESCUENTO ACABA EN&#8230;\u00bb date_time=\u00bb2026-05-03 23:59&#8243; disabled_on=\u00bboff|off|off\u00bb _builder_version=\u00bb4.27.6&#8243; _module_preset=\u00bbdefault\u00bb header_font=\u00bbRebel Kids||||||||\u00bb header_text_color=\u00bb#212121&#8243; header_font_size=\u00bb23px\u00bb numbers_font=\u00bbRoboto|700|||||||\u00bb numbers_font_size=\u00bb28px\u00bb label_text_color=\u00bb#000000&#8243; background_enable_color=\u00bboff\u00bb width=\u00bb100%\u00bb custom_margin=\u00bb39px||||false|false\u00bb custom_padding=\u00bb0px|||||\u00bb header_font_size_tablet=\u00bb46px\u00bb header_font_size_phone=\u00bb21px\u00bb header_font_size_last_edited=\u00bbon|phone\u00bb numbers_font_size_tablet=\u00bb41px\u00bb numbers_font_size_phone=\u00bb21px\u00bb numbers_font_size_last_edited=\u00bbon|phone\u00bb global_colors_info=\u00bb{}\u00bb][\/et_pb_countdown_timer][et_pb_text _builder_version=\u00bb4.27.4&#8243; _module_preset=\u00bbdefault\u00bb text_font=\u00bbRoboto|300|||||||\u00bb text_text_color=\u00bb#000000&#8243; text_font_size=\u00bb16px\u00bb custom_margin=\u00bb||45px|||\u00bb global_colors_info=\u00bb{}\u00bb]<\/p>\n<p><strong>Esta opci\u00f3n incluye: <\/strong><\/p>\n<ul>\n<li>Alojamiento en habitaci\u00f3n triple con ba\u00f1o propio.<\/li>\n<li>Pensi\u00f3n completa en el restaurante del hotel durante los 7 d\u00edas del evento.<\/li>\n<li>Servicio de limpieza de habitaciones diario.<\/li>\n<li>Cambio de toallas.<\/li>\n<li>Acceso libre a la piscina de agua termal en el balneario.<\/li>\n<li>Acceso preferente al check-in el d\u00eda de la recepci\u00f3n.<\/li>\n<li>Acceso a todos los talleres y actividades dentro de la programaci\u00f3n.<\/li>\n<\/ul>\n<p>[\/et_pb_text][et_pb_text disabled_on=\u00bboff|off|off\u00bb _builder_version=\u00bb4.27.5&#8243; _module_preset=\u00bbdefault\u00bb custom_margin=\u00bb||16px|||\u00bb global_colors_info=\u00bb{}\u00bb]<\/p>\n<div style=\"text-align: center;\"><div class=\"asp_product_buy_button\"><div class=\"asp-processing-cont\" style=\"display:none;\"><span class=\"asp-processing\">Processing <i>.<\/i><i>.<\/i><i>.<\/i><\/span><\/div><form id=\"asp_ng_form_269f3aa6c4f07c\" class=\"asp-stripe-form\" action=\"\"  method=\"POST\"> <input type=\"hidden\" name=\"asp_product_id\" value=\"41298\" \/><div class=\"asp-child-hidden-fields\" style=\"display: none !important;\"><\/div><\/form><div id=\"asp-all-buttons-container-269f3aa6c4f07c\" class=\"asp_all_buttons_container\"><div class=\"asp_product_buy_btn_container\"><button id=\"asp_ng_button_269f3aa6c4f07c\" type=\"submit\" class=\"et_pb_button_2\" ><span>Abona tu Reserva<\/span><\/button><\/div><noscript>Para poder operar, Stripe Payments necesita que el navegador sea compatible con JavaScript.<\/noscript><\/div><div id=\"asp-btn-spinner-container-269f3aa6c4f07c\" class=\"asp-btn-spinner-container\" style=\"display: none !important\"><div class=\"asp-btn-spinner\"><div><\/div><div><\/div><div><\/div><div><\/div><\/div><\/div><script>var asp_data_269f3aa6c4f07c = {\"is_live\":true,\"product_id\":41298,\"iframe_url\":\"https:\\\/\\\/apapachofest.com\\\/asp-payment-box\\\/?product_id=41298\",\"button_key\":\"862bde4956a511237ac60ed0d756e52c\",\"item_price\":15000,\"quantity\":1,\"custom_quantity\":\"\",\"description\":\"1 X 150\\u20ac\",\"descrGenerated\":true,\"shipping\":0,\"tax\":0,\"image\":\"\",\"currency\":\"EUR\",\"currency_variable\":\"\",\"locale\":\"auto\",\"name\":\"Reserva habitaci\\u00f3n triple ba\\u00f1o propio\",\"url\":\"\",\"amount\":15000,\"billingAddress\":false,\"shippingAddress\":false,\"customer_email\":\"\",\"uniq_id\":\"269f3aa6c4f07c\",\"variable\":false,\"zeroCents\":[\"JPY\",\"MGA\",\"VND\",\"KRW\"],\"addonHooks\":[],\"button_text\":\"Abona tu Reserva\",\"out_of_stock\":false,\"stock_control_enabled\":true,\"stock_items\":\"19\",\"currencyFormat\":{\"c\":0,\"d\":\".\",\"t\":\",\",\"s\":\"\\u20ac\",\"pos\":\"right\"},\"displayStr\":{\"tax\":\"%s (impuesto)\",\"ship\":\"%s (env\\u00edo)\"},\"thankyou_page_url\":\"aHR0cHM6Ly9hcGFwYWNob2Zlc3QuY29tL2luZGV4LnBocC9ncmFjaWFzLXBvci11bmlydGUtYS1sYS10cmlidS1hcGFwYWNoby8=\",\"show_custom_amount_input\":false};if(typeof jQuery!==\"undefined\") {jQuery(document).ready(function() {new stripeHandlerNG(asp_data_269f3aa6c4f07c);});} else { if (typeof wpaspInitOnDocReady===\"undefined\") {var wpaspInitOnDocReady=[];} wpaspInitOnDocReady.push(asp_data_269f3aa6c4f07c);}<\/script><\/div><\/div>\n<p>[\/et_pb_text][\/et_pb_column][\/et_pb_row][et_pb_row column_structure=\u00bb1_3,1_3,1_3&#8243; use_custom_gutter=\u00bbon\u00bb gutter_width=\u00bb2&#8243; make_equal=\u00bbon\u00bb _builder_version=\u00bb4.27.5&#8243; _module_preset=\u00bbdefault\u00bb width=\u00bb90%\u00bb width_tablet=\u00bb\u00bb width_phone=\u00bb95%\u00bb width_last_edited=\u00bbon|desktop\u00bb max_width=\u00bb95%\u00bb custom_margin=\u00bb16px|auto||auto||\u00bb global_colors_info=\u00bb{}\u00bb][et_pb_column type=\u00bb1_3&#8243; _builder_version=\u00bb4.23.1&#8243; _module_preset=\u00bbdefault\u00bb background_color=\u00bb#eaeaea\u00bb custom_padding=\u00bb10px|10px|10px|10px|true|true\u00bb border_radii=\u00bbon|25px|25px|25px|25px\u00bb border_width_all=\u00bb5px\u00bb border_color_all=\u00bb#b04c30&#8243; border_style_all=\u00bbdashed\u00bb global_colors_info=\u00bb{}\u00bb][et_pb_image src=\u00bbhttps:\/\/apapachofest.com\/wp-content\/uploads\/2024\/03\/glamping-apapachofest-recortada.jpg\u00bb title_text=\u00bbglamping-apapachofest-recortada\u00bb _builder_version=\u00bb4.23.1&#8243; _module_preset=\u00bbdefault\u00bb filter_saturate=\u00bb113%\u00bb filter_brightness=\u00bb108%\u00bb filter_contrast=\u00bb103%\u00bb border_radii=\u00bbon|25px|25px|25px|25px\u00bb global_colors_info=\u00bb{}\u00bb][\/et_pb_image][et_pb_text _builder_version=\u00bb4.23.1&#8243; _module_preset=\u00bbdefault\u00bb text_font=\u00bbRoboto|300|||||||\u00bb text_text_color=\u00bb#000000&#8243; text_font_size=\u00bb20px\u00bb text_orientation=\u00bbcenter\u00bb global_colors_info=\u00bb{}\u00bb]<\/p>\n<p><strong>Tipi Compartido <\/strong>| Ba\u00f1o compartido<\/p>\n<p>[\/et_pb_text][et_pb_text disabled_on=\u00bboff|off|off\u00bb _builder_version=\u00bb4.27.6&#8243; _module_preset=\u00bbdefault\u00bb text_font=\u00bbRoboto|700|||||||\u00bb text_text_color=\u00bb#E02B20&#8243; text_font_size=\u00bb16px\u00bb text_orientation=\u00bbcenter\u00bb custom_margin=\u00bb-6px|||||\u00bb global_colors_info=\u00bb{}\u00bb]<\/p>\n<p>\u00a171 plazas disponibles!<\/p>\n<p>[\/et_pb_text][et_pb_text _builder_version=\u00bb4.23.1&#8243; _module_preset=\u00bbdefault\u00bb text_font=\u00bbRoboto|300|||||||\u00bb text_text_color=\u00bb#000000&#8243; text_font_size=\u00bb16px\u00bb text_orientation=\u00bbcenter\u00bb custom_margin=\u00bb||45px|||\u00bb global_colors_info=\u00bb{}\u00bb]<\/p>\n<p>Precio Festival Completo:<\/p>\n<p>[\/et_pb_text][et_pb_text disabled_on=\u00bboff|off|off\u00bb _builder_version=\u00bb4.27.5&#8243; _module_preset=\u00bbdefault\u00bb text_font=\u00bbRoboto|900|||||||\u00bb text_text_color=\u00bbrgba(0,0,0,0.54)\u00bb text_font_size=\u00bb32px\u00bb text_letter_spacing=\u00bb-2px\u00bb text_orientation=\u00bbcenter\u00bb custom_margin=\u00bb||34px|||\u00bb text_font_size_tablet=\u00bb32px\u00bb text_font_size_phone=\u00bb27px\u00bb text_font_size_last_edited=\u00bbon|phone\u00bb global_colors_info=\u00bb{}\u00bb]<\/p>\n<p><span style=\"text-decoration: line-through;\">797\u20ac<\/span><\/p>\n<p>[\/et_pb_text][et_pb_text _builder_version=\u00bb4.27.6&#8243; _module_preset=\u00bbdefault\u00bb text_font=\u00bbRoboto|900|||||||\u00bb text_text_color=\u00bb#b04c30&#8243; text_font_size=\u00bb73px\u00bb text_letter_spacing=\u00bb-5px\u00bb text_orientation=\u00bbcenter\u00bb custom_margin=\u00bb||33px|||\u00bb text_font_size_tablet=\u00bb73px\u00bb text_font_size_phone=\u00bb60px\u00bb text_font_size_last_edited=\u00bbon|phone\u00bb global_colors_info=\u00bb{}\u00bb]<\/p>\n<p>657\u20ac<\/p>\n<p>[\/et_pb_text][et_pb_text disabled_on=\u00bboff|off|off\u00bb _builder_version=\u00bb4.27.6&#8243; _module_preset=\u00bbdefault\u00bb text_font=\u00bbRoboto|900|||||||\u00bb text_text_color=\u00bb#000000&#8243; text_font_size=\u00bb18px\u00bb text_orientation=\u00bbcenter\u00bb global_colors_info=\u00bb{}\u00bb]<\/p>\n<p><strong>\u00a1DESCUENTO DE 140\u20ac<\/strong>!<\/p>\n<p>[\/et_pb_text][et_pb_countdown_timer title=\u00bbEL DESCUENTO ACABA EN&#8230;\u00bb date_time=\u00bb2026-05-03 23:59&#8243; disabled_on=\u00bboff|off|off\u00bb _builder_version=\u00bb4.27.6&#8243; _module_preset=\u00bbdefault\u00bb header_font=\u00bbRebel Kids||||||||\u00bb header_text_color=\u00bb#212121&#8243; header_font_size=\u00bb23px\u00bb numbers_font=\u00bbRoboto|700|||||||\u00bb numbers_font_size=\u00bb28px\u00bb label_text_color=\u00bb#000000&#8243; background_enable_color=\u00bboff\u00bb width=\u00bb100%\u00bb custom_margin=\u00bb39px||||false|false\u00bb custom_padding=\u00bb0px|||||\u00bb header_font_size_tablet=\u00bb46px\u00bb header_font_size_phone=\u00bb21px\u00bb header_font_size_last_edited=\u00bbon|phone\u00bb numbers_font_size_tablet=\u00bb41px\u00bb numbers_font_size_phone=\u00bb21px\u00bb numbers_font_size_last_edited=\u00bbon|phone\u00bb global_colors_info=\u00bb{}\u00bb][\/et_pb_countdown_timer][et_pb_text _builder_version=\u00bb4.27.4&#8243; _module_preset=\u00bbdefault\u00bb text_font=\u00bbRoboto|300|||||||\u00bb text_text_color=\u00bb#000000&#8243; text_font_size=\u00bb16px\u00bb custom_margin=\u00bb||45px|||\u00bb global_colors_info=\u00bb{}\u00bb]<\/p>\n<p><strong>Vive la experiencia del festival tan c\u00f3modamente como si estuvieras en una habitaci\u00f3n de hotel pero en contacto directo con la naturaleza.<\/strong><strong><\/strong><\/p>\n<p><strong>Esta opci\u00f3n incluye:<\/strong><strong><\/strong><\/p>\n<ul>\n<li>Alojamiento en tipi de 3 plazas con ba\u00f1os compartidos.<\/li>\n<li>Pensi\u00f3n completa en el comedor externo durante los 7 d\u00edas del evento.<\/li>\n<li>Servicio de limpieza de tipi 2 veces durante el evento.<\/li>\n<li>1 Cambio de toallas.<\/li>\n<li>Acceso libre a la piscina de agua termal en el balneario.<\/li>\n<li>Acceso a todos los talleres y actividades dentro de la programaci\u00f3n.<\/li>\n<\/ul>\n<p>[\/et_pb_text][et_pb_text disabled_on=\u00bboff|off|off\u00bb _builder_version=\u00bb4.23.1&#8243; _module_preset=\u00bbdefault\u00bb custom_margin=\u00bb||16px|||\u00bb global_colors_info=\u00bb{}\u00bb]<\/p>\n<div style=\"text-align: center;\"><div class=\"asp_product_buy_button\"><div class=\"asp-processing-cont\" style=\"display:none;\"><span class=\"asp-processing\">Processing <i>.<\/i><i>.<\/i><i>.<\/i><\/span><\/div><form id=\"asp_ng_form_369f3aa6c4f466\" class=\"asp-stripe-form\" action=\"\"  method=\"POST\"> <input type=\"hidden\" name=\"asp_product_id\" value=\"231\" \/><div class=\"asp-child-hidden-fields\" style=\"display: none !important;\"><\/div><\/form><div id=\"asp-all-buttons-container-369f3aa6c4f466\" class=\"asp_all_buttons_container\"><div class=\"asp_product_buy_btn_container\"><button id=\"asp_ng_button_369f3aa6c4f466\" type=\"submit\" class=\"et_pb_button_2\" ><span>Abona tu Reserva<\/span><\/button><\/div><noscript>Para poder operar, Stripe Payments necesita que el navegador sea compatible con JavaScript.<\/noscript><\/div><div id=\"asp-btn-spinner-container-369f3aa6c4f466\" class=\"asp-btn-spinner-container\" style=\"display: none !important\"><div class=\"asp-btn-spinner\"><div><\/div><div><\/div><div><\/div><div><\/div><\/div><\/div><script>var asp_data_369f3aa6c4f466 = {\"is_live\":true,\"product_id\":231,\"iframe_url\":\"https:\\\/\\\/apapachofest.com\\\/asp-payment-box\\\/?product_id=231\",\"button_key\":\"220e1eb169645d355aa26c7c8b3deb3c\",\"item_price\":15000,\"quantity\":1,\"custom_quantity\":\"\",\"description\":\"Abona ahora la reserva de tu plaza\",\"descrGenerated\":false,\"shipping\":0,\"tax\":0,\"image\":\"\",\"currency\":\"EUR\",\"currency_variable\":\"\",\"locale\":\"auto\",\"name\":\"Reserva Tipi ba\\u00f1o compartido\",\"url\":\"\",\"amount\":15000,\"billingAddress\":false,\"shippingAddress\":false,\"customer_email\":\"\",\"uniq_id\":\"369f3aa6c4f466\",\"variable\":false,\"zeroCents\":[\"JPY\",\"MGA\",\"VND\",\"KRW\"],\"addonHooks\":[],\"button_text\":\"Abona tu Reserva\",\"out_of_stock\":false,\"stock_control_enabled\":true,\"stock_items\":\"71\",\"currencyFormat\":{\"c\":0,\"d\":\".\",\"t\":\",\",\"s\":\"\\u20ac\",\"pos\":\"right\"},\"displayStr\":{\"tax\":\"%s (impuesto)\",\"ship\":\"%s (env\\u00edo)\"},\"thankyou_page_url\":\"aHR0cHM6Ly9hcGFwYWNob2Zlc3QuY29tL2luZGV4LnBocC9ncmFjaWFzLXBvci11bmlydGUtYS1sYS10cmlidS1hcGFwYWNoby8=\",\"show_custom_amount_input\":false};if(typeof jQuery!==\"undefined\") {jQuery(document).ready(function() {new stripeHandlerNG(asp_data_369f3aa6c4f466);});} else { if (typeof wpaspInitOnDocReady===\"undefined\") {var wpaspInitOnDocReady=[];} wpaspInitOnDocReady.push(asp_data_369f3aa6c4f466);}<\/script><\/div><\/div>\n<p>[\/et_pb_text][\/et_pb_column][et_pb_column type=\u00bb1_3&#8243; _builder_version=\u00bb4.23.1&#8243; _module_preset=\u00bbdefault\u00bb background_color=\u00bb#eaeaea\u00bb custom_padding=\u00bb10px|10px|10px|10px|true|true\u00bb border_radii=\u00bbon|25px|25px|25px|25px\u00bb border_width_all=\u00bb5px\u00bb border_color_all=\u00bb#b04c30&#8243; border_style_all=\u00bbdashed\u00bb global_colors_info=\u00bb{}\u00bb][et_pb_image src=\u00bbhttps:\/\/apapachofest.com\/wp-content\/uploads\/2024\/03\/camping-apapachofest.jpg\u00bb title_text=\u00bbDoble-Est\u00e1ndar-y-Triple-2&#8243; _builder_version=\u00bb4.23.1&#8243; _module_preset=\u00bbdefault\u00bb filter_saturate=\u00bb113%\u00bb filter_brightness=\u00bb114%\u00bb filter_contrast=\u00bb108%\u00bb border_radii=\u00bbon|25px|25px|25px|25px\u00bb global_colors_info=\u00bb{}\u00bb][\/et_pb_image][et_pb_text _builder_version=\u00bb4.27.4&#8243; _module_preset=\u00bbdefault\u00bb text_font=\u00bbRoboto|300|||||||\u00bb text_text_color=\u00bb#000000&#8243; text_font_size=\u00bb20px\u00bb text_orientation=\u00bbcenter\u00bb global_colors_info=\u00bb{}\u00bb]<\/p>\n<p><strong>Tienda de Campa\u00f1a <\/strong>|\u00a0 Ba\u00f1o compartido<\/p>\n<p>[\/et_pb_text][et_pb_text disabled_on=\u00bboff|off|off\u00bb _builder_version=\u00bb4.27.6&#8243; _module_preset=\u00bbdefault\u00bb text_font=\u00bbRoboto|700|||||||\u00bb text_text_color=\u00bb#E02B20&#8243; text_font_size=\u00bb16px\u00bb text_orientation=\u00bbcenter\u00bb custom_margin=\u00bb-6px|||||\u00bb hover_enabled=\u00bb0&#8243; global_colors_info=\u00bb{}\u00bb sticky_enabled=\u00bb0&#8243;]<\/p>\n<p>\u00a1137 plazas disponibles!<\/p>\n<p>[\/et_pb_text][et_pb_text _builder_version=\u00bb4.23.1&#8243; _module_preset=\u00bbdefault\u00bb text_font=\u00bbRoboto|300|||||||\u00bb text_text_color=\u00bb#000000&#8243; text_font_size=\u00bb16px\u00bb text_orientation=\u00bbcenter\u00bb custom_margin=\u00bb||45px|||\u00bb global_colors_info=\u00bb{}\u00bb]<\/p>\n<p>Precio Festival Completo:<\/p>\n<p>[\/et_pb_text][et_pb_text disabled_on=\u00bboff|off|off\u00bb _builder_version=\u00bb4.27.5&#8243; _module_preset=\u00bbdefault\u00bb text_font=\u00bbRoboto|900|||||||\u00bb text_text_color=\u00bbrgba(0,0,0,0.54)\u00bb text_font_size=\u00bb32px\u00bb text_letter_spacing=\u00bb-2px\u00bb text_orientation=\u00bbcenter\u00bb custom_margin=\u00bb||34px|||\u00bb text_font_size_tablet=\u00bb32px\u00bb text_font_size_phone=\u00bb27px\u00bb text_font_size_last_edited=\u00bbon|phone\u00bb global_colors_info=\u00bb{}\u00bb]<\/p>\n<p><span style=\"text-decoration: line-through;\">647\u20ac<\/span><\/p>\n<p>[\/et_pb_text][et_pb_text _builder_version=\u00bb4.27.6&#8243; _module_preset=\u00bbdefault\u00bb text_font=\u00bbRoboto|900|||||||\u00bb text_text_color=\u00bb#b04c30&#8243; text_font_size=\u00bb73px\u00bb text_letter_spacing=\u00bb-5px\u00bb text_orientation=\u00bbcenter\u00bb custom_margin=\u00bb||33px|||\u00bb text_font_size_tablet=\u00bb73px\u00bb text_font_size_phone=\u00bb60px\u00bb text_font_size_last_edited=\u00bbon|phone\u00bb global_colors_info=\u00bb{}\u00bb]<\/p>\n<p>507\u20ac<\/p>\n<p>[\/et_pb_text][et_pb_text disabled_on=\u00bboff|off|off\u00bb _builder_version=\u00bb4.27.6&#8243; _module_preset=\u00bbdefault\u00bb text_font=\u00bbRoboto|900|||||||\u00bb text_text_color=\u00bb#000000&#8243; text_font_size=\u00bb18px\u00bb text_orientation=\u00bbcenter\u00bb global_colors_info=\u00bb{}\u00bb]<\/p>\n<p><strong>\u00a1DESCUENTO DE 140\u20ac<\/strong>!<\/p>\n<p>[\/et_pb_text][et_pb_countdown_timer title=\u00bbEL DESCUENTO ACABA EN&#8230;\u00bb date_time=\u00bb2026-05-03 23:59&#8243; disabled_on=\u00bboff|off|off\u00bb _builder_version=\u00bb4.27.6&#8243; _module_preset=\u00bbdefault\u00bb header_font=\u00bbRebel Kids||||||||\u00bb header_text_color=\u00bb#212121&#8243; header_font_size=\u00bb23px\u00bb numbers_font=\u00bbRoboto|700|||||||\u00bb numbers_font_size=\u00bb28px\u00bb label_text_color=\u00bb#000000&#8243; background_enable_color=\u00bboff\u00bb width=\u00bb100%\u00bb custom_margin=\u00bb39px||||false|false\u00bb custom_padding=\u00bb0px|||||\u00bb header_font_size_tablet=\u00bb46px\u00bb header_font_size_phone=\u00bb21px\u00bb header_font_size_last_edited=\u00bbon|phone\u00bb numbers_font_size_tablet=\u00bb41px\u00bb numbers_font_size_phone=\u00bb21px\u00bb numbers_font_size_last_edited=\u00bbon|phone\u00bb global_colors_info=\u00bb{}\u00bb][\/et_pb_countdown_timer][et_pb_text _builder_version=\u00bb4.27.5&#8243; _module_preset=\u00bbdefault\u00bb text_font=\u00bbRoboto|300|||||||\u00bb text_text_color=\u00bb#000000&#8243; text_font_size=\u00bb16px\u00bb custom_margin=\u00bb||20px|||\u00bb global_colors_info=\u00bb{}\u00bb]<\/p>\n<p><strong>Si no quieres o no puedes traer tu tienda, disponemos de tienda y colchoneta de alquiler por 60\u20ac extra para todo el festival. <span style=\"text-decoration: underline; color: #0c71c3;\"><a href=\"https:\/\/apapachofest.com\/wp-content\/uploads\/2026\/01\/medidas-y-modelo-alquiler-de-tienda-y-colchoneta-apapacho-fest.pdf\" target=\"_blank\" rel=\"noopener\" style=\"color: #0c71c3; text-decoration: underline;\">Haz clic aqu\u00ed para ver el modelo y las medidas de la tienda y la colchoneta de alquiler.<\/a><\/span><\/strong><\/p>\n<p>[\/et_pb_text][et_pb_text _builder_version=\u00bb4.27.4&#8243; _module_preset=\u00bbdefault\u00bb text_font=\u00bbRoboto|300|||||||\u00bb text_text_color=\u00bb#000000&#8243; text_font_size=\u00bb16px\u00bb custom_margin=\u00bb||45px|||\u00bb global_colors_info=\u00bb{}\u00bb]<\/p>\n<p><strong>Esta opci\u00f3n incluye:<\/strong><strong><\/strong><\/p>\n<ul>\n<li>Alojamiento en tienda con ba\u00f1os compartidos.<\/li>\n<li>Pensi\u00f3n completa en el comedor externo durante los 7 d\u00edas del evento.<\/li>\n<li>Acceso libre a la piscina de agua termal en el balneario.<\/li>\n<li>Acceso a todos los talleres y actividades dentro de la programaci\u00f3n.<\/li>\n<\/ul>\n<p>[\/et_pb_text][et_pb_text disabled_on=\u00bboff|off|off\u00bb _builder_version=\u00bb4.23.1&#8243; _module_preset=\u00bbdefault\u00bb custom_margin=\u00bb||16px|||\u00bb global_colors_info=\u00bb{}\u00bb]<\/p>\n<div style=\"text-align: center;\"><div class=\"asp_product_buy_button\"><div class=\"asp-processing-cont\" style=\"display:none;\"><span class=\"asp-processing\">Processing <i>.<\/i><i>.<\/i><i>.<\/i><\/span><\/div><form id=\"asp_ng_form_469f3aa6c4f7f5\" class=\"asp-stripe-form\" action=\"\"  method=\"POST\"> <input type=\"hidden\" name=\"asp_product_id\" value=\"232\" \/><div class=\"asp-child-hidden-fields\" style=\"display: none !important;\"><\/div><\/form><div id=\"asp-all-buttons-container-469f3aa6c4f7f5\" class=\"asp_all_buttons_container\"><div class=\"asp_product_buy_btn_container\"><button id=\"asp_ng_button_469f3aa6c4f7f5\" type=\"submit\" class=\"et_pb_button_2\" ><span>Abona tu Reserva<\/span><\/button><\/div><noscript>Para poder operar, Stripe Payments necesita que el navegador sea compatible con JavaScript.<\/noscript><\/div><div id=\"asp-btn-spinner-container-469f3aa6c4f7f5\" class=\"asp-btn-spinner-container\" style=\"display: none !important\"><div class=\"asp-btn-spinner\"><div><\/div><div><\/div><div><\/div><div><\/div><\/div><\/div><script>var asp_data_469f3aa6c4f7f5 = {\"is_live\":true,\"product_id\":232,\"iframe_url\":\"https:\\\/\\\/apapachofest.com\\\/asp-payment-box\\\/?product_id=232\",\"button_key\":\"100645e0126e601b5f26b3171502742d\",\"item_price\":15000,\"quantity\":1,\"custom_quantity\":\"\",\"description\":\"Abona ahora la reserva de tu plaza\",\"descrGenerated\":false,\"shipping\":0,\"tax\":0,\"image\":\"\",\"currency\":\"EUR\",\"currency_variable\":\"\",\"locale\":\"auto\",\"name\":\"Reserva Tienda ba\\u00f1o compartido\",\"url\":\"\",\"amount\":15000,\"billingAddress\":false,\"shippingAddress\":false,\"customer_email\":\"\",\"uniq_id\":\"469f3aa6c4f7f5\",\"variable\":false,\"zeroCents\":[\"JPY\",\"MGA\",\"VND\",\"KRW\"],\"addonHooks\":[],\"button_text\":\"Abona tu Reserva\",\"out_of_stock\":false,\"stock_control_enabled\":true,\"stock_items\":\"137\",\"currencyFormat\":{\"c\":0,\"d\":\".\",\"t\":\",\",\"s\":\"\\u20ac\",\"pos\":\"right\"},\"displayStr\":{\"tax\":\"%s (impuesto)\",\"ship\":\"%s (env\\u00edo)\"},\"thankyou_page_url\":\"aHR0cHM6Ly9hcGFwYWNob2Zlc3QuY29tL2luZGV4LnBocC9ncmFjaWFzLXBvci11bmlydGUtYS1sYS10cmlidS1hcGFwYWNoby8=\",\"show_custom_amount_input\":false};if(typeof jQuery!==\"undefined\") {jQuery(document).ready(function() {new stripeHandlerNG(asp_data_469f3aa6c4f7f5);});} else { if (typeof wpaspInitOnDocReady===\"undefined\") {var wpaspInitOnDocReady=[];} wpaspInitOnDocReady.push(asp_data_469f3aa6c4f7f5);}<\/script><\/div><\/div>\n<p>[\/et_pb_text][\/et_pb_column][et_pb_column type=\u00bb1_3&#8243; _builder_version=\u00bb4.23.1&#8243; _module_preset=\u00bbdefault\u00bb background_color=\u00bb#eaeaea\u00bb custom_padding=\u00bb10px|10px|10px|10px|true|true\u00bb border_radii=\u00bbon|25px|25px|25px|25px\u00bb border_width_all=\u00bb5px\u00bb border_color_all=\u00bb#b04c30&#8243; border_style_all=\u00bbdashed\u00bb global_colors_info=\u00bb{}\u00bb][et_pb_image src=\u00bbhttps:\/\/apapachofest.com\/wp-content\/uploads\/2026\/01\/opcion-furgo-y-camper-apapacho-fest.jpg\u00bb title_text=\u00bbopcion-furgo-y-camper-apapacho-fest\u00bb _builder_version=\u00bb4.27.5&#8243; _module_preset=\u00bbdefault\u00bb filter_saturate=\u00bb113%\u00bb filter_brightness=\u00bb114%\u00bb filter_contrast=\u00bb108%\u00bb border_radii=\u00bbon|25px|25px|25px|25px\u00bb global_colors_info=\u00bb{}\u00bb][\/et_pb_image][et_pb_text _builder_version=\u00bb4.27.5&#8243; _module_preset=\u00bbdefault\u00bb text_font=\u00bbRoboto|300|||||||\u00bb text_text_color=\u00bb#000000&#8243; text_font_size=\u00bb20px\u00bb text_orientation=\u00bbcenter\u00bb global_colors_info=\u00bb{}\u00bb]<\/p>\n<p><strong>Furgo o Camper <\/strong>| Ba\u00f1o compartido<\/p>\n<p>[\/et_pb_text][et_pb_text disabled_on=\u00bboff|off|off\u00bb _builder_version=\u00bb4.27.6&#8243; _module_preset=\u00bbdefault\u00bb text_font=\u00bbRoboto|700|||||||\u00bb text_text_color=\u00bb#E02B20&#8243; text_font_size=\u00bb16px\u00bb text_orientation=\u00bbcenter\u00bb custom_margin=\u00bb-6px|||||\u00bb global_colors_info=\u00bb{}\u00bb]<\/p>\n<p>\u00a125 plazas disponibles!<\/p>\n<p>[\/et_pb_text][et_pb_text _builder_version=\u00bb4.23.1&#8243; _module_preset=\u00bbdefault\u00bb text_font=\u00bbRoboto|300|||||||\u00bb text_text_color=\u00bb#000000&#8243; text_font_size=\u00bb16px\u00bb text_orientation=\u00bbcenter\u00bb custom_margin=\u00bb||45px|||\u00bb global_colors_info=\u00bb{}\u00bb]<\/p>\n<p>Precio Festival Completo:<\/p>\n<p>[\/et_pb_text][et_pb_text disabled_on=\u00bboff|off|off\u00bb _builder_version=\u00bb4.27.5&#8243; _module_preset=\u00bbdefault\u00bb text_font=\u00bbRoboto|900|||||||\u00bb text_text_color=\u00bbrgba(0,0,0,0.54)\u00bb text_font_size=\u00bb32px\u00bb text_letter_spacing=\u00bb-2px\u00bb text_orientation=\u00bbcenter\u00bb custom_margin=\u00bb||34px|||\u00bb text_font_size_tablet=\u00bb32px\u00bb text_font_size_phone=\u00bb27px\u00bb text_font_size_last_edited=\u00bbon|phone\u00bb global_colors_info=\u00bb{}\u00bb]<\/p>\n<p><span style=\"text-decoration: line-through;\">697\u20ac<\/span><\/p>\n<p>[\/et_pb_text][et_pb_text _builder_version=\u00bb4.27.6&#8243; _module_preset=\u00bbdefault\u00bb text_font=\u00bbRoboto|900|||||||\u00bb text_text_color=\u00bb#b04c30&#8243; text_font_size=\u00bb73px\u00bb text_letter_spacing=\u00bb-5px\u00bb text_orientation=\u00bbcenter\u00bb custom_margin=\u00bb||33px|||\u00bb text_font_size_tablet=\u00bb73px\u00bb text_font_size_phone=\u00bb60px\u00bb text_font_size_last_edited=\u00bbon|phone\u00bb global_colors_info=\u00bb{}\u00bb]<\/p>\n<p>557\u20ac<\/p>\n<p>[\/et_pb_text][et_pb_text disabled_on=\u00bboff|off|off\u00bb _builder_version=\u00bb4.27.6&#8243; _module_preset=\u00bbdefault\u00bb text_font=\u00bbRoboto|900|||||||\u00bb text_text_color=\u00bb#000000&#8243; text_font_size=\u00bb18px\u00bb text_orientation=\u00bbcenter\u00bb global_colors_info=\u00bb{}\u00bb]<\/p>\n<p><strong>\u00a1DESCUENTO DE 140\u20ac<\/strong>!<\/p>\n<p>[\/et_pb_text][et_pb_countdown_timer title=\u00bbEL DESCUENTO ACABA EN&#8230;\u00bb date_time=\u00bb2026-05-03 23:59&#8243; disabled_on=\u00bboff|off|off\u00bb _builder_version=\u00bb4.27.6&#8243; _module_preset=\u00bbdefault\u00bb header_font=\u00bbRebel Kids||||||||\u00bb header_text_color=\u00bb#212121&#8243; header_font_size=\u00bb23px\u00bb numbers_font=\u00bbRoboto|700|||||||\u00bb numbers_font_size=\u00bb28px\u00bb label_text_color=\u00bb#000000&#8243; background_enable_color=\u00bboff\u00bb width=\u00bb100%\u00bb custom_margin=\u00bb39px||||false|false\u00bb custom_padding=\u00bb0px|||||\u00bb header_font_size_tablet=\u00bb46px\u00bb header_font_size_phone=\u00bb21px\u00bb header_font_size_last_edited=\u00bbon|phone\u00bb numbers_font_size_tablet=\u00bb41px\u00bb numbers_font_size_phone=\u00bb21px\u00bb numbers_font_size_last_edited=\u00bbon|phone\u00bb global_colors_info=\u00bb{}\u00bb][\/et_pb_countdown_timer][et_pb_text _builder_version=\u00bb4.27.4&#8243; _module_preset=\u00bbdefault\u00bb text_font=\u00bbRoboto|300|||||||\u00bb text_text_color=\u00bb#000000&#8243; text_font_size=\u00bb16px\u00bb custom_margin=\u00bb||45px|||\u00bb global_colors_info=\u00bb{}\u00bb]<\/p>\n<p><strong>Esta opci\u00f3n incluye:<\/strong><strong><\/strong><\/p>\n<ul>\n<li>Alojamiento en furgo o camper con ba\u00f1os compartidos.<\/li>\n<li>Pensi\u00f3n completa en el comedor externo durante los 7 d\u00edas del evento.<\/li>\n<li>Acceso libre a la piscina de agua termal en el balneario.<\/li>\n<li>Acceso a todos los talleres y actividades dentro de la programaci\u00f3n.<\/li>\n<\/ul>\n<p>[\/et_pb_text][et_pb_text disabled_on=\u00bboff|off|off\u00bb _builder_version=\u00bb4.27.5&#8243; _module_preset=\u00bbdefault\u00bb custom_margin=\u00bb||16px|||\u00bb global_colors_info=\u00bb{}\u00bb]<\/p>\n<div style=\"text-align: center;\"><div class=\"asp_product_buy_button\"><div class=\"asp-processing-cont\" style=\"display:none;\"><span class=\"asp-processing\">Processing <i>.<\/i><i>.<\/i><i>.<\/i><\/span><\/div><form id=\"asp_ng_form_569f3aa6c4fb75\" class=\"asp-stripe-form\" action=\"\"  method=\"POST\"> <input type=\"hidden\" name=\"asp_product_id\" value=\"41299\" \/><div class=\"asp-child-hidden-fields\" style=\"display: none !important;\"><\/div><\/form><div id=\"asp-all-buttons-container-569f3aa6c4fb75\" class=\"asp_all_buttons_container\"><div class=\"asp_product_buy_btn_container\"><button id=\"asp_ng_button_569f3aa6c4fb75\" type=\"submit\" class=\"et_pb_button_2\" ><span>Abona tu Reserva<\/span><\/button><\/div><noscript>Para poder operar, Stripe Payments necesita que el navegador sea compatible con JavaScript.<\/noscript><\/div><div id=\"asp-btn-spinner-container-569f3aa6c4fb75\" class=\"asp-btn-spinner-container\" style=\"display: none !important\"><div class=\"asp-btn-spinner\"><div><\/div><div><\/div><div><\/div><div><\/div><\/div><\/div><script>var asp_data_569f3aa6c4fb75 = {\"is_live\":true,\"product_id\":41299,\"iframe_url\":\"https:\\\/\\\/apapachofest.com\\\/asp-payment-box\\\/?product_id=41299\",\"button_key\":\"dad6cd978dbd06f687a3139741c1e556\",\"item_price\":15000,\"quantity\":1,\"custom_quantity\":\"\",\"description\":\"1 X 150\\u20ac\",\"descrGenerated\":true,\"shipping\":0,\"tax\":0,\"image\":\"\",\"currency\":\"EUR\",\"currency_variable\":\"\",\"locale\":\"auto\",\"name\":\"Reserva furgo o camper ba\\u00f1o compartido\",\"url\":\"\",\"amount\":15000,\"billingAddress\":false,\"shippingAddress\":false,\"customer_email\":\"\",\"uniq_id\":\"569f3aa6c4fb75\",\"variable\":false,\"zeroCents\":[\"JPY\",\"MGA\",\"VND\",\"KRW\"],\"addonHooks\":[],\"button_text\":\"Abona tu Reserva\",\"out_of_stock\":false,\"stock_control_enabled\":true,\"stock_items\":\"24\",\"currencyFormat\":{\"c\":0,\"d\":\".\",\"t\":\",\",\"s\":\"\\u20ac\",\"pos\":\"right\"},\"displayStr\":{\"tax\":\"%s (impuesto)\",\"ship\":\"%s (env\\u00edo)\"},\"thankyou_page_url\":\"aHR0cHM6Ly9hcGFwYWNob2Zlc3QuY29tL2luZGV4LnBocC9ncmFjaWFzLXBvci11bmlydGUtYS1sYS10cmlidS1hcGFwYWNoby8=\",\"show_custom_amount_input\":false};if(typeof jQuery!==\"undefined\") {jQuery(document).ready(function() {new stripeHandlerNG(asp_data_569f3aa6c4fb75);});} else { if (typeof wpaspInitOnDocReady===\"undefined\") {var wpaspInitOnDocReady=[];} wpaspInitOnDocReady.push(asp_data_569f3aa6c4fb75);}<\/script><\/div><\/div>\n<p>[\/et_pb_text][\/et_pb_column][\/et_pb_row][et_pb_row use_custom_gutter=\u00bbon\u00bb gutter_width=\u00bb2&#8243; make_equal=\u00bbon\u00bb _builder_version=\u00bb4.23.1&#8243; _module_preset=\u00bbdefault\u00bb width=\u00bb90%\u00bb width_tablet=\u00bb\u00bb width_phone=\u00bb95%\u00bb width_last_edited=\u00bbon|desktop\u00bb max_width=\u00bb90%\u00bb custom_padding=\u00bb30px|||||\u00bb global_colors_info=\u00bb{}\u00bb][et_pb_column type=\u00bb4_4&#8243; _builder_version=\u00bb4.23.1&#8243; _module_preset=\u00bbdefault\u00bb global_colors_info=\u00bb{}\u00bb][et_pb_text _builder_version=\u00bb4.23.1&#8243; _module_preset=\u00bbdefault\u00bb text_font=\u00bbRoboto Flex||||||||\u00bb text_text_color=\u00bb#000000&#8243; text_font_size=\u00bb18px\u00bb text_line_height=\u00bb1.6em\u00bb text_orientation=\u00bbcenter\u00bb global_colors_info=\u00bb{}\u00bb]<\/p>\n<p><em>*El precio incluye el alojamiento elegido, pensi\u00f3n completa en el men\u00fa elegido y la entrada a todos los talleres y actividades. No est\u00e1 incluido el transporte.<\/em><\/p>\n<p>[\/et_pb_text][et_pb_text _builder_version=\u00bb4.23.1&#8243; _module_preset=\u00bbdefault\u00bb text_font=\u00bbRoboto Flex||||||||\u00bb text_text_color=\u00bb#000000&#8243; text_font_size=\u00bb18px\u00bb text_line_height=\u00bb1.6em\u00bb text_orientation=\u00bbcenter\u00bb global_colors_info=\u00bb{}\u00bb]<\/p>\n<p><span>Es necesario hacer un pago de 150\u20ac para reservar tu plaza para el festival completo. El resto se abonar\u00e1 en efectivo a la llegada del encuentro.<\/span><\/p>\n<p>[\/et_pb_text][et_pb_text module_id=\u00bbcontacto\u00bb _builder_version=\u00bb4.23.1&#8243; _module_preset=\u00bbdefault\u00bb text_font=\u00bbRoboto Flex||||||||\u00bb text_text_color=\u00bb#000000&#8243; text_font_size=\u00bb12px\u00bb text_line_height=\u00bb1.6em\u00bb text_orientation=\u00bbcenter\u00bb global_colors_info=\u00bb{}\u00bb]<\/p>\n<p><span>La asistencia al evento implica\u00a0<\/span><span>autorizaci\u00f3n de utilizaci\u00f3n de imagen del contenido grabado o fotografiado durante el evento, al amparo de lo dispuesto en la Ley Org\u00e1nica 1\/1982, de 5 de mayo, de Protecci\u00f3n Civil del Derecho al Honor, a la Intimidad Personal y Familiar y a la Propia Imagen. No obstante, si no deseas ser fotografiado o grabado durante el evento, respetaremos tu decisi\u00f3n y lo tendremos en cuenta.\u00a0<\/span><\/p>\n<p>[\/et_pb_text][et_pb_text module_id=\u00bbcontacto\u00bb _builder_version=\u00bb4.27.4&#8243; _module_preset=\u00bbdefault\u00bb text_font=\u00bbRoboto Flex||||||||\u00bb text_text_color=\u00bb#000000&#8243; text_font_size=\u00bb12px\u00bb text_line_height=\u00bb1.6em\u00bb text_orientation=\u00bbcenter\u00bb global_colors_info=\u00bb{}\u00bb]<\/p>\n<p>La organizaci\u00f3n de Apapacho Fest se reserva el derecho de modificar, sustituir o cancelar cualquier actividad, horario o facilitador del programa sin previo aviso, por razones organizativas o de fuerza mayor.<\/p>\n<p>[\/et_pb_text][et_pb_text _builder_version=\u00bb4.27.6&#8243; _module_preset=\u00bbdefault\u00bb text_font=\u00bbRoboto|900|||||||\u00bb text_text_color=\u00bb#000000&#8243; text_font_size=\u00bb18px\u00bb text_line_height=\u00bb1.6em\u00bb text_orientation=\u00bbcenter\u00bb global_colors_info=\u00bb{}\u00bb]<\/p>\n<h3><strong>Contacta con Nosotros<\/strong><\/h3>\n<p><span style=\"font-size: x-large; color: #0c71c3;\"><strong><a href=\"tel:\/\/+620349762 \" style=\"color: #0c71c3;\">620 34 97 62<\/a><\/strong><\/span>[\/et_pb_text][et_pb_text _builder_version=\u00bb4.23.1&#8243; _module_preset=\u00bbdefault\u00bb text_font=\u00bbRoboto Flex|900|||||||\u00bb text_text_color=\u00bb#000000&#8243; text_font_size=\u00bb18px\u00bb text_line_height=\u00bb1.6em\u00bb text_orientation=\u00bbcenter\u00bb global_colors_info=\u00bb{}\u00bb]<\/p>\n<p><span style=\"font-size: medium;\">Horario de atenci\u00f3n telef\u00f3nica: De Lunes a Domingo de 18h a 22h.<\/span><\/p>\n<p>[\/et_pb_text][et_pb_button button_url=\u00bbhttps:\/\/wa.me\/34620349762&#8243; url_new_window=\u00bbon\u00bb button_text=\u00bbContacta por Whatsapp\u00bb button_alignment=\u00bbcenter\u00bb _builder_version=\u00bb4.27.6&#8243; _module_preset=\u00bbdefault\u00bb custom_button=\u00bbon\u00bb button_text_color=\u00bb#FFFFFF\u00bb button_bg_color=\u00bb#23b21e\u00bb button_border_radius=\u00bb5px\u00bb button_font=\u00bbRoboto|700|||||||\u00bb button_icon=\u00bb&#xf232;||fa||400&#8243; button_on_hover=\u00bboff\u00bb custom_css_main_element=\u00bbbackground-color: #00ad1d!important;\u00bb global_colors_info=\u00bb{}\u00bb][\/et_pb_button][et_pb_text disabled_on=\u00bboff|off|off\u00bb _builder_version=\u00bb4.23.1&#8243; _module_preset=\u00bbdefault\u00bb text_font=\u00bbRebel Kids|900|||||||\u00bb text_text_color=\u00bb#000000&#8243; text_font_size=\u00bb46px\u00bb text_line_height=\u00bb1.2em\u00bb header_font_size=\u00bb36px\u00bb text_orientation=\u00bbcenter\u00bb custom_margin=\u00bb-20px||-1px||false|false\u00bb custom_padding=\u00bb74px|||||\u00bb text_font_size_tablet=\u00bb48px\u00bb text_font_size_phone=\u00bb52px\u00bb text_font_size_last_edited=\u00bbon|phone\u00bb global_colors_info=\u00bb{}\u00bb]<\/p>\n<p>Y adem\u00e1s solo por participar en Apapacho Fest&#8230;<\/p>\n<p>[\/et_pb_text][\/et_pb_column][\/et_pb_row][et_pb_row column_structure=\u00bb1_4,3_4&#8243; _builder_version=\u00bb4.23.1&#8243; _module_preset=\u00bbdefault\u00bb global_colors_info=\u00bb{}\u00bb][et_pb_column type=\u00bb1_4&#8243; _builder_version=\u00bb4.23.1&#8243; _module_preset=\u00bbdefault\u00bb global_colors_info=\u00bb{}\u00bb][et_pb_image src=\u00bbhttps:\/\/apapachofest.com\/wp-content\/uploads\/2024\/06\/television-consciente-sponsor-apapacho-fest-colaboracion.png\u00bb title_text=\u00bbtelevision-consciente-sponsor-apapacho-fest-colaboracion\u00bb _builder_version=\u00bb4.23.1&#8243; _module_preset=\u00bbdefault\u00bb global_colors_info=\u00bb{}\u00bb][\/et_pb_image][\/et_pb_column][et_pb_column type=\u00bb3_4&#8243; _builder_version=\u00bb4.23.1&#8243; _module_preset=\u00bbdefault\u00bb global_colors_info=\u00bb{}\u00bb][et_pb_text _builder_version=\u00bb4.23.1&#8243; _module_preset=\u00bbdefault\u00bb text_font=\u00bbRoboto Flex|300|||||||\u00bb text_text_color=\u00bb#000000&#8243; text_font_size=\u00bb16px\u00bb text_line_height=\u00bb1.5em\u00bb custom_margin=\u00bb19px||50px|||\u00bb text_font_size_tablet=\u00bb48px\u00bb text_font_size_phone=\u00bb20px\u00bb text_font_size_last_edited=\u00bbon|phone\u00bb global_colors_info=\u00bb{}\u00bb]Con tu participaci\u00f3n en <strong>Apacho Fest\u00a0<\/strong>podr\u00e1s disfrutar de\u00a01<strong>\u00a0mes de acceso gratuito<\/strong> a todos los contenidos de\u00a0Televisi\u00f3n Consciente, plataforma colaboradora del\u00a0Festival,\u00a0donde encontrar\u00e1s una amplia selecci\u00f3n de <strong>recursos para tu desarrollo personal<\/strong>: cursos variados, sesiones de yoga y meditaci\u00f3n, pel\u00edculas, series y documentales, entrevistas, recursos para dormir mejor, clases y talleres en directo, podcasts y mucho m\u00e1s. Contenidos dise\u00f1ados para nutrir tu crecimiento personal y brindarte<strong> herramientas para mejorar tu vida<\/strong>.\u00a0[\/et_pb_text][\/et_pb_column][\/et_pb_row][et_pb_row column_structure=\u00bb1_4,3_4&#8243; _builder_version=\u00bb4.23.1&#8243; _module_preset=\u00bbdefault\u00bb global_colors_info=\u00bb{}\u00bb][et_pb_column type=\u00bb1_4&#8243; _builder_version=\u00bb4.23.1&#8243; _module_preset=\u00bbdefault\u00bb global_colors_info=\u00bb{}\u00bb][et_pb_image src=\u00bbhttps:\/\/apapachofest.com\/wp-content\/uploads\/2026\/03\/BioMusicOne_logo_master-apapacho-fest.png\u00bb title_text=\u00bbBioMusicOne_logo_master apapacho fest\u00bb _builder_version=\u00bb4.27.6&#8243; _module_preset=\u00bbdefault\u00bb global_colors_info=\u00bb{}\u00bb][\/et_pb_image][\/et_pb_column][et_pb_column type=\u00bb3_4&#8243; _builder_version=\u00bb4.23.1&#8243; _module_preset=\u00bbdefault\u00bb global_colors_info=\u00bb{}\u00bb][et_pb_text _builder_version=\u00bb4.23.1&#8243; _module_preset=\u00bbdefault\u00bb text_font=\u00bbRoboto Flex|300|||||||\u00bb text_text_color=\u00bb#000000&#8243; text_font_size=\u00bb16px\u00bb text_line_height=\u00bb1.5em\u00bb custom_margin=\u00bb19px||50px|||\u00bb text_font_size_tablet=\u00bb48px\u00bb text_font_size_phone=\u00bb20px\u00bb text_font_size_last_edited=\u00bbon|phone\u00bb global_colors_info=\u00bb{}\u00bb]<\/p>\n<p>Con tu participaci\u00f3n en <strong>Apacho Fest\u00a0<\/strong>podr\u00e1s disfrutar de un 20% de descuento en todos los albumes de Biomusic One. Al realizar tu reserva recibir\u00e1s un c\u00f3digo descuento para que lo uses cuando t\u00fa quieras. <em>Bio Music One<\/em><span>\u00a0es un innovador proceso audio-activo y metas\u00f3nico en un medio art\u00edstico musical original para acceder\u00a0<\/span><em>a<\/em><span>\u00a0un mejor bienestar y una mayor conciencia.<\/span><\/p>\n<p>[\/et_pb_text][\/et_pb_column][\/et_pb_row][et_pb_row column_structure=\u00bb1_4,3_4&#8243; _builder_version=\u00bb4.23.1&#8243; _module_preset=\u00bbdefault\u00bb global_colors_info=\u00bb{}\u00bb][et_pb_column type=\u00bb1_4&#8243; _builder_version=\u00bb4.23.1&#8243; _module_preset=\u00bbdefault\u00bb global_colors_info=\u00bb{}\u00bb][et_pb_image src=\u00bbhttps:\/\/apapachofest.com\/wp-content\/uploads\/2024\/07\/guaguacuna-sponsor-apapacho-fest.png\u00bb title_text=\u00bbguaguacuna-sponsor-apapacho-fest\u00bb _builder_version=\u00bb4.23.1&#8243; _module_preset=\u00bbdefault\u00bb global_colors_info=\u00bb{}\u00bb][\/et_pb_image][\/et_pb_column][et_pb_column type=\u00bb3_4&#8243; _builder_version=\u00bb4.23.1&#8243; _module_preset=\u00bbdefault\u00bb global_colors_info=\u00bb{}\u00bb][et_pb_text _builder_version=\u00bb4.23.1&#8243; _module_preset=\u00bbdefault\u00bb text_font=\u00bbRoboto Flex|300|||||||\u00bb text_text_color=\u00bb#000000&#8243; text_font_size=\u00bb16px\u00bb text_line_height=\u00bb1.5em\u00bb custom_margin=\u00bb19px||50px|||\u00bb text_font_size_tablet=\u00bb48px\u00bb text_font_size_phone=\u00bb20px\u00bb text_font_size_last_edited=\u00bbon|phone\u00bb global_colors_info=\u00bb{}\u00bb]<\/p>\n<p>Apapacho Fest donar\u00e1 un 10% de los beneficios del festival a la ONG Guaguacuna, que van \u00edntegramente destinados a la Comunidad Ind\u00edgena de Mojandita de Curubi-Otavalo-Ecuador. Muchos pocos hacen mucho.\u00a0<\/p>\n<p>[\/et_pb_text][\/et_pb_column][\/et_pb_row][et_pb_row use_custom_gutter=\u00bbon\u00bb gutter_width=\u00bb2&#8243; make_equal=\u00bbon\u00bb module_id=\u00bbcontacto\u00bb _builder_version=\u00bb4.23.1&#8243; _module_preset=\u00bbdefault\u00bb width=\u00bb90%\u00bb width_tablet=\u00bb\u00bb width_phone=\u00bb95%\u00bb width_last_edited=\u00bbon|desktop\u00bb max_width=\u00bb90%\u00bb custom_padding=\u00bb68px|||||\u00bb global_colors_info=\u00bb{}\u00bb][et_pb_column type=\u00bb4_4&#8243; _builder_version=\u00bb4.23.1&#8243; _module_preset=\u00bbdefault\u00bb global_colors_info=\u00bb{}\u00bb][et_pb_text _builder_version=\u00bb4.23.1&#8243; _module_preset=\u00bbdefault\u00bb header_font=\u00bb|||on|||||\u00bb header_2_font=\u00bbRebel Kids|||on|||||\u00bb header_2_text_align=\u00bbcenter\u00bb header_2_font_size=\u00bb49px\u00bb custom_margin=\u00bb||5px|||\u00bb custom_padding=\u00bb||34px|||\u00bb global_colors_info=\u00bb{}\u00bb]<\/p>\n<h2><span style=\"color: #e02b20;\">iMPORTANTE!<br \/><\/span>LEE CON DETENIMIENTO LAS preguntas frecuentes<\/h2>\n<p>[\/et_pb_text][et_pb_accordion open_toggle_text_color=\u00bb#000000&#8243; closed_toggle_background_color=\u00bb#004441&#8243; toggle_icon=\u00bb&#xf25a;||fa||900&#8243; icon_color=\u00bb#FFFFFF\u00bb use_icon_font_size=\u00bbon\u00bb icon_font_size=\u00bb20px\u00bb _builder_version=\u00bb4.27.4&#8243; _module_preset=\u00bbdefault\u00bb toggle_text_color=\u00bb#FFFFFF\u00bb toggle_font=\u00bbRoboto|700|||||||\u00bb body_font=\u00bbRoboto|300|||||||\u00bb body_font_size=\u00bb16px\u00bb border_width_all=\u00bb0px\u00bb global_colors_info=\u00bb{}\u00bb][et_pb_accordion_item title=\u00bbPASOS PARA HACER LA RESERVA CORRECTAMENTE\u00bb open=\u00bbon\u00bb _builder_version=\u00bb4.27.4&#8243; _module_preset=\u00bbdefault\u00bb global_colors_info=\u00bb{}\u00bb toggle_font=\u00bbRoboto|700|||||||\u00bb]1. Elige el tipo de alojamiento y pulsa el bot\u00f3n verde \u00abABONA TU RESERVA\u00bb<\/p>\n<p>2. Rellena el formulario con tu nombre y apellidos, tu correo electr\u00f3nico y tu n\u00famero de tarjeta.<\/p>\n<p>3. Espera a que la web te pida la confirmaci\u00f3n con tu banco.<\/p>\n<p>4. Confirma la operaci\u00f3n en tu banco y regresa de nuevo a la web. Si no regresas a la web la operaci\u00f3n no se realizar\u00e1.<\/p>\n<p>5. Cuando la web te de el check verde de OK espera 3 segundos para que la web te redirja al formulario para completar la inscripci\u00f3n.<\/p>\n<p>6. Rellena el formulario con todos tus datos y al enviarlo espera 3 segundos para que la web te lleve a las indicaciones pr\u00e1cticas que tienes que conocer antes de venir al evento.<\/p>\n<p>7. \u00a1Est\u00e1s dentro! Bienvenido\/a \ud83d\ude09[\/et_pb_accordion_item][et_pb_accordion_item title=\u00bb\u00bfQU\u00c9 INCLUYE EL PRECIO DEL FESTIVAL?\u00bb _builder_version=\u00bb4.23.1&#8243; _module_preset=\u00bbdefault\u00bb global_colors_info=\u00bb{}\u00bb open=\u00bboff\u00bb]<\/p>\n<p>El precio incluye el alojamiento con pensi\u00f3n completa (Vegetariana o tradicional) durante todo el FESTIVAL. Todas las actividades y talleres. No est\u00e1 incluido el desplazamiento hasta el hotel.<\/p>\n<p>[\/et_pb_accordion_item][et_pb_accordion_item title=\u00bb\u00bfEN CASO DE IR A LA ZONA DE ACAMPADA TENGO QUE LLEVAR MI PROPIA TIENDA?\u00bb _builder_version=\u00bb4.27.4&#8243; _module_preset=\u00bbdefault\u00bb global_colors_info=\u00bb{}\u00bb open=\u00bboff\u00bb]<\/p>\n<p>Disponemos de tiendas para alquilar. <strong>Opci\u00f3n de alquiler de tienda y colchoneta ya montadas y listas para dormir sin necesidad de que traigas nada, por 50\u20ac extra. <\/strong><em>(Tienes que traer saco de dormir o similar)<\/em><\/p>\n<p>[\/et_pb_accordion_item][et_pb_accordion_item title=\u00bb\u00bfHABR\u00c1 BEBIDAS ALCOH\u00d3LICAS DURANTE EL EVENTO?\u00bb _builder_version=\u00bb4.27.4&#8243; _module_preset=\u00bbdefault\u00bb global_colors_info=\u00bb{}\u00bb open=\u00bboff\u00bb]<\/p>\n<p>Evidentemente, no. En Apapacho Fest no est\u00e1 permitida la tenencia ni el consumo de sustancias de ning\u00fan tipo, incluyendo bebidas alcoh\u00f3licas. Este es un espacio dise\u00f1ado para experimentar las relaciones desde la conciencia y la claridad.<\/p>\n<p>Asimismo, no est\u00e1 permitido introducir alcohol en el recinto del evento. <strong>El incumplimiento de esta norma podr\u00e1 derivar en la expulsi\u00f3n del evento sin derecho a reembolso.<\/strong><\/p>\n<p>[\/et_pb_accordion_item][et_pb_accordion_item title=\u00bb\u00bfSE ADMITEN MASCOTAS EN EL EVENTO?\u00bb _builder_version=\u00bb4.27.4&#8243; _module_preset=\u00bbdefault\u00bb global_colors_info=\u00bb{}\u00bb open=\u00bboff\u00bb]<\/p>\n<p>No, por el momento no admitimos mascotas. Sin embargo, estamos trabajando para que en el futuro puedan formar parte de la experiencia, siempre con las condiciones adecuadas tanto para ellas como para sus due\u00f1os, asegurando que todos puedan disfrutar plenamente del evento.<\/p>\n<p>[\/et_pb_accordion_item][et_pb_accordion_item title=\u00bb\u00bfSI HAGO LA RESERVA PERO NO PUEDO ASISTIR SE ME DEVUELVE?\u00bb _builder_version=\u00bb4.27.4&#8243; _module_preset=\u00bbdefault\u00bb global_colors_info=\u00bb{}\u00bb open=\u00bboff\u00bb]<\/p>\n<p>En Apapacho Fest trabajamos con mucho cari\u00f1o y dedicaci\u00f3n para brindarte una experiencia \u00fanica. Para garantizar la mejor organizaci\u00f3n y log\u00edstica del evento, queremos informarte que <strong>todas las reservas son definitivas y no reembolsables<\/strong>.<\/p>\n<p>Esta pol\u00edtica se basa en varias razones importantes:<\/p>\n<p>\ud83d\udd38 <strong>Costos de gesti\u00f3n<\/strong>: Cada reserva implica procesos administrativos, atenci\u00f3n personalizada y gastos operativos desde el momento en que se confirma.<\/p>\n<p>\ud83d\udd38 <strong>Planificaci\u00f3n y log\u00edstica<\/strong>: Organizamos el evento teniendo en cuenta cada reserva confirmada. Las cancelaciones generan desajustes que afectan la experiencia de todos los asistentes.<\/p>\n<p>\ud83d\udd38 <strong>Compromiso con la experiencia<\/strong>: Nuestro objetivo es ofrecer un encuentro bien estructurado y cuidado en cada detalle. Para lograrlo, necesitamos que las reservas sean firmes y comprometidas.<\/p>\n<p>[\/et_pb_accordion_item][et_pb_accordion_item title=\u00bb\u00bfA QU\u00c9 EDADES EST\u00c1 DIRIGIDO?\u00bb _builder_version=\u00bb4.23.1&#8243; _module_preset=\u00bbdefault\u00bb global_colors_info=\u00bb{}\u00bb open=\u00bboff\u00bb]<\/p>\n<p>El encuentro est\u00e1 abierto a personas de todas las edades (mayores de 18), asisten personas de todos los rangos de edades.\u00a0<\/p>\n<p>[\/et_pb_accordion_item][et_pb_accordion_item title=\u00bb\u00bfPUEDEN ASISTIR PAREJAS O PERSONAS CON PAREJA?\u00bb _builder_version=\u00bb4.23.1&#8243; _module_preset=\u00bbdefault\u00bb global_colors_info=\u00bb{}\u00bb open=\u00bboff\u00bb]<\/p>\n<p>Claro, cualquier persona es bienvenida \ud83d\ude42<\/p>\n<p>[\/et_pb_accordion_item][et_pb_accordion_item title=\u00bb\u00bfSE PUEDE ASISTIR SOLO A UNA PARTE DEL FESTIVAL?\u00bb _builder_version=\u00bb4.23.1&#8243; _module_preset=\u00bbdefault\u00bb global_colors_info=\u00bb{}\u00bb open=\u00bboff\u00bb]<\/p>\n<p>El festival est\u00e1 abierto para venir las 6 noches completas.\u00a0<\/p>\n<p>[\/et_pb_accordion_item][\/et_pb_accordion][et_pb_button button_url=\u00bbhttps:\/\/wa.me\/34628884974&#8243; url_new_window=\u00bbon\u00bb button_text=\u00bbContacta por Whatsapp\u00bb button_alignment=\u00bbcenter\u00bb _builder_version=\u00bb4.23.1&#8243; _module_preset=\u00bbdefault\u00bb custom_button=\u00bbon\u00bb button_text_color=\u00bb#FFFFFF\u00bb button_bg_color=\u00bb#23b21e\u00bb button_border_radius=\u00bb5px\u00bb button_font=\u00bbRoboto|700|||||||\u00bb button_icon=\u00bb&#xf232;||fa||400&#8243; button_on_hover=\u00bboff\u00bb custom_css_main_element=\u00bbbackground-color: #00ad1d!important;\u00bb locked=\u00bboff\u00bb global_colors_info=\u00bb{}\u00bb][\/et_pb_button][\/et_pb_column][\/et_pb_row][\/et_pb_section][et_pb_section fb_built=\u00bb1&#8243; disabled_on=\u00bboff|off|off\u00bb module_id=\u00bbvoluntarios\u00bb _builder_version=\u00bb4.27.5&#8243; _module_preset=\u00bbdefault\u00bb use_background_color_gradient=\u00bbon\u00bb background_color_gradient_stops=\u00bbrgba(255,255,255,0.9) 0%|rgba(255,255,255,0.91) 100%\u00bb background_color_gradient_overlays_image=\u00bbon\u00bb background_image=\u00bbhttps:\/\/apapachofest.com\/wp-content\/uploads\/2026\/01\/11.-EDIT.00_51_44_24.Imagen-fija027.jpg\u00bb global_colors_info=\u00bb{}\u00bb][et_pb_row _builder_version=\u00bb4.23.1&#8243; _module_preset=\u00bbdefault\u00bb global_colors_info=\u00bb{}\u00bb][et_pb_column type=\u00bb4_4&#8243; _builder_version=\u00bb4.23.1&#8243; _module_preset=\u00bbdefault\u00bb global_colors_info=\u00bb{}\u00bb][et_pb_text _builder_version=\u00bb4.27.4&#8243; _module_preset=\u00bbdefault\u00bb text_font=\u00bbRoboto|900|||||||\u00bb text_font_size=\u00bb27px\u00bb text_line_height=\u00bb1.3em\u00bb header_font=\u00bbRebel Kids||||||||\u00bb text_orientation=\u00bbcenter\u00bb global_colors_info=\u00bb{}\u00bb]<\/p>\n<p>\u00bfTe gustar\u00eda venir al festival pagando solo el 50% de la entrada, disfrutar del evento y adem\u00e1s vivirlo desde dentro junto con el equipo organizativo?<\/p>\n<p>[\/et_pb_text][et_pb_text _builder_version=\u00bb4.23.1&#8243; _module_preset=\u00bbdefault\u00bb text_font=\u00bbRoboto||||||||\u00bb text_font_size=\u00bb18px\u00bb text_orientation=\u00bbcenter\u00bb global_colors_info=\u00bb{}\u00bb]<\/p>\n<p>Ahora puedes disfrutar del festival completo de una manera diferente y \u00fanica a un precio reducido.<\/p>\n<p><strong>Ponte en contacto con nosotros y te explicamos los detalles.<\/strong><\/p>\n<p>[\/et_pb_text][et_pb_button button_url=\u00bbhttps:\/\/apapachofest.com\/index.php\/aplica-como-voluntario\u00bb button_text=\u00bbAplica para venir como voluntari@\u00bb button_alignment=\u00bbcenter\u00bb _builder_version=\u00bb4.27.4&#8243; _module_preset=\u00bbdefault\u00bb custom_button=\u00bbon\u00bb button_text_size=\u00bb15px\u00bb button_text_color=\u00bb#FFFFFF\u00bb button_bg_color=\u00bb#ed9b4e\u00bb button_border_width=\u00bb0px\u00bb button_border_radius=\u00bb100px\u00bb button_font=\u00bbRoboto Flex|700|||||||\u00bb button_use_icon=\u00bboff\u00bb custom_margin=\u00bb25px|||||\u00bb custom_padding=\u00bb10px|25px|10px|25px|true|true\u00bb animation_style=\u00bbbounce\u00bb global_colors_info=\u00bb{}\u00bb button_bg_color__hover_enabled=\u00bbon|desktop\u00bb button_bg_color__hover=\u00bb#efa94c\u00bb][\/et_pb_button][\/et_pb_column][\/et_pb_row][\/et_pb_section]<\/p>\n","protected":false},"excerpt":{"rendered":"<p>Del 3 al 9 de agosto 2026Vuelve a Sentir la TribuEl Mayor Festival sobre Relaciones Conscientes en Habla HispanaAPAPACHO\u00bbAPAPACHO es una palabra de origen n\u00e1huatl que seg\u00fan la tradici\u00f3n significa \u00ababrazar o acariciar con el alma\u00bb. El apapacho\u00a0es cari\u00f1o, es consuelo, es mimo, es ternura\u2026 y se refiere a algo que va mucho m\u00e1s all\u00e1 [&hellip;]<\/p>\n","protected":false},"author":1,"featured_media":41264,"parent":0,"menu_order":0,"comment_status":"closed","ping_status":"closed","template":"","meta":{"_et_pb_use_builder":"on","_et_pb_old_content":"","_et_gb_content_width":"","footnotes":""},"class_list":["post-9","page","type-page","status-publish","has-post-thumbnail","hentry"],"yoast_head":"<!-- This site is optimized with the Yoast SEO plugin v27.4 - https:\/\/yoast.com\/product\/yoast-seo-wordpress\/ -->\n<title>Apapacho Fest | Vuelve a Sentir la Tribu<\/title>\n<meta name=\"description\" content=\"El Mayor Festival sobre Relaciones Conscientes en Habla Hispana. Una oportunidad para aprender, profundizar y sanar nuestras relaciones.\" \/>\n<meta name=\"robots\" content=\"index, follow, max-snippet:-1, max-image-preview:large, max-video-preview:-1\" \/>\n<link rel=\"canonical\" href=\"https:\/\/apapachofest.com\/\" \/>\n<meta property=\"og:locale\" content=\"es_ES\" \/>\n<meta property=\"og:type\" content=\"article\" \/>\n<meta property=\"og:title\" content=\"Apapacho Fest | Vuelve a Sentir la Tribu\" \/>\n<meta property=\"og:description\" content=\"El Mayor Festival sobre Relaciones Conscientes en Habla Hispana. Una oportunidad para aprender, profundizar y sanar nuestras relaciones.\" \/>\n<meta property=\"og:url\" content=\"https:\/\/apapachofest.com\/\" \/>\n<meta property=\"og:site_name\" content=\"Apapacho Festival\" \/>\n<meta property=\"article:publisher\" content=\"https:\/\/www.facebook.com\/apapachofest\/\" \/>\n<meta property=\"article:modified_time\" content=\"2026-04-29T07:32:18+00:00\" \/>\n<meta property=\"og:image\" content=\"https:\/\/apapachofest.com\/wp-content\/uploads\/2025\/08\/HQ1.jpg\" \/>\n\t<meta property=\"og:image:width\" content=\"1500\" \/>\n\t<meta property=\"og:image:height\" content=\"1500\" \/>\n\t<meta property=\"og:image:type\" content=\"image\/jpeg\" \/>\n<meta name=\"twitter:card\" content=\"summary_large_image\" \/>\n<meta name=\"twitter:label1\" content=\"Tiempo de lectura\" \/>\n\t<meta name=\"twitter:data1\" content=\"44 minutos\" \/>\n<script type=\"application\/ld+json\" class=\"yoast-schema-graph\">{\"@context\":\"https:\\\/\\\/schema.org\",\"@graph\":[{\"@type\":\"WebPage\",\"@id\":\"https:\\\/\\\/apapachofest.com\\\/\",\"url\":\"https:\\\/\\\/apapachofest.com\\\/\",\"name\":\"Apapacho Fest | Vuelve a Sentir la Tribu\",\"isPartOf\":{\"@id\":\"https:\\\/\\\/apapachofest.com\\\/#website\"},\"primaryImageOfPage\":{\"@id\":\"https:\\\/\\\/apapachofest.com\\\/#primaryimage\"},\"image\":{\"@id\":\"https:\\\/\\\/apapachofest.com\\\/#primaryimage\"},\"thumbnailUrl\":\"https:\\\/\\\/apapachofest.com\\\/wp-content\\\/uploads\\\/2025\\\/08\\\/HQ1.jpg\",\"datePublished\":\"2023-12-15T21:04:48+00:00\",\"dateModified\":\"2026-04-29T07:32:18+00:00\",\"description\":\"El Mayor Festival sobre Relaciones Conscientes en Habla Hispana. Una oportunidad para aprender, profundizar y sanar nuestras relaciones.\",\"breadcrumb\":{\"@id\":\"https:\\\/\\\/apapachofest.com\\\/#breadcrumb\"},\"inLanguage\":\"es\",\"potentialAction\":[{\"@type\":\"ReadAction\",\"target\":[\"https:\\\/\\\/apapachofest.com\\\/\"]}]},{\"@type\":\"ImageObject\",\"inLanguage\":\"es\",\"@id\":\"https:\\\/\\\/apapachofest.com\\\/#primaryimage\",\"url\":\"https:\\\/\\\/apapachofest.com\\\/wp-content\\\/uploads\\\/2025\\\/08\\\/HQ1.jpg\",\"contentUrl\":\"https:\\\/\\\/apapachofest.com\\\/wp-content\\\/uploads\\\/2025\\\/08\\\/HQ1.jpg\",\"width\":1500,\"height\":1500},{\"@type\":\"BreadcrumbList\",\"@id\":\"https:\\\/\\\/apapachofest.com\\\/#breadcrumb\",\"itemListElement\":[{\"@type\":\"ListItem\",\"position\":1,\"name\":\"Portada\",\"item\":\"https:\\\/\\\/apapachofest.com\\\/\"},{\"@type\":\"ListItem\",\"position\":2,\"name\":\"El Festival\"}]},{\"@type\":\"WebSite\",\"@id\":\"https:\\\/\\\/apapachofest.com\\\/#website\",\"url\":\"https:\\\/\\\/apapachofest.com\\\/\",\"name\":\"Apapacho Fest\",\"description\":\"El Mayor Festival de Habla Hispana sobre Relaciones Conscientes\",\"publisher\":{\"@id\":\"https:\\\/\\\/apapachofest.com\\\/#organization\"},\"potentialAction\":[{\"@type\":\"SearchAction\",\"target\":{\"@type\":\"EntryPoint\",\"urlTemplate\":\"https:\\\/\\\/apapachofest.com\\\/?s={search_term_string}\"},\"query-input\":{\"@type\":\"PropertyValueSpecification\",\"valueRequired\":true,\"valueName\":\"search_term_string\"}}],\"inLanguage\":\"es\"},{\"@type\":\"Organization\",\"@id\":\"https:\\\/\\\/apapachofest.com\\\/#organization\",\"name\":\"Apapacho Fest\",\"url\":\"https:\\\/\\\/apapachofest.com\\\/\",\"logo\":{\"@type\":\"ImageObject\",\"inLanguage\":\"es\",\"@id\":\"https:\\\/\\\/apapachofest.com\\\/#\\\/schema\\\/logo\\\/image\\\/\",\"url\":\"https:\\\/\\\/apapachofest.com\\\/wp-content\\\/uploads\\\/2025\\\/08\\\/HQ1.jpg\",\"contentUrl\":\"https:\\\/\\\/apapachofest.com\\\/wp-content\\\/uploads\\\/2025\\\/08\\\/HQ1.jpg\",\"width\":1500,\"height\":1500,\"caption\":\"Apapacho Fest\"},\"image\":{\"@id\":\"https:\\\/\\\/apapachofest.com\\\/#\\\/schema\\\/logo\\\/image\\\/\"},\"sameAs\":[\"https:\\\/\\\/www.facebook.com\\\/apapachofest\\\/\",\"https:\\\/\\\/www.instagram.com\\\/apapachofest\\\/\"]}]}<\/script>\n<!-- \/ Yoast SEO plugin. -->","yoast_head_json":{"title":"Apapacho Fest | Vuelve a Sentir la Tribu","description":"El Mayor Festival sobre Relaciones Conscientes en Habla Hispana. Una oportunidad para aprender, profundizar y sanar nuestras relaciones.","robots":{"index":"index","follow":"follow","max-snippet":"max-snippet:-1","max-image-preview":"max-image-preview:large","max-video-preview":"max-video-preview:-1"},"canonical":"https:\/\/apapachofest.com\/","og_locale":"es_ES","og_type":"article","og_title":"Apapacho Fest | Vuelve a Sentir la Tribu","og_description":"El Mayor Festival sobre Relaciones Conscientes en Habla Hispana. Una oportunidad para aprender, profundizar y sanar nuestras relaciones.","og_url":"https:\/\/apapachofest.com\/","og_site_name":"Apapacho Festival","article_publisher":"https:\/\/www.facebook.com\/apapachofest\/","article_modified_time":"2026-04-29T07:32:18+00:00","og_image":[{"width":1500,"height":1500,"url":"https:\/\/apapachofest.com\/wp-content\/uploads\/2025\/08\/HQ1.jpg","type":"image\/jpeg"}],"twitter_card":"summary_large_image","twitter_misc":{"Tiempo de lectura":"44 minutos"},"schema":{"@context":"https:\/\/schema.org","@graph":[{"@type":"WebPage","@id":"https:\/\/apapachofest.com\/","url":"https:\/\/apapachofest.com\/","name":"Apapacho Fest | Vuelve a Sentir la Tribu","isPartOf":{"@id":"https:\/\/apapachofest.com\/#website"},"primaryImageOfPage":{"@id":"https:\/\/apapachofest.com\/#primaryimage"},"image":{"@id":"https:\/\/apapachofest.com\/#primaryimage"},"thumbnailUrl":"https:\/\/apapachofest.com\/wp-content\/uploads\/2025\/08\/HQ1.jpg","datePublished":"2023-12-15T21:04:48+00:00","dateModified":"2026-04-29T07:32:18+00:00","description":"El Mayor Festival sobre Relaciones Conscientes en Habla Hispana. Una oportunidad para aprender, profundizar y sanar nuestras relaciones.","breadcrumb":{"@id":"https:\/\/apapachofest.com\/#breadcrumb"},"inLanguage":"es","potentialAction":[{"@type":"ReadAction","target":["https:\/\/apapachofest.com\/"]}]},{"@type":"ImageObject","inLanguage":"es","@id":"https:\/\/apapachofest.com\/#primaryimage","url":"https:\/\/apapachofest.com\/wp-content\/uploads\/2025\/08\/HQ1.jpg","contentUrl":"https:\/\/apapachofest.com\/wp-content\/uploads\/2025\/08\/HQ1.jpg","width":1500,"height":1500},{"@type":"BreadcrumbList","@id":"https:\/\/apapachofest.com\/#breadcrumb","itemListElement":[{"@type":"ListItem","position":1,"name":"Portada","item":"https:\/\/apapachofest.com\/"},{"@type":"ListItem","position":2,"name":"El Festival"}]},{"@type":"WebSite","@id":"https:\/\/apapachofest.com\/#website","url":"https:\/\/apapachofest.com\/","name":"Apapacho Fest","description":"El Mayor Festival de Habla Hispana sobre Relaciones Conscientes","publisher":{"@id":"https:\/\/apapachofest.com\/#organization"},"potentialAction":[{"@type":"SearchAction","target":{"@type":"EntryPoint","urlTemplate":"https:\/\/apapachofest.com\/?s={search_term_string}"},"query-input":{"@type":"PropertyValueSpecification","valueRequired":true,"valueName":"search_term_string"}}],"inLanguage":"es"},{"@type":"Organization","@id":"https:\/\/apapachofest.com\/#organization","name":"Apapacho Fest","url":"https:\/\/apapachofest.com\/","logo":{"@type":"ImageObject","inLanguage":"es","@id":"https:\/\/apapachofest.com\/#\/schema\/logo\/image\/","url":"https:\/\/apapachofest.com\/wp-content\/uploads\/2025\/08\/HQ1.jpg","contentUrl":"https:\/\/apapachofest.com\/wp-content\/uploads\/2025\/08\/HQ1.jpg","width":1500,"height":1500,"caption":"Apapacho Fest"},"image":{"@id":"https:\/\/apapachofest.com\/#\/schema\/logo\/image\/"},"sameAs":["https:\/\/www.facebook.com\/apapachofest\/","https:\/\/www.instagram.com\/apapachofest\/"]}]}},"_links":{"self":[{"href":"https:\/\/apapachofest.com\/index.php\/wp-json\/wp\/v2\/pages\/9","targetHints":{"allow":["GET"]}}],"collection":[{"href":"https:\/\/apapachofest.com\/index.php\/wp-json\/wp\/v2\/pages"}],"about":[{"href":"https:\/\/apapachofest.com\/index.php\/wp-json\/wp\/v2\/types\/page"}],"author":[{"embeddable":true,"href":"https:\/\/apapachofest.com\/index.php\/wp-json\/wp\/v2\/users\/1"}],"replies":[{"embeddable":true,"href":"https:\/\/apapachofest.com\/index.php\/wp-json\/wp\/v2\/comments?post=9"}],"version-history":[{"count":837,"href":"https:\/\/apapachofest.com\/index.php\/wp-json\/wp\/v2\/pages\/9\/revisions"}],"predecessor-version":[{"id":41993,"href":"https:\/\/apapachofest.com\/index.php\/wp-json\/wp\/v2\/pages\/9\/revisions\/41993"}],"wp:featuredmedia":[{"embeddable":true,"href":"https:\/\/apapachofest.com\/index.php\/wp-json\/wp\/v2\/media\/41264"}],"wp:attachment":[{"href":"https:\/\/apapachofest.com\/index.php\/wp-json\/wp\/v2\/media?parent=9"}],"curies":[{"name":"wp","href":"https:\/\/api.w.org\/{rel}","templated":true}]}}