{"id":38345,"date":"2024-04-11T09:00:47","date_gmt":"2024-04-11T09:00:47","guid":{"rendered":"https:\/\/apapachofest.com\/?page_id=38345"},"modified":"2025-08-06T17:04:47","modified_gmt":"2025-08-06T17:04:47","slug":"terapias","status":"publish","type":"page","link":"https:\/\/apapachofest.com\/index.php\/terapias\/","title":{"rendered":"Terapias"},"content":{"rendered":"<p>[et_pb_section fb_built=\u00bb1&#8243; _builder_version=\u00bb4.27.4&#8243; _module_preset=\u00bbdefault\u00bb background_color=\u00bb#FFFFFF\u00bb custom_padding=\u00bb0px||0px||false|false\u00bb locked=\u00bboff\u00bb global_colors_info=\u00bb{}\u00bb][et_pb_row module_id=\u00bbfestival\u00bb _builder_version=\u00bb4.23.1&#8243; _module_preset=\u00bbdefault\u00bb width_tablet=\u00bb\u00bb width_phone=\u00bb95%\u00bb width_last_edited=\u00bbon|phone\u00bb custom_padding=\u00bb28px|||||\u00bb global_colors_info=\u00bb{}\u00bb][et_pb_column type=\u00bb4_4&#8243; _builder_version=\u00bb4.23.1&#8243; _module_preset=\u00bbdefault\u00bb global_colors_info=\u00bb{}\u00bb][et_pb_image src=\u00bbhttps:\/\/apapachofest.com\/wp-content\/uploads\/2024\/02\/HQ1.png\u00bb title_text=\u00bbHQ1&#8243; align=\u00bbcenter\u00bb _builder_version=\u00bb4.27.4&#8243; background_color=\u00bb#FFFFFF\u00bb width=\u00bb17%\u00bb width_tablet=\u00bb\u00bb width_phone=\u00bb50%\u00bb width_last_edited=\u00bbon|phone\u00bb custom_margin=\u00bb||0px||false|false\u00bb custom_padding=\u00bb||||false|false\u00bb locked=\u00bboff\u00bb global_colors_info=\u00bb{}\u00bb][\/et_pb_image][et_pb_text _builder_version=\u00bb4.23.1&#8243; _module_preset=\u00bbdefault\u00bb header_font=\u00bb|||on|||||\u00bb header_2_font=\u00bbRebel Kids|||on|||||\u00bb header_2_text_align=\u00bbcenter\u00bb header_2_font_size=\u00bb49px\u00bb custom_margin=\u00bb-4px||5px|||\u00bb custom_padding=\u00bb23px|||||\u00bb global_colors_info=\u00bb{}\u00bb]<\/p>\n<h2>\u00abYeto\u00bb zona de terapias y terapeutas<\/h2>\n<p>[\/et_pb_text][et_pb_text _builder_version=\u00bb4.27.4&#8243; _module_preset=\u00bbdefault\u00bb text_font=\u00bbRoboto Flex||||||||\u00bb text_text_color=\u00bb#000000&#8243; text_font_size=\u00bb19px\u00bb text_line_height=\u00bb1.6em\u00bb text_orientation=\u00bbcenter\u00bb global_colors_info=\u00bb{}\u00bb]<\/p>\n<p><span>La posibilidad de recibir terapias durante el festival es lo que har\u00e1 tu experiencia mucho m\u00e1s profunda.<\/span><br \/><span>Cuando algo se remueve, no est\u00e1s sol@.<\/span><\/p>\n<p><span>Tendr\u00e1s a un equipo de terapeutas que estar\u00e1 all\u00ed para sostenerte, acompa\u00f1arte y ayudarte a cerrar lo que se abre.\u00a0<\/span><\/p>\n<p><span>Es tambi\u00e9n una oportunidad de permitirte recibir lo que nunca te permites.<\/span><br \/><span>Y avanzar, en unos d\u00edas, lo que a veces no avanzas en a\u00f1os.<\/span><\/p>\n<p><span>Este a\u00f1o contamos con terapeutas que son aut\u00e9nticos profesionales, con coraz\u00f3n, presencia y entrega real. <\/span><span>Personas que han venido a poner su medicina al servicio. <\/span><span>Acompa\u00f1arte. <\/span><span>Hacer tu viaje m\u00e1s bonito, m\u00e1s liviano y m\u00e1s transformador.<\/span><\/p>\n<p>[\/et_pb_text][et_pb_text disabled_on=\u00bboff|off|off\u00bb _builder_version=\u00bb4.27.4&#8243; _module_preset=\u00bbdefault\u00bb text_font=\u00bbRoboto Flex||||||||\u00bb text_text_color=\u00bb#000000&#8243; text_font_size=\u00bb19px\u00bb text_line_height=\u00bb1.6em\u00bb text_orientation=\u00bbcenter\u00bb global_colors_info=\u00bb{}\u00bb]<\/p>\n<p><span style=\"font-size: x-large;\"><strong>\u00bfQuieres reservar una terapia en Apapacho Fest?<\/strong><\/span><\/p>\n<p><strong>Solo tienes que acercarte a recepci\u00f3n durante el horario de atenci\u00f3n al cliente. All\u00ed podr\u00e1s abonar tu sesi\u00f3n y, una vez realizado el pago, podr\u00e1s agendarla en el horario que mejor se adapte a ti y a la disponibilidad del terapeuta.<\/strong><\/p>\n<p>[\/et_pb_text][\/et_pb_column][\/et_pb_row][et_pb_row module_id=\u00bbfestival\u00bb _builder_version=\u00bb4.23.1&#8243; _module_preset=\u00bbdefault\u00bb width_tablet=\u00bb\u00bb width_phone=\u00bb95%\u00bb width_last_edited=\u00bbon|phone\u00bb custom_padding=\u00bb28px|||||\u00bb global_colors_info=\u00bb{}\u00bb][et_pb_column type=\u00bb4_4&#8243; _builder_version=\u00bb4.23.1&#8243; _module_preset=\u00bbdefault\u00bb global_colors_info=\u00bb{}\u00bb][et_pb_text _builder_version=\u00bb4.27.4&#8243; _module_preset=\u00bbdefault\u00bb header_font=\u00bb|||on|||||\u00bb header_2_font=\u00bbRebel Kids|||on|||||\u00bb header_2_text_align=\u00bbcenter\u00bb header_2_font_size=\u00bb49px\u00bb custom_margin=\u00bb-4px||5px|||\u00bb custom_padding=\u00bb23px|||||\u00bb global_colors_info=\u00bb{}\u00bb]<\/p>\n<h2>Carta de terapias y listado de terapeutas:<\/h2>\n<p>[\/et_pb_text][\/et_pb_column][\/et_pb_row][et_pb_row column_structure=\u00bb1_4,1_4,1_4,1_4&#8243; use_custom_gutter=\u00bbon\u00bb gutter_width=\u00bb2&#8243; make_equal=\u00bbon\u00bb module_id=\u00bbfestival\u00bb _builder_version=\u00bb4.27.4&#8243; _module_preset=\u00bbdefault\u00bb width=\u00bb90%\u00bb width_tablet=\u00bb\u00bb width_phone=\u00bb95%\u00bb width_last_edited=\u00bbon|desktop\u00bb max_width=\u00bb90%\u00bb hover_enabled=\u00bb0&#8243; global_colors_info=\u00bb{}\u00bb sticky_enabled=\u00bb0&#8243;][et_pb_column type=\u00bb1_4&#8243; _builder_version=\u00bb4.23.1&#8243; _module_preset=\u00bbdefault\u00bb background_color=\u00bb#ededed\u00bb custom_padding=\u00bb20px|20px|20px|20px|true|true\u00bb border_radii=\u00bbon|25px|25px|25px|25px\u00bb border_color_all=\u00bbrgba(237,155,78,0.49)\u00bb global_colors_info=\u00bb{}\u00bb][et_pb_team_member name=\u00bbCarlota S\u00e1nchez \u00bb position=\u00bbLNT\u00ae \u2013 Sanaci\u00f3n Cu\u00e1ntica LNT\u00ae\u00bb image_url=\u00bbhttps:\/\/apapachofest.com\/wp-content\/uploads\/2024\/12\/carlota-sanchez-apapacho-fest.png\u00bb _builder_version=\u00bb4.27.4&#8243; _module_preset=\u00bbdefault\u00bb header_font=\u00bbRebel Kids||||||||\u00bb header_text_align=\u00bbcenter\u00bb header_font_size=\u00bb23px\u00bb body_font=\u00bbRoboto Flex||||||||\u00bb body_text_align=\u00bbleft\u00bb position_font=\u00bb||on||||||\u00bb position_text_align=\u00bbcenter\u00bb position_text_color=\u00bb#000000&#8243; child_filter_saturate=\u00bb132%\u00bb child_filter_brightness=\u00bb108%\u00bb header_font_size_tablet=\u00bb23px\u00bb header_font_size_phone=\u00bb32px\u00bb header_font_size_last_edited=\u00bbon|phone\u00bb position_font_size_tablet=\u00bb\u00bb position_font_size_phone=\u00bb18px\u00bb position_font_size_last_edited=\u00bbon|phone\u00bb custom_css_member_position=\u00bbmargin-bottom: 10px;\u00bb border_radii_image=\u00bbon|200px|200px|200px|200px\u00bb global_colors_info=\u00bb{}\u00bb custom_css_member_image_phone=\u00bbheight: auto;||    max-width: 50%;||display:block;||margin:auto;||margin-bottom: 20px;\u00bb custom_css_member_image_last_edited=\u00bbon|desktop\u00bb]<\/p>\n<p>\ud83d\udc8e <strong>\u00bfEn qu\u00e9 consiste?<\/strong><\/p>\n<p>La LNT\u00ae (La Nueva Terapia) es una t\u00e9cnica de sanaci\u00f3n energ\u00e9tica cu\u00e1ntica que act\u00faa sobre el campo informacional del cuerpo. Permite liberar bloqueos sin necesidad de revivir traumas ni contar la historia personal. Es un proceso sutil que accede directamente a la sabidur\u00eda interna del cuerpo para restablecer el equilibrio.<\/p>\n<p>\ud83e\udded <strong>Beneficios:<\/strong><\/p>\n<ul>\n<li>Liberaci\u00f3n energ\u00e9tica profunda<\/li>\n<li>Sanaci\u00f3n sin revivir el pasado<\/li>\n<li>Restauraci\u00f3n del equilibrio cuerpo-mente<\/li>\n<li>Mayor conexi\u00f3n interior y claridad vital<\/li>\n<\/ul>\n<p>\ud83c\udf31 <strong>Ideal para:<\/strong><\/p>\n<p>Personas que desean una transformaci\u00f3n real desde un enfoque respetuoso, suave y no invasivo, especialmente aquellas que han vivido experiencias dif\u00edciles y buscan sanar sin volver a atravesarlas.<\/p>\n<p>[\/et_pb_team_member][et_pb_text _builder_version=\u00bb4.27.4&#8243; _module_preset=\u00bbdefault\u00bb text_font=\u00bbRoboto Flex||||||||\u00bb text_orientation=\u00bbcenter\u00bb locked=\u00bboff\u00bb global_colors_info=\u00bb{}\u00bb]<\/p>\n<p><em>Duraci\u00f3n: 1h<\/em><\/p>\n<p>[\/et_pb_text][et_pb_text _builder_version=\u00bb4.27.4&#8243; _module_preset=\u00bbdefault\u00bb text_font=\u00bbRoboto Flex|700|||||||\u00bb text_font_size=\u00bb16px\u00bb text_orientation=\u00bbcenter\u00bb locked=\u00bboff\u00bb global_colors_info=\u00bb{}\u00bb]<\/p>\n<p>Precio: 70\u20ac<\/p>\n<p>[\/et_pb_text][et_pb_text _builder_version=\u00bb4.27.4&#8243; _module_preset=\u00bbdefault\u00bb text_font=\u00bbRoboto Flex||||||||\u00bb text_font_size=\u00bb16px\u00bb text_orientation=\u00bbcenter\u00bb locked=\u00bboff\u00bb global_colors_info=\u00bb{}\u00bb]<\/p>\n<p>\u00bfTienes dudas o preguntas? Contacta directamente con el\/la terapeuta.<\/p>\n<p>[\/et_pb_text][et_pb_button button_url=\u00bbhttps:\/\/wa.me\/34644852906&#8243; button_text=\u00bbContacta por Whatsapp\u00bb button_alignment=\u00bbcenter\u00bb _builder_version=\u00bb4.27.4&#8243; _module_preset=\u00bbdefault\u00bb custom_button=\u00bbon\u00bb button_text_size=\u00bb17px\u00bb button_text_color=\u00bb#FFFFFF\u00bb button_bg_color=\u00bb#2fb21e\u00bb button_border_width=\u00bb0px\u00bb button_border_radius=\u00bb50px\u00bb button_font=\u00bbRoboto Flex|700|||||||\u00bb button_icon=\u00bb&#xf232;||fa||400&#8243; button_on_hover=\u00bboff\u00bb global_colors_info=\u00bb{}\u00bb][\/et_pb_button][\/et_pb_column][et_pb_column type=\u00bb1_4&#8243; _builder_version=\u00bb4.23.1&#8243; _module_preset=\u00bbdefault\u00bb background_color=\u00bb#ededed\u00bb custom_padding=\u00bb20px|20px|20px|20px|true|true\u00bb border_radii=\u00bbon|25px|25px|25px|25px\u00bb border_color_all=\u00bbrgba(237,155,78,0.49)\u00bb global_colors_info=\u00bb{}\u00bb][et_pb_team_member name=\u00bbManuel Jim\u00e9nez\u00bb position=\u00bbSesiones de Astrolog\u00eda Kabal\u00edstica\u00bb image_url=\u00bbhttps:\/\/apapachofest.com\/wp-content\/uploads\/2024\/04\/manuel-terapeuta-apapacho-fest.jpg\u00bb _builder_version=\u00bb4.27.4&#8243; _module_preset=\u00bbdefault\u00bb header_font=\u00bbRebel Kids||||||||\u00bb header_text_align=\u00bbcenter\u00bb header_font_size=\u00bb23px\u00bb body_font=\u00bbRoboto Flex||||||||\u00bb body_text_align=\u00bbleft\u00bb position_font=\u00bb||on||||||\u00bb position_text_align=\u00bbcenter\u00bb position_text_color=\u00bb#000000&#8243; child_filter_saturate=\u00bb132%\u00bb child_filter_brightness=\u00bb108%\u00bb header_font_size_tablet=\u00bb23px\u00bb header_font_size_phone=\u00bb32px\u00bb header_font_size_last_edited=\u00bbon|phone\u00bb position_font_size_tablet=\u00bb\u00bb position_font_size_phone=\u00bb18px\u00bb position_font_size_last_edited=\u00bbon|phone\u00bb custom_css_member_position=\u00bbmargin-bottom: 10px;\u00bb border_radii_image=\u00bbon|200px|200px|200px|200px\u00bb global_colors_info=\u00bb{}\u00bb custom_css_member_image_phone=\u00bbheight: auto;||    max-width: 50%;||display:block;||margin:auto;||margin-bottom: 20px;\u00bb custom_css_member_image_last_edited=\u00bbon|desktop\u00bb]<\/p>\n<p>\ud83d\udc8e <strong>\u00bfEn qu\u00e9 consiste?<\/strong><\/p>\n<p>Sesi\u00f3n que combina la interpretaci\u00f3n de la carta astral desde la sabidur\u00eda kabal\u00edstica con la lectura del campo \u00e1urico y el an\u00e1lisis psicol\u00f3gico. Aporta claridad sobre bloqueos internos y ofrece herramientas para armonizar las distintas dimensiones del ser, favoreciendo la alineaci\u00f3n con el prop\u00f3sito vital.<\/p>\n<p>\ud83e\udded <strong>Beneficios:<\/strong><\/p>\n<ul>\n<li>Toma de conciencia profunda<\/li>\n<li>Identificaci\u00f3n de bloqueos vitales<\/li>\n<li>Armonizaci\u00f3n del cuerpo, mente y esp\u00edritu<\/li>\n<li>Orientaci\u00f3n clara para decisiones importantes<\/li>\n<\/ul>\n<p>\ud83c\udf31 <strong>Ideal para:<\/strong><\/p>\n<p>Personas en b\u00fasqueda de sentido, claridad y direcci\u00f3n en su vida, que desean comprender su historia y abrirse al destino desde una visi\u00f3n espiritual y consciente.<\/p>\n<p>[\/et_pb_team_member][et_pb_text _builder_version=\u00bb4.27.4&#8243; _module_preset=\u00bbdefault\u00bb text_font=\u00bbRoboto Flex||||||||\u00bb text_orientation=\u00bbcenter\u00bb locked=\u00bboff\u00bb global_colors_info=\u00bb{}\u00bb]<\/p>\n<p><em>Duraci\u00f3n: 1h<\/em><\/p>\n<p>[\/et_pb_text][et_pb_text _builder_version=\u00bb4.27.4&#8243; _module_preset=\u00bbdefault\u00bb text_font=\u00bbRoboto Flex|700|||||||\u00bb text_font_size=\u00bb16px\u00bb text_orientation=\u00bbcenter\u00bb locked=\u00bboff\u00bb global_colors_info=\u00bb{}\u00bb]<\/p>\n<p>Precio: 70\u20ac<\/p>\n<p>[\/et_pb_text][et_pb_text _builder_version=\u00bb4.27.4&#8243; _module_preset=\u00bbdefault\u00bb text_font=\u00bbRoboto Flex||||||||\u00bb text_font_size=\u00bb16px\u00bb text_orientation=\u00bbcenter\u00bb locked=\u00bboff\u00bb global_colors_info=\u00bb{}\u00bb]<\/p>\n<p>\u00bfTienes dudas o preguntas? Contacta directamente con el\/la terapeuta.<\/p>\n<p>[\/et_pb_text][et_pb_button button_url=\u00bbhttps:\/\/wa.me\/34666299221&#8243; button_text=\u00bbContacta por Whatsapp\u00bb button_alignment=\u00bbcenter\u00bb _builder_version=\u00bb4.27.4&#8243; _module_preset=\u00bbdefault\u00bb custom_button=\u00bbon\u00bb button_text_size=\u00bb17px\u00bb button_text_color=\u00bb#FFFFFF\u00bb button_bg_color=\u00bb#2fb21e\u00bb button_border_width=\u00bb0px\u00bb button_border_radius=\u00bb50px\u00bb button_font=\u00bbRoboto Flex|700|||||||\u00bb button_icon=\u00bb&#xf232;||fa||400&#8243; button_on_hover=\u00bboff\u00bb global_colors_info=\u00bb{}\u00bb][\/et_pb_button][\/et_pb_column][et_pb_column type=\u00bb1_4&#8243; _builder_version=\u00bb4.23.1&#8243; _module_preset=\u00bbdefault\u00bb background_color=\u00bb#ededed\u00bb custom_padding=\u00bb20px|20px|20px|20px|true|true\u00bb border_radii=\u00bbon|25px|25px|25px|25px\u00bb border_color_all=\u00bbrgba(237,155,78,0.49)\u00bb global_colors_info=\u00bb{}\u00bb][et_pb_team_member name=\u00bbAlfonso Solans\u00bb position=\u00bb Osteopat\u00eda &#038; Terapia Cr\u00e1neo-Sacral \u00bb image_url=\u00bbhttps:\/\/apapachofest.com\/wp-content\/uploads\/2024\/05\/Imagen-de-WhatsApp-2024-05-06-a-las-09.06.11_105dff7f-e1714979959221.jpg\u00bb _builder_version=\u00bb4.27.4&#8243; _module_preset=\u00bbdefault\u00bb header_font=\u00bbRebel Kids||||||||\u00bb header_text_align=\u00bbcenter\u00bb header_font_size=\u00bb23px\u00bb body_font=\u00bbRoboto Flex||||||||\u00bb body_text_align=\u00bbleft\u00bb position_font=\u00bb||on||||||\u00bb position_text_align=\u00bbcenter\u00bb position_text_color=\u00bb#000000&#8243; child_filter_saturate=\u00bb132%\u00bb child_filter_brightness=\u00bb108%\u00bb header_font_size_tablet=\u00bb23px\u00bb header_font_size_phone=\u00bb32px\u00bb header_font_size_last_edited=\u00bbon|phone\u00bb position_font_size_tablet=\u00bb\u00bb position_font_size_phone=\u00bb18px\u00bb position_font_size_last_edited=\u00bbon|phone\u00bb custom_css_member_position=\u00bbmargin-bottom: 10px;\u00bb border_radii_image=\u00bbon|200px|200px|200px|200px\u00bb global_colors_info=\u00bb{}\u00bb custom_css_member_image_last_edited=\u00bbon|desktop\u00bb custom_css_member_image_phone=\u00bbheight: auto;||    max-width: 50%;||display:block;||margin:auto;||margin-bottom: 20px;\u00bb]<\/p>\n<p>\ud83d\udc8e <strong>\u00bfEn qu\u00e9 consiste?<\/strong><\/p>\n<p>Terapias manuales suaves y profundas que act\u00faan sobre el sistema m\u00fasculo-esquel\u00e9tico, nervioso y energ\u00e9tico. La Osteopat\u00eda libera tensiones estructurales y mejora la movilidad, mientras que la Terapia Cr\u00e1neo-Sacral armoniza el sistema nervioso a trav\u00e9s de un toque sutil, promoviendo el equilibrio global del cuerpo.<\/p>\n<p>\ud83e\udded <strong>Beneficios:<\/strong><\/p>\n<ul>\n<li>Alivio de tensiones f\u00edsicas y emocionales<\/li>\n<li>Regulaci\u00f3n del sistema nervioso<\/li>\n<li>Mejora del descanso y bienestar general<\/li>\n<li>Aumento de la vitalidad y energ\u00eda<\/li>\n<\/ul>\n<p>\ud83c\udf31 <strong>Ideal para:<\/strong><\/p>\n<p>Personas con estr\u00e9s, dolores cr\u00f3nicos, ansiedad o bloqueos energ\u00e9ticos que buscan una terapia corporal integradora, respetuosa y efectiva.<\/p>\n<p>[\/et_pb_team_member][et_pb_text _builder_version=\u00bb4.27.0&#8243; _module_preset=\u00bbdefault\u00bb text_font=\u00bbRoboto Flex||||||||\u00bb text_orientation=\u00bbcenter\u00bb locked=\u00bboff\u00bb global_colors_info=\u00bb{}\u00bb]<\/p>\n<p><em>Duraci\u00f3n: 1h<\/em><\/p>\n<p>[\/et_pb_text][et_pb_text _builder_version=\u00bb4.27.4&#8243; _module_preset=\u00bbdefault\u00bb text_font=\u00bbRoboto Flex|700|||||||\u00bb text_font_size=\u00bb16px\u00bb text_orientation=\u00bbcenter\u00bb locked=\u00bboff\u00bb global_colors_info=\u00bb{}\u00bb]<\/p>\n<p>Precio: 80\u20ac<\/p>\n<p>[\/et_pb_text][et_pb_text _builder_version=\u00bb4.27.4&#8243; _module_preset=\u00bbdefault\u00bb text_font=\u00bbRoboto Flex||||||||\u00bb text_font_size=\u00bb16px\u00bb text_orientation=\u00bbcenter\u00bb locked=\u00bboff\u00bb global_colors_info=\u00bb{}\u00bb]<\/p>\n<p>\u00bfTienes dudas o preguntas? Contacta directamente con el\/la terapeuta.<\/p>\n<p>[\/et_pb_text][et_pb_button button_url=\u00bbhttps:\/\/wa.me\/34657305533&#8243; button_text=\u00bbContacta por Whatsapp\u00bb button_alignment=\u00bbcenter\u00bb _builder_version=\u00bb4.27.4&#8243; _module_preset=\u00bbdefault\u00bb custom_button=\u00bbon\u00bb button_text_size=\u00bb17px\u00bb button_text_color=\u00bb#FFFFFF\u00bb button_bg_color=\u00bb#2fb21e\u00bb button_border_width=\u00bb0px\u00bb button_border_radius=\u00bb50px\u00bb button_font=\u00bbRoboto Flex|700|||||||\u00bb button_icon=\u00bb&#xf232;||fa||400&#8243; button_on_hover=\u00bboff\u00bb global_colors_info=\u00bb{}\u00bb][\/et_pb_button][\/et_pb_column][et_pb_column type=\u00bb1_4&#8243; _builder_version=\u00bb4.23.1&#8243; _module_preset=\u00bbdefault\u00bb background_color=\u00bb#ededed\u00bb custom_padding=\u00bb20px|20px|20px|20px|true|true\u00bb border_radii=\u00bbon|25px|25px|25px|25px\u00bb border_color_all=\u00bbrgba(237,155,78,0.49)\u00bb global_colors_info=\u00bb{}\u00bb][et_pb_team_member name=\u00bbAdakasha\u00bb position=\u00bbTarot Evolutivo\u00bb image_url=\u00bbhttps:\/\/apapachofest.com\/wp-content\/uploads\/2024\/05\/inma-adakasha-terapeuta-apapacho-fest.jpg\u00bb _builder_version=\u00bb4.27.4&#8243; _module_preset=\u00bbdefault\u00bb header_font=\u00bbRebel Kids||||||||\u00bb header_text_align=\u00bbcenter\u00bb header_font_size=\u00bb23px\u00bb body_font=\u00bbRoboto Flex||||||||\u00bb body_text_align=\u00bbleft\u00bb position_font=\u00bb||on||||||\u00bb position_text_align=\u00bbcenter\u00bb position_text_color=\u00bb#000000&#8243; child_filter_saturate=\u00bb132%\u00bb child_filter_brightness=\u00bb108%\u00bb header_font_size_tablet=\u00bb23px\u00bb header_font_size_phone=\u00bb32px\u00bb header_font_size_last_edited=\u00bbon|phone\u00bb position_font_size_tablet=\u00bb\u00bb position_font_size_phone=\u00bb18px\u00bb position_font_size_last_edited=\u00bbon|phone\u00bb custom_css_member_position=\u00bbmargin-bottom: 10px;\u00bb border_radii_image=\u00bbon|200px|200px|200px|200px\u00bb global_colors_info=\u00bb{}\u00bb custom_css_member_image_phone=\u00bbheight: auto;||    max-width: 50%;||display:block;||margin:auto;||margin-bottom: 20px;\u00bb custom_css_member_image_last_edited=\u00bbon|desktop\u00bb]<\/p>\n<p>\ud83d\udc8e <strong>\u00bfEn qu\u00e9 consiste?<\/strong><\/p>\n<p>Una sesi\u00f3n \u00edntima y consciente de tarot evolutivo, enfocada en acompa\u00f1arte a trav\u00e9s de un proceso de autoconocimiento profundo. El tarot se convierte en un espejo compasivo que te ayuda a identificar patrones, liberar lo que ya no resuena y abrirte con claridad a lo que realmente deseas construir en tu vida y en tus relaciones.<\/p>\n<p>\ud83e\udded <strong>Beneficios:<\/strong><\/p>\n<ul>\n<li>Claridad emocional y relacional<\/li>\n<li>Comprensi\u00f3n de tus procesos internos<\/li>\n<li>Integraci\u00f3n de aprendizajes<\/li>\n<li>Mayor presencia y coherencia en tu camino<\/li>\n<li>Acompa\u00f1amiento reflexivo y respetuoso<\/li>\n<\/ul>\n<p>\ud83c\udf31 <strong>Ideal para:<\/strong><\/p>\n<p>Personas en momentos de cambio o transformaci\u00f3n, que sienten que algo en su vida o en sus relaciones est\u00e1 pidiendo ser visto, comprendido o liberado. Una herramienta ideal para quienes buscan guiarse desde el coraz\u00f3n y abrirse a nuevas posibilidades con amabilidad y consciencia.<\/p>\n<p>[\/et_pb_team_member][et_pb_text _builder_version=\u00bb4.27.0&#8243; _module_preset=\u00bbdefault\u00bb text_font=\u00bbRoboto Flex||||||||\u00bb text_orientation=\u00bbcenter\u00bb locked=\u00bboff\u00bb global_colors_info=\u00bb{}\u00bb]<\/p>\n<p><em>Duraci\u00f3n: 1h<\/em><\/p>\n<p>[\/et_pb_text][et_pb_text _builder_version=\u00bb4.27.0&#8243; _module_preset=\u00bbdefault\u00bb text_font=\u00bbRoboto Flex|700|||||||\u00bb text_font_size=\u00bb16px\u00bb text_orientation=\u00bbcenter\u00bb locked=\u00bboff\u00bb global_colors_info=\u00bb{}\u00bb]<\/p>\n<p>Precio: 60\u20ac<\/p>\n<p>[\/et_pb_text][et_pb_text _builder_version=\u00bb4.27.4&#8243; _module_preset=\u00bbdefault\u00bb text_font=\u00bbRoboto Flex||||||||\u00bb text_font_size=\u00bb16px\u00bb text_orientation=\u00bbcenter\u00bb locked=\u00bboff\u00bb global_colors_info=\u00bb{}\u00bb]<\/p>\n<p>\u00bfTienes dudas o preguntas? Contacta directamente con el\/la terapeuta.<\/p>\n<p>[\/et_pb_text][et_pb_button button_url=\u00bbhttps:\/\/wa.me\/34643175843&#8243; button_text=\u00bbContacta por Whatsapp\u00bb button_alignment=\u00bbcenter\u00bb _builder_version=\u00bb4.27.4&#8243; _module_preset=\u00bbdefault\u00bb custom_button=\u00bbon\u00bb button_text_size=\u00bb17px\u00bb button_text_color=\u00bb#FFFFFF\u00bb button_bg_color=\u00bb#2fb21e\u00bb button_border_width=\u00bb0px\u00bb button_border_radius=\u00bb50px\u00bb button_font=\u00bbRoboto Flex|700|||||||\u00bb button_icon=\u00bb&#xf232;||fa||400&#8243; button_on_hover=\u00bboff\u00bb global_colors_info=\u00bb{}\u00bb][\/et_pb_button][\/et_pb_column][\/et_pb_row][et_pb_row column_structure=\u00bb1_4,1_4,1_4,1_4&#8243; use_custom_gutter=\u00bbon\u00bb gutter_width=\u00bb2&#8243; make_equal=\u00bbon\u00bb module_id=\u00bbfestival\u00bb _builder_version=\u00bb4.27.0&#8243; _module_preset=\u00bbdefault\u00bb width=\u00bb90%\u00bb width_tablet=\u00bb\u00bb width_phone=\u00bb95%\u00bb width_last_edited=\u00bbon|desktop\u00bb max_width=\u00bb90%\u00bb global_colors_info=\u00bb{}\u00bb][et_pb_column type=\u00bb1_4&#8243; _builder_version=\u00bb4.27.0&#8243; _module_preset=\u00bbdefault\u00bb background_color=\u00bb#ededed\u00bb custom_padding=\u00bb20px|20px|20px|20px|true|true\u00bb border_radii=\u00bbon|25px|25px|25px|25px\u00bb border_color_all=\u00bbrgba(237,155,78,0.49)\u00bb global_colors_info=\u00bb{}\u00bb][et_pb_team_member name=\u00bbDhyana Dakini\u00bb position=\u00bbRitual de MASAJE DAKINI ENERG\u00cdA SAGRADA\u00bb image_url=\u00bbhttps:\/\/apapachofest.com\/wp-content\/uploads\/2023\/12\/dhyana-dakini.jpg\u00bb _builder_version=\u00bb4.27.4&#8243; _module_preset=\u00bbdefault\u00bb header_font=\u00bbRebel Kids||||||||\u00bb header_text_align=\u00bbcenter\u00bb header_font_size=\u00bb23px\u00bb body_font=\u00bbRoboto Flex||||||||\u00bb body_text_align=\u00bbleft\u00bb position_font=\u00bb||on||||||\u00bb position_text_align=\u00bbcenter\u00bb position_text_color=\u00bb#000000&#8243; child_filter_saturate=\u00bb132%\u00bb child_filter_brightness=\u00bb108%\u00bb header_font_size_tablet=\u00bb23px\u00bb header_font_size_phone=\u00bb32px\u00bb header_font_size_last_edited=\u00bbon|phone\u00bb position_font_size_tablet=\u00bb\u00bb position_font_size_phone=\u00bb18px\u00bb position_font_size_last_edited=\u00bbon|phone\u00bb custom_css_member_position=\u00bbmargin-bottom: 10px;\u00bb border_radii_image=\u00bbon|200px|200px|200px|200px\u00bb global_colors_info=\u00bb{}\u00bb custom_css_member_image_phone=\u00bbheight: auto;||    max-width: 50%;||display:block;||margin:auto;||margin-bottom: 20px;\u00bb custom_css_member_image_last_edited=\u00bbon|desktop\u00bb]<\/p>\n<p data-start=\"204\" data-end=\"230\">\ud83d\udc8e <strong data-start=\"207\" data-end=\"228\">\u00bfEn qu\u00e9 consiste?<\/strong><\/p>\n<p data-start=\"232\" data-end=\"422\">El <strong data-start=\"235\" data-end=\"252\">Masaje Dakini<\/strong> es un ritual t\u00e1ntrico y energ\u00e9tico que combina presencia, tacto consciente y respiraci\u00f3n para despertar la energ\u00eda vital, liberar bloqueos y reconectar con tu esencia.<\/p>\n<p data-start=\"424\" data-end=\"652\">Es una experiencia corporal profunda donde cada caricia y cada gesto tienen la intenci\u00f3n de abrir espacio interno, equilibrar el sistema nervioso y resignificar la sexualidad, devolvi\u00e9ndola a un lugar de libertad, gozo y amor.<\/p>\n<p data-start=\"654\" data-end=\"826\">Durante el proceso, el cuerpo se va afinando como un instrumento, permitiendo que la energ\u00eda circule sin obst\u00e1culos y que la persona se sienta m\u00e1s viva, plena y presente.<\/p>\n<p data-start=\"828\" data-end=\"848\">\ud83e\udded <strong data-start=\"831\" data-end=\"846\">Beneficios:<\/strong><\/p>\n<ul data-start=\"849\" data-end=\"1142\">\n<li data-start=\"849\" data-end=\"897\">\n<p data-start=\"851\" data-end=\"897\">Liberaci\u00f3n de bloqueos f\u00edsicos y emocionales<\/p>\n<\/li>\n<li data-start=\"898\" data-end=\"933\">\n<p data-start=\"900\" data-end=\"933\">Regulaci\u00f3n del sistema nervioso<\/p>\n<\/li>\n<li data-start=\"934\" data-end=\"988\">\n<p data-start=\"936\" data-end=\"988\">Despertar y expansi\u00f3n de la energ\u00eda sexual y vital<\/p>\n<\/li>\n<li data-start=\"989\" data-end=\"1040\">\n<p data-start=\"991\" data-end=\"1040\">Reconexi\u00f3n con el cuerpo y el placer consciente<\/p>\n<\/li>\n<li data-start=\"1041\" data-end=\"1093\">\n<p data-start=\"1043\" data-end=\"1093\">Apertura del coraz\u00f3n y de la expresi\u00f3n aut\u00e9ntica<\/p>\n<\/li>\n<li data-start=\"1094\" data-end=\"1142\">\n<p data-start=\"1096\" data-end=\"1142\">Profunda sensaci\u00f3n de calma, gozo y plenitud<\/p>\n<\/li>\n<\/ul>\n<p data-start=\"1144\" data-end=\"1384\">\ud83c\udf31 <strong data-start=\"1147\" data-end=\"1162\">Ideal para:<\/strong><br data-start=\"1162\" data-end=\"1165\" \/>Quienes deseen reconectar con su cuerpo, sanar el trauma y explorar una sexualidad m\u00e1s consciente y libre.<br data-start=\"1271\" data-end=\"1274\" \/>No necesitas experiencia previa, solo la disposici\u00f3n a entregarte al momento y permitir que el cuerpo hable.<\/p>\n<p>[\/et_pb_team_member][et_pb_text _builder_version=\u00bb4.27.4&#8243; _module_preset=\u00bbdefault\u00bb text_font=\u00bbRoboto Flex||||||||\u00bb text_orientation=\u00bbcenter\u00bb hover_enabled=\u00bb0&#8243; locked=\u00bboff\u00bb global_colors_info=\u00bb{}\u00bb sticky_enabled=\u00bb0&#8243;]<\/p>\n<p><em>Duraci\u00f3n: 1.30h<\/em><\/p>\n<p>[\/et_pb_text][et_pb_text _builder_version=\u00bb4.27.4&#8243; _module_preset=\u00bbdefault\u00bb text_font=\u00bbRoboto Flex|700|||||||\u00bb text_font_size=\u00bb16px\u00bb text_orientation=\u00bbcenter\u00bb hover_enabled=\u00bb0&#8243; locked=\u00bboff\u00bb global_colors_info=\u00bb{}\u00bb sticky_enabled=\u00bb0&#8243;]<\/p>\n<p>Precio: 130\u20ac<\/p>\n<p>[\/et_pb_text][et_pb_text _builder_version=\u00bb4.27.4&#8243; _module_preset=\u00bbdefault\u00bb text_font=\u00bbRoboto Flex||||||||\u00bb text_font_size=\u00bb16px\u00bb text_orientation=\u00bbcenter\u00bb locked=\u00bboff\u00bb global_colors_info=\u00bb{}\u00bb]<\/p>\n<p>\u00bfTienes dudas o preguntas? Contacta directamente con el\/la terapeuta.<\/p>\n<p>[\/et_pb_text][et_pb_button button_url=\u00bbhttps:\/\/wa.me\/34649484892&#8243; button_text=\u00bbContacta por Whatsapp\u00bb button_alignment=\u00bbcenter\u00bb _builder_version=\u00bb4.27.4&#8243; _module_preset=\u00bbdefault\u00bb custom_button=\u00bbon\u00bb button_text_size=\u00bb17px\u00bb button_text_color=\u00bb#FFFFFF\u00bb button_bg_color=\u00bb#2fb21e\u00bb button_border_width=\u00bb0px\u00bb button_border_radius=\u00bb50px\u00bb button_font=\u00bbRoboto Flex|700|||||||\u00bb button_icon=\u00bb&#xf232;||fa||400&#8243; button_on_hover=\u00bboff\u00bb hover_enabled=\u00bb0&#8243; global_colors_info=\u00bb{}\u00bb sticky_enabled=\u00bb0&#8243;][\/et_pb_button][\/et_pb_column][et_pb_column type=\u00bb1_4&#8243; _builder_version=\u00bb4.23.1&#8243; _module_preset=\u00bbdefault\u00bb background_color=\u00bb#ededed\u00bb custom_padding=\u00bb20px|20px|20px|20px|true|true\u00bb border_radii=\u00bbon|25px|25px|25px|25px\u00bb border_color_all=\u00bbrgba(237,155,78,0.49)\u00bb global_colors_info=\u00bb{}\u00bb][et_pb_team_member name=\u00bbMystikalida \u00bb position=\u00bbTarot\u00bb image_url=\u00bbhttps:\/\/apapachofest.com\/wp-content\/uploads\/2025\/06\/Mystikalida-terapeuta-apapacho-fest.jpg\u00bb _builder_version=\u00bb4.27.4&#8243; _module_preset=\u00bbdefault\u00bb header_font=\u00bbRebel Kids||||||||\u00bb header_text_align=\u00bbcenter\u00bb header_font_size=\u00bb23px\u00bb body_font=\u00bbRoboto Flex||||||||\u00bb body_text_align=\u00bbleft\u00bb position_font=\u00bb||on||||||\u00bb position_text_align=\u00bbcenter\u00bb position_text_color=\u00bb#000000&#8243; child_filter_saturate=\u00bb132%\u00bb child_filter_brightness=\u00bb108%\u00bb header_font_size_tablet=\u00bb23px\u00bb header_font_size_phone=\u00bb32px\u00bb header_font_size_last_edited=\u00bbon|phone\u00bb position_font_size_tablet=\u00bb\u00bb position_font_size_phone=\u00bb18px\u00bb position_font_size_last_edited=\u00bbon|phone\u00bb custom_css_member_position=\u00bbmargin-bottom: 10px;\u00bb border_radii_image=\u00bbon|200px|200px|200px|200px\u00bb global_colors_info=\u00bb{}\u00bb custom_css_member_image_phone=\u00bbheight: auto;||    max-width: 50%;||display:block;||margin:auto;||margin-bottom: 20px;\u00bb custom_css_member_image_last_edited=\u00bbon|desktop\u00bb]<\/p>\n<p>\ud83d\udc8e <strong>\u00bfEn qu\u00e9 consiste?<\/strong><\/p>\n<p>Una lectura de tarot como conversaci\u00f3n \u00edntima contigo misma, que ofrece claridad en momentos de confusi\u00f3n o bloqueo. Esta herramienta de autoconocimiento muestra tanto lo visible como lo invisible, funcionando como un mapa que te orienta en situaciones donde no sabes qu\u00e9 camino tomar.<\/p>\n<p>\ud83e\udded <strong>Beneficios:<\/strong><\/p>\n<ul>\n<li>Claridad ante decisiones importantes<\/li>\n<li>Reconexi\u00f3n con tu intuici\u00f3n<\/li>\n<li>Visi\u00f3n profunda de lo que ocurre en tu presente<\/li>\n<li>Acompa\u00f1amiento amoroso en momentos de duda<\/li>\n<\/ul>\n<p>\ud83c\udf31<strong> Ideal para:<\/strong><\/p>\n<p>Personas que se sienten perdidas, necesitan gu\u00eda o desean mirar m\u00e1s all\u00e1 de lo evidente para actuar desde un lugar m\u00e1s consciente y conectado consigo mismas.<\/p>\n<p>[\/et_pb_team_member][et_pb_text _builder_version=\u00bb4.27.0&#8243; _module_preset=\u00bbdefault\u00bb text_font=\u00bbRoboto Flex||||||||\u00bb text_orientation=\u00bbcenter\u00bb locked=\u00bboff\u00bb global_colors_info=\u00bb{}\u00bb]<\/p>\n<p><em>Duraci\u00f3n: 1h<\/em><\/p>\n<p>[\/et_pb_text][et_pb_text _builder_version=\u00bb4.27.0&#8243; _module_preset=\u00bbdefault\u00bb text_font=\u00bbRoboto Flex|700|||||||\u00bb text_font_size=\u00bb16px\u00bb text_orientation=\u00bbcenter\u00bb locked=\u00bboff\u00bb global_colors_info=\u00bb{}\u00bb]<\/p>\n<p>Precio: 60\u20ac<\/p>\n<p>[\/et_pb_text][et_pb_text _builder_version=\u00bb4.27.4&#8243; _module_preset=\u00bbdefault\u00bb text_font=\u00bbRoboto Flex||||||||\u00bb text_font_size=\u00bb16px\u00bb text_orientation=\u00bbcenter\u00bb locked=\u00bboff\u00bb global_colors_info=\u00bb{}\u00bb]<\/p>\n<p>\u00bfTienes dudas o preguntas? Contacta directamente con el\/la terapeuta.<\/p>\n<p>[\/et_pb_text][et_pb_button button_url=\u00bbhttps:\/\/wa.me\/34666919753&#8243; button_text=\u00bbContacta por Whatsapp\u00bb button_alignment=\u00bbcenter\u00bb _builder_version=\u00bb4.27.4&#8243; _module_preset=\u00bbdefault\u00bb custom_button=\u00bbon\u00bb button_text_size=\u00bb17px\u00bb button_text_color=\u00bb#FFFFFF\u00bb button_bg_color=\u00bb#2fb21e\u00bb button_border_width=\u00bb0px\u00bb button_border_radius=\u00bb50px\u00bb button_font=\u00bbRoboto Flex|700|||||||\u00bb button_icon=\u00bb&#xf232;||fa||400&#8243; button_on_hover=\u00bboff\u00bb global_colors_info=\u00bb{}\u00bb][\/et_pb_button][\/et_pb_column][et_pb_column type=\u00bb1_4&#8243; _builder_version=\u00bb4.23.1&#8243; _module_preset=\u00bbdefault\u00bb background_color=\u00bb#ededed\u00bb custom_padding=\u00bb20px|20px|20px|20px|true|true\u00bb border_radii=\u00bbon|25px|25px|25px|25px\u00bb border_color_all=\u00bbrgba(237,155,78,0.49)\u00bb global_colors_info=\u00bb{}\u00bb][et_pb_team_member name=\u00bbCynthia Maria P\u00e9rez V\u00e1zquez \u00bb position=\u00bbTerapia de Limpieza Energ\u00e9tica &#038; Or\u00e1culo\u00bb image_url=\u00bbhttps:\/\/apapachofest.com\/wp-content\/uploads\/2025\/01\/Chyntia-Maria-Perez-Vazquez-terapeuta-apapacho-fest.jpg\u00bb _builder_version=\u00bb4.27.4&#8243; _module_preset=\u00bbdefault\u00bb header_font=\u00bbRebel Kids||||||||\u00bb header_text_align=\u00bbcenter\u00bb header_font_size=\u00bb23px\u00bb body_font=\u00bbRoboto Flex||||||||\u00bb body_text_align=\u00bbleft\u00bb position_font=\u00bb||on||||||\u00bb position_text_align=\u00bbcenter\u00bb position_text_color=\u00bb#000000&#8243; child_filter_saturate=\u00bb132%\u00bb child_filter_brightness=\u00bb108%\u00bb header_font_size_tablet=\u00bb23px\u00bb header_font_size_phone=\u00bb32px\u00bb header_font_size_last_edited=\u00bbon|phone\u00bb position_font_size_tablet=\u00bb\u00bb position_font_size_phone=\u00bb18px\u00bb position_font_size_last_edited=\u00bbon|phone\u00bb custom_css_member_position=\u00bbmargin-bottom: 10px;\u00bb border_radii_image=\u00bbon|200px|200px|200px|200px\u00bb global_colors_info=\u00bb{}\u00bb custom_css_member_image_phone=\u00bbheight: auto;||    max-width: 50%;||display:block;||margin:auto;||margin-bottom: 20px;\u00bb custom_css_member_image_last_edited=\u00bbon|desktop\u00bb]<\/p>\n<p>\ud83d\udc8e <strong>\u00bfEn qu\u00e9 consiste?<\/strong><\/p>\n<p>Es un proceso terap\u00e9utico profundo que combina limpieza energ\u00e9tica, canalizaci\u00f3n espiritual y lectura de or\u00e1culo. Mediante el uso de radiestesia, agua florida artesanal y herramientas vibracionales, se liberan bloqueos y energ\u00edas estancadas tanto del cuerpo f\u00edsico como del campo \u00e1urico. La sesi\u00f3n comienza con una lectura del or\u00e1culo para identificar los temas prioritarios y finaliza con un sellado energ\u00e9tico para proteger y sostener la armon\u00eda alcanzada.<\/p>\n<p>\ud83e\udded <strong>Beneficios:<\/strong><\/p>\n<ul>\n<li>Liberaci\u00f3n de bloqueos emocionales, energ\u00e9ticos y espirituales<\/li>\n<li>Claridad ante situaciones que necesitan atenci\u00f3n<\/li>\n<li>Elevaci\u00f3n de la vibraci\u00f3n personal<\/li>\n<li>Restauraci\u00f3n del flujo natural de energ\u00eda<\/li>\n<li>Protecci\u00f3n energ\u00e9tica prolongada<\/li>\n<li>Conexi\u00f3n profunda con el ser interior<\/li>\n<\/ul>\n<p>\ud83c\udf31 <strong>Ideal para:<\/strong><\/p>\n<p>Personas que sienten cargas emocionales, confusi\u00f3n o estancamiento, que desean recuperar claridad, ligereza y equilibrio. Tambi\u00e9n para quienes est\u00e1n atravesando decisiones importantes o desean fortalecer su campo energ\u00e9tico ante influencias externas. Ideal si buscas una terapia completa, respetuosa y personalizada que trabaje cuerpo, emoci\u00f3n y esp\u00edritu.<\/p>\n<p>[\/et_pb_team_member][et_pb_text _builder_version=\u00bb4.27.0&#8243; _module_preset=\u00bbdefault\u00bb text_font=\u00bbRoboto Flex||||||||\u00bb text_orientation=\u00bbcenter\u00bb locked=\u00bboff\u00bb global_colors_info=\u00bb{}\u00bb]<\/p>\n<p><em>Duraci\u00f3n: 1h<\/em><\/p>\n<p>[\/et_pb_text][et_pb_text _builder_version=\u00bb4.27.0&#8243; _module_preset=\u00bbdefault\u00bb text_font=\u00bbRoboto Flex|700|||||||\u00bb text_font_size=\u00bb16px\u00bb text_orientation=\u00bbcenter\u00bb locked=\u00bboff\u00bb global_colors_info=\u00bb{}\u00bb]<\/p>\n<p>Precio: 60\u20ac<\/p>\n<p>[\/et_pb_text][et_pb_text _builder_version=\u00bb4.27.4&#8243; _module_preset=\u00bbdefault\u00bb text_font=\u00bbRoboto Flex||||||||\u00bb text_font_size=\u00bb16px\u00bb text_orientation=\u00bbcenter\u00bb locked=\u00bboff\u00bb global_colors_info=\u00bb{}\u00bb]<\/p>\n<p>\u00bfTienes dudas o preguntas? Contacta directamente con el\/la terapeuta.<\/p>\n<p>[\/et_pb_text][et_pb_button button_url=\u00bbhttps:\/\/wa.me\/34682803597&#8243; button_text=\u00bbContacta por Whatsapp\u00bb button_alignment=\u00bbcenter\u00bb _builder_version=\u00bb4.27.4&#8243; _module_preset=\u00bbdefault\u00bb custom_button=\u00bbon\u00bb button_text_size=\u00bb17px\u00bb button_text_color=\u00bb#FFFFFF\u00bb button_bg_color=\u00bb#2fb21e\u00bb button_border_width=\u00bb0px\u00bb button_border_radius=\u00bb50px\u00bb button_font=\u00bbRoboto Flex|700|||||||\u00bb button_icon=\u00bb&#xf232;||fa||400&#8243; button_on_hover=\u00bboff\u00bb global_colors_info=\u00bb{}\u00bb][\/et_pb_button][\/et_pb_column][et_pb_column type=\u00bb1_4&#8243; _builder_version=\u00bb4.23.1&#8243; _module_preset=\u00bbdefault\u00bb background_color=\u00bb#ededed\u00bb custom_padding=\u00bb20px|20px|20px|20px|true|true\u00bb border_radii=\u00bbon|25px|25px|25px|25px\u00bb border_color_all=\u00bbrgba(237,155,78,0.49)\u00bb global_colors_info=\u00bb{}\u00bb][et_pb_team_member name=\u00bbJuan Carlos Banegas\u00bb position=\u00bbBiodescodificaci\u00f3n\u00bb image_url=\u00bbhttps:\/\/apapachofest.com\/wp-content\/uploads\/2024\/05\/juan-carlos-banegas-terapeuta-apapacho-festival.jpg\u00bb _builder_version=\u00bb4.27.4&#8243; _module_preset=\u00bbdefault\u00bb header_font=\u00bbRebel Kids||||||||\u00bb header_text_align=\u00bbcenter\u00bb header_font_size=\u00bb23px\u00bb body_font=\u00bbRoboto Flex||||||||\u00bb body_text_align=\u00bbleft\u00bb position_font=\u00bb||on||||||\u00bb position_text_align=\u00bbcenter\u00bb position_text_color=\u00bb#000000&#8243; child_filter_saturate=\u00bb132%\u00bb child_filter_brightness=\u00bb108%\u00bb header_font_size_tablet=\u00bb23px\u00bb header_font_size_phone=\u00bb32px\u00bb header_font_size_last_edited=\u00bbon|phone\u00bb position_font_size_tablet=\u00bb\u00bb position_font_size_phone=\u00bb18px\u00bb position_font_size_last_edited=\u00bbon|phone\u00bb custom_css_member_position=\u00bbmargin-bottom: 10px;\u00bb border_radii_image=\u00bbon|200px|200px|200px|200px\u00bb global_colors_info=\u00bb{}\u00bb custom_css_member_image_phone=\u00bbheight: auto;||    max-width: 50%;||display:block;||margin:auto;||margin-bottom: 20px;\u00bb custom_css_member_image_last_edited=\u00bbon|desktop\u00bb custom_padding=\u00bb1px|||||\u00bb]<\/p>\n<p>\ud83d\udc8e <strong>\u00bfEn qu\u00e9 consiste?<\/strong><\/p>\n<p>La Biodescodificaci\u00f3n es una terapia emocional integrativa que identifica el conflicto emocional oculto detr\u00e1s de los s\u00edntomas f\u00edsicos o emocionales. Se basa en la premisa de que cada enfermedad es una respuesta biol\u00f3gica a un shock emocional no resuelto. A trav\u00e9s del acompa\u00f1amiento, se accede a esos momentos clave del pasado para liberar las emociones atrapadas y restaurar el equilibrio cuerpo-mente.<\/p>\n<p>\ud83e\udded <strong>Beneficios:<\/strong><\/p>\n<ul>\n<li>Identificaci\u00f3n del origen emocional del s\u00edntoma<\/li>\n<li>Liberaci\u00f3n de bloqueos emocionales profundos<\/li>\n<li>Mejora del bienestar f\u00edsico y emocional<\/li>\n<li>Reducci\u00f3n de s\u00edntomas como ansiedad, estr\u00e9s, miedos o enfermedades psicosom\u00e1ticas<\/li>\n<li>Herramientas para vivir con mayor consciencia emocional<\/li>\n<\/ul>\n<p>\ud83c\udf31 <strong>Ideal para:<\/strong><\/p>\n<p>Personas que buscan un enfoque complementario a la medicina tradicional, que sienten que su cuerpo expresa lo que su mente no dice, y desean sanar de forma m\u00e1s integral, desde la ra\u00edz emocional de su malestar.<\/p>\n<p>[\/et_pb_team_member][et_pb_text _builder_version=\u00bb4.27.0&#8243; _module_preset=\u00bbdefault\u00bb text_font=\u00bbRoboto Flex||||||||\u00bb text_orientation=\u00bbcenter\u00bb locked=\u00bboff\u00bb global_colors_info=\u00bb{}\u00bb]<\/p>\n<p><em>Duraci\u00f3n: 1.30h<\/em><\/p>\n<p>[\/et_pb_text][et_pb_text _builder_version=\u00bb4.27.0&#8243; _module_preset=\u00bbdefault\u00bb text_font=\u00bbRoboto Flex|700|||||||\u00bb text_font_size=\u00bb16px\u00bb text_orientation=\u00bbcenter\u00bb locked=\u00bboff\u00bb global_colors_info=\u00bb{}\u00bb]<\/p>\n<p>Precio: 100\u20ac<\/p>\n<p>[\/et_pb_text][et_pb_text _builder_version=\u00bb4.27.4&#8243; _module_preset=\u00bbdefault\u00bb text_font=\u00bbRoboto Flex||||||||\u00bb text_font_size=\u00bb16px\u00bb text_orientation=\u00bbcenter\u00bb locked=\u00bboff\u00bb global_colors_info=\u00bb{}\u00bb]<\/p>\n<p>\u00bfTienes dudas o preguntas? Contacta directamente con el\/la terapeuta.<\/p>\n<p>[\/et_pb_text][et_pb_button button_url=\u00bbhttps:\/\/wa.me\/34607293525&#8243; button_text=\u00bbContacta por Whatsapp\u00bb button_alignment=\u00bbcenter\u00bb _builder_version=\u00bb4.27.4&#8243; _module_preset=\u00bbdefault\u00bb custom_button=\u00bbon\u00bb button_text_size=\u00bb17px\u00bb button_text_color=\u00bb#FFFFFF\u00bb button_bg_color=\u00bb#2fb21e\u00bb button_border_width=\u00bb0px\u00bb button_border_radius=\u00bb50px\u00bb button_font=\u00bbRoboto Flex|700|||||||\u00bb button_icon=\u00bb&#xf232;||fa||400&#8243; button_on_hover=\u00bboff\u00bb global_colors_info=\u00bb{}\u00bb][\/et_pb_button][\/et_pb_column][\/et_pb_row][et_pb_row column_structure=\u00bb1_4,1_4,1_4,1_4&#8243; use_custom_gutter=\u00bbon\u00bb gutter_width=\u00bb2&#8243; make_equal=\u00bbon\u00bb module_id=\u00bbfestival\u00bb _builder_version=\u00bb4.27.0&#8243; _module_preset=\u00bbdefault\u00bb width=\u00bb90%\u00bb width_tablet=\u00bb\u00bb width_phone=\u00bb95%\u00bb width_last_edited=\u00bbon|desktop\u00bb max_width=\u00bb90%\u00bb global_colors_info=\u00bb{}\u00bb][et_pb_column type=\u00bb1_4&#8243; _builder_version=\u00bb4.23.1&#8243; _module_preset=\u00bbdefault\u00bb background_color=\u00bb#ededed\u00bb custom_padding=\u00bb20px|20px|20px|20px|true|true\u00bb border_radii=\u00bbon|25px|25px|25px|25px\u00bb border_color_all=\u00bbrgba(237,155,78,0.49)\u00bb global_colors_info=\u00bb{}\u00bb][et_pb_team_member name=\u00bbDhy\u00e1n Adit\u00bb position=\u00bbSexualidad Consciente \/ Aprender a Amar\u00bb image_url=\u00bbhttps:\/\/apapachofest.com\/wp-content\/uploads\/2024\/04\/dhyan-adit-facilitador-apapachofest.jpg\u00bb _builder_version=\u00bb4.27.4&#8243; _module_preset=\u00bbdefault\u00bb header_font=\u00bbRebel Kids||||||||\u00bb header_text_align=\u00bbcenter\u00bb header_font_size=\u00bb23px\u00bb body_font=\u00bbRoboto Flex||||||||\u00bb body_text_align=\u00bbleft\u00bb position_font=\u00bb||on||||||\u00bb position_text_align=\u00bbcenter\u00bb position_text_color=\u00bb#000000&#8243; child_filter_saturate=\u00bb132%\u00bb child_filter_brightness=\u00bb108%\u00bb header_font_size_tablet=\u00bb23px\u00bb header_font_size_phone=\u00bb32px\u00bb header_font_size_last_edited=\u00bbon|phone\u00bb position_font_size_tablet=\u00bb\u00bb position_font_size_phone=\u00bb18px\u00bb position_font_size_last_edited=\u00bbon|phone\u00bb custom_css_member_position=\u00bbmargin-bottom: 10px;\u00bb border_radii_image=\u00bbon|200px|200px|200px|200px\u00bb global_colors_info=\u00bb{}\u00bb custom_css_member_image_phone=\u00bbheight: auto;||    max-width: 50%;||display:block;||margin:auto;||margin-bottom: 20px;\u00bb custom_css_member_image_last_edited=\u00bbon|desktop\u00bb]<\/p>\n<p>\ud83d\udc8e <strong>\u00bfEn qu\u00e9 consiste?<\/strong><\/p>\n<p>Acompa\u00f1amiento terap\u00e9utico para desbloquear dificultades en la sexualidad y en las relaciones de pareja. La sesi\u00f3n combina di\u00e1logo, exploraci\u00f3n emocional y meditaciones vivenciales para ayudarte a ver con claridad qu\u00e9 te aleja del placer y del amor aut\u00e9ntico, y cu\u00e1l es tu camino hacia relaciones m\u00e1s conscientes y sostenidas.<\/p>\n<p>\ud83e\udded <strong>Beneficios:<\/strong><\/p>\n<ul>\n<li>Identificaci\u00f3n de patrones limitantes<\/li>\n<li>Desbloqueo emocional y sexual<\/li>\n<li>Reencuentro con el placer propio<\/li>\n<li>Claridad sobre tu forma de amar<\/li>\n<li>Orientaci\u00f3n pr\u00e1ctica para relaciones sanas<\/li>\n<\/ul>\n<p>\ud83c\udf31 <strong>Ideal para:<\/strong><\/p>\n<p>Personas que sienten bloqueos en su sexualidad, dificultades para sostener v\u00ednculos amorosos o desean explorar su capacidad de amar y responsabilizarse de su propio bienestar emocional y er\u00f3tico.<\/p>\n<p>[\/et_pb_team_member][et_pb_text _builder_version=\u00bb4.27.0&#8243; _module_preset=\u00bbdefault\u00bb text_font=\u00bbRoboto Flex||||||||\u00bb text_orientation=\u00bbcenter\u00bb locked=\u00bboff\u00bb global_colors_info=\u00bb{}\u00bb]<\/p>\n<p><em>Duraci\u00f3n: 1h<\/em><\/p>\n<p>[\/et_pb_text][et_pb_text _builder_version=\u00bb4.27.4&#8243; _module_preset=\u00bbdefault\u00bb text_font=\u00bbRoboto Flex|700|||||||\u00bb text_font_size=\u00bb16px\u00bb text_orientation=\u00bbcenter\u00bb locked=\u00bboff\u00bb global_colors_info=\u00bb{}\u00bb]<\/p>\n<p>Precio: 97\u20ac<\/p>\n<p>[\/et_pb_text][et_pb_text _builder_version=\u00bb4.27.4&#8243; _module_preset=\u00bbdefault\u00bb text_font=\u00bbRoboto Flex||||||||\u00bb text_font_size=\u00bb16px\u00bb text_orientation=\u00bbcenter\u00bb locked=\u00bboff\u00bb global_colors_info=\u00bb{}\u00bb]<\/p>\n<p>\u00bfTienes dudas o preguntas? Contacta directamente con el\/la terapeuta.<\/p>\n<p>[\/et_pb_text][et_pb_button button_url=\u00bbhttps:\/\/wa.me\/34605361723&#8243; button_text=\u00bbContacta por Whatsapp\u00bb button_alignment=\u00bbcenter\u00bb _builder_version=\u00bb4.27.4&#8243; _module_preset=\u00bbdefault\u00bb custom_button=\u00bbon\u00bb button_text_size=\u00bb17px\u00bb button_text_color=\u00bb#FFFFFF\u00bb button_bg_color=\u00bb#2fb21e\u00bb button_border_width=\u00bb0px\u00bb button_border_radius=\u00bb50px\u00bb button_font=\u00bbRoboto Flex|700|||||||\u00bb button_icon=\u00bb&#xf232;||fa||400&#8243; button_on_hover=\u00bboff\u00bb global_colors_info=\u00bb{}\u00bb][\/et_pb_button][\/et_pb_column][et_pb_column type=\u00bb1_4&#8243; _builder_version=\u00bb4.23.1&#8243; _module_preset=\u00bbdefault\u00bb background_color=\u00bb#ededed\u00bb custom_padding=\u00bb20px|20px|20px|20px|true|true\u00bb border_radii=\u00bbon|25px|25px|25px|25px\u00bb border_color_all=\u00bbrgba(237,155,78,0.49)\u00bb global_colors_info=\u00bb{}\u00bb][et_pb_team_member name=\u00bbAna Dakini\u00bb position=\u00bbMasajista t\u00e1ntrica y energ\u00e9tica del m\u00e9todo Dakini\u00bb image_url=\u00bbhttps:\/\/apapachofest.com\/wp-content\/uploads\/2025\/08\/ana-dakini-facilitadora-apapacho-fest.jpg\u00bb _builder_version=\u00bb4.27.4&#8243; _module_preset=\u00bbdefault\u00bb header_font=\u00bbRebel Kids||||||||\u00bb header_text_align=\u00bbcenter\u00bb header_font_size=\u00bb23px\u00bb body_font=\u00bbRoboto Flex||||||||\u00bb body_text_align=\u00bbleft\u00bb position_font=\u00bb||on||||||\u00bb position_text_align=\u00bbcenter\u00bb position_text_color=\u00bb#000000&#8243; child_filter_saturate=\u00bb132%\u00bb child_filter_brightness=\u00bb108%\u00bb header_font_size_tablet=\u00bb23px\u00bb header_font_size_phone=\u00bb32px\u00bb header_font_size_last_edited=\u00bbon|phone\u00bb position_font_size_tablet=\u00bb\u00bb position_font_size_phone=\u00bb18px\u00bb position_font_size_last_edited=\u00bbon|phone\u00bb custom_css_member_position=\u00bbmargin-bottom: 10px;\u00bb border_radii_image=\u00bbon|200px|200px|200px|200px\u00bb global_colors_info=\u00bb{}\u00bb custom_css_member_image_phone=\u00bbheight: auto;||    max-width: 50%;||display:block;||margin:auto;||margin-bottom: 20px;\u00bb custom_css_member_image_last_edited=\u00bbon|desktop\u00bb]<\/p>\n<p data-start=\"134\" data-end=\"160\">\ud83d\udc8e <strong data-start=\"137\" data-end=\"158\">\u00bfEn qu\u00e9 consiste?<\/strong><\/p>\n<p data-start=\"162\" data-end=\"280\">Imagina tumbarte, cerrar los ojos\u2026 y dejar que unas manos c\u00e1lidas y conscientes te gu\u00eden en un viaje corporal \u00fanico.<\/p>\n<p data-start=\"282\" data-end=\"528\">El <strong data-start=\"285\" data-end=\"335\">masaje t\u00e1ntrico y energ\u00e9tico del m\u00e9todo Dakini<\/strong> es una experiencia profundamente sensorial que despierta tu energ\u00eda sexual y vital, recorriendo cada parte de tu cuerpo con caricias conscientes que te conectan con tu esencia m\u00e1s aut\u00e9ntica.<\/p>\n<p data-start=\"530\" data-end=\"705\">Es un espacio donde la <strong data-start=\"553\" data-end=\"580\">presencia y la sutileza<\/strong> se convierten en puente entre tu piel y tu interior, ayud\u00e1ndote a habitar tu cuerpo desde el placer, la escucha y el gozo.<\/p>\n<p data-start=\"707\" data-end=\"884\">Mientras te sumerges en esta experiencia, notar\u00e1s c\u00f3mo tu energ\u00eda se expande, c\u00f3mo desaparecen bloqueos y tensiones, y c\u00f3mo emerge una conexi\u00f3n m\u00e1s viva y plena contigo mism@.<\/p>\n<p data-start=\"886\" data-end=\"906\">\ud83e\udded <strong data-start=\"889\" data-end=\"904\">Beneficios:<\/strong><\/p>\n<ul data-start=\"907\" data-end=\"1208\">\n<li data-start=\"907\" data-end=\"961\">\n<p data-start=\"909\" data-end=\"961\">Despertar y expansi\u00f3n de la energ\u00eda sexual y vital<\/p>\n<\/li>\n<li data-start=\"962\" data-end=\"1011\">\n<p data-start=\"964\" data-end=\"1011\">Liberaci\u00f3n de bloqueos y tensiones corporales<\/p>\n<\/li>\n<li data-start=\"1012\" data-end=\"1069\">\n<p data-start=\"1014\" data-end=\"1069\">Mayor conexi\u00f3n con el propio cuerpo y la sensibilidad<\/p>\n<\/li>\n<li data-start=\"1070\" data-end=\"1119\">\n<p data-start=\"1072\" data-end=\"1119\">Ampliaci\u00f3n de la capacidad de disfrute y gozo<\/p>\n<\/li>\n<li data-start=\"1120\" data-end=\"1171\">\n<p data-start=\"1122\" data-end=\"1171\">Armonizaci\u00f3n de la energ\u00eda femenina y masculina<\/p>\n<\/li>\n<li data-start=\"1172\" data-end=\"1208\">\n<p data-start=\"1174\" data-end=\"1208\">Reconexi\u00f3n con la propia esencia<\/p>\n<\/li>\n<\/ul>\n<p data-start=\"1210\" data-end=\"1426\">\ud83c\udf31 <strong data-start=\"1213\" data-end=\"1228\">Ideal para:<\/strong><br data-start=\"1228\" data-end=\"1231\" \/>Personas que desean reconectar con su cuerpo, abrirse al placer consciente y explorar su energ\u00eda vital de manera segura y amorosa. Perfecto si buscas sanar, expandir y habitarte m\u00e1s plenamente.<\/p>\n<p data-start=\"1428\" data-end=\"1556\">No necesitas experiencia previa, solo entregarte al momento y permitir que el tacto consciente despierte lo que ya vive en ti.<\/p>\n<p data-start=\"1558\" data-end=\"1640\">Ven a descubrirlo por ti mism@ y reg\u00e1late este encuentro \u00edntimo y transformador.<\/p>\n<p>[\/et_pb_team_member][et_pb_text _builder_version=\u00bb4.27.4&#8243; _module_preset=\u00bbdefault\u00bb text_font=\u00bbRoboto Flex||||||||\u00bb text_orientation=\u00bbcenter\u00bb locked=\u00bboff\u00bb global_colors_info=\u00bb{}\u00bb]<\/p>\n<p><em>Duraci\u00f3n: 1.30h<\/em><\/p>\n<p>[\/et_pb_text][et_pb_text _builder_version=\u00bb4.27.4&#8243; _module_preset=\u00bbdefault\u00bb text_font=\u00bbRoboto Flex|700|||||||\u00bb text_font_size=\u00bb16px\u00bb text_orientation=\u00bbcenter\u00bb locked=\u00bboff\u00bb global_colors_info=\u00bb{}\u00bb]<\/p>\n<p>Precio: 130\u20ac<\/p>\n<p>[\/et_pb_text][et_pb_text _builder_version=\u00bb4.27.4&#8243; _module_preset=\u00bbdefault\u00bb text_font=\u00bbRoboto Flex||||||||\u00bb text_font_size=\u00bb16px\u00bb text_orientation=\u00bbcenter\u00bb locked=\u00bboff\u00bb global_colors_info=\u00bb{}\u00bb]<\/p>\n<p>\u00bfTienes dudas o preguntas? Contacta directamente con el\/la terapeuta.<\/p>\n<p>[\/et_pb_text][et_pb_button button_url=\u00bbhttps:\/\/wa.me\/34655464661&#8243; button_text=\u00bbContacta por Whatsapp\u00bb button_alignment=\u00bbcenter\u00bb _builder_version=\u00bb4.27.4&#8243; _module_preset=\u00bbdefault\u00bb custom_button=\u00bbon\u00bb button_text_size=\u00bb17px\u00bb button_text_color=\u00bb#FFFFFF\u00bb button_bg_color=\u00bb#2fb21e\u00bb button_border_width=\u00bb0px\u00bb button_border_radius=\u00bb50px\u00bb button_font=\u00bbRoboto Flex|700|||||||\u00bb button_icon=\u00bb&#xf232;||fa||400&#8243; button_on_hover=\u00bboff\u00bb global_colors_info=\u00bb{}\u00bb][\/et_pb_button][\/et_pb_column][et_pb_column type=\u00bb1_4&#8243; _builder_version=\u00bb4.23.1&#8243; _module_preset=\u00bbdefault\u00bb background_color=\u00bb#ededed\u00bb custom_padding=\u00bb20px|20px|20px|20px|true|true\u00bb border_radii=\u00bbon|25px|25px|25px|25px\u00bb border_color_all=\u00bbrgba(237,155,78,0.49)\u00bb global_colors_info=\u00bb{}\u00bb][et_pb_team_member name=\u00bbNoem\u00ed Loscos \u00bb position=\u00bbDise\u00f1o Humano\u00bb image_url=\u00bbhttps:\/\/apapachofest.com\/wp-content\/uploads\/2025\/01\/Noemi-terapeuta-apapacho-fest.jpg\u00bb _builder_version=\u00bb4.27.4&#8243; _module_preset=\u00bbdefault\u00bb header_font=\u00bbRebel Kids||||||||\u00bb header_text_align=\u00bbcenter\u00bb header_font_size=\u00bb23px\u00bb body_font=\u00bbRoboto Flex||||||||\u00bb body_text_align=\u00bbleft\u00bb position_font=\u00bb||on||||||\u00bb position_text_align=\u00bbcenter\u00bb position_text_color=\u00bb#000000&#8243; child_filter_saturate=\u00bb132%\u00bb child_filter_brightness=\u00bb108%\u00bb header_font_size_tablet=\u00bb23px\u00bb header_font_size_phone=\u00bb32px\u00bb header_font_size_last_edited=\u00bbon|phone\u00bb position_font_size_tablet=\u00bb\u00bb position_font_size_phone=\u00bb18px\u00bb position_font_size_last_edited=\u00bbon|phone\u00bb custom_css_member_position=\u00bbmargin-bottom: 10px;\u00bb border_radii_image=\u00bbon|200px|200px|200px|200px\u00bb global_colors_info=\u00bb{}\u00bb custom_css_member_image_phone=\u00bbheight: auto;||    max-width: 50%;||display:block;||margin:auto;||margin-bottom: 20px;\u00bb custom_css_member_image_last_edited=\u00bbon|desktop\u00bb]<\/p>\n<p>\ud83d\udc8e <strong>\u00bfEn qu\u00e9 consiste?<\/strong><\/p>\n<p>El Dise\u00f1o Humano es una poderosa herramienta de autoconocimiento que integra astrolog\u00eda, I Ching, C\u00e1bala, chakras y gen\u00e9tica. Te revela c\u00f3mo est\u00e1s energ\u00e9ticamente dise\u00f1ado para tomar decisiones, relacionarte y vivir en coherencia con tu verdadera naturaleza. Al descubrir tu tipo, estrategia y autoridad, puedes transformar tu vida desde la comprensi\u00f3n profunda de qui\u00e9n eres.<\/p>\n<p>\ud83e\udded <strong>Beneficios:<\/strong><\/p>\n<ul>\n<li>Reducci\u00f3n de la resistencia en tu d\u00eda a d\u00eda<\/li>\n<li>Toma de decisiones m\u00e1s alineadas<\/li>\n<li>Mejora en las relaciones interpersonales<\/li>\n<li>Mayor claridad sobre tu prop\u00f3sito y funcionamiento energ\u00e9tico<\/li>\n<li>Aumento de confianza y aceptaci\u00f3n personal<\/li>\n<\/ul>\n<p>\ud83c\udf31 <strong>Ideal para:<\/strong><\/p>\n<p>Personas que buscan claridad sobre s\u00ed mismas, desean vivir con m\u00e1s autenticidad y eficiencia, y anhelan una gu\u00eda pr\u00e1ctica y energ\u00e9tica para alinear su vida con su verdadero dise\u00f1o interior.<\/p>\n<p>[\/et_pb_team_member][et_pb_text _builder_version=\u00bb4.27.0&#8243; _module_preset=\u00bbdefault\u00bb text_font=\u00bbRoboto Flex||||||||\u00bb text_orientation=\u00bbcenter\u00bb locked=\u00bboff\u00bb global_colors_info=\u00bb{}\u00bb]<\/p>\n<p><em>Duraci\u00f3n: 1h<\/em><\/p>\n<p>[\/et_pb_text][et_pb_text _builder_version=\u00bb4.27.4&#8243; _module_preset=\u00bbdefault\u00bb text_font=\u00bbRoboto Flex|700|||||||\u00bb text_font_size=\u00bb16px\u00bb text_orientation=\u00bbcenter\u00bb locked=\u00bboff\u00bb global_colors_info=\u00bb{}\u00bb]<\/p>\n<p>Precio: 60\u20ac<\/p>\n<p>[\/et_pb_text][et_pb_text _builder_version=\u00bb4.27.4&#8243; _module_preset=\u00bbdefault\u00bb text_font=\u00bbRoboto Flex||||||||\u00bb text_font_size=\u00bb16px\u00bb text_orientation=\u00bbcenter\u00bb locked=\u00bboff\u00bb global_colors_info=\u00bb{}\u00bb]<\/p>\n<p>\u00bfTienes dudas o preguntas? Contacta directamente con el\/la terapeuta.<\/p>\n<p>[\/et_pb_text][et_pb_button button_url=\u00bbhttps:\/\/wa.me\/34649484892&#8243; button_text=\u00bbContacta por Whatsapp\u00bb button_alignment=\u00bbcenter\u00bb _builder_version=\u00bb4.27.4&#8243; _module_preset=\u00bbdefault\u00bb custom_button=\u00bbon\u00bb button_text_size=\u00bb17px\u00bb button_text_color=\u00bb#FFFFFF\u00bb button_bg_color=\u00bb#2fb21e\u00bb button_border_width=\u00bb0px\u00bb button_border_radius=\u00bb50px\u00bb button_font=\u00bbRoboto Flex|700|||||||\u00bb button_icon=\u00bb&#xf232;||fa||400&#8243; button_on_hover=\u00bboff\u00bb global_colors_info=\u00bb{}\u00bb][\/et_pb_button][\/et_pb_column][et_pb_column type=\u00bb1_4&#8243; _builder_version=\u00bb4.23.1&#8243; _module_preset=\u00bbdefault\u00bb background_color=\u00bb#ededed\u00bb custom_padding=\u00bb20px|20px|20px|20px|true|true\u00bb border_radii=\u00bbon|25px|25px|25px|25px\u00bb border_color_all=\u00bbrgba(237,155,78,0.49)\u00bb global_colors_info=\u00bb{}\u00bb][et_pb_team_member name=\u00bbDami\u00e1n Par\u00eds\u00bb position=\u00bbSesiones de AguaHara\u00bb image_url=\u00bbhttps:\/\/apapachofest.com\/wp-content\/uploads\/2023\/12\/damian.paris_.jpg\u00bb _builder_version=\u00bb4.27.4&#8243; _module_preset=\u00bbdefault\u00bb header_font=\u00bbRebel Kids||||||||\u00bb header_text_align=\u00bbcenter\u00bb header_font_size=\u00bb23px\u00bb body_font=\u00bbRoboto Flex||||||||\u00bb body_text_align=\u00bbleft\u00bb position_font=\u00bb||on||||||\u00bb position_text_align=\u00bbcenter\u00bb position_text_color=\u00bb#000000&#8243; child_filter_saturate=\u00bb132%\u00bb child_filter_brightness=\u00bb108%\u00bb header_font_size_tablet=\u00bb23px\u00bb header_font_size_phone=\u00bb32px\u00bb header_font_size_last_edited=\u00bbon|phone\u00bb position_font_size_tablet=\u00bb\u00bb position_font_size_phone=\u00bb18px\u00bb position_font_size_last_edited=\u00bbon|phone\u00bb custom_css_member_position=\u00bbmargin-bottom: 10px;\u00bb border_radii_image=\u00bbon|200px|200px|200px|200px\u00bb global_colors_info=\u00bb{}\u00bb custom_css_member_image_phone=\u00bbheight: auto;||    max-width: 50%;||display:block;||margin:auto;||margin-bottom: 20px;\u00bb custom_css_member_image_last_edited=\u00bbon|desktop\u00bb]<\/p>\n<p>\ud83d\udc8e <strong>\u00bfEn qu\u00e9 consiste?<\/strong><\/p>\n<p>Aguahara es una experiencia terap\u00e9utica en agua templada que combina movimientos fluidos, estiramientos, masajes y flotaci\u00f3n. Guiada por Dami\u00e1n, la sesi\u00f3n te invita a rendirte al abrazo del agua y entrar en un estado de relajaci\u00f3n profunda, facilitando la liberaci\u00f3n de tensiones f\u00edsicas y emocionales desde un espacio de sost\u00e9n, fluidez y confianza.<\/p>\n<p>\ud83e\udded <strong>Beneficios:<\/strong><\/p>\n<ul>\n<li>Relajaci\u00f3n profunda y regeneradora<\/li>\n<li>Liberaci\u00f3n emocional suave y natural<\/li>\n<li>Mejora de la flexibilidad y movilidad corporal<\/li>\n<li>Reducci\u00f3n del estr\u00e9s y la ansiedad<\/li>\n<li>Sensaci\u00f3n de ingravidez y bienestar global<\/li>\n<\/ul>\n<p>\ud83c\udf31 <strong>Ideal para:<\/strong><\/p>\n<p>Personas que buscan un trabajo corporal profundo pero sin esfuerzo, quienes necesitan soltar el control, descansar el sistema nervioso y entregarse a una experiencia sanadora, envolvente y \u00fanica en el agua.<\/p>\n<p>[\/et_pb_team_member][et_pb_text _builder_version=\u00bb4.27.0&#8243; _module_preset=\u00bbdefault\u00bb text_font=\u00bbRoboto Flex||||||||\u00bb text_orientation=\u00bbcenter\u00bb locked=\u00bboff\u00bb global_colors_info=\u00bb{}\u00bb]<\/p>\n<p><em>Duraci\u00f3n: 1h<\/em><\/p>\n<p>[\/et_pb_text][et_pb_text _builder_version=\u00bb4.27.4&#8243; _module_preset=\u00bbdefault\u00bb text_font=\u00bbRoboto Flex|700|||||||\u00bb text_font_size=\u00bb16px\u00bb text_orientation=\u00bbcenter\u00bb locked=\u00bboff\u00bb global_colors_info=\u00bb{}\u00bb]<\/p>\n<p>Precio: 100\u20ac<\/p>\n<p>[\/et_pb_text][et_pb_text _builder_version=\u00bb4.27.4&#8243; _module_preset=\u00bbdefault\u00bb text_font=\u00bbRoboto Flex||||||||\u00bb text_font_size=\u00bb16px\u00bb text_orientation=\u00bbcenter\u00bb locked=\u00bboff\u00bb global_colors_info=\u00bb{}\u00bb]<\/p>\n<p>\u00bfTienes dudas o preguntas? Contacta directamente con el\/la terapeuta.<\/p>\n<p>[\/et_pb_text][et_pb_button button_url=\u00bbhttps:\/\/wa.me\/34634542944&#8243; button_text=\u00bbContacta por Whatsapp\u00bb button_alignment=\u00bbcenter\u00bb _builder_version=\u00bb4.27.4&#8243; _module_preset=\u00bbdefault\u00bb custom_button=\u00bbon\u00bb button_text_size=\u00bb17px\u00bb button_text_color=\u00bb#FFFFFF\u00bb button_bg_color=\u00bb#2fb21e\u00bb button_border_width=\u00bb0px\u00bb button_border_radius=\u00bb50px\u00bb button_font=\u00bbRoboto Flex|700|||||||\u00bb button_icon=\u00bb&#xf232;||fa||400&#8243; button_on_hover=\u00bboff\u00bb global_colors_info=\u00bb{}\u00bb][\/et_pb_button][\/et_pb_column][\/et_pb_row][et_pb_row column_structure=\u00bb1_4,1_4,1_4,1_4&#8243; use_custom_gutter=\u00bbon\u00bb gutter_width=\u00bb2&#8243; make_equal=\u00bbon\u00bb module_id=\u00bbfestival\u00bb _builder_version=\u00bb4.27.0&#8243; _module_preset=\u00bbdefault\u00bb width=\u00bb90%\u00bb width_tablet=\u00bb\u00bb width_phone=\u00bb95%\u00bb width_last_edited=\u00bbon|desktop\u00bb max_width=\u00bb90%\u00bb global_colors_info=\u00bb{}\u00bb][et_pb_column type=\u00bb1_4&#8243; _builder_version=\u00bb4.23.1&#8243; _module_preset=\u00bbdefault\u00bb background_color=\u00bb#ededed\u00bb custom_padding=\u00bb20px|20px|20px|20px|true|true\u00bb border_radii=\u00bbon|25px|25px|25px|25px\u00bb border_color_all=\u00bbrgba(237,155,78,0.49)\u00bb global_colors_info=\u00bb{}\u00bb][et_pb_team_member name=\u00bbClaudia Ashaya\u00bb position=\u00bbRitual Dakini \u2013 Masaje de Despertar Energ\u00e9tico\u00bb image_url=\u00bbhttps:\/\/apapachofest.com\/wp-content\/uploads\/2025\/05\/Claudia-Ashaya-Terapeuta-Apapacho-Fest.jpg\u00bb _builder_version=\u00bb4.27.4&#8243; _module_preset=\u00bbdefault\u00bb header_font=\u00bbRebel Kids||||||||\u00bb header_text_align=\u00bbcenter\u00bb header_font_size=\u00bb23px\u00bb body_font=\u00bbRoboto Flex||||||||\u00bb body_text_align=\u00bbleft\u00bb position_font=\u00bb||on||||||\u00bb position_text_align=\u00bbcenter\u00bb position_text_color=\u00bb#000000&#8243; child_filter_saturate=\u00bb132%\u00bb child_filter_brightness=\u00bb108%\u00bb header_font_size_tablet=\u00bb23px\u00bb header_font_size_phone=\u00bb32px\u00bb header_font_size_last_edited=\u00bbon|phone\u00bb position_font_size_tablet=\u00bb\u00bb position_font_size_phone=\u00bb18px\u00bb position_font_size_last_edited=\u00bbon|phone\u00bb custom_css_member_position=\u00bbmargin-bottom: 10px;\u00bb border_radii_image=\u00bbon|200px|200px|200px|200px\u00bb global_colors_info=\u00bb{}\u00bb custom_css_member_image_last_edited=\u00bbon|desktop\u00bb custom_css_member_image_phone=\u00bbheight: auto;||    max-width: 50%;||display:block;||margin:auto;||margin-bottom: 20px;\u00bb]<\/p>\n<p>\ud83d\udc8e <strong>\u00bfEn qu\u00e9 consiste?<\/strong><\/p>\n<p>Es un masaje ritual que despierta y expande la energ\u00eda vital sexual a trav\u00e9s del contacto consciente, la respiraci\u00f3n y el movimiento sutil. La sesi\u00f3n comienza con un espacio de compartir y una pr\u00e1ctica introductoria que prepara el cuerpo y la mente para recibir esta experiencia transformadora.<\/p>\n<p>\ud83e\udded <strong>Beneficios:<\/strong><\/p>\n<ul>\n<li>Liberaci\u00f3n de bloqueos energ\u00e9ticos<\/li>\n<li>Activaci\u00f3n de la sexualidad sagrada<\/li>\n<li>Aumento de la vitalidad<\/li>\n<li>Conexi\u00f3n profunda con el cuerpo, las emociones y el esp\u00edritu<\/li>\n<\/ul>\n<p>\ud83c\udf31 <strong>Ideal para:<\/strong><\/p>\n<p>Personas que desean abrirse a una experiencia de sanaci\u00f3n profunda, reconectar con su energ\u00eda sexual desde un lugar sagrado y expandir su conciencia corporal y energ\u00e9tica.<\/p>\n<p>[\/et_pb_team_member][et_pb_text _builder_version=\u00bb4.27.4&#8243; _module_preset=\u00bbdefault\u00bb text_font=\u00bbRoboto Flex||||||||\u00bb text_orientation=\u00bbcenter\u00bb locked=\u00bboff\u00bb global_colors_info=\u00bb{}\u00bb]<\/p>\n<p><em>Duraci\u00f3n: 2h<\/em><\/p>\n<p>[\/et_pb_text][et_pb_text _builder_version=\u00bb4.27.4&#8243; _module_preset=\u00bbdefault\u00bb text_font=\u00bbRoboto Flex|700|||||||\u00bb text_font_size=\u00bb16px\u00bb text_orientation=\u00bbcenter\u00bb locked=\u00bboff\u00bb global_colors_info=\u00bb{}\u00bb]<\/p>\n<p>Precio: 130\u20ac<\/p>\n<p>[\/et_pb_text][et_pb_text _builder_version=\u00bb4.27.4&#8243; _module_preset=\u00bbdefault\u00bb text_font=\u00bbRoboto Flex||||||||\u00bb text_font_size=\u00bb16px\u00bb text_orientation=\u00bbcenter\u00bb locked=\u00bboff\u00bb global_colors_info=\u00bb{}\u00bb]<\/p>\n<p>\u00bfTienes dudas o preguntas? Contacta directamente con el\/la terapeuta.<\/p>\n<p>[\/et_pb_text][et_pb_button button_url=\u00bbhttps:\/\/wa.me\/34667917151&#8243; button_text=\u00bbContacta por Whatsapp\u00bb button_alignment=\u00bbcenter\u00bb _builder_version=\u00bb4.27.4&#8243; _module_preset=\u00bbdefault\u00bb custom_button=\u00bbon\u00bb button_text_size=\u00bb17px\u00bb button_text_color=\u00bb#FFFFFF\u00bb button_bg_color=\u00bb#2fb21e\u00bb button_border_width=\u00bb0px\u00bb button_border_radius=\u00bb50px\u00bb button_font=\u00bbRoboto Flex|700|||||||\u00bb button_icon=\u00bb&#xf232;||fa||400&#8243; button_on_hover=\u00bboff\u00bb global_colors_info=\u00bb{}\u00bb][\/et_pb_button][\/et_pb_column][et_pb_column type=\u00bb1_4&#8243; _builder_version=\u00bb4.23.1&#8243; _module_preset=\u00bbdefault\u00bb background_color=\u00bb#ededed\u00bb custom_padding=\u00bb20px|20px|20px|20px|true|true\u00bb border_radii=\u00bbon|25px|25px|25px|25px\u00bb border_color_all=\u00bbrgba(237,155,78,0.49)\u00bb global_colors_info=\u00bb{}\u00bb][\/et_pb_column][et_pb_column type=\u00bb1_4&#8243; _builder_version=\u00bb4.23.1&#8243; _module_preset=\u00bbdefault\u00bb background_color=\u00bb#ededed\u00bb custom_padding=\u00bb20px|20px|20px|20px|true|true\u00bb border_radii=\u00bbon|25px|25px|25px|25px\u00bb border_color_all=\u00bbrgba(237,155,78,0.49)\u00bb global_colors_info=\u00bb{}\u00bb][\/et_pb_column][et_pb_column type=\u00bb1_4&#8243; _builder_version=\u00bb4.23.1&#8243; _module_preset=\u00bbdefault\u00bb background_color=\u00bb#ededed\u00bb custom_padding=\u00bb20px|20px|20px|20px|true|true\u00bb border_radii=\u00bbon|25px|25px|25px|25px\u00bb border_color_all=\u00bbrgba(237,155,78,0.49)\u00bb global_colors_info=\u00bb{}\u00bb][\/et_pb_column][\/et_pb_row][\/et_pb_section][et_pb_section fb_built=\u00bb1&#8243; _builder_version=\u00bb4.23.1&#8243; background_color=\u00bb#004441&#8243; custom_padding=\u00bb0px|0px|0|0px|false|false\u00bb locked=\u00bboff\u00bb global_colors_info=\u00bb{}\u00bb][et_pb_row _builder_version=\u00bb4.16&#8243; global_colors_info=\u00bb{}\u00bb][et_pb_column type=\u00bb4_4&#8243; _builder_version=\u00bb4.16&#8243; custom_padding=\u00bb|||\u00bb global_colors_info=\u00bb{}\u00bb custom_padding__hover=\u00bb|||\u00bb][et_pb_text _builder_version=\u00bb4.27.4&#8243; text_font=\u00bb||||||||\u00bb text_text_color=\u00bb#ffffff\u00bb global_colors_info=\u00bb{}\u00bb]<\/p>\n<p style=\"text-align: center;\"><span>Apapacho Festival 2025 \u00ae<\/span><\/p>\n<p>[\/et_pb_text][\/et_pb_column][\/et_pb_row][\/et_pb_section]<\/p>\n","protected":false},"excerpt":{"rendered":"<p>\u00abYeto\u00bb zona de terapias y terapeutasLa posibilidad de recibir terapias durante el festival es lo que har\u00e1 tu experiencia mucho m\u00e1s profunda.Cuando algo se remueve, no est\u00e1s sol@. Tendr\u00e1s a un equipo de terapeutas que estar\u00e1 all\u00ed para sostenerte, acompa\u00f1arte y ayudarte a cerrar lo que se abre.\u00a0 Es tambi\u00e9n una oportunidad de permitirte recibir [&hellip;]<\/p>\n","protected":false},"author":1,"featured_media":0,"parent":0,"menu_order":0,"comment_status":"closed","ping_status":"closed","template":"page-template-blank.php","meta":{"_et_pb_use_builder":"on","_et_pb_old_content":"","_et_gb_content_width":"","footnotes":""},"class_list":["post-38345","page","type-page","status-publish","hentry"],"yoast_head":"<!-- This site is optimized with the Yoast SEO plugin v27.4 - https:\/\/yoast.com\/product\/yoast-seo-wordpress\/ -->\n<title>Terapias - Apapacho Festival<\/title>\n<meta name=\"robots\" content=\"index, follow, max-snippet:-1, max-image-preview:large, max-video-preview:-1\" \/>\n<link rel=\"canonical\" href=\"https:\/\/apapachofest.com\/index.php\/terapias\/\" \/>\n<meta property=\"og:locale\" content=\"es_ES\" \/>\n<meta property=\"og:type\" content=\"article\" \/>\n<meta property=\"og:title\" content=\"Terapias - Apapacho Festival\" \/>\n<meta property=\"og:description\" content=\"&quot;Yeto&quot; zona de terapias y terapeutasLa posibilidad de recibir terapias durante el festival es lo que har\u00e1 tu experiencia mucho m\u00e1s profunda.Cuando algo se remueve, no est\u00e1s sol@. Tendr\u00e1s a un equipo de terapeutas que estar\u00e1 all\u00ed para sostenerte, acompa\u00f1arte y ayudarte a cerrar lo que se abre.\u00a0 Es tambi\u00e9n una oportunidad de permitirte recibir [&hellip;]\" \/>\n<meta property=\"og:url\" content=\"https:\/\/apapachofest.com\/index.php\/terapias\/\" \/>\n<meta property=\"og:site_name\" content=\"Apapacho Festival\" \/>\n<meta property=\"article:publisher\" content=\"https:\/\/www.facebook.com\/apapachofest\/\" \/>\n<meta property=\"article:modified_time\" content=\"2025-08-06T17:04:47+00:00\" \/>\n<meta name=\"twitter:card\" content=\"summary_large_image\" \/>\n<meta name=\"twitter:label1\" content=\"Tiempo de lectura\" \/>\n\t<meta name=\"twitter:data1\" content=\"35 minutos\" \/>\n<script type=\"application\/ld+json\" class=\"yoast-schema-graph\">{\"@context\":\"https:\\\/\\\/schema.org\",\"@graph\":[{\"@type\":\"WebPage\",\"@id\":\"https:\\\/\\\/apapachofest.com\\\/index.php\\\/terapias\\\/\",\"url\":\"https:\\\/\\\/apapachofest.com\\\/index.php\\\/terapias\\\/\",\"name\":\"Terapias - Apapacho Festival\",\"isPartOf\":{\"@id\":\"https:\\\/\\\/apapachofest.com\\\/#website\"},\"datePublished\":\"2024-04-11T09:00:47+00:00\",\"dateModified\":\"2025-08-06T17:04:47+00:00\",\"breadcrumb\":{\"@id\":\"https:\\\/\\\/apapachofest.com\\\/index.php\\\/terapias\\\/#breadcrumb\"},\"inLanguage\":\"es\",\"potentialAction\":[{\"@type\":\"ReadAction\",\"target\":[\"https:\\\/\\\/apapachofest.com\\\/index.php\\\/terapias\\\/\"]}]},{\"@type\":\"BreadcrumbList\",\"@id\":\"https:\\\/\\\/apapachofest.com\\\/index.php\\\/terapias\\\/#breadcrumb\",\"itemListElement\":[{\"@type\":\"ListItem\",\"position\":1,\"name\":\"Portada\",\"item\":\"https:\\\/\\\/apapachofest.com\\\/\"},{\"@type\":\"ListItem\",\"position\":2,\"name\":\"Terapias\"}]},{\"@type\":\"WebSite\",\"@id\":\"https:\\\/\\\/apapachofest.com\\\/#website\",\"url\":\"https:\\\/\\\/apapachofest.com\\\/\",\"name\":\"Apapacho Fest\",\"description\":\"El Mayor Festival de Habla Hispana sobre Relaciones Conscientes\",\"publisher\":{\"@id\":\"https:\\\/\\\/apapachofest.com\\\/#organization\"},\"potentialAction\":[{\"@type\":\"SearchAction\",\"target\":{\"@type\":\"EntryPoint\",\"urlTemplate\":\"https:\\\/\\\/apapachofest.com\\\/?s={search_term_string}\"},\"query-input\":{\"@type\":\"PropertyValueSpecification\",\"valueRequired\":true,\"valueName\":\"search_term_string\"}}],\"inLanguage\":\"es\"},{\"@type\":\"Organization\",\"@id\":\"https:\\\/\\\/apapachofest.com\\\/#organization\",\"name\":\"Apapacho Fest\",\"url\":\"https:\\\/\\\/apapachofest.com\\\/\",\"logo\":{\"@type\":\"ImageObject\",\"inLanguage\":\"es\",\"@id\":\"https:\\\/\\\/apapachofest.com\\\/#\\\/schema\\\/logo\\\/image\\\/\",\"url\":\"https:\\\/\\\/apapachofest.com\\\/wp-content\\\/uploads\\\/2025\\\/08\\\/HQ1.jpg\",\"contentUrl\":\"https:\\\/\\\/apapachofest.com\\\/wp-content\\\/uploads\\\/2025\\\/08\\\/HQ1.jpg\",\"width\":1500,\"height\":1500,\"caption\":\"Apapacho Fest\"},\"image\":{\"@id\":\"https:\\\/\\\/apapachofest.com\\\/#\\\/schema\\\/logo\\\/image\\\/\"},\"sameAs\":[\"https:\\\/\\\/www.facebook.com\\\/apapachofest\\\/\",\"https:\\\/\\\/www.instagram.com\\\/apapachofest\\\/\"]}]}<\/script>\n<!-- \/ Yoast SEO plugin. -->","yoast_head_json":{"title":"Terapias - Apapacho Festival","robots":{"index":"index","follow":"follow","max-snippet":"max-snippet:-1","max-image-preview":"max-image-preview:large","max-video-preview":"max-video-preview:-1"},"canonical":"https:\/\/apapachofest.com\/index.php\/terapias\/","og_locale":"es_ES","og_type":"article","og_title":"Terapias - Apapacho Festival","og_description":"\"Yeto\" zona de terapias y terapeutasLa posibilidad de recibir terapias durante el festival es lo que har\u00e1 tu experiencia mucho m\u00e1s profunda.Cuando algo se remueve, no est\u00e1s sol@. Tendr\u00e1s a un equipo de terapeutas que estar\u00e1 all\u00ed para sostenerte, acompa\u00f1arte y ayudarte a cerrar lo que se abre.\u00a0 Es tambi\u00e9n una oportunidad de permitirte recibir [&hellip;]","og_url":"https:\/\/apapachofest.com\/index.php\/terapias\/","og_site_name":"Apapacho Festival","article_publisher":"https:\/\/www.facebook.com\/apapachofest\/","article_modified_time":"2025-08-06T17:04:47+00:00","twitter_card":"summary_large_image","twitter_misc":{"Tiempo de lectura":"35 minutos"},"schema":{"@context":"https:\/\/schema.org","@graph":[{"@type":"WebPage","@id":"https:\/\/apapachofest.com\/index.php\/terapias\/","url":"https:\/\/apapachofest.com\/index.php\/terapias\/","name":"Terapias - Apapacho Festival","isPartOf":{"@id":"https:\/\/apapachofest.com\/#website"},"datePublished":"2024-04-11T09:00:47+00:00","dateModified":"2025-08-06T17:04:47+00:00","breadcrumb":{"@id":"https:\/\/apapachofest.com\/index.php\/terapias\/#breadcrumb"},"inLanguage":"es","potentialAction":[{"@type":"ReadAction","target":["https:\/\/apapachofest.com\/index.php\/terapias\/"]}]},{"@type":"BreadcrumbList","@id":"https:\/\/apapachofest.com\/index.php\/terapias\/#breadcrumb","itemListElement":[{"@type":"ListItem","position":1,"name":"Portada","item":"https:\/\/apapachofest.com\/"},{"@type":"ListItem","position":2,"name":"Terapias"}]},{"@type":"WebSite","@id":"https:\/\/apapachofest.com\/#website","url":"https:\/\/apapachofest.com\/","name":"Apapacho Fest","description":"El Mayor Festival de Habla Hispana sobre Relaciones Conscientes","publisher":{"@id":"https:\/\/apapachofest.com\/#organization"},"potentialAction":[{"@type":"SearchAction","target":{"@type":"EntryPoint","urlTemplate":"https:\/\/apapachofest.com\/?s={search_term_string}"},"query-input":{"@type":"PropertyValueSpecification","valueRequired":true,"valueName":"search_term_string"}}],"inLanguage":"es"},{"@type":"Organization","@id":"https:\/\/apapachofest.com\/#organization","name":"Apapacho Fest","url":"https:\/\/apapachofest.com\/","logo":{"@type":"ImageObject","inLanguage":"es","@id":"https:\/\/apapachofest.com\/#\/schema\/logo\/image\/","url":"https:\/\/apapachofest.com\/wp-content\/uploads\/2025\/08\/HQ1.jpg","contentUrl":"https:\/\/apapachofest.com\/wp-content\/uploads\/2025\/08\/HQ1.jpg","width":1500,"height":1500,"caption":"Apapacho Fest"},"image":{"@id":"https:\/\/apapachofest.com\/#\/schema\/logo\/image\/"},"sameAs":["https:\/\/www.facebook.com\/apapachofest\/","https:\/\/www.instagram.com\/apapachofest\/"]}]}},"_links":{"self":[{"href":"https:\/\/apapachofest.com\/index.php\/wp-json\/wp\/v2\/pages\/38345","targetHints":{"allow":["GET"]}}],"collection":[{"href":"https:\/\/apapachofest.com\/index.php\/wp-json\/wp\/v2\/pages"}],"about":[{"href":"https:\/\/apapachofest.com\/index.php\/wp-json\/wp\/v2\/types\/page"}],"author":[{"embeddable":true,"href":"https:\/\/apapachofest.com\/index.php\/wp-json\/wp\/v2\/users\/1"}],"replies":[{"embeddable":true,"href":"https:\/\/apapachofest.com\/index.php\/wp-json\/wp\/v2\/comments?post=38345"}],"version-history":[{"count":98,"href":"https:\/\/apapachofest.com\/index.php\/wp-json\/wp\/v2\/pages\/38345\/revisions"}],"predecessor-version":[{"id":41262,"href":"https:\/\/apapachofest.com\/index.php\/wp-json\/wp\/v2\/pages\/38345\/revisions\/41262"}],"wp:attachment":[{"href":"https:\/\/apapachofest.com\/index.php\/wp-json\/wp\/v2\/media?parent=38345"}],"curies":[{"name":"wp","href":"https:\/\/api.w.org\/{rel}","templated":true}]}}